{"id":908,"date":"2015-02-14T17:07:22","date_gmt":"2015-02-14T17:07:22","guid":{"rendered":"http:\/\/www.jeannedarc-figeac.fr\/college-lycee\/?page_id=908"},"modified":"2017-01-11T10:38:42","modified_gmt":"2017-01-11T10:38:42","slug":"les-enseignements-facultatifs","status":"publish","type":"page","link":"https:\/\/www.jeannedarc-figeac.fr\/college-lycee\/les-enseignements-facultatifs\/","title":{"rendered":"Les enseignements facultatifs"},"content":{"rendered":"<p>[et_pb_section fullwidth=\u00a0\u00bbon\u00a0\u00bb specialty=\u00a0\u00bboff\u00a0\u00bb transparent_background=\u00a0\u00bbon\u00a0\u00bb background_color=\u00a0\u00bb#c37cc6&Prime; inner_shadow=\u00a0\u00bbon\u00a0\u00bb parallax=\u00a0\u00bboff\u00a0\u00bb parallax_method=\u00a0\u00bboff\u00a0\u00bb background_image=\u00a0\u00bbhttp:\/\/www.jeannedarc-figeac.fr\/college-lycee\/wp-content\/uploads\/sites\/5\/2015\/02\/TitleCOLLEGE.png\u00a0\u00bb allow_player_pause=\u00a0\u00bboff\u00a0\u00bb][et_pb_fullwidth_header admin_label=\u00a0\u00bbFullwidth Header\u00a0\u00bb title=\u00a0\u00bbLyc\u00e9e g\u00e9n\u00e9ral et technologique\u00a0\u00bb background_layout=\u00a0\u00bbdark\u00a0\u00bb text_orientation=\u00a0\u00bbleft\u00a0\u00bb subhead=\u00a0\u00bbLes enseignements facultatifs\u00a0\u00bb \/][\/et_pb_section][et_pb_section][et_pb_row][et_pb_column type=\u00a0\u00bb1_4&Prime;][et_pb_sidebar admin_label=\u00a0\u00bbSidebar\u00a0\u00bb orientation=\u00a0\u00bbleft\u00a0\u00bb area=\u00a0\u00bbet_pb_widget_area_6&Prime; background_layout=\u00a0\u00bblight\u00a0\u00bb \/][\/et_pb_column][et_pb_column type=\u00a0\u00bb3_4&Prime;][et_pb_text admin_label=\u00a0\u00bbText_Ens_Fac\u00a0\u00bb background_layout=\u00a0\u00bblight\u00a0\u00bb text_orientation=\u00a0\u00bbleft\u00a0\u00bb]<\/p>\n<p>De la 2<sup>nde<\/sup> \u00e0 la terminale, en compl\u00e9ment de leurs enseignements obligatoires, les lyc\u00e9ens peuvent choisir d&rsquo;inclure dans leur cursus scolaire, d&rsquo;autres mati\u00e8res, qui l&rsquo;enrichiront et seront prises en compte pour le Bac.<\/p>\n<p><strong>Dans le domaine des Arts<\/strong><\/p>\n<ul>\n<li>\n<h3><span style=\"color: #008000\"><strong><em>Cin\u00e9ma et audiovisuel\u00a0:<\/em><\/strong><\/span><\/h3>\n<\/li>\n<\/ul>\n<p style=\"text-align: center\"><strong>Pr<\/strong><strong>\u00e9sentation g<\/strong><strong>\u00e9n<\/strong><strong>\u00e9rale<br \/>\n<\/strong><\/p>\n<p>L\u2019option cin\u00e9ma audiovisuel, ouverte depuis 2012 dans notre lyc\u00e9e, est propos\u00e9e \u00e0 tous et tout \u00e9l\u00e8ve d\u00e9sireux de s\u2019y inscrire peut la commencer en premi\u00e8re ou en terminale, m\u00eame s\u2019il n\u2019a pas suivi le programme de seconde.<\/p>\n<p>Toutefois, l\u2019option est avant tout d\u00e9di\u00e9e \u00e0 la s\u00e9rie litt\u00e9raire dont elle renforce la dimension artistique et l\u2019ouverture culturelle. La n\u00e9cessaire fr\u00e9quentation des \u0153uvres d\u2019art viendra nourrir la r\u00e9flexion en lettres et philosophie.<\/p>\n<p>Des \u00e9l\u00e8ves plus scientifiques manifestent leur int\u00e9r\u00eat pour cet enseignement quand ils se destinent aux m\u00e9tiers du cin\u00e9ma (son, montage, \u00e9clairage, d\u00e9cors\u2026)\u00a0: en effet, les \u00e9coles de cin\u00e9ma s\u00e9lectionnent sur dossier et le fait de suivre cet enseignement est un argument \u00e9vident pour favoriser les dossiers de candidature qui sont accompagn\u00e9s bien souvent d\u2019une lettre de recommandation du professeur de cin\u00e9ma.<\/p>\n<p>&nbsp;<\/p>\n<p style=\"text-align: center\"><strong>Organisation p<\/strong><strong>\u00e9dagogique<\/strong><\/p>\n<p>Les cours d\u2019analyse filmique ainsi que l\u2019enseignement de l\u2019histoire du cin\u00e9ma sont assur\u00e9s, \u00e0 raison d\u2019une heure par semaine en seconde et de 3h par semaine pour les premi\u00e8res et terminales, par Fran\u00e7oise Badelon, professeur de philosophie (certification compl\u00e9mentaire en cin\u00e9ma audiovisuel).<\/p>\n<p>Les cours de pratique sont assur\u00e9s \u00e0 raison de 7 s\u00e9ances dans l\u2019ann\u00e9e, tous niveaux confondus (tournage, montage et \u00e9criture du sc\u00e9nario), selon un calendrier d\u00e9fini en d\u00e9but d\u2019ann\u00e9e, le mercredi apr\u00e8s-midi par St\u00e9phane Baudry, professeur de SVT mais aussi responsable d\u2019une maison de production <em>Les films en t<\/em><em>\u00eate. <\/em><\/p>\n<p>Nous recevons chaque ann\u00e9e des professionnels du cin\u00e9ma qui viennent pr\u00e9senter leur travail et \u00a0leur parcours professionnels \u00e0 nos \u00e9l\u00e8ves.<\/p>\n<p>&nbsp;<\/p>\n<p style=\"text-align: center\"><strong>Objectifs p<\/strong><strong>\u00e9dagogiques<br \/>\n<\/strong><\/p>\n<p>L\u2019enseignement repose sur l\u2019articulation entre <strong>pratique<\/strong> (r\u00e9alisation de petites formes),<strong> th<\/strong><strong>\u00e9orie<\/strong> (approche du langage cin\u00e9matographique et de l\u2019analyse filmique) et <strong>culture<\/strong> (fr\u00e9quentation des oeuvres d\u2019art et initiation \u00e0 l\u2019histoire du cin\u00e9ma).<\/p>\n<p>&nbsp;<\/p>\n<p style=\"text-align: center\"><strong>Programme de l<\/strong><strong>\u2019option<\/strong><\/p>\n<p>Seconde\u00a0: le plan<\/p>\n<p>Premi\u00e8re\u00a0: la repr\u00e9sentation du r\u00e9el<\/p>\n<p>Terminale\u00a0: la fiction et la question du point de vue<\/p>\n<p>&nbsp;<\/p>\n<p>L\u2019inscription \u00e0 l\u2019option est annuelle et l\u2019assiduit\u00e9 est exig\u00e9e tout au long de l\u2019ann\u00e9e.<\/p>\n<p><strong>En terminale cette option peut <\/strong><strong>\u00eatre pr<\/strong><strong>\u00e9sent<\/strong><strong>\u00e9e au bac coefficient 2, seuls les points au-dessus de la moyenne sont retenus.<\/strong><\/p>\n<p><a href=\"https:\/\/i0.wp.com\/www.jeannedarc-figeac.fr\/college-lycee\/wp-content\/uploads\/sites\/5\/2015\/02\/option_cinema_chapelle-Medium.jpg\"><img data-recalc-dims=\"1\" loading=\"lazy\" decoding=\"async\" class=\"alignnone size-medium wp-image-2293\" src=\"https:\/\/i0.wp.com\/www.jeannedarc-figeac.fr\/college-lycee\/wp-content\/uploads\/sites\/5\/2015\/02\/option_cinema_chapelle-Medium.jpg?resize=300%2C225\" alt=\"\" width=\"300\" height=\"225\" srcset=\"https:\/\/i0.wp.com\/www.jeannedarc-figeac.fr\/college-lycee\/wp-content\/uploads\/sites\/5\/2015\/02\/option_cinema_chapelle-Medium.jpg?resize=300%2C225&amp;ssl=1 300w, https:\/\/i0.wp.com\/www.jeannedarc-figeac.fr\/college-lycee\/wp-content\/uploads\/sites\/5\/2015\/02\/option_cinema_chapelle-Medium.jpg?resize=768%2C576&amp;ssl=1 768w, https:\/\/i0.wp.com\/www.jeannedarc-figeac.fr\/college-lycee\/wp-content\/uploads\/sites\/5\/2015\/02\/option_cinema_chapelle-Medium.jpg?w=1024&amp;ssl=1 1024w\" sizes=\"(max-width: 300px) 100vw, 300px\" \/><\/a> <a href=\"https:\/\/i0.wp.com\/www.jeannedarc-figeac.fr\/college-lycee\/wp-content\/uploads\/sites\/5\/2015\/02\/option_cinema_tournage1-Medium.jpg\"><img data-recalc-dims=\"1\" loading=\"lazy\" decoding=\"async\" class=\"alignnone size-medium wp-image-2294\" src=\"https:\/\/i0.wp.com\/www.jeannedarc-figeac.fr\/college-lycee\/wp-content\/uploads\/sites\/5\/2015\/02\/option_cinema_tournage1-Medium.jpg?resize=225%2C300\" alt=\"\" width=\"225\" height=\"300\" srcset=\"https:\/\/i0.wp.com\/www.jeannedarc-figeac.fr\/college-lycee\/wp-content\/uploads\/sites\/5\/2015\/02\/option_cinema_tournage1-Medium.jpg?resize=225%2C300&amp;ssl=1 225w, https:\/\/i0.wp.com\/www.jeannedarc-figeac.fr\/college-lycee\/wp-content\/uploads\/sites\/5\/2015\/02\/option_cinema_tournage1-Medium.jpg?w=768&amp;ssl=1 768w\" sizes=\"(max-width: 225px) 100vw, 225px\" \/><\/a> <a href=\"https:\/\/i0.wp.com\/www.jeannedarc-figeac.fr\/college-lycee\/wp-content\/uploads\/sites\/5\/2015\/02\/option_cinema_SB-Medium.jpg\"><img data-recalc-dims=\"1\" loading=\"lazy\" decoding=\"async\" class=\"alignnone size-medium wp-image-2295\" src=\"https:\/\/i0.wp.com\/www.jeannedarc-figeac.fr\/college-lycee\/wp-content\/uploads\/sites\/5\/2015\/02\/option_cinema_SB-Medium.jpg?resize=300%2C225\" alt=\"\" width=\"300\" height=\"225\" srcset=\"https:\/\/i0.wp.com\/www.jeannedarc-figeac.fr\/college-lycee\/wp-content\/uploads\/sites\/5\/2015\/02\/option_cinema_SB-Medium.jpg?resize=300%2C225&amp;ssl=1 300w, https:\/\/i0.wp.com\/www.jeannedarc-figeac.fr\/college-lycee\/wp-content\/uploads\/sites\/5\/2015\/02\/option_cinema_SB-Medium.jpg?resize=768%2C576&amp;ssl=1 768w, https:\/\/i0.wp.com\/www.jeannedarc-figeac.fr\/college-lycee\/wp-content\/uploads\/sites\/5\/2015\/02\/option_cinema_SB-Medium.jpg?w=1024&amp;ssl=1 1024w\" sizes=\"(max-width: 300px) 100vw, 300px\" \/><\/a> <a href=\"https:\/\/i0.wp.com\/www.jeannedarc-figeac.fr\/college-lycee\/wp-content\/uploads\/sites\/5\/2015\/02\/option_cinema_pratique-Medium.jpg\"><img data-recalc-dims=\"1\" loading=\"lazy\" decoding=\"async\" class=\"alignnone wp-image-2296\" src=\"https:\/\/i0.wp.com\/www.jeannedarc-figeac.fr\/college-lycee\/wp-content\/uploads\/sites\/5\/2015\/02\/option_cinema_pratique-Medium.jpg?resize=298%2C225\" alt=\"\" width=\"298\" height=\"225\" srcset=\"https:\/\/i0.wp.com\/www.jeannedarc-figeac.fr\/college-lycee\/wp-content\/uploads\/sites\/5\/2015\/02\/option_cinema_pratique-Medium.jpg?resize=300%2C225&amp;ssl=1 300w, https:\/\/i0.wp.com\/www.jeannedarc-figeac.fr\/college-lycee\/wp-content\/uploads\/sites\/5\/2015\/02\/option_cinema_pratique-Medium.jpg?resize=768%2C576&amp;ssl=1 768w, https:\/\/i0.wp.com\/www.jeannedarc-figeac.fr\/college-lycee\/wp-content\/uploads\/sites\/5\/2015\/02\/option_cinema_pratique-Medium.jpg?w=1024&amp;ssl=1 1024w\" sizes=\"(max-width: 298px) 100vw, 298px\" \/><\/a><\/p>\n<p>&nbsp;<\/p>\n<p>&nbsp;<\/p>\n<ul>\n<li>\n<h3><span style=\"color: #008000\"><strong><em>La Musique :<\/em><\/strong><\/span><\/h3>\n<\/li>\n<\/ul>\n<p>Cet enseignement est propos\u00e9 \u00e0 tous les \u00e9l\u00e8ves motiv\u00e9s par la musique. Aucun niveau n\u2019est exig\u00e9 \u00e0 l\u2019entr\u00e9e en seconde.<\/p>\n<p>La formation est ax\u00e9e sur la pratique instrumentale et vocale\u00a0; elle privil\u00e9gie la musique d\u2019ensemble\u00a0: l\u2019\u00e9l\u00e8ve consolide sa pratique de l\u2019instrument et en d\u00e9couvre d\u2019autres (pianos, percussions, batterie, violons\u2026).<\/p>\n<p>Chaque ann\u00e9e, les \u00e9l\u00e8ves de l\u2019option musique pr\u00e9sentent leurs projets musicaux lors d\u2019un concert \u00e0 la Chapelle.<\/p>\n<ul>\n<li>\n<h3><span style=\"color: #008000\"><strong><em>Les Arts Plastiques\u00a0:<\/em><\/strong><\/span><\/h3>\n<\/li>\n<\/ul>\n<p>Il s\u2019agit d\u2019un enseignement qui se fonde avant tout sur la pratique plastique des \u00e9l\u00e8ves (dessin, peinture, sculpture\u2026). Cette pratique est accompagn\u00e9e d\u2019une sensibilisation \u00e0 l\u2019histoire des arts ayant comme objectif une initiation \u00e0 une culture artistique. Dans l\u2019objectif de l\u2019\u00e9preuve du bac, le professeur guide l\u2019\u00e9l\u00e8ve dans la constitution d\u2019un dossier artistique (3 \u00e0 6 travaux maximum).<\/p>\n<p><strong>Dans le domaine des langues<\/strong><\/p>\n<ul>\n<li>\n<h3><span style=\"color: #008000\"><strong><em>Le Latin\u00a0:<\/em><\/strong><\/span><\/h3>\n<\/li>\n<\/ul>\n<p>Cet enseignement facultatif s\u2019adresse \u00e0 des \u00e9l\u00e8ves qui ont d\u00e9j\u00e0 suivi l\u2019option au coll\u00e8ge.<\/p>\n<p>Le latin est une mati\u00e8re litt\u00e9raire, d\u2019ouverture culturelle, et \u00e0 ce titre, il peut int\u00e9resser n\u2019importe quel \u00e9l\u00e8ve curieux. Le latin permet de compl\u00e9ter et d\u2019approfondir les programmes des autres mati\u00e8res (fran\u00e7ais, histoire, langues vivantes, philosophie en terminale\u2026) et d\u2019avoir acc\u00e8s \u00e0 de nombreux arts, par le biais de la\u00a0 mythologie, l\u2019histoire ou la litt\u00e9rature (peinture, sculpture, architecture\u2026).<\/p>\n<p>Il est \u00e0 noter que c\u2019est la seule option dot\u00e9e d\u2019un coefficient 3 (seuls comptent les points au-dessus de la moyenne multipli\u00e9s par 3).<\/p>\n<ul>\n<li>\n<h3><span style=\"color: #008000\"><strong><em>La langue des Signes Fran\u00e7aise (LSF)\u00a0:<\/em><\/strong><\/span><\/h3>\n<\/li>\n<\/ul>\n<p>Reconnue comme langue \u00e0 part enti\u00e8re, la langue des signes est une langue en plein essor. Elle poss\u00e8de sa propre structure, sa grammaire et son vocabulaire.<\/p>\n<p>La LSF permet de s\u2019exprimer corporellement, de s\u2019initier \u00e0 la culture sourde, de savoir s\u2019adapter dans un contexte professionnel qui accueille un public sourd ou malentendant.<\/p>\n<p>Au lyc\u00e9e Jeanne d\u2019Arc, la LSF s\u2019adresse \u00e0 tous les \u00e9l\u00e8ves du lyc\u00e9e G\u00e9n\u00e9ral, Technologique et Professionnel de la 2nde \u00e0 la Terminale.<\/p>\n<p>[\/et_pb_text][\/et_pb_column][\/et_pb_row][\/et_pb_section]<\/p>\n","protected":false},"excerpt":{"rendered":"<div class=\"et_pb_section et_pb_section_0 et_section_regular\" ><\/div>\n<div class=\"et_pb_row et_pb_row_0 et_pb_row_empty\"><\/div>\n<p> De la 2nde \u00e0 la terminale, en compl\u00e9ment de leurs enseignements obligatoires, les lyc\u00e9ens peuvent choisir d&rsquo;inclure dans leur cursus scolaire, d&rsquo;autres mati\u00e8res, qui l&rsquo;enrichiront et seront prises en compte pour le Bac. Dans le domaine des Arts Cin\u00e9ma et audiovisuel\u00a0: Pr\u00e9sentation g\u00e9n\u00e9rale L\u2019option cin\u00e9ma audiovisuel, ouverte depuis 2012 dans notre lyc\u00e9e, est propos\u00e9e [&hellip;]<\/p>\n","protected":false},"author":1,"featured_media":0,"parent":0,"menu_order":0,"comment_status":"closed","ping_status":"closed","template":"","meta":{"_et_pb_use_builder":"on","_et_pb_old_content":"","_et_gb_content_width":"","iawp_total_views":215,"footnotes":""},"class_list":["post-908","page","type-page","status-publish","hentry"],"yoast_head":"<!-- This site is optimized with the Yoast SEO plugin v26.0 - https:\/\/yoast.com\/wordpress\/plugins\/seo\/ -->\n<title>Les enseignements facultatifs<\/title>\n<meta name=\"description\" content=\"Les enseignements facultatifs...\" \/>\n<meta name=\"robots\" content=\"index, follow, max-snippet:-1, max-image-preview:large, max-video-preview:-1\" \/>\n<link rel=\"canonical\" href=\"https:\/\/www.jeannedarc-figeac.fr\/college-lycee\/les-enseignements-facultatifs\/\" \/>\n<meta property=\"og:locale\" content=\"fr_FR\" \/>\n<meta property=\"og:type\" content=\"article\" \/>\n<meta property=\"og:title\" content=\"Les enseignements facultatifs\" \/>\n<meta property=\"og:description\" content=\"Les enseignements facultatifs...\" \/>\n<meta property=\"og:url\" content=\"https:\/\/www.jeannedarc-figeac.fr\/college-lycee\/les-enseignements-facultatifs\/\" \/>\n<meta property=\"og:site_name\" content=\"Coll\u00e8ge et Lyc\u00e9e Jeanne d&#039;Arc\" \/>\n<meta property=\"article:modified_time\" content=\"2017-01-11T10:38:42+00:00\" \/>\n<meta property=\"og:image\" content=\"http:\/\/www.jeannedarc-figeac.fr\/college-lycee\/wp-content\/uploads\/sites\/5\/2015\/02\/option_cinema_chapelle-Medium-300x225.jpg\" \/>\n<script type=\"application\/ld+json\" class=\"yoast-schema-graph\">{\"@context\":\"https:\/\/schema.org\",\"@graph\":[{\"@type\":\"WebPage\",\"@id\":\"https:\/\/www.jeannedarc-figeac.fr\/college-lycee\/les-enseignements-facultatifs\/\",\"url\":\"https:\/\/www.jeannedarc-figeac.fr\/college-lycee\/les-enseignements-facultatifs\/\",\"name\":\"Les enseignements facultatifs\",\"isPartOf\":{\"@id\":\"https:\/\/www.jeannedarc-figeac.fr\/college-lycee\/#website\"},\"primaryImageOfPage\":{\"@id\":\"https:\/\/www.jeannedarc-figeac.fr\/college-lycee\/les-enseignements-facultatifs\/#primaryimage\"},\"image\":{\"@id\":\"https:\/\/www.jeannedarc-figeac.fr\/college-lycee\/les-enseignements-facultatifs\/#primaryimage\"},\"thumbnailUrl\":\"http:\/\/www.jeannedarc-figeac.fr\/college-lycee\/wp-content\/uploads\/sites\/5\/2015\/02\/option_cinema_chapelle-Medium-300x225.jpg\",\"datePublished\":\"2015-02-14T17:07:22+00:00\",\"dateModified\":\"2017-01-11T10:38:42+00:00\",\"description\":\"Les enseignements facultatifs...\",\"breadcrumb\":{\"@id\":\"https:\/\/www.jeannedarc-figeac.fr\/college-lycee\/les-enseignements-facultatifs\/#breadcrumb\"},\"inLanguage\":\"fr-FR\",\"potentialAction\":[{\"@type\":\"ReadAction\",\"target\":[\"https:\/\/www.jeannedarc-figeac.fr\/college-lycee\/les-enseignements-facultatifs\/\"]}]},{\"@type\":\"ImageObject\",\"inLanguage\":\"fr-FR\",\"@id\":\"https:\/\/www.jeannedarc-figeac.fr\/college-lycee\/les-enseignements-facultatifs\/#primaryimage\",\"url\":\"https:\/\/i0.wp.com\/www.jeannedarc-figeac.fr\/college-lycee\/wp-content\/uploads\/sites\/5\/2015\/02\/option_cinema_chapelle-Medium.jpg?fit=1024%2C768&ssl=1\",\"contentUrl\":\"https:\/\/i0.wp.com\/www.jeannedarc-figeac.fr\/college-lycee\/wp-content\/uploads\/sites\/5\/2015\/02\/option_cinema_chapelle-Medium.jpg?fit=1024%2C768&ssl=1\",\"width\":1024,\"height\":768},{\"@type\":\"BreadcrumbList\",\"@id\":\"https:\/\/www.jeannedarc-figeac.fr\/college-lycee\/les-enseignements-facultatifs\/#breadcrumb\",\"itemListElement\":[{\"@type\":\"ListItem\",\"position\":1,\"name\":\"Accueil\",\"item\":\"https:\/\/www.jeannedarc-figeac.fr\/college-lycee\/\"},{\"@type\":\"ListItem\",\"position\":2,\"name\":\"Les enseignements facultatifs\"}]},{\"@type\":\"WebSite\",\"@id\":\"https:\/\/www.jeannedarc-figeac.fr\/college-lycee\/#website\",\"url\":\"https:\/\/www.jeannedarc-figeac.fr\/college-lycee\/\",\"name\":\"Coll\u00e8ge et Lyc\u00e9e Jeanne d&#039;Arc\",\"description\":\"Jeanne d&#039;Arc Figeac\",\"potentialAction\":[{\"@type\":\"SearchAction\",\"target\":{\"@type\":\"EntryPoint\",\"urlTemplate\":\"https:\/\/www.jeannedarc-figeac.fr\/college-lycee\/?s={search_term_string}\"},\"query-input\":{\"@type\":\"PropertyValueSpecification\",\"valueRequired\":true,\"valueName\":\"search_term_string\"}}],\"inLanguage\":\"fr-FR\"}]}<\/script>\n<!-- \/ Yoast SEO plugin. -->","yoast_head_json":{"title":"Les enseignements facultatifs","description":"Les enseignements facultatifs...","robots":{"index":"index","follow":"follow","max-snippet":"max-snippet:-1","max-image-preview":"max-image-preview:large","max-video-preview":"max-video-preview:-1"},"canonical":"https:\/\/www.jeannedarc-figeac.fr\/college-lycee\/les-enseignements-facultatifs\/","og_locale":"fr_FR","og_type":"article","og_title":"Les enseignements facultatifs","og_description":"Les enseignements facultatifs...","og_url":"https:\/\/www.jeannedarc-figeac.fr\/college-lycee\/les-enseignements-facultatifs\/","og_site_name":"Coll\u00e8ge et Lyc\u00e9e Jeanne d&#039;Arc","article_modified_time":"2017-01-11T10:38:42+00:00","og_image":[{"url":"http:\/\/www.jeannedarc-figeac.fr\/college-lycee\/wp-content\/uploads\/sites\/5\/2015\/02\/option_cinema_chapelle-Medium-300x225.jpg","type":"","width":"","height":""}],"schema":{"@context":"https:\/\/schema.org","@graph":[{"@type":"WebPage","@id":"https:\/\/www.jeannedarc-figeac.fr\/college-lycee\/les-enseignements-facultatifs\/","url":"https:\/\/www.jeannedarc-figeac.fr\/college-lycee\/les-enseignements-facultatifs\/","name":"Les enseignements facultatifs","isPartOf":{"@id":"https:\/\/www.jeannedarc-figeac.fr\/college-lycee\/#website"},"primaryImageOfPage":{"@id":"https:\/\/www.jeannedarc-figeac.fr\/college-lycee\/les-enseignements-facultatifs\/#primaryimage"},"image":{"@id":"https:\/\/www.jeannedarc-figeac.fr\/college-lycee\/les-enseignements-facultatifs\/#primaryimage"},"thumbnailUrl":"http:\/\/www.jeannedarc-figeac.fr\/college-lycee\/wp-content\/uploads\/sites\/5\/2015\/02\/option_cinema_chapelle-Medium-300x225.jpg","datePublished":"2015-02-14T17:07:22+00:00","dateModified":"2017-01-11T10:38:42+00:00","description":"Les enseignements facultatifs...","breadcrumb":{"@id":"https:\/\/www.jeannedarc-figeac.fr\/college-lycee\/les-enseignements-facultatifs\/#breadcrumb"},"inLanguage":"fr-FR","potentialAction":[{"@type":"ReadAction","target":["https:\/\/www.jeannedarc-figeac.fr\/college-lycee\/les-enseignements-facultatifs\/"]}]},{"@type":"ImageObject","inLanguage":"fr-FR","@id":"https:\/\/www.jeannedarc-figeac.fr\/college-lycee\/les-enseignements-facultatifs\/#primaryimage","url":"https:\/\/i0.wp.com\/www.jeannedarc-figeac.fr\/college-lycee\/wp-content\/uploads\/sites\/5\/2015\/02\/option_cinema_chapelle-Medium.jpg?fit=1024%2C768&ssl=1","contentUrl":"https:\/\/i0.wp.com\/www.jeannedarc-figeac.fr\/college-lycee\/wp-content\/uploads\/sites\/5\/2015\/02\/option_cinema_chapelle-Medium.jpg?fit=1024%2C768&ssl=1","width":1024,"height":768},{"@type":"BreadcrumbList","@id":"https:\/\/www.jeannedarc-figeac.fr\/college-lycee\/les-enseignements-facultatifs\/#breadcrumb","itemListElement":[{"@type":"ListItem","position":1,"name":"Accueil","item":"https:\/\/www.jeannedarc-figeac.fr\/college-lycee\/"},{"@type":"ListItem","position":2,"name":"Les enseignements facultatifs"}]},{"@type":"WebSite","@id":"https:\/\/www.jeannedarc-figeac.fr\/college-lycee\/#website","url":"https:\/\/www.jeannedarc-figeac.fr\/college-lycee\/","name":"Coll\u00e8ge et Lyc\u00e9e Jeanne d&#039;Arc","description":"Jeanne d&#039;Arc Figeac","potentialAction":[{"@type":"SearchAction","target":{"@type":"EntryPoint","urlTemplate":"https:\/\/www.jeannedarc-figeac.fr\/college-lycee\/?s={search_term_string}"},"query-input":{"@type":"PropertyValueSpecification","valueRequired":true,"valueName":"search_term_string"}}],"inLanguage":"fr-FR"}]}},"jetpack_sharing_enabled":true,"jetpack_shortlink":"https:\/\/wp.me\/P5Qyb6-eE","_links":{"self":[{"href":"https:\/\/www.jeannedarc-figeac.fr\/college-lycee\/wp-json\/wp\/v2\/pages\/908","targetHints":{"allow":["GET"]}}],"collection":[{"href":"https:\/\/www.jeannedarc-figeac.fr\/college-lycee\/wp-json\/wp\/v2\/pages"}],"about":[{"href":"https:\/\/www.jeannedarc-figeac.fr\/college-lycee\/wp-json\/wp\/v2\/types\/page"}],"author":[{"embeddable":true,"href":"https:\/\/www.jeannedarc-figeac.fr\/college-lycee\/wp-json\/wp\/v2\/users\/1"}],"replies":[{"embeddable":true,"href":"https:\/\/www.jeannedarc-figeac.fr\/college-lycee\/wp-json\/wp\/v2\/comments?post=908"}],"version-history":[{"count":11,"href":"https:\/\/www.jeannedarc-figeac.fr\/college-lycee\/wp-json\/wp\/v2\/pages\/908\/revisions"}],"predecessor-version":[{"id":2297,"href":"https:\/\/www.jeannedarc-figeac.fr\/college-lycee\/wp-json\/wp\/v2\/pages\/908\/revisions\/2297"}],"wp:attachment":[{"href":"https:\/\/www.jeannedarc-figeac.fr\/college-lycee\/wp-json\/wp\/v2\/media?parent=908"}],"curies":[{"name":"wp","href":"https:\/\/api.w.org\/{rel}","templated":true}]}}