{"id":883,"date":"2015-02-14T10:28:30","date_gmt":"2015-02-14T10:28:30","guid":{"rendered":"http:\/\/www.jeannedarc-figeac.fr\/college-lycee\/?page_id=883"},"modified":"2020-05-06T11:09:32","modified_gmt":"2020-05-06T11:09:32","slug":"la-classe-de-2nde-general-et-technologique","status":"publish","type":"page","link":"https:\/\/www.jeannedarc-figeac.fr\/college-lycee\/la-classe-de-2nde-general-et-technologique\/","title":{"rendered":"La classe de 2nde g\u00e9n\u00e9rale et technologique"},"content":{"rendered":"<p>[et_pb_section fullwidth=\u00a0\u00bbon\u00a0\u00bb specialty=\u00a0\u00bboff\u00a0\u00bb transparent_background=\u00a0\u00bbon\u00a0\u00bb background_color=\u00a0\u00bb#c37cc6&Prime; inner_shadow=\u00a0\u00bbon\u00a0\u00bb parallax=\u00a0\u00bboff\u00a0\u00bb parallax_method=\u00a0\u00bboff\u00a0\u00bb background_image=\u00a0\u00bbhttp:\/\/www.jeannedarc-figeac.fr\/college-lycee\/wp-content\/uploads\/sites\/5\/2015\/02\/TitleCOLLEGE.png\u00a0\u00bb allow_player_pause=\u00a0\u00bboff\u00a0\u00bb][et_pb_fullwidth_header admin_label=\u00a0\u00bbFullwidth Header\u00a0\u00bb title=\u00a0\u00bbLyc\u00e9e g\u00e9n\u00e9ral et technologique\u00a0\u00bb background_layout=\u00a0\u00bbdark\u00a0\u00bb text_orientation=\u00a0\u00bbleft\u00a0\u00bb subhead=\u00a0\u00bbLa classe de 2nde\u00a0\u00bb \/][\/et_pb_section][et_pb_section][et_pb_row][et_pb_column type=\u00a0\u00bb1_4&Prime;][et_pb_sidebar admin_label=\u00a0\u00bbSidebar\u00a0\u00bb orientation=\u00a0\u00bbleft\u00a0\u00bb area=\u00a0\u00bbet_pb_widget_area_6&Prime; background_layout=\u00a0\u00bblight\u00a0\u00bb \/][et_pb_cta admin_label=\u00a0\u00bbAppel d&rsquo;action\u00a0\u00bb title=\u00a0\u00bbPratique !\u00a0\u00bb button_text=\u00a0\u00bbT\u00e9l\u00e9charger\u00a0\u00bb use_background_color=\u00a0\u00bbon\u00a0\u00bb background_color=\u00a0\u00bb#0016bf\u00a0\u00bb background_layout=\u00a0\u00bbdark\u00a0\u00bb text_orientation=\u00a0\u00bbleft\u00a0\u00bb button_url=\u00a0\u00bb<a href=\"http:\/\/www.jeannedarc-figeac.fr\/college-lycee\/wp-content\/uploads\/sites\/5\/2020\/05\/2nde-GT.pdf\">http:\/\/www.jeannedarc-figeac.fr\/college-lycee\/wp-content\/uploads\/sites\/5\/2015\/04\/2nde-GT.pdf<\/a>\u00ab\u00a0]<\/p>\n<p><em><img data-recalc-dims=\"1\" loading=\"lazy\" decoding=\"async\" class=\"alignleft wp-image-1096\" src=\"https:\/\/i0.wp.com\/www.jeannedarc-figeac.fr\/college-lycee\/wp-content\/uploads\/sites\/5\/2015\/01\/PdfIconJaune.png?resize=53%2C66\" alt=\"PdfIconJaune\" width=\"53\" height=\"66\" \/><\/em>\u00a0 La fiche des 2ndes<\/p>\n<p>[\/et_pb_cta][\/et_pb_column][et_pb_column type=\u00a0\u00bb3_4&Prime;][et_pb_text admin_label=\u00a0\u00bbText\u00a0\u00bb background_layout=\u00a0\u00bblight\u00a0\u00bb text_orientation=\u00a0\u00bbleft\u00a0\u00bb]<\/p>\n<p><span style=\"color: #0000ff;\"><strong>La classe de seconde<\/strong><\/span>, est une ann\u00e9e riche de changements qui marque l\u2019entr\u00e9e au lyc\u00e9e et la derni\u00e8re ligne droite avant le bac.<\/p>\n<p>Elle est l\u2019occasion pour le jeune d\u2019explorer diff\u00e9rents domaines (d\u00e9velopper une culture g\u00e9n\u00e9rale commune, tester ses go\u00fbts et ses aptitudes) avant de se d\u00e9terminer et d\u2019aborder les classes de premi\u00e8re et de terminale.<\/p>\n<p>Dans ce but, les professeurs s\u2019investissent pour pallier les lacunes potentiellement h\u00e9rit\u00e9es du Coll\u00e8ge, et aident les \u00e9l\u00e8ves \u00e0 construire leur capacit\u00e9 d\u2019analyse et \u00e0 se forger un esprit critique tout en abordant de nouvelles disciplines \u00e9conomiques, scientifiques ou technologiques.<\/p>\n<p>La r\u00e9ussite de la 2nde passe donc par un travail r\u00e9gulier et approfondi o\u00f9 l\u2019apprenant laisse grandir sa curiosit\u00e9 et son app\u00e9tit intellectuels.<\/p>\n<p>Au lyc\u00e9e Jeanne d\u2019Arc, les moyens mis en \u0153uvre sont vari\u00e9s :<\/p>\n<ul>\n<li>Devoir surveill\u00e9 hebdomadaire,<\/li>\n<li>Groupes d\u2019accompagnement personnalis\u00e9s (soutien, projets th\u00e9matiques),<\/li>\n<li>Aide \u00e0 l\u2019orientation,<\/li>\n<li>Suivi personnalis\u00e9 de l\u2019\u00e9l\u00e8ve,<\/li>\n<li>Options facultatives\u2026<\/li>\n<\/ul>\n<p><img data-recalc-dims=\"1\" loading=\"lazy\" decoding=\"async\" class=\"aligncenter wp-image-3336\" src=\"https:\/\/i0.wp.com\/www.jeannedarc-figeac.fr\/college-lycee\/wp-content\/uploads\/sites\/5\/2020\/05\/nuage-de-mots-1.png?resize=306%2C306\" alt=\"\" width=\"306\" height=\"306\" srcset=\"https:\/\/i0.wp.com\/www.jeannedarc-figeac.fr\/college-lycee\/wp-content\/uploads\/sites\/5\/2020\/05\/nuage-de-mots-1.png?resize=150%2C150&amp;ssl=1 150w, https:\/\/i0.wp.com\/www.jeannedarc-figeac.fr\/college-lycee\/wp-content\/uploads\/sites\/5\/2020\/05\/nuage-de-mots-1.png?zoom=2&amp;resize=306%2C306 612w, https:\/\/i0.wp.com\/www.jeannedarc-figeac.fr\/college-lycee\/wp-content\/uploads\/sites\/5\/2020\/05\/nuage-de-mots-1.png?zoom=3&amp;resize=306%2C306 918w\" sizes=\"(max-width: 306px) 100vw, 306px\" \/><\/p>\n<p>[\/et_pb_text][\/et_pb_column][\/et_pb_row][\/et_pb_section]<\/p>\n","protected":false},"excerpt":{"rendered":"<div class=\"et_pb_section et_pb_section_0 et_section_regular\" ><\/div>\n<div class=\"et_pb_row et_pb_row_0 et_pb_row_empty\"><\/div>\n<p> \u00a0 La fiche des 2ndes La classe de seconde, est une ann\u00e9e riche de changements qui marque l\u2019entr\u00e9e au lyc\u00e9e et la derni\u00e8re ligne droite avant le bac. Elle est l\u2019occasion pour le jeune d\u2019explorer diff\u00e9rents domaines (d\u00e9velopper une culture g\u00e9n\u00e9rale commune, tester ses go\u00fbts et ses aptitudes) avant de se d\u00e9terminer et d\u2019aborder [&hellip;]<\/p>\n","protected":false},"author":1,"featured_media":0,"parent":0,"menu_order":0,"comment_status":"closed","ping_status":"open","template":"","meta":{"_et_pb_use_builder":"on","_et_pb_old_content":"","_et_gb_content_width":"","iawp_total_views":323,"footnotes":""},"class_list":["post-883","page","type-page","status-publish","hentry"],"yoast_head":"<!-- This site is optimized with the Yoast SEO plugin v26.0 - https:\/\/yoast.com\/wordpress\/plugins\/seo\/ -->\n<title>La classe de 2nde g\u00e9n\u00e9rale et technologique<\/title>\n<meta name=\"description\" content=\"La classe de 2nde. L\u2019\u00e9tablissement propose une organisation semestrielle. Le choix de modules d\u2019exploration en Seconde offre \u00e0 chacun la possibilit\u00e9...\" \/>\n<meta name=\"robots\" content=\"index, follow, max-snippet:-1, max-image-preview:large, max-video-preview:-1\" \/>\n<link rel=\"canonical\" href=\"https:\/\/www.jeannedarc-figeac.fr\/college-lycee\/la-classe-de-2nde-general-et-technologique\/\" \/>\n<meta property=\"og:locale\" content=\"fr_FR\" \/>\n<meta property=\"og:type\" content=\"article\" \/>\n<meta property=\"og:title\" content=\"La classe de 2nde g\u00e9n\u00e9rale et technologique\" \/>\n<meta property=\"og:description\" content=\"La classe de 2nde. L\u2019\u00e9tablissement propose une organisation semestrielle. Le choix de modules d\u2019exploration en Seconde offre \u00e0 chacun la possibilit\u00e9...\" \/>\n<meta property=\"og:url\" content=\"https:\/\/www.jeannedarc-figeac.fr\/college-lycee\/la-classe-de-2nde-general-et-technologique\/\" \/>\n<meta property=\"og:site_name\" content=\"Coll\u00e8ge et Lyc\u00e9e Jeanne d&#039;Arc\" \/>\n<meta property=\"article:modified_time\" content=\"2020-05-06T11:09:32+00:00\" \/>\n<meta property=\"og:image\" content=\"http:\/\/www.jeannedarc-figeac.fr\/college-lycee\/wp-content\/uploads\/sites\/5\/2015\/01\/PdfIconJaune.png\" \/>\n<script type=\"application\/ld+json\" class=\"yoast-schema-graph\">{\"@context\":\"https:\/\/schema.org\",\"@graph\":[{\"@type\":\"WebPage\",\"@id\":\"https:\/\/www.jeannedarc-figeac.fr\/college-lycee\/la-classe-de-2nde-general-et-technologique\/\",\"url\":\"https:\/\/www.jeannedarc-figeac.fr\/college-lycee\/la-classe-de-2nde-general-et-technologique\/\",\"name\":\"La classe de 2nde g\u00e9n\u00e9rale et technologique\",\"isPartOf\":{\"@id\":\"https:\/\/www.jeannedarc-figeac.fr\/college-lycee\/#website\"},\"primaryImageOfPage\":{\"@id\":\"https:\/\/www.jeannedarc-figeac.fr\/college-lycee\/la-classe-de-2nde-general-et-technologique\/#primaryimage\"},\"image\":{\"@id\":\"https:\/\/www.jeannedarc-figeac.fr\/college-lycee\/la-classe-de-2nde-general-et-technologique\/#primaryimage\"},\"thumbnailUrl\":\"http:\/\/www.jeannedarc-figeac.fr\/college-lycee\/wp-content\/uploads\/sites\/5\/2015\/01\/PdfIconJaune.png\",\"datePublished\":\"2015-02-14T10:28:30+00:00\",\"dateModified\":\"2020-05-06T11:09:32+00:00\",\"description\":\"La classe de 2nde. L\u2019\u00e9tablissement propose une organisation semestrielle. Le choix de modules d\u2019exploration en Seconde offre \u00e0 chacun la possibilit\u00e9...\",\"breadcrumb\":{\"@id\":\"https:\/\/www.jeannedarc-figeac.fr\/college-lycee\/la-classe-de-2nde-general-et-technologique\/#breadcrumb\"},\"inLanguage\":\"fr-FR\",\"potentialAction\":[{\"@type\":\"ReadAction\",\"target\":[\"https:\/\/www.jeannedarc-figeac.fr\/college-lycee\/la-classe-de-2nde-general-et-technologique\/\"]}]},{\"@type\":\"ImageObject\",\"inLanguage\":\"fr-FR\",\"@id\":\"https:\/\/www.jeannedarc-figeac.fr\/college-lycee\/la-classe-de-2nde-general-et-technologique\/#primaryimage\",\"url\":\"https:\/\/i0.wp.com\/www.jeannedarc-figeac.fr\/college-lycee\/wp-content\/uploads\/sites\/5\/2015\/01\/PdfIconJaune.png?fit=71%2C85&ssl=1\",\"contentUrl\":\"https:\/\/i0.wp.com\/www.jeannedarc-figeac.fr\/college-lycee\/wp-content\/uploads\/sites\/5\/2015\/01\/PdfIconJaune.png?fit=71%2C85&ssl=1\",\"width\":71,\"height\":85},{\"@type\":\"BreadcrumbList\",\"@id\":\"https:\/\/www.jeannedarc-figeac.fr\/college-lycee\/la-classe-de-2nde-general-et-technologique\/#breadcrumb\",\"itemListElement\":[{\"@type\":\"ListItem\",\"position\":1,\"name\":\"Accueil\",\"item\":\"https:\/\/www.jeannedarc-figeac.fr\/college-lycee\/\"},{\"@type\":\"ListItem\",\"position\":2,\"name\":\"La classe de 2nde g\u00e9n\u00e9rale et technologique\"}]},{\"@type\":\"WebSite\",\"@id\":\"https:\/\/www.jeannedarc-figeac.fr\/college-lycee\/#website\",\"url\":\"https:\/\/www.jeannedarc-figeac.fr\/college-lycee\/\",\"name\":\"Coll\u00e8ge et Lyc\u00e9e Jeanne d&#039;Arc\",\"description\":\"Jeanne d&#039;Arc Figeac\",\"potentialAction\":[{\"@type\":\"SearchAction\",\"target\":{\"@type\":\"EntryPoint\",\"urlTemplate\":\"https:\/\/www.jeannedarc-figeac.fr\/college-lycee\/?s={search_term_string}\"},\"query-input\":{\"@type\":\"PropertyValueSpecification\",\"valueRequired\":true,\"valueName\":\"search_term_string\"}}],\"inLanguage\":\"fr-FR\"}]}<\/script>\n<!-- \/ Yoast SEO plugin. -->","yoast_head_json":{"title":"La classe de 2nde g\u00e9n\u00e9rale et technologique","description":"La classe de 2nde. L\u2019\u00e9tablissement propose une organisation semestrielle. Le choix de modules d\u2019exploration en Seconde offre \u00e0 chacun la possibilit\u00e9...","robots":{"index":"index","follow":"follow","max-snippet":"max-snippet:-1","max-image-preview":"max-image-preview:large","max-video-preview":"max-video-preview:-1"},"canonical":"https:\/\/www.jeannedarc-figeac.fr\/college-lycee\/la-classe-de-2nde-general-et-technologique\/","og_locale":"fr_FR","og_type":"article","og_title":"La classe de 2nde g\u00e9n\u00e9rale et technologique","og_description":"La classe de 2nde. L\u2019\u00e9tablissement propose une organisation semestrielle. Le choix de modules d\u2019exploration en Seconde offre \u00e0 chacun la possibilit\u00e9...","og_url":"https:\/\/www.jeannedarc-figeac.fr\/college-lycee\/la-classe-de-2nde-general-et-technologique\/","og_site_name":"Coll\u00e8ge et Lyc\u00e9e Jeanne d&#039;Arc","article_modified_time":"2020-05-06T11:09:32+00:00","og_image":[{"url":"http:\/\/www.jeannedarc-figeac.fr\/college-lycee\/wp-content\/uploads\/sites\/5\/2015\/01\/PdfIconJaune.png","type":"","width":"","height":""}],"schema":{"@context":"https:\/\/schema.org","@graph":[{"@type":"WebPage","@id":"https:\/\/www.jeannedarc-figeac.fr\/college-lycee\/la-classe-de-2nde-general-et-technologique\/","url":"https:\/\/www.jeannedarc-figeac.fr\/college-lycee\/la-classe-de-2nde-general-et-technologique\/","name":"La classe de 2nde g\u00e9n\u00e9rale et technologique","isPartOf":{"@id":"https:\/\/www.jeannedarc-figeac.fr\/college-lycee\/#website"},"primaryImageOfPage":{"@id":"https:\/\/www.jeannedarc-figeac.fr\/college-lycee\/la-classe-de-2nde-general-et-technologique\/#primaryimage"},"image":{"@id":"https:\/\/www.jeannedarc-figeac.fr\/college-lycee\/la-classe-de-2nde-general-et-technologique\/#primaryimage"},"thumbnailUrl":"http:\/\/www.jeannedarc-figeac.fr\/college-lycee\/wp-content\/uploads\/sites\/5\/2015\/01\/PdfIconJaune.png","datePublished":"2015-02-14T10:28:30+00:00","dateModified":"2020-05-06T11:09:32+00:00","description":"La classe de 2nde. L\u2019\u00e9tablissement propose une organisation semestrielle. Le choix de modules d\u2019exploration en Seconde offre \u00e0 chacun la possibilit\u00e9...","breadcrumb":{"@id":"https:\/\/www.jeannedarc-figeac.fr\/college-lycee\/la-classe-de-2nde-general-et-technologique\/#breadcrumb"},"inLanguage":"fr-FR","potentialAction":[{"@type":"ReadAction","target":["https:\/\/www.jeannedarc-figeac.fr\/college-lycee\/la-classe-de-2nde-general-et-technologique\/"]}]},{"@type":"ImageObject","inLanguage":"fr-FR","@id":"https:\/\/www.jeannedarc-figeac.fr\/college-lycee\/la-classe-de-2nde-general-et-technologique\/#primaryimage","url":"https:\/\/i0.wp.com\/www.jeannedarc-figeac.fr\/college-lycee\/wp-content\/uploads\/sites\/5\/2015\/01\/PdfIconJaune.png?fit=71%2C85&ssl=1","contentUrl":"https:\/\/i0.wp.com\/www.jeannedarc-figeac.fr\/college-lycee\/wp-content\/uploads\/sites\/5\/2015\/01\/PdfIconJaune.png?fit=71%2C85&ssl=1","width":71,"height":85},{"@type":"BreadcrumbList","@id":"https:\/\/www.jeannedarc-figeac.fr\/college-lycee\/la-classe-de-2nde-general-et-technologique\/#breadcrumb","itemListElement":[{"@type":"ListItem","position":1,"name":"Accueil","item":"https:\/\/www.jeannedarc-figeac.fr\/college-lycee\/"},{"@type":"ListItem","position":2,"name":"La classe de 2nde g\u00e9n\u00e9rale et technologique"}]},{"@type":"WebSite","@id":"https:\/\/www.jeannedarc-figeac.fr\/college-lycee\/#website","url":"https:\/\/www.jeannedarc-figeac.fr\/college-lycee\/","name":"Coll\u00e8ge et Lyc\u00e9e Jeanne d&#039;Arc","description":"Jeanne d&#039;Arc Figeac","potentialAction":[{"@type":"SearchAction","target":{"@type":"EntryPoint","urlTemplate":"https:\/\/www.jeannedarc-figeac.fr\/college-lycee\/?s={search_term_string}"},"query-input":{"@type":"PropertyValueSpecification","valueRequired":true,"valueName":"search_term_string"}}],"inLanguage":"fr-FR"}]}},"jetpack_sharing_enabled":true,"jetpack_shortlink":"https:\/\/wp.me\/P5Qyb6-ef","_links":{"self":[{"href":"https:\/\/www.jeannedarc-figeac.fr\/college-lycee\/wp-json\/wp\/v2\/pages\/883","targetHints":{"allow":["GET"]}}],"collection":[{"href":"https:\/\/www.jeannedarc-figeac.fr\/college-lycee\/wp-json\/wp\/v2\/pages"}],"about":[{"href":"https:\/\/www.jeannedarc-figeac.fr\/college-lycee\/wp-json\/wp\/v2\/types\/page"}],"author":[{"embeddable":true,"href":"https:\/\/www.jeannedarc-figeac.fr\/college-lycee\/wp-json\/wp\/v2\/users\/1"}],"replies":[{"embeddable":true,"href":"https:\/\/www.jeannedarc-figeac.fr\/college-lycee\/wp-json\/wp\/v2\/comments?post=883"}],"version-history":[{"count":12,"href":"https:\/\/www.jeannedarc-figeac.fr\/college-lycee\/wp-json\/wp\/v2\/pages\/883\/revisions"}],"predecessor-version":[{"id":3344,"href":"https:\/\/www.jeannedarc-figeac.fr\/college-lycee\/wp-json\/wp\/v2\/pages\/883\/revisions\/3344"}],"wp:attachment":[{"href":"https:\/\/www.jeannedarc-figeac.fr\/college-lycee\/wp-json\/wp\/v2\/media?parent=883"}],"curies":[{"name":"wp","href":"https:\/\/api.w.org\/{rel}","templated":true}]}}