{"id":6066,"date":"2025-03-27T14:43:29","date_gmt":"2025-03-27T14:43:29","guid":{"rendered":"http:\/\/www.jeannedarc-figeac.fr\/college-lycee\/?page_id=6066"},"modified":"2025-03-27T15:25:18","modified_gmt":"2025-03-27T15:25:18","slug":"le-cap-aepe","status":"publish","type":"page","link":"https:\/\/www.jeannedarc-figeac.fr\/college-lycee\/le-cap-aepe\/","title":{"rendered":"Le CAP AEPE"},"content":{"rendered":"<p>[et_pb_section fb_built=\u00a0\u00bb1&Prime; inner_shadow=\u00a0\u00bbon\u00a0\u00bb fullwidth=\u00a0\u00bbon\u00a0\u00bb _builder_version=\u00a0\u00bb4.16&Prime; background_color=\u00a0\u00bbrgba(255,255,255,0)\u00a0\u00bb background_image=\u00a0\u00bbhttp:\/\/www.jeannedarc-figeac.fr\/college-lycee\/wp-content\/uploads\/sites\/5\/2015\/02\/TitleCOLLEGE.png\u00a0\u00bb transparent_background=\u00a0\u00bbon\u00a0\u00bb global_colors_info=\u00a0\u00bb{}\u00a0\u00bb][et_pb_fullwidth_header title=\u00a0\u00bbLyc\u00e9e professionnel\u00a0\u00bb subhead=\u00a0\u00bbLe CAP AEPE\u00a0\u00bb content_max_width=\u00a0\u00bbnone\u00a0\u00bb admin_label=\u00a0\u00bbFullwidth Header\u00a0\u00bb _builder_version=\u00a0\u00bb4.27.4&Prime; background_color=\u00a0\u00bbrgba(255, 255, 255, 0)\u00a0\u00bb global_colors_info=\u00a0\u00bb{}\u00a0\u00bb button_one_text_size__hover_enabled=\u00a0\u00bboff\u00a0\u00bb button_two_text_size__hover_enabled=\u00a0\u00bboff\u00a0\u00bb button_one_text_color__hover_enabled=\u00a0\u00bboff\u00a0\u00bb button_two_text_color__hover_enabled=\u00a0\u00bboff\u00a0\u00bb button_one_border_width__hover_enabled=\u00a0\u00bboff\u00a0\u00bb button_two_border_width__hover_enabled=\u00a0\u00bboff\u00a0\u00bb button_one_border_color__hover_enabled=\u00a0\u00bboff\u00a0\u00bb button_two_border_color__hover_enabled=\u00a0\u00bboff\u00a0\u00bb button_one_border_radius__hover_enabled=\u00a0\u00bboff\u00a0\u00bb button_two_border_radius__hover_enabled=\u00a0\u00bboff\u00a0\u00bb button_one_letter_spacing__hover_enabled=\u00a0\u00bboff\u00a0\u00bb button_two_letter_spacing__hover_enabled=\u00a0\u00bboff\u00a0\u00bb button_one_bg_color__hover_enabled=\u00a0\u00bboff\u00a0\u00bb button_two_bg_color__hover_enabled=\u00a0\u00bboff\u00a0\u00bb][\/et_pb_fullwidth_header][\/et_pb_section][et_pb_section fb_built=\u00a0\u00bb1&Prime; _builder_version=\u00a0\u00bb4.27.4&Prime; background_color=\u00a0\u00bb#e0e0e0&Prime; global_colors_info=\u00a0\u00bb{}\u00a0\u00bb][et_pb_row column_structure=\u00a0\u00bb1_4,3_4&Prime; _builder_version=\u00a0\u00bb4.16&Prime; background_size=\u00a0\u00bbinitial\u00a0\u00bb background_position=\u00a0\u00bbtop_left\u00a0\u00bb background_repeat=\u00a0\u00bbrepeat\u00a0\u00bb global_colors_info=\u00a0\u00bb{}\u00a0\u00bb][et_pb_column type=\u00a0\u00bb1_4&Prime; _builder_version=\u00a0\u00bb4.16&Prime; custom_padding=\u00a0\u00bb|||\u00a0\u00bb global_colors_info=\u00a0\u00bb{}\u00a0\u00bb custom_padding__hover=\u00a0\u00bb|||\u00a0\u00bb][et_pb_sidebar area=\u00a0\u00bbet_pb_widget_area_5&Prime; admin_label=\u00a0\u00bbSidebar\u00a0\u00bb _builder_version=\u00a0\u00bb4.16&Prime; min_height=\u00a0\u00bb315.6px\u00a0\u00bb custom_margin=\u00a0\u00bb||20px|||\u00a0\u00bb custom_padding=\u00a0\u00bb||11px|||\u00a0\u00bb global_colors_info=\u00a0\u00bb{}\u00a0\u00bb][\/et_pb_sidebar][et_pb_button button_url=\u00a0\u00bb@ET-DC@eyJkeW5hbWljIjp0cnVlLCJjb250ZW50IjoicG9zdF9saW5rX3VybF9wYWdlIiwic2V0dGluZ3MiOnsicG9zdF9pZCI6IjUxMzYifX0=@\u00a0\u00bb button_text=\u00a0\u00bbTaxe d&rsquo;apprentissage\u00a0\u00bb button_alignment=\u00a0\u00bbcenter\u00a0\u00bb _builder_version=\u00a0\u00bb4.21.0&Prime; _dynamic_attributes=\u00a0\u00bbbutton_url\u00a0\u00bb _module_preset=\u00a0\u00bbdefault\u00a0\u00bb custom_button=\u00a0\u00bbon\u00a0\u00bb button_text_size=\u00a0\u00bb16px\u00a0\u00bb button_text_color=\u00a0\u00bb#000000&Prime; button_bg_color=\u00a0\u00bb#7CDA24&Prime; button_border_width=\u00a0\u00bb1px\u00a0\u00bb button_border_radius=\u00a0\u00bb100px\u00a0\u00bb button_font=\u00a0\u00bbABeeZee||||||||\u00a0\u00bb button_use_icon=\u00a0\u00bboff\u00a0\u00bb box_shadow_style=\u00a0\u00bbpreset1&Prime; box_shadow_color=\u00a0\u00bb#7CDA24&Prime; global_colors_info=\u00a0\u00bb{}\u00a0\u00bb][\/et_pb_button][et_pb_button button_url=\u00a0\u00bb@ET-DC@eyJkeW5hbWljIjp0cnVlLCJjb250ZW50IjoicG9zdF9saW5rX3VybF9hdHRhY2htZW50Iiwic2V0dGluZ3MiOnsicG9zdF9pZCI6IjYwNDQifX0=@\u00a0\u00bb url_new_window=\u00a0\u00bbon\u00a0\u00bb button_text=\u00a0\u00bbJourn\u00e9es Portes Ouvertes &#8211; Vendredi 11 Avril 2025&Prime; button_alignment=\u00a0\u00bbcenter\u00a0\u00bb admin_label=\u00a0\u00bbBt_journee_decouverte\u00a0\u00bb _builder_version=\u00a0\u00bb4.27.4&Prime; _dynamic_attributes=\u00a0\u00bbbutton_url\u00a0\u00bb _module_preset=\u00a0\u00bbdefault\u00a0\u00bb custom_button=\u00a0\u00bbon\u00a0\u00bb button_text_size=\u00a0\u00bb17px\u00a0\u00bb button_border_radius=\u00a0\u00bb20px\u00a0\u00bb button_letter_spacing=\u00a0\u00bb1px\u00a0\u00bb global_colors_info=\u00a0\u00bb{}\u00a0\u00bb][\/et_pb_button][et_pb_button button_url=\u00a0\u00bb@ET-DC@eyJkeW5hbWljIjp0cnVlLCJjb250ZW50IjoicG9zdF9saW5rX3VybF9hdHRhY2htZW50Iiwic2V0dGluZ3MiOnsicG9zdF9pZCI6IjYwNDMifX0=@\u00a0\u00bb url_new_window=\u00a0\u00bbon\u00a0\u00bb button_text=\u00a0\u00bbLe CAP AEPE\u00a0\u00bb button_alignment=\u00a0\u00bbcenter\u00a0\u00bb admin_label=\u00a0\u00bbBt_brochure_AAGA\u00a0\u00bb _builder_version=\u00a0\u00bb4.27.4&Prime; _dynamic_attributes=\u00a0\u00bbbutton_url\u00a0\u00bb _module_preset=\u00a0\u00bbdefault\u00a0\u00bb custom_button=\u00a0\u00bbon\u00a0\u00bb button_border_radius=\u00a0\u00bb22px\u00a0\u00bb button_letter_spacing=\u00a0\u00bb1px\u00a0\u00bb global_colors_info=\u00a0\u00bb{}\u00a0\u00bb][\/et_pb_button][et_pb_button url_new_window=\u00a0\u00bbon\u00a0\u00bb button_text=\u00a0\u00bbPoursuites&#8230;\u00a0\u00bb button_alignment=\u00a0\u00bbcenter\u00a0\u00bb admin_label=\u00a0\u00bbBt_poursuites_AAGA\u00a0\u00bb _builder_version=\u00a0\u00bb4.27.4&Prime; _module_preset=\u00a0\u00bbdefault\u00a0\u00bb custom_button=\u00a0\u00bbon\u00a0\u00bb button_border_radius=\u00a0\u00bb20px\u00a0\u00bb button_letter_spacing=\u00a0\u00bb1px\u00a0\u00bb global_colors_info=\u00a0\u00bb{}\u00a0\u00bb][\/et_pb_button][\/et_pb_column][et_pb_column type=\u00a0\u00bb3_4&Prime; _builder_version=\u00a0\u00bb4.16&Prime; custom_padding=\u00a0\u00bb|||\u00a0\u00bb global_colors_info=\u00a0\u00bb{}\u00a0\u00bb custom_padding__hover=\u00a0\u00bb|||\u00a0\u00bb][et_pb_cta title=\u00a0\u00bbNouveaut\u00e9 2025 !!!\u00a0\u00bb button_text=\u00a0\u00bbClics\u00a0\u00bb _builder_version=\u00a0\u00bb4.27.4&Prime; _module_preset=\u00a0\u00bbdefault\u00a0\u00bb header_level=\u00a0\u00bbh1&Prime; header_font=\u00a0\u00bbAlata|||on|||||\u00a0\u00bb header_text_align=\u00a0\u00bbcenter\u00a0\u00bb header_text_color=\u00a0\u00bb#E02B20&Prime; header_letter_spacing=\u00a0\u00bb5px\u00a0\u00bb body_font=\u00a0\u00bbAlata||||||||\u00a0\u00bb body_font_size=\u00a0\u00bb22px\u00a0\u00bb width=\u00a0\u00bb100%\u00a0\u00bb max_width=\u00a0\u00bb70%\u00a0\u00bb module_alignment=\u00a0\u00bbcenter\u00a0\u00bb height=\u00a0\u00bb152px\u00a0\u00bb custom_padding=\u00a0\u00bb27px||19px|||\u00a0\u00bb border_radii=\u00a0\u00bbon|192px|192px|192px|192px\u00a0\u00bb text_shadow_style=\u00a0\u00bbpreset2&Prime; global_colors_info=\u00a0\u00bb{}\u00a0\u00bb]OUVERTURE DU CAP AEPE<\/p>\n<p>Accompagnant Educatif Petite Enfance<\/p>\n<p>[\/et_pb_cta][et_pb_text admin_label=\u00a0\u00bbText\u00a0\u00bb _builder_version=\u00a0\u00bb4.27.4&Prime; background_size=\u00a0\u00bbinitial\u00a0\u00bb background_position=\u00a0\u00bbtop_left\u00a0\u00bb background_repeat=\u00a0\u00bbrepeat\u00a0\u00bb hover_enabled=\u00a0\u00bb0&Prime; global_colors_info=\u00a0\u00bb{}\u00a0\u00bb sticky_enabled=\u00a0\u00bb0&Prime;]<\/p>\n<h2>Le CAP AEPE &#8211; Accompagnant Educatif Petite Enfance<\/h2>\n<p>&nbsp;<\/p>\n<ul>\n<li><strong><span style=\"color: #993366;\">Dur\u00e9e de la formation <\/span><\/strong>: 1, 2 ou 3 ans<\/li>\n<li><strong><span style=\"color: #993366;\">Nature de la formation <\/span><\/strong>: Dipl\u00f4me national ou dipl\u00f4me d&rsquo;\u00e9tat<\/li>\n<li><strong><span style=\"color: #993366;\">Type de formation<\/span> <\/strong>: CAP (Certificat d&rsquo;Aptitude Professionnelle)<\/li>\n<li><span style=\"color: #993366;\"><strong>Atout suppl\u00e9mentaire : <\/strong><\/span>Dispositif ULIS lyc\u00e9e<\/li>\n<\/ul>\n<p>&nbsp;<\/p>\n<p><span style=\"color: #0c71c3;\"><strong>Objectifs de la formation :<\/strong><\/span><\/p>\n<div class=\"editor\">\n<div class=\"ezrichtext-field\">Animer des activit\u00e9s d&rsquo;\u00e9veil et r\u00e9aliser des activit\u00e9s de soins du quotidien aupr\u00e8s d&rsquo;enfants de moins de 6 ans, dans les structures d&rsquo;accueil collectif ou \u00e0 domicile, tels sont les principaux objectifs du CAP accompagnant \u00e9ducatif petite enfance.<\/p>\n<p>C\u00f4t\u00e9 th\u00e9orie, les enseignements portent sur le d\u00e9veloppement et les besoins fondamentaux de l&rsquo;enfant, les besoins \u00e9ducatifs sp\u00e9cifiques aux enfants en situation de vuln\u00e9rabilit\u00e9, la pr\u00e9vention des risques, et la sant\u00e9 et la s\u00e9curit\u00e9 au travail. Les enseignements li\u00e9s \u00e0 la communication professionnelle, \u00e0 la r\u00e9glementation et \u00e0 la d\u00e9ontologie pr\u00e9parent les \u00e9l\u00e8ves \u00e0 adapter leur positionnement professionnel \u00e0 leur futur contexte d&rsquo;exercice.<\/p>\n<p>C\u00f4t\u00e9 pratiques, ils apprennent \u00e0 conduire des animations d&rsquo;activit\u00e9s et d&rsquo;\u00e9veil contribuant \u00e0 la socialisation de l&rsquo;enfant, \u00e0 son autonomie et \u00e0 l&rsquo;acquisition du langage. Ils acqui\u00e8rent les comp\u00e9tences n\u00e9cessaires pour assurer les soins du quotidien adapt\u00e9s \u00e0 leur besoin (soins d&rsquo;hygi\u00e8ne, pr\u00e9paration de repas). Ils sont pr\u00e9par\u00e9s \u00e0 participer et mettre en oeuvre un projet d&rsquo;\u00e9tablissement ou un projet p\u00e9dagogique dans les structures d&rsquo;accueil collectif, et \u00e0 soutenir les enseignants lors des activit\u00e9s p\u00e9dagogiques dans les \u00e9coles maternelles.<\/p>\n<p>Enfin, ils sont form\u00e9s \u00e0 organiser et \u00e0 entretenir les espaces d\u00e9di\u00e9s aux enfants.<\/p>\n<p>La p\u00e9riode de formation en milieu professionnel est de 14 semaines (pour les \u00e9l\u00e8ves qui ne sont pas en apprentissage).<\/p>\n<p>&nbsp;\n<\/p><\/div>\n<\/div>\n<p><span style=\"color: #0c71c3;\"><strong>D\u00e9bouch\u00e9s professionnels:<\/strong><\/span><\/p>\n<p>Selon la structure qui l&#8217;emploie ou son lieu d&rsquo;exercice, le ou la titulaire du CAP peut exercer le m\u00e9tier d&rsquo;Agent territorial sp\u00e9cialis\u00e9 des \u00e9coles maternelles (ATSEM) ; d&rsquo;assistant \u00e9ducatif petite enfance ou d&rsquo;agent d&rsquo;animation dans les structures d&rsquo;accueil collectif pour mineur ; d&rsquo;auxiliaire petite enfance, agent social, agent d&rsquo;accompagnement \u00e0 l&rsquo;\u00e9ducation de l&rsquo;enfant dans les \u00e9tablissements ou services d&rsquo;accueil collectifs ; de garde d&rsquo;enfant, d&rsquo;assistant maternel, ou d&#8217;employ\u00e9 familial \u00e0 domicile.<\/p>\n<p>&nbsp;<\/p>\n<p><span style=\"color: #0c71c3;\"><strong>Poursuites d&rsquo;\u00e9tudes :<\/strong><\/span><\/p>\n<p>Le CAP d\u00e9bouche sur la vie active mais il est possible, sous certaines conditions, de poursuivre des \u00e9tudes en 2 ans en bac professionnel, ou d&rsquo;int\u00e9grer des formations pr\u00e9parant \u00e0 certains dipl\u00f4mes d&rsquo;\u00e9tat du secteur sanitaire et social.<\/p>\n<p><span style=\"color: #0c71c3;\"><strong>Exemple(s) de formation(s) :<\/strong><\/span><\/p>\n<ul>\n<li>Dipl\u00f4me d&rsquo;\u00c9tat d&rsquo;accompagnant \u00e9ducatif et social<\/li>\n<li>Bac pro accompagnement, soins et services \u00e0 la personne<\/li>\n<li>Bac pro services aux personnes et animation dans les territoires<\/li>\n<li>Dipl\u00f4me d&rsquo;\u00c9tat d&rsquo;aide-soignant<\/li>\n<li>Dipl\u00f4me d&rsquo;\u00c9tat d&rsquo;auxiliaire de pu\u00e9riculture<\/li>\n<\/ul>\n<p>[\/et_pb_text][\/et_pb_column][\/et_pb_row][\/et_pb_section]<\/p>\n","protected":false},"excerpt":{"rendered":"<p>Nouveaut\u00e9 2025 ! Un CAP Petite Enfance<\/p>\n","protected":false},"author":1,"featured_media":0,"parent":0,"menu_order":0,"comment_status":"closed","ping_status":"closed","template":"","meta":{"_et_pb_use_builder":"on","_et_pb_old_content":"","_et_gb_content_width":"","iawp_total_views":414,"footnotes":""},"class_list":["post-6066","page","type-page","status-publish","hentry"],"yoast_head":"<!-- This site is optimized with the Yoast SEO plugin v26.0 - https:\/\/yoast.com\/wordpress\/plugins\/seo\/ -->\n<title>Le CAP AEPE<\/title>\n<meta name=\"description\" content=\"Le CAP ATMSC. Le CAP Assistant Technique en Milieu Familial et Collectif est une formation pr\u00e9parant aux m\u00e9tiers d&#039;aide \u00e0 la personne...\" \/>\n<meta name=\"robots\" content=\"index, follow, max-snippet:-1, max-image-preview:large, max-video-preview:-1\" \/>\n<link rel=\"canonical\" href=\"https:\/\/www.jeannedarc-figeac.fr\/college-lycee\/le-cap-aepe\/\" \/>\n<meta property=\"og:locale\" content=\"fr_FR\" \/>\n<meta property=\"og:type\" content=\"article\" \/>\n<meta property=\"og:title\" content=\"Le CAP AEPE\" \/>\n<meta property=\"og:description\" content=\"Le CAP ATMSC. Le CAP Assistant Technique en Milieu Familial et Collectif est une formation pr\u00e9parant aux m\u00e9tiers d&#039;aide \u00e0 la personne...\" \/>\n<meta property=\"og:url\" content=\"https:\/\/www.jeannedarc-figeac.fr\/college-lycee\/le-cap-aepe\/\" \/>\n<meta property=\"og:site_name\" content=\"Coll\u00e8ge et Lyc\u00e9e Jeanne d&#039;Arc\" \/>\n<meta property=\"article:modified_time\" content=\"2025-03-27T15:25:18+00:00\" \/>\n<script type=\"application\/ld+json\" class=\"yoast-schema-graph\">{\"@context\":\"https:\/\/schema.org\",\"@graph\":[{\"@type\":\"WebPage\",\"@id\":\"https:\/\/www.jeannedarc-figeac.fr\/college-lycee\/le-cap-aepe\/\",\"url\":\"https:\/\/www.jeannedarc-figeac.fr\/college-lycee\/le-cap-aepe\/\",\"name\":\"Le CAP AEPE\",\"isPartOf\":{\"@id\":\"https:\/\/www.jeannedarc-figeac.fr\/college-lycee\/#website\"},\"datePublished\":\"2025-03-27T14:43:29+00:00\",\"dateModified\":\"2025-03-27T15:25:18+00:00\",\"description\":\"Le CAP ATMSC. Le CAP Assistant Technique en Milieu Familial et Collectif est une formation pr\u00e9parant aux m\u00e9tiers d'aide \u00e0 la personne...\",\"breadcrumb\":{\"@id\":\"https:\/\/www.jeannedarc-figeac.fr\/college-lycee\/le-cap-aepe\/#breadcrumb\"},\"inLanguage\":\"fr-FR\",\"potentialAction\":[{\"@type\":\"ReadAction\",\"target\":[\"https:\/\/www.jeannedarc-figeac.fr\/college-lycee\/le-cap-aepe\/\"]}]},{\"@type\":\"BreadcrumbList\",\"@id\":\"https:\/\/www.jeannedarc-figeac.fr\/college-lycee\/le-cap-aepe\/#breadcrumb\",\"itemListElement\":[{\"@type\":\"ListItem\",\"position\":1,\"name\":\"Accueil\",\"item\":\"https:\/\/www.jeannedarc-figeac.fr\/college-lycee\/\"},{\"@type\":\"ListItem\",\"position\":2,\"name\":\"Le CAP AEPE\"}]},{\"@type\":\"WebSite\",\"@id\":\"https:\/\/www.jeannedarc-figeac.fr\/college-lycee\/#website\",\"url\":\"https:\/\/www.jeannedarc-figeac.fr\/college-lycee\/\",\"name\":\"Coll\u00e8ge et Lyc\u00e9e Jeanne d&#039;Arc\",\"description\":\"Jeanne d&#039;Arc Figeac\",\"potentialAction\":[{\"@type\":\"SearchAction\",\"target\":{\"@type\":\"EntryPoint\",\"urlTemplate\":\"https:\/\/www.jeannedarc-figeac.fr\/college-lycee\/?s={search_term_string}\"},\"query-input\":{\"@type\":\"PropertyValueSpecification\",\"valueRequired\":true,\"valueName\":\"search_term_string\"}}],\"inLanguage\":\"fr-FR\"}]}<\/script>\n<!-- \/ Yoast SEO plugin. -->","yoast_head_json":{"title":"Le CAP AEPE","description":"Le CAP ATMSC. Le CAP Assistant Technique en Milieu Familial et Collectif est une formation pr\u00e9parant aux m\u00e9tiers d'aide \u00e0 la personne...","robots":{"index":"index","follow":"follow","max-snippet":"max-snippet:-1","max-image-preview":"max-image-preview:large","max-video-preview":"max-video-preview:-1"},"canonical":"https:\/\/www.jeannedarc-figeac.fr\/college-lycee\/le-cap-aepe\/","og_locale":"fr_FR","og_type":"article","og_title":"Le CAP AEPE","og_description":"Le CAP ATMSC. Le CAP Assistant Technique en Milieu Familial et Collectif est une formation pr\u00e9parant aux m\u00e9tiers d'aide \u00e0 la personne...","og_url":"https:\/\/www.jeannedarc-figeac.fr\/college-lycee\/le-cap-aepe\/","og_site_name":"Coll\u00e8ge et Lyc\u00e9e Jeanne d&#039;Arc","article_modified_time":"2025-03-27T15:25:18+00:00","schema":{"@context":"https:\/\/schema.org","@graph":[{"@type":"WebPage","@id":"https:\/\/www.jeannedarc-figeac.fr\/college-lycee\/le-cap-aepe\/","url":"https:\/\/www.jeannedarc-figeac.fr\/college-lycee\/le-cap-aepe\/","name":"Le CAP AEPE","isPartOf":{"@id":"https:\/\/www.jeannedarc-figeac.fr\/college-lycee\/#website"},"datePublished":"2025-03-27T14:43:29+00:00","dateModified":"2025-03-27T15:25:18+00:00","description":"Le CAP ATMSC. Le CAP Assistant Technique en Milieu Familial et Collectif est une formation pr\u00e9parant aux m\u00e9tiers d'aide \u00e0 la personne...","breadcrumb":{"@id":"https:\/\/www.jeannedarc-figeac.fr\/college-lycee\/le-cap-aepe\/#breadcrumb"},"inLanguage":"fr-FR","potentialAction":[{"@type":"ReadAction","target":["https:\/\/www.jeannedarc-figeac.fr\/college-lycee\/le-cap-aepe\/"]}]},{"@type":"BreadcrumbList","@id":"https:\/\/www.jeannedarc-figeac.fr\/college-lycee\/le-cap-aepe\/#breadcrumb","itemListElement":[{"@type":"ListItem","position":1,"name":"Accueil","item":"https:\/\/www.jeannedarc-figeac.fr\/college-lycee\/"},{"@type":"ListItem","position":2,"name":"Le CAP AEPE"}]},{"@type":"WebSite","@id":"https:\/\/www.jeannedarc-figeac.fr\/college-lycee\/#website","url":"https:\/\/www.jeannedarc-figeac.fr\/college-lycee\/","name":"Coll\u00e8ge et Lyc\u00e9e Jeanne d&#039;Arc","description":"Jeanne d&#039;Arc Figeac","potentialAction":[{"@type":"SearchAction","target":{"@type":"EntryPoint","urlTemplate":"https:\/\/www.jeannedarc-figeac.fr\/college-lycee\/?s={search_term_string}"},"query-input":{"@type":"PropertyValueSpecification","valueRequired":true,"valueName":"search_term_string"}}],"inLanguage":"fr-FR"}]}},"jetpack_sharing_enabled":true,"jetpack_shortlink":"https:\/\/wp.me\/P5Qyb6-1zQ","_links":{"self":[{"href":"https:\/\/www.jeannedarc-figeac.fr\/college-lycee\/wp-json\/wp\/v2\/pages\/6066","targetHints":{"allow":["GET"]}}],"collection":[{"href":"https:\/\/www.jeannedarc-figeac.fr\/college-lycee\/wp-json\/wp\/v2\/pages"}],"about":[{"href":"https:\/\/www.jeannedarc-figeac.fr\/college-lycee\/wp-json\/wp\/v2\/types\/page"}],"author":[{"embeddable":true,"href":"https:\/\/www.jeannedarc-figeac.fr\/college-lycee\/wp-json\/wp\/v2\/users\/1"}],"replies":[{"embeddable":true,"href":"https:\/\/www.jeannedarc-figeac.fr\/college-lycee\/wp-json\/wp\/v2\/comments?post=6066"}],"version-history":[{"count":7,"href":"https:\/\/www.jeannedarc-figeac.fr\/college-lycee\/wp-json\/wp\/v2\/pages\/6066\/revisions"}],"predecessor-version":[{"id":6078,"href":"https:\/\/www.jeannedarc-figeac.fr\/college-lycee\/wp-json\/wp\/v2\/pages\/6066\/revisions\/6078"}],"wp:attachment":[{"href":"https:\/\/www.jeannedarc-figeac.fr\/college-lycee\/wp-json\/wp\/v2\/media?parent=6066"}],"curies":[{"name":"wp","href":"https:\/\/api.w.org\/{rel}","templated":true}]}}