{"id":565,"date":"2015-01-22T21:31:32","date_gmt":"2015-01-22T21:31:32","guid":{"rendered":"http:\/\/www.jeannedarc-figeac.fr\/college-lycee\/?page_id=565"},"modified":"2023-06-02T12:45:01","modified_gmt":"2023-06-02T12:45:01","slug":"a2sp","status":"publish","type":"page","link":"https:\/\/www.jeannedarc-figeac.fr\/college-lycee\/a2sp\/","title":{"rendered":"Le BAC A2SP"},"content":{"rendered":"<p>[et_pb_section fb_built=\u00a0\u00bb1&Prime; inner_shadow=\u00a0\u00bbon\u00a0\u00bb fullwidth=\u00a0\u00bbon\u00a0\u00bb _builder_version=\u00a0\u00bb4.16&Prime; background_color=\u00a0\u00bbrgba(255,255,255,0)\u00a0\u00bb background_image=\u00a0\u00bbhttp:\/\/www.jeannedarc-figeac.fr\/college-lycee\/wp-content\/uploads\/sites\/5\/2015\/02\/TitleCOLLEGE.png\u00a0\u00bb transparent_background=\u00a0\u00bbon\u00a0\u00bb global_colors_info=\u00a0\u00bb{}\u00a0\u00bb][et_pb_fullwidth_header title=\u00a0\u00bbLyc\u00e9e professionnel\u00a0\u00bb subhead=\u00a0\u00bbLe BAC A2SP\u00a0\u00bb content_max_width=\u00a0\u00bbnone\u00a0\u00bb admin_label=\u00a0\u00bbFullwidth Header\u00a0\u00bb _builder_version=\u00a0\u00bb4.16&Prime; background_color=\u00a0\u00bbrgba(255, 255, 255, 0)\u00a0\u00bb global_colors_info=\u00a0\u00bb{}\u00a0\u00bb button_one_text_size__hover_enabled=\u00a0\u00bboff\u00a0\u00bb button_two_text_size__hover_enabled=\u00a0\u00bboff\u00a0\u00bb button_one_text_color__hover_enabled=\u00a0\u00bboff\u00a0\u00bb button_two_text_color__hover_enabled=\u00a0\u00bboff\u00a0\u00bb button_one_border_width__hover_enabled=\u00a0\u00bboff\u00a0\u00bb button_two_border_width__hover_enabled=\u00a0\u00bboff\u00a0\u00bb button_one_border_color__hover_enabled=\u00a0\u00bboff\u00a0\u00bb button_two_border_color__hover_enabled=\u00a0\u00bboff\u00a0\u00bb button_one_border_radius__hover_enabled=\u00a0\u00bboff\u00a0\u00bb button_two_border_radius__hover_enabled=\u00a0\u00bboff\u00a0\u00bb button_one_letter_spacing__hover_enabled=\u00a0\u00bboff\u00a0\u00bb button_two_letter_spacing__hover_enabled=\u00a0\u00bboff\u00a0\u00bb button_one_bg_color__hover_enabled=\u00a0\u00bboff\u00a0\u00bb button_two_bg_color__hover_enabled=\u00a0\u00bboff\u00a0\u00bb][\/et_pb_fullwidth_header][\/et_pb_section][et_pb_section fb_built=\u00a0\u00bb1&Prime; _builder_version=\u00a0\u00bb4.16&Prime; global_colors_info=\u00a0\u00bb{}\u00a0\u00bb][et_pb_row _builder_version=\u00a0\u00bb4.16&Prime; background_size=\u00a0\u00bbinitial\u00a0\u00bb background_position=\u00a0\u00bbtop_left\u00a0\u00bb background_repeat=\u00a0\u00bbrepeat\u00a0\u00bb global_colors_info=\u00a0\u00bb{}\u00a0\u00bb column_structure=\u00a0\u00bb1_4,3_4&Prime;][et_pb_column type=\u00a0\u00bb1_4&Prime; _builder_version=\u00a0\u00bb4.16&Prime; custom_padding=\u00a0\u00bb|||\u00a0\u00bb global_colors_info=\u00a0\u00bb{}\u00a0\u00bb custom_padding__hover=\u00a0\u00bb|||\u00a0\u00bb][et_pb_sidebar area=\u00a0\u00bbet_pb_widget_area_5&Prime; admin_label=\u00a0\u00bbSidebar\u00a0\u00bb _builder_version=\u00a0\u00bb4.16&Prime; hover_enabled=\u00a0\u00bb0&Prime; global_colors_info=\u00a0\u00bb{}\u00a0\u00bb sticky_enabled=\u00a0\u00bb0&Prime;][\/et_pb_sidebar][et_pb_button button_text=\u00a0\u00bbTaxe d&rsquo;apprentissage\u00a0\u00bb _builder_version=\u00a0\u00bb4.21.0&Prime; _module_preset=\u00a0\u00bbdefault\u00a0\u00bb custom_button=\u00a0\u00bbon\u00a0\u00bb button_text_color=\u00a0\u00bb#000000&Prime; button_bg_color=\u00a0\u00bb#7CDA24&Prime; button_bg_enable_color=\u00a0\u00bbon\u00a0\u00bb button_border_radius=\u00a0\u00bb100px\u00a0\u00bb button_text_size=\u00a0\u00bb16px\u00a0\u00bb button_border_width=\u00a0\u00bb1px\u00a0\u00bb button_font=\u00a0\u00bbABeeZee||||||||\u00a0\u00bb button_use_icon=\u00a0\u00bboff\u00a0\u00bb box_shadow_style=\u00a0\u00bbpreset1&Prime; box_shadow_color=\u00a0\u00bb#7CDA24&Prime; button_alignment=\u00a0\u00bbcenter\u00a0\u00bb button_url=\u00a0\u00bb@ET-DC@eyJkeW5hbWljIjp0cnVlLCJjb250ZW50IjoicG9zdF9saW5rX3VybF9wYWdlIiwic2V0dGluZ3MiOnsicG9zdF9pZCI6IjUxMzYifX0=@\u00a0\u00bb _dynamic_attributes=\u00a0\u00bbbutton_url\u00a0\u00bb hover_enabled=\u00a0\u00bb0&Prime; sticky_enabled=\u00a0\u00bb0&Prime;][\/et_pb_button][\/et_pb_column][et_pb_column type=\u00a0\u00bb3_4&Prime; _builder_version=\u00a0\u00bb4.16&Prime; custom_padding=\u00a0\u00bb|||\u00a0\u00bb global_colors_info=\u00a0\u00bb{}\u00a0\u00bb custom_padding__hover=\u00a0\u00bb|||\u00a0\u00bb][et_pb_text admin_label=\u00a0\u00bbText\u00a0\u00bb _builder_version=\u00a0\u00bb4.16&Prime; background_size=\u00a0\u00bbinitial\u00a0\u00bb background_position=\u00a0\u00bbtop_left\u00a0\u00bb background_repeat=\u00a0\u00bbrepeat\u00a0\u00bb global_colors_info=\u00a0\u00bb{}\u00a0\u00bb]Le baccalaur\u00e9at professionnel <span style=\"color: #0000ff;\"><strong>Accompagnement Soins et Services \u00e0 la Personne <\/strong><\/span>se pr\u00e9parent en 3 ans apr\u00e8s la 3\u00e8me (2nde pro, 1\u00e8re pro et Tle pro). Il peut aussi se pr\u00e9parer apr\u00e8s un CAP du secteur de l\u2019aide \u00e0 la personne ou, de fa\u00e7on plus exceptionnelle, apr\u00e8s une 2nde g\u00e9n\u00e9rale et technologique.<\/p>\n<p><strong>Deux options\u00a0: <\/strong><\/p>\n<ul>\n<li>\u00ab\u00a0En structure\u00a0\u00bb\u00a0: pour exercer son activit\u00e9 au sein d\u2019\u00e9tablissements sanitaires, sociaux et m\u00e9dico-sociaux.<\/li>\n<li>\u00ab\u00a0A domicile\u00a0\u00bb\u00a0: pour exercer son activit\u00e9 au domicile des usagers par l\u2019interm\u00e9diaire d\u2019un organisme prestataire.<\/li>\n<\/ul>\n<p><strong>Le m\u00e9tier\u00a0:<\/strong><\/p>\n<p>Le titulaire du Bac pro ASSP poss\u00e8de les comp\u00e9tences n\u00e9cessaires pour travailler aupr\u00e8s de familles, d&rsquo;enfants, de personnes \u00e2g\u00e9es ou d\u00e9pendantes. Il assiste ces personnes dans les actes de la vie quotidienne, participe aux activit\u00e9s de soin et les aident \u00e0 maintenir une vie sociale.<\/p>\n<p><strong>Qualit\u00e9s personnelles requises\u00a0: <\/strong><\/p>\n<ul>\n<li>Etre dynamique et avoir le sens des responsabilit\u00e9s<\/li>\n<li>Etre mature, tol\u00e9rant et ouvert d\u2019esprit<\/li>\n<li>D\u00e9sirer r\u00e9pondre aux besoins des personnes quels que soient leur \u00e2ge et leur \u00e9tat.<\/li>\n<li>Avoir une bonne r\u00e9sistance physique et nerveuse.<\/li>\n<li>Etre autonome, soigneux et rigoureux.<\/li>\n<li>Avoir l&rsquo;esprit d&rsquo;\u00e9quipe<\/li>\n<\/ul>\n<p><strong>Organisation p\u00e9dagogique\u00a0:<\/strong><\/p>\n<ul>\n<li>La formation du candidat au Bac Professionnel ASSP associe enseignement g\u00e9n\u00e9ral (th\u00e9orie) et formation professionnelle (pratique).<\/li>\n<li>L&rsquo;acquisition des techniques professionnelles (soins de confort, techniques et projets d\u2019animation&#8230;) occupe plus de la moiti\u00e9 de l&#8217;emploi du temps.<\/li>\n<li>Au Lyc\u00e9e Professionnel, l&rsquo;enseignement se d\u00e9roule sous forme de cours et de travaux pratiques<\/li>\n<\/ul>\n<p><strong>Une formation concr\u00e8te\u00a0:<\/strong><\/p>\n<p>Int\u00e9gr\u00e9es au Bac pro, <strong>22 semaines<\/strong> au total sont consacr\u00e9es \u00e0 <strong>la formation en milieu professionnel <\/strong>(PFMP) au sein d&rsquo;\u00e9tablissements sanitaires, sociaux et m\u00e9dico-sociaux et ce, afin de favoriser plus tard une insertion professionnelle r\u00e9ussie. Ces semaines de stage vont en effet permettre \u00e0 l&rsquo;\u00e9l\u00e8ve de travailler en situation r\u00e9elle, de mobiliser les savoirs \u00e9tudi\u00e9s en classe et de s&rsquo;ins\u00e9rer dans des \u00e9quipes de travail.<\/p>\n<h2><strong><span style=\"color: #0000ff;\">Les PLUS<\/span><\/strong> du Bac Pro ASSP au Lyc\u00e9e Jeanne d\u2019Arc\u00a0:<\/h2>\n<p><strong>Pr\u00e9paration au B.A.F.A.\u00a0:<\/strong> les \u00e9l\u00e8ves qui le souhaitent peuvent suivre, dans le cadre de leur scolarit\u00e9 une session de pr\u00e9paration au B.A.F.A., dipl\u00f4me particuli\u00e8rement recommand\u00e9 pour ceux qui envisagent une formation d\u2019\u00e9ducateur ou d\u2019animateur.<\/p>\n<p>L\u2019option <strong>Langue des Signes Fran\u00e7aise\u00a0:<\/strong> la LSF permet de s\u2019exprimer corporellement, de s\u2019initier \u00e0 la culture sourde, de savoir s\u2019adapter dans un contexte professionnel qui accueille un public sourd ou malentendant. Reconnue comme langue \u00e0 part enti\u00e8re, la langue des signes est une langue en plein essor. Elle poss\u00e8de sa propre structure, sa grammaire et son vocabulaire.<\/p>\n<p>Un <strong>voyage d\u2019\u00e9tude<\/strong> dans une capitale europ\u00e9enne pour l\u2019ensemble des \u00e9l\u00e8ves en classe de 1\u00e8re.<\/p>\n<p>Formation <strong>SST<\/strong> (Sauveteur Secouriste du Travail).<\/p>\n<p><span style=\"color: #0000ff;\"><strong>Et apr\u00e8s\u2026 <\/strong><\/span><\/p>\n<p>Comme tous les bacs pro, le Bac ASSP permet une insertion directe dans le monde du travail. Mais avec un bon dossier, une poursuite d&rsquo;\u00e9tudes est \u00e9galement envisageable. Le ou la titulaire de ce baccalaur\u00e9at pourra ainsi certaines formations sociales ou param\u00e9dicales : aide-soignant, auxiliaire de pu\u00e9riculture, AESH (accompagnant d\u2019\u00e9l\u00e8ves en situation de handicap), ATSEM (agent territorial sp\u00e9cialis\u00e9 des \u00e9coles maternelles), \u00e9ducateur sp\u00e9cialis\u00e9, moniteur-\u00e9ducateur, \u00e9ducateur jeunes enfants. Les \u00e9l\u00e8ves qui souhaitent aller plus loin pourront \u00e9galement envisager le BTS \u00e9conomie sociale et familiale ou bien encore le BTS SP3S (Services et prestations des secteurs sanitaire et social).[\/et_pb_text][\/et_pb_column][\/et_pb_row][\/et_pb_section]<\/p>\n","protected":false},"excerpt":{"rendered":"<p>Le baccalaur\u00e9at professionnel Accompagnement Soins et Services \u00e0 la Personne se pr\u00e9parent en 3 ans apr\u00e8s la 3\u00e8me (2nde pro, 1\u00e8re pro et Tle pro). Il peut aussi se pr\u00e9parer apr\u00e8s un CAP du secteur de l\u2019aide \u00e0 la personne ou, de fa\u00e7on plus exceptionnelle, apr\u00e8s une 2nde g\u00e9n\u00e9rale et technologique. Deux options\u00a0: \u00ab\u00a0En structure\u00a0\u00bb\u00a0: [&hellip;]<\/p>\n","protected":false},"author":1,"featured_media":0,"parent":0,"menu_order":0,"comment_status":"closed","ping_status":"open","template":"","meta":{"_et_pb_use_builder":"on","_et_pb_old_content":"","_et_gb_content_width":"","iawp_total_views":484,"footnotes":""},"class_list":["post-565","page","type-page","status-publish","hentry"],"yoast_head":"<!-- This site is optimized with the Yoast SEO plugin v26.0 - https:\/\/yoast.com\/wordpress\/plugins\/seo\/ -->\n<title>Le BAC A2SP<\/title>\n<meta name=\"description\" content=\"Le BAC A2SP: R\u00e9sutat de la transformation du BEP CSS en Bac Pro 3ans, le BAC A2SP propose aux jeunes int\u00e9ress\u00e9s par les m\u00e9tiers du sanitaire et du social...\" \/>\n<meta name=\"robots\" content=\"index, follow, max-snippet:-1, max-image-preview:large, max-video-preview:-1\" \/>\n<link rel=\"canonical\" href=\"https:\/\/www.jeannedarc-figeac.fr\/college-lycee\/a2sp\/\" \/>\n<meta property=\"og:locale\" content=\"fr_FR\" \/>\n<meta property=\"og:type\" content=\"article\" \/>\n<meta property=\"og:title\" content=\"Le BAC A2SP\" \/>\n<meta property=\"og:description\" content=\"Le BAC A2SP: R\u00e9sutat de la transformation du BEP CSS en Bac Pro 3ans, le BAC A2SP propose aux jeunes int\u00e9ress\u00e9s par les m\u00e9tiers du sanitaire et du social...\" \/>\n<meta property=\"og:url\" content=\"https:\/\/www.jeannedarc-figeac.fr\/college-lycee\/a2sp\/\" \/>\n<meta property=\"og:site_name\" content=\"Coll\u00e8ge et Lyc\u00e9e Jeanne d&#039;Arc\" \/>\n<meta property=\"article:modified_time\" content=\"2023-06-02T12:45:01+00:00\" \/>\n<script type=\"application\/ld+json\" class=\"yoast-schema-graph\">{\"@context\":\"https:\/\/schema.org\",\"@graph\":[{\"@type\":\"WebPage\",\"@id\":\"https:\/\/www.jeannedarc-figeac.fr\/college-lycee\/a2sp\/\",\"url\":\"https:\/\/www.jeannedarc-figeac.fr\/college-lycee\/a2sp\/\",\"name\":\"Le BAC A2SP\",\"isPartOf\":{\"@id\":\"https:\/\/www.jeannedarc-figeac.fr\/college-lycee\/#website\"},\"datePublished\":\"2015-01-22T21:31:32+00:00\",\"dateModified\":\"2023-06-02T12:45:01+00:00\",\"description\":\"Le BAC A2SP: R\u00e9sutat de la transformation du BEP CSS en Bac Pro 3ans, le BAC A2SP propose aux jeunes int\u00e9ress\u00e9s par les m\u00e9tiers du sanitaire et du social...\",\"breadcrumb\":{\"@id\":\"https:\/\/www.jeannedarc-figeac.fr\/college-lycee\/a2sp\/#breadcrumb\"},\"inLanguage\":\"fr-FR\",\"potentialAction\":[{\"@type\":\"ReadAction\",\"target\":[\"https:\/\/www.jeannedarc-figeac.fr\/college-lycee\/a2sp\/\"]}]},{\"@type\":\"BreadcrumbList\",\"@id\":\"https:\/\/www.jeannedarc-figeac.fr\/college-lycee\/a2sp\/#breadcrumb\",\"itemListElement\":[{\"@type\":\"ListItem\",\"position\":1,\"name\":\"Accueil\",\"item\":\"https:\/\/www.jeannedarc-figeac.fr\/college-lycee\/\"},{\"@type\":\"ListItem\",\"position\":2,\"name\":\"Le BAC A2SP\"}]},{\"@type\":\"WebSite\",\"@id\":\"https:\/\/www.jeannedarc-figeac.fr\/college-lycee\/#website\",\"url\":\"https:\/\/www.jeannedarc-figeac.fr\/college-lycee\/\",\"name\":\"Coll\u00e8ge et Lyc\u00e9e Jeanne d&#039;Arc\",\"description\":\"Jeanne d&#039;Arc Figeac\",\"potentialAction\":[{\"@type\":\"SearchAction\",\"target\":{\"@type\":\"EntryPoint\",\"urlTemplate\":\"https:\/\/www.jeannedarc-figeac.fr\/college-lycee\/?s={search_term_string}\"},\"query-input\":{\"@type\":\"PropertyValueSpecification\",\"valueRequired\":true,\"valueName\":\"search_term_string\"}}],\"inLanguage\":\"fr-FR\"}]}<\/script>\n<!-- \/ Yoast SEO plugin. -->","yoast_head_json":{"title":"Le BAC A2SP","description":"Le BAC A2SP: R\u00e9sutat de la transformation du BEP CSS en Bac Pro 3ans, le BAC A2SP propose aux jeunes int\u00e9ress\u00e9s par les m\u00e9tiers du sanitaire et du social...","robots":{"index":"index","follow":"follow","max-snippet":"max-snippet:-1","max-image-preview":"max-image-preview:large","max-video-preview":"max-video-preview:-1"},"canonical":"https:\/\/www.jeannedarc-figeac.fr\/college-lycee\/a2sp\/","og_locale":"fr_FR","og_type":"article","og_title":"Le BAC A2SP","og_description":"Le BAC A2SP: R\u00e9sutat de la transformation du BEP CSS en Bac Pro 3ans, le BAC A2SP propose aux jeunes int\u00e9ress\u00e9s par les m\u00e9tiers du sanitaire et du social...","og_url":"https:\/\/www.jeannedarc-figeac.fr\/college-lycee\/a2sp\/","og_site_name":"Coll\u00e8ge et Lyc\u00e9e Jeanne d&#039;Arc","article_modified_time":"2023-06-02T12:45:01+00:00","schema":{"@context":"https:\/\/schema.org","@graph":[{"@type":"WebPage","@id":"https:\/\/www.jeannedarc-figeac.fr\/college-lycee\/a2sp\/","url":"https:\/\/www.jeannedarc-figeac.fr\/college-lycee\/a2sp\/","name":"Le BAC A2SP","isPartOf":{"@id":"https:\/\/www.jeannedarc-figeac.fr\/college-lycee\/#website"},"datePublished":"2015-01-22T21:31:32+00:00","dateModified":"2023-06-02T12:45:01+00:00","description":"Le BAC A2SP: R\u00e9sutat de la transformation du BEP CSS en Bac Pro 3ans, le BAC A2SP propose aux jeunes int\u00e9ress\u00e9s par les m\u00e9tiers du sanitaire et du social...","breadcrumb":{"@id":"https:\/\/www.jeannedarc-figeac.fr\/college-lycee\/a2sp\/#breadcrumb"},"inLanguage":"fr-FR","potentialAction":[{"@type":"ReadAction","target":["https:\/\/www.jeannedarc-figeac.fr\/college-lycee\/a2sp\/"]}]},{"@type":"BreadcrumbList","@id":"https:\/\/www.jeannedarc-figeac.fr\/college-lycee\/a2sp\/#breadcrumb","itemListElement":[{"@type":"ListItem","position":1,"name":"Accueil","item":"https:\/\/www.jeannedarc-figeac.fr\/college-lycee\/"},{"@type":"ListItem","position":2,"name":"Le BAC A2SP"}]},{"@type":"WebSite","@id":"https:\/\/www.jeannedarc-figeac.fr\/college-lycee\/#website","url":"https:\/\/www.jeannedarc-figeac.fr\/college-lycee\/","name":"Coll\u00e8ge et Lyc\u00e9e Jeanne d&#039;Arc","description":"Jeanne d&#039;Arc Figeac","potentialAction":[{"@type":"SearchAction","target":{"@type":"EntryPoint","urlTemplate":"https:\/\/www.jeannedarc-figeac.fr\/college-lycee\/?s={search_term_string}"},"query-input":{"@type":"PropertyValueSpecification","valueRequired":true,"valueName":"search_term_string"}}],"inLanguage":"fr-FR"}]}},"jetpack_sharing_enabled":true,"jetpack_shortlink":"https:\/\/wp.me\/P5Qyb6-97","_links":{"self":[{"href":"https:\/\/www.jeannedarc-figeac.fr\/college-lycee\/wp-json\/wp\/v2\/pages\/565","targetHints":{"allow":["GET"]}}],"collection":[{"href":"https:\/\/www.jeannedarc-figeac.fr\/college-lycee\/wp-json\/wp\/v2\/pages"}],"about":[{"href":"https:\/\/www.jeannedarc-figeac.fr\/college-lycee\/wp-json\/wp\/v2\/types\/page"}],"author":[{"embeddable":true,"href":"https:\/\/www.jeannedarc-figeac.fr\/college-lycee\/wp-json\/wp\/v2\/users\/1"}],"replies":[{"embeddable":true,"href":"https:\/\/www.jeannedarc-figeac.fr\/college-lycee\/wp-json\/wp\/v2\/comments?post=565"}],"version-history":[{"count":11,"href":"https:\/\/www.jeannedarc-figeac.fr\/college-lycee\/wp-json\/wp\/v2\/pages\/565\/revisions"}],"predecessor-version":[{"id":5145,"href":"https:\/\/www.jeannedarc-figeac.fr\/college-lycee\/wp-json\/wp\/v2\/pages\/565\/revisions\/5145"}],"wp:attachment":[{"href":"https:\/\/www.jeannedarc-figeac.fr\/college-lycee\/wp-json\/wp\/v2\/media?parent=565"}],"curies":[{"name":"wp","href":"https:\/\/api.w.org\/{rel}","templated":true}]}}