{"id":461,"date":"2015-01-21T14:44:57","date_gmt":"2015-01-21T14:44:57","guid":{"rendered":"http:\/\/www.jeannedarc-figeac.fr\/college-lycee\/?page_id=461"},"modified":"2022-08-23T10:21:40","modified_gmt":"2022-08-23T10:21:40","slug":"la-sixieme","status":"publish","type":"page","link":"https:\/\/www.jeannedarc-figeac.fr\/college-lycee\/la-sixieme\/","title":{"rendered":"La sixi\u00e8me"},"content":{"rendered":"<p>[et_pb_section fb_built=\u00a0\u00bb1&Prime; inner_shadow=\u00a0\u00bbon\u00a0\u00bb fullwidth=\u00a0\u00bbon\u00a0\u00bb _builder_version=\u00a0\u00bb4.16&Prime; background_color=\u00a0\u00bbrgba(255,255,255,0)\u00a0\u00bb background_image=\u00a0\u00bbhttp:\/\/www.jeannedarc-figeac.fr\/college-lycee\/wp-content\/uploads\/sites\/5\/2015\/02\/TitleCOLLEGE.png\u00a0\u00bb transparent_background=\u00a0\u00bbon\u00a0\u00bb global_colors_info=\u00a0\u00bb{}\u00a0\u00bb][et_pb_fullwidth_header title=\u00a0\u00bbLe Coll\u00e8ge\u00a0\u00bb subhead=\u00a0\u00bbLa classe de 6\u00e8me\u00a0\u00bb content_max_width=\u00a0\u00bbnone\u00a0\u00bb admin_label=\u00a0\u00bbFullwidth Header\u00a0\u00bb _builder_version=\u00a0\u00bb4.16&Prime; background_color=\u00a0\u00bbrgba(255, 255, 255, 0)\u00a0\u00bb global_colors_info=\u00a0\u00bb{}\u00a0\u00bb button_one_text_size__hover_enabled=\u00a0\u00bboff\u00a0\u00bb button_two_text_size__hover_enabled=\u00a0\u00bboff\u00a0\u00bb button_one_text_color__hover_enabled=\u00a0\u00bboff\u00a0\u00bb button_two_text_color__hover_enabled=\u00a0\u00bboff\u00a0\u00bb button_one_border_width__hover_enabled=\u00a0\u00bboff\u00a0\u00bb button_two_border_width__hover_enabled=\u00a0\u00bboff\u00a0\u00bb button_one_border_color__hover_enabled=\u00a0\u00bboff\u00a0\u00bb button_two_border_color__hover_enabled=\u00a0\u00bboff\u00a0\u00bb button_one_border_radius__hover_enabled=\u00a0\u00bboff\u00a0\u00bb button_two_border_radius__hover_enabled=\u00a0\u00bboff\u00a0\u00bb button_one_letter_spacing__hover_enabled=\u00a0\u00bboff\u00a0\u00bb button_two_letter_spacing__hover_enabled=\u00a0\u00bboff\u00a0\u00bb button_one_bg_color__hover_enabled=\u00a0\u00bboff\u00a0\u00bb button_two_bg_color__hover_enabled=\u00a0\u00bboff\u00a0\u00bb][\/et_pb_fullwidth_header][\/et_pb_section][et_pb_section fb_built=\u00a0\u00bb1&Prime; _builder_version=\u00a0\u00bb4.16&Prime; global_colors_info=\u00a0\u00bb{}\u00a0\u00bb][et_pb_row _builder_version=\u00a0\u00bb4.16&Prime; background_size=\u00a0\u00bbinitial\u00a0\u00bb background_position=\u00a0\u00bbtop_left\u00a0\u00bb background_repeat=\u00a0\u00bbrepeat\u00a0\u00bb global_colors_info=\u00a0\u00bb{}\u00a0\u00bb column_structure=\u00a0\u00bb1_4,3_4&Prime;][et_pb_column type=\u00a0\u00bb1_4&Prime; _builder_version=\u00a0\u00bb4.16&Prime; custom_padding=\u00a0\u00bb|||\u00a0\u00bb global_colors_info=\u00a0\u00bb{}\u00a0\u00bb custom_padding__hover=\u00a0\u00bb|||\u00a0\u00bb][et_pb_sidebar area=\u00a0\u00bbet_pb_widget_area_7&Prime; admin_label=\u00a0\u00bbSidebar\u00a0\u00bb _builder_version=\u00a0\u00bb4.16&Prime; hover_enabled=\u00a0\u00bb0&Prime; global_colors_info=\u00a0\u00bb{}\u00a0\u00bb sticky_enabled=\u00a0\u00bb0&Prime;][\/et_pb_sidebar][\/et_pb_column][et_pb_column type=\u00a0\u00bb3_4&Prime; _builder_version=\u00a0\u00bb4.16&Prime; custom_padding=\u00a0\u00bb|||\u00a0\u00bb global_colors_info=\u00a0\u00bb{}\u00a0\u00bb custom_padding__hover=\u00a0\u00bb|||\u00a0\u00bb][et_pb_text admin_label=\u00a0\u00bbText\u00a0\u00bb _builder_version=\u00a0\u00bb4.16&Prime; background_size=\u00a0\u00bbinitial\u00a0\u00bb background_position=\u00a0\u00bbtop_left\u00a0\u00bb background_repeat=\u00a0\u00bbrepeat\u00a0\u00bb global_colors_info=\u00a0\u00bb{}\u00a0\u00bb]La classe de 6\u00e8me est une ann\u00e9e cl\u00e9 qui d\u00e9termine bien souvent la suite de la scolarit\u00e9 de l\u2019\u00e9l\u00e8ve au coll\u00e8ge.<\/p>\n<p><strong>Le cycle de consolidation\u00a0:<\/strong><\/p>\n<p>Avec le CM1 et le CM2, la classe de sixi\u00e8me constitue le cycle de consolidation\u00a0; elle est la continuit\u00e9 de l\u2019\u00e9cole primaire et la classe qui permet de s\u2019adapter au coll\u00e8ge.<\/p>\n<p>Elle a pour objectif de consolider les connaissances acquises \u00e0 l\u2019\u00e9cole primaire, d\u2019initier l\u2019\u00e9l\u00e8ve \u00e0 de nouvelles mati\u00e8res et de lui donner de nouvelles m\u00e9thodes de travail qu\u2019il d\u00e9veloppera tout au long du coll\u00e8ge.<\/p>\n<p>La mise en \u0153uvre du socle commun est poursuivit en vue de la validation du palier 3 \u00e0 la fin du coll\u00e8ge en 3\u00e8me.<\/p>\n<p><strong>Les sp\u00e9cificit\u00e9s de la classe de 6\u00e8me \u00e0 Jeanne d\u2019Arc\u00a0:<\/strong><\/p>\n<ul>\n<li>Le <strong>jour de la rentr\u00e9e<\/strong>, les \u00e9l\u00e8ves de 6<sup>\u00e8me<\/sup> b\u00e9n\u00e9ficient d\u2019un <strong>accueil personnalis\u00e9<\/strong> (ils sont les seuls \u00e0 faire leur rentr\u00e9e pour bien prendre leurs marques dans leur nouvel \u00e9tablissement),<\/li>\n<li><strong>Chaque classe dispose de sa salle<\/strong>. Les \u00e9l\u00e8ves se d\u00e9placent pour les cours d\u2019E.P.S., de technologie, Sciences, Musique et Arts Plastiques,<\/li>\n<li>Dans le cadre du projet visant \u00e0 d\u00e9velopper l\u2019apprentissage des langues, le coll\u00e8ge Jeanne d\u2019Arc propose aux enfants de d\u00e9buter une <strong>deuxi\u00e8me langue vivante (Allemand ou Espagnol) d\u00e8s l\u2019entr\u00e9e en 6\u00e8me<\/strong>.<\/li>\n<li>Afin de rem\u00e9dier \u00e0 l\u2019h\u00e9t\u00e9rog\u00e9n\u00e9it\u00e9 des acquis de chaque \u00e9l\u00e8ve en <strong>langue vivante<\/strong> \u00e0 l\u2019entr\u00e9e en 6<sup>\u00e8me<\/sup>, des <strong>groupes de comp\u00e9tences<\/strong> sont mis en place et certains \u00e9l\u00e8ves b\u00e9n\u00e9ficient d\u2019une heure de rattrapage par semaine,<\/li>\n<li>Chaque \u00e9l\u00e8ve b\u00e9n\u00e9ficie chaque semaine de <strong>4 s\u00e9ances d\u2019accompagnement<\/strong> <strong>personnalis\u00e9 de 45 minutes<\/strong> centr\u00e9 sur les fondamentaux (<strong>aide m\u00e9thodologique<\/strong>, <strong>soutien<\/strong> en maths, fran\u00e7ais, langues vivantes et sciences, <strong>aide aux devoirs<\/strong>),<\/li>\n<li>Gr\u00e2ce \u00e0 l\u2019utilisation de manuels num\u00e9riques et \u00e0 l\u2019utilisation d\u2019un vid\u00e9oprojecteur interactif, il est inutile de porter son livre et le <strong>cartable<\/strong> est ainsi <strong>all\u00e9g\u00e9<\/strong> et la sant\u00e9 des enfants pr\u00e9serv\u00e9e !<\/li>\n<li>L\u2019\u00e9l\u00e8ve qui le d\u00e9sire peut int\u00e9grer le Conseil de Vie Coll\u00e9gienne dont la finalit\u00e9 est d\u2019animer la vie du coll\u00e8ge en proposant des activit\u00e9s notamment durant la pause m\u00e9ridienne.<\/li>\n<\/ul>\n<p>[\/et_pb_text][\/et_pb_column][\/et_pb_row][\/et_pb_section]<\/p>\n","protected":false},"excerpt":{"rendered":"<p>La classe de 6\u00e8me est une ann\u00e9e cl\u00e9 qui d\u00e9termine bien souvent la suite de la scolarit\u00e9 de l\u2019\u00e9l\u00e8ve au coll\u00e8ge. Le cycle de consolidation\u00a0: Avec le CM1 et le CM2, la classe de sixi\u00e8me constitue le cycle de consolidation\u00a0; elle est la continuit\u00e9 de l\u2019\u00e9cole primaire et la classe qui permet de s\u2019adapter au [&hellip;]<\/p>\n","protected":false},"author":1,"featured_media":0,"parent":0,"menu_order":0,"comment_status":"closed","ping_status":"closed","template":"","meta":{"_et_pb_use_builder":"on","_et_pb_old_content":"","_et_gb_content_width":"","iawp_total_views":239,"footnotes":""},"class_list":["post-461","page","type-page","status-publish","hentry"],"yoast_head":"<!-- This site is optimized with the Yoast SEO plugin v26.0 - https:\/\/yoast.com\/wordpress\/plugins\/seo\/ -->\n<title>La sixi\u00e8me<\/title>\n<meta name=\"description\" content=\"La classe de sixi\u00e8me est une ann\u00e9e cl\u00e9 qui d\u00e9termine bien souvent la suite de la scolarit\u00e9 de l\u2019\u00e9l\u00e8ve au coll\u00e8ge.\" \/>\n<meta name=\"robots\" content=\"index, follow, max-snippet:-1, max-image-preview:large, max-video-preview:-1\" \/>\n<link rel=\"canonical\" href=\"http:\/\/www.jeannedarc-figeac.fr\/college-lycee\/la-sixieme\/\" \/>\n<meta property=\"og:locale\" content=\"fr_FR\" \/>\n<meta property=\"og:type\" content=\"article\" \/>\n<meta property=\"og:title\" content=\"La sixi\u00e8me\" \/>\n<meta property=\"og:description\" content=\"La classe de sixi\u00e8me est une ann\u00e9e cl\u00e9 qui d\u00e9termine bien souvent la suite de la scolarit\u00e9 de l\u2019\u00e9l\u00e8ve au coll\u00e8ge.\" \/>\n<meta property=\"og:url\" content=\"http:\/\/www.jeannedarc-figeac.fr\/college-lycee\/la-sixieme\/\" \/>\n<meta property=\"og:site_name\" content=\"Coll\u00e8ge et Lyc\u00e9e Jeanne d&#039;Arc\" \/>\n<meta property=\"article:modified_time\" content=\"2022-08-23T10:21:40+00:00\" \/>\n<script type=\"application\/ld+json\" class=\"yoast-schema-graph\">{\"@context\":\"https:\/\/schema.org\",\"@graph\":[{\"@type\":\"WebPage\",\"@id\":\"http:\/\/www.jeannedarc-figeac.fr\/college-lycee\/la-sixieme\/\",\"url\":\"http:\/\/www.jeannedarc-figeac.fr\/college-lycee\/la-sixieme\/\",\"name\":\"La sixi\u00e8me\",\"isPartOf\":{\"@id\":\"https:\/\/www.jeannedarc-figeac.fr\/college-lycee\/#website\"},\"datePublished\":\"2015-01-21T14:44:57+00:00\",\"dateModified\":\"2022-08-23T10:21:40+00:00\",\"description\":\"La classe de sixi\u00e8me est une ann\u00e9e cl\u00e9 qui d\u00e9termine bien souvent la suite de la scolarit\u00e9 de l\u2019\u00e9l\u00e8ve au coll\u00e8ge.\",\"breadcrumb\":{\"@id\":\"http:\/\/www.jeannedarc-figeac.fr\/college-lycee\/la-sixieme\/#breadcrumb\"},\"inLanguage\":\"fr-FR\",\"potentialAction\":[{\"@type\":\"ReadAction\",\"target\":[\"http:\/\/www.jeannedarc-figeac.fr\/college-lycee\/la-sixieme\/\"]}]},{\"@type\":\"BreadcrumbList\",\"@id\":\"http:\/\/www.jeannedarc-figeac.fr\/college-lycee\/la-sixieme\/#breadcrumb\",\"itemListElement\":[{\"@type\":\"ListItem\",\"position\":1,\"name\":\"Accueil\",\"item\":\"https:\/\/www.jeannedarc-figeac.fr\/college-lycee\/\"},{\"@type\":\"ListItem\",\"position\":2,\"name\":\"La sixi\u00e8me\"}]},{\"@type\":\"WebSite\",\"@id\":\"https:\/\/www.jeannedarc-figeac.fr\/college-lycee\/#website\",\"url\":\"https:\/\/www.jeannedarc-figeac.fr\/college-lycee\/\",\"name\":\"Coll\u00e8ge et Lyc\u00e9e Jeanne d&#039;Arc\",\"description\":\"Jeanne d&#039;Arc Figeac\",\"potentialAction\":[{\"@type\":\"SearchAction\",\"target\":{\"@type\":\"EntryPoint\",\"urlTemplate\":\"https:\/\/www.jeannedarc-figeac.fr\/college-lycee\/?s={search_term_string}\"},\"query-input\":{\"@type\":\"PropertyValueSpecification\",\"valueRequired\":true,\"valueName\":\"search_term_string\"}}],\"inLanguage\":\"fr-FR\"}]}<\/script>\n<!-- \/ Yoast SEO plugin. -->","yoast_head_json":{"title":"La sixi\u00e8me","description":"La classe de sixi\u00e8me est une ann\u00e9e cl\u00e9 qui d\u00e9termine bien souvent la suite de la scolarit\u00e9 de l\u2019\u00e9l\u00e8ve au coll\u00e8ge.","robots":{"index":"index","follow":"follow","max-snippet":"max-snippet:-1","max-image-preview":"max-image-preview:large","max-video-preview":"max-video-preview:-1"},"canonical":"http:\/\/www.jeannedarc-figeac.fr\/college-lycee\/la-sixieme\/","og_locale":"fr_FR","og_type":"article","og_title":"La sixi\u00e8me","og_description":"La classe de sixi\u00e8me est une ann\u00e9e cl\u00e9 qui d\u00e9termine bien souvent la suite de la scolarit\u00e9 de l\u2019\u00e9l\u00e8ve au coll\u00e8ge.","og_url":"http:\/\/www.jeannedarc-figeac.fr\/college-lycee\/la-sixieme\/","og_site_name":"Coll\u00e8ge et Lyc\u00e9e Jeanne d&#039;Arc","article_modified_time":"2022-08-23T10:21:40+00:00","schema":{"@context":"https:\/\/schema.org","@graph":[{"@type":"WebPage","@id":"http:\/\/www.jeannedarc-figeac.fr\/college-lycee\/la-sixieme\/","url":"http:\/\/www.jeannedarc-figeac.fr\/college-lycee\/la-sixieme\/","name":"La sixi\u00e8me","isPartOf":{"@id":"https:\/\/www.jeannedarc-figeac.fr\/college-lycee\/#website"},"datePublished":"2015-01-21T14:44:57+00:00","dateModified":"2022-08-23T10:21:40+00:00","description":"La classe de sixi\u00e8me est une ann\u00e9e cl\u00e9 qui d\u00e9termine bien souvent la suite de la scolarit\u00e9 de l\u2019\u00e9l\u00e8ve au coll\u00e8ge.","breadcrumb":{"@id":"http:\/\/www.jeannedarc-figeac.fr\/college-lycee\/la-sixieme\/#breadcrumb"},"inLanguage":"fr-FR","potentialAction":[{"@type":"ReadAction","target":["http:\/\/www.jeannedarc-figeac.fr\/college-lycee\/la-sixieme\/"]}]},{"@type":"BreadcrumbList","@id":"http:\/\/www.jeannedarc-figeac.fr\/college-lycee\/la-sixieme\/#breadcrumb","itemListElement":[{"@type":"ListItem","position":1,"name":"Accueil","item":"https:\/\/www.jeannedarc-figeac.fr\/college-lycee\/"},{"@type":"ListItem","position":2,"name":"La sixi\u00e8me"}]},{"@type":"WebSite","@id":"https:\/\/www.jeannedarc-figeac.fr\/college-lycee\/#website","url":"https:\/\/www.jeannedarc-figeac.fr\/college-lycee\/","name":"Coll\u00e8ge et Lyc\u00e9e Jeanne d&#039;Arc","description":"Jeanne d&#039;Arc Figeac","potentialAction":[{"@type":"SearchAction","target":{"@type":"EntryPoint","urlTemplate":"https:\/\/www.jeannedarc-figeac.fr\/college-lycee\/?s={search_term_string}"},"query-input":{"@type":"PropertyValueSpecification","valueRequired":true,"valueName":"search_term_string"}}],"inLanguage":"fr-FR"}]}},"jetpack_sharing_enabled":true,"jetpack_shortlink":"https:\/\/wp.me\/P5Qyb6-7r","_links":{"self":[{"href":"https:\/\/www.jeannedarc-figeac.fr\/college-lycee\/wp-json\/wp\/v2\/pages\/461","targetHints":{"allow":["GET"]}}],"collection":[{"href":"https:\/\/www.jeannedarc-figeac.fr\/college-lycee\/wp-json\/wp\/v2\/pages"}],"about":[{"href":"https:\/\/www.jeannedarc-figeac.fr\/college-lycee\/wp-json\/wp\/v2\/types\/page"}],"author":[{"embeddable":true,"href":"https:\/\/www.jeannedarc-figeac.fr\/college-lycee\/wp-json\/wp\/v2\/users\/1"}],"replies":[{"embeddable":true,"href":"https:\/\/www.jeannedarc-figeac.fr\/college-lycee\/wp-json\/wp\/v2\/comments?post=461"}],"version-history":[{"count":12,"href":"https:\/\/www.jeannedarc-figeac.fr\/college-lycee\/wp-json\/wp\/v2\/pages\/461\/revisions"}],"predecessor-version":[{"id":5388,"href":"https:\/\/www.jeannedarc-figeac.fr\/college-lycee\/wp-json\/wp\/v2\/pages\/461\/revisions\/5388"}],"wp:attachment":[{"href":"https:\/\/www.jeannedarc-figeac.fr\/college-lycee\/wp-json\/wp\/v2\/media?parent=461"}],"curies":[{"name":"wp","href":"https:\/\/api.w.org\/{rel}","templated":true}]}}