{"id":4544,"date":"2022-02-11T16:35:01","date_gmt":"2022-02-11T16:35:01","guid":{"rendered":"http:\/\/www.jeannedarc-figeac.fr\/college-lycee\/?page_id=4544"},"modified":"2022-10-06T14:49:06","modified_gmt":"2022-10-06T14:49:06","slug":"4544-2","status":"publish","type":"page","link":"https:\/\/www.jeannedarc-figeac.fr\/college-lycee\/4544-2\/","title":{"rendered":"MC AG2S"},"content":{"rendered":"<p>[et_pb_section fb_built=\u00a0\u00bb1&Prime; inner_shadow=\u00a0\u00bbon\u00a0\u00bb fullwidth=\u00a0\u00bbon\u00a0\u00bb _builder_version=\u00a0\u00bb4.17.5&Prime; background_color=\u00a0\u00bb#00d084&Prime; width=\u00a0\u00bb100%\u00a0\u00bb height=\u00a0\u00bb1000px\u00a0\u00bb max_height=\u00a0\u00bb1000px\u00a0\u00bb transparent_background=\u00a0\u00bboff\u00a0\u00bb global_colors_info=\u00a0\u00bb{}\u00a0\u00bb][et_pb_fullwidth_header title=\u00a0\u00bbMention Compl\u00e9mentaire\u00a0\u00bb subhead=\u00a0\u00bbAnimation Gestion de projets dans le Secteur Sportif (AG2S)\u00a0\u00bb text_orientation=\u00a0\u00bbcenter\u00a0\u00bb content_max_width=\u00a0\u00bbnone\u00a0\u00bb admin_label=\u00a0\u00bbMC_AG2S\u00a0\u00bb _builder_version=\u00a0\u00bb4.17.5&Prime; background_color=\u00a0\u00bbrgba(255, 255, 255, 0)\u00a0\u00bb custom_padding=\u00a0\u00bb1px||5px|||\u00a0\u00bb global_colors_info=\u00a0\u00bb{}\u00a0\u00bb button_one_text_size__hover_enabled=\u00a0\u00bboff\u00a0\u00bb button_two_text_size__hover_enabled=\u00a0\u00bboff\u00a0\u00bb button_one_text_color__hover_enabled=\u00a0\u00bboff\u00a0\u00bb button_two_text_color__hover_enabled=\u00a0\u00bboff\u00a0\u00bb button_one_border_width__hover_enabled=\u00a0\u00bboff\u00a0\u00bb button_two_border_width__hover_enabled=\u00a0\u00bboff\u00a0\u00bb button_one_border_color__hover_enabled=\u00a0\u00bboff\u00a0\u00bb button_two_border_color__hover_enabled=\u00a0\u00bboff\u00a0\u00bb button_one_border_radius__hover_enabled=\u00a0\u00bboff\u00a0\u00bb button_two_border_radius__hover_enabled=\u00a0\u00bboff\u00a0\u00bb button_one_letter_spacing__hover_enabled=\u00a0\u00bboff\u00a0\u00bb button_two_letter_spacing__hover_enabled=\u00a0\u00bboff\u00a0\u00bb button_one_bg_color__hover_enabled=\u00a0\u00bboff\u00a0\u00bb button_two_bg_color__hover_enabled=\u00a0\u00bboff\u00a0\u00bb][\/et_pb_fullwidth_header][et_pb_fullwidth_header title=\u00a0\u00bbSp\u00e9cialit\u00e9 %22Activit\u00e9s Physiques pour Tous%22&Prime; subhead=\u00a0\u00bben un an sous statut scolaire\u00a0\u00bb text_orientation=\u00a0\u00bbcenter\u00a0\u00bb content_max_width=\u00a0\u00bbnone\u00a0\u00bb admin_label=\u00a0\u00bbsstitre_MCAG2S\u00a0\u00bb _builder_version=\u00a0\u00bb4.17.5&Prime; background_color=\u00a0\u00bbrgba(255, 255, 255, 0)\u00a0\u00bb custom_padding=\u00a0\u00bb3px||0px|||\u00a0\u00bb global_colors_info=\u00a0\u00bb{}\u00a0\u00bb button_one_text_size__hover_enabled=\u00a0\u00bboff\u00a0\u00bb button_two_text_size__hover_enabled=\u00a0\u00bboff\u00a0\u00bb button_one_text_color__hover_enabled=\u00a0\u00bboff\u00a0\u00bb button_two_text_color__hover_enabled=\u00a0\u00bboff\u00a0\u00bb button_one_border_width__hover_enabled=\u00a0\u00bboff\u00a0\u00bb button_two_border_width__hover_enabled=\u00a0\u00bboff\u00a0\u00bb button_one_border_color__hover_enabled=\u00a0\u00bboff\u00a0\u00bb button_two_border_color__hover_enabled=\u00a0\u00bboff\u00a0\u00bb button_one_border_radius__hover_enabled=\u00a0\u00bboff\u00a0\u00bb button_two_border_radius__hover_enabled=\u00a0\u00bboff\u00a0\u00bb button_one_letter_spacing__hover_enabled=\u00a0\u00bboff\u00a0\u00bb button_two_letter_spacing__hover_enabled=\u00a0\u00bboff\u00a0\u00bb button_one_bg_color__hover_enabled=\u00a0\u00bboff\u00a0\u00bb button_two_bg_color__hover_enabled=\u00a0\u00bboff\u00a0\u00bb][\/et_pb_fullwidth_header][\/et_pb_section][et_pb_section fb_built=\u00a0\u00bb1&Prime; _builder_version=\u00a0\u00bb4.16&Prime; min_height=\u00a0\u00bb1522.7px\u00a0\u00bb custom_margin=\u00a0\u00bb-716px|||||\u00a0\u00bb global_colors_info=\u00a0\u00bb{}\u00a0\u00bb][et_pb_row _builder_version=\u00a0\u00bb4.17.5&Prime; background_size=\u00a0\u00bbinitial\u00a0\u00bb background_position=\u00a0\u00bbtop_left\u00a0\u00bb background_repeat=\u00a0\u00bbrepeat\u00a0\u00bb global_colors_info=\u00a0\u00bb{}\u00a0\u00bb][et_pb_column type=\u00a0\u00bb4_4&Prime; _builder_version=\u00a0\u00bb4.16&Prime; custom_padding=\u00a0\u00bb|||\u00a0\u00bb global_colors_info=\u00a0\u00bb{}\u00a0\u00bb custom_padding__hover=\u00a0\u00bb|||\u00a0\u00bb][et_pb_text admin_label=\u00a0\u00bbapprentissage\u00a0\u00bb module_class=\u00a0\u00bbfond-red\u00a0\u00bb _builder_version=\u00a0\u00bb4.17.5&Prime; background_size=\u00a0\u00bbinitial\u00a0\u00bb background_position=\u00a0\u00bbtop_left\u00a0\u00bb background_repeat=\u00a0\u00bbrepeat\u00a0\u00bb text_orientation=\u00a0\u00bbcenter\u00a0\u00bb module_alignment=\u00a0\u00bbcenter\u00a0\u00bb global_colors_info=\u00a0\u00bb{}\u00a0\u00bb][\/et_pb_text][\/et_pb_column][\/et_pb_row][et_pb_row column_structure=\u00a0\u00bb1_3,2_3&Prime; _builder_version=\u00a0\u00bb4.16&Prime; background_size=\u00a0\u00bbinitial\u00a0\u00bb background_position=\u00a0\u00bbtop_left\u00a0\u00bb background_repeat=\u00a0\u00bbrepeat\u00a0\u00bb global_colors_info=\u00a0\u00bb{}\u00a0\u00bb][et_pb_column type=\u00a0\u00bb1_3&Prime; _builder_version=\u00a0\u00bb4.16&Prime; custom_padding=\u00a0\u00bb|||\u00a0\u00bb global_colors_info=\u00a0\u00bb{}\u00a0\u00bb custom_padding__hover=\u00a0\u00bb|||\u00a0\u00bb][et_pb_text admin_label=\u00a0\u00bbMC AG2S &#8211; Textes gauche\u00a0\u00bb _builder_version=\u00a0\u00bb4.17.5&Prime; background_size=\u00a0\u00bbinitial\u00a0\u00bb background_position=\u00a0\u00bbtop_left\u00a0\u00bb background_repeat=\u00a0\u00bbrepeat\u00a0\u00bb global_colors_info=\u00a0\u00bb{}\u00a0\u00bb]<\/p>\n<h3>\u00a0<\/h3>\n<p><span style=\"color: #003366;\"><strong><span style=\"color: #3366ff;\">Public et Pr\u00e9 requis<\/span><br \/><\/strong><\/span><\/p>\n<ul>\n<li>S&rsquo;int\u00e9resser au secteur du sport,<\/li>\n<li>Disposer de comp\u00e9tences pour travailler en \u00e9quipe dans le cadre d&rsquo;une d\u00e9marche de projet,<\/li>\n<li>Satisfaire \u00e0 un niveau d&rsquo;exigence technique et s\u00e9curitaire qui correspond au niveau de comp\u00e9tences attendu \u00e0 l&rsquo;\u00e9preuve d&rsquo;\u00e9ducation physique et sportive du baccalaur\u00e9at professionnel dans les activit\u00e9s sportives.<\/li>\n<\/ul>\n<hr \/>\n<p style=\"text-align: left;\"><span style=\"color: #003366;\"><strong><span style=\"color: #3366ff;\">Modalit\u00e9s de recrutement<br \/><\/span><\/strong><\/span><\/p>\n<ul>\n<li>\u00catre titulaire d&rsquo;un <strong>baccalaur\u00e9at professionnel du secteur tertiaire<\/strong> dans les sp\u00e9cialit\u00e9s relatives \u00e0 la gestion-administration, la vente, le commerce, l&rsquo;accueil, les m\u00e9tiers de la s\u00e9curit\u00e9, les services de proximit\u00e9 et vie locale, l\u2019accompagnement, le soin et le service \u00e0 la personne,<\/li>\n<\/ul>\n<hr \/>\n<p style=\"text-align: left;\"><span style=\"color: #003366;\"><strong><span style=\"color: #3366ff;\">Lieu d&rsquo;accueil &amp; Information<\/span><br \/><\/strong><\/span><\/p>\n<p>FIGEAC : 11 all\u00e9es Pierre B\u00e9r\u00e9govoy<\/p>\n<p>Restauration sur place \/ Accessible en transport \/ Acc\u00e8s aux personnes en situation de handicap<\/p>\n<hr \/>\n<p><span style=\"color: #3366ff;\"><strong>Contacts ARC EN CIEL Formation<br \/><\/strong><\/span><\/p>\n<ul>\n<li>Mme <b>LAGARDE : <\/b>r\u00e9f\u00e9rente Formation (Maud.Lagarde@ac-toulouse.fr)<\/li>\n<li>Patrick <strong>GAUTHIER<\/strong> : 05.65.34.23.72<\/li>\n<li>Mail : <a href=\"mailto:jeannedarcfigeac@gmail.com\">jeannedarcfigeac@gmail.com<\/a><\/li>\n<\/ul>\n<p>[\/et_pb_text][et_pb_cta title=\u00a0\u00bbPlaquette\u00a0\u00bb button_url=\u00a0\u00bbhttp:\/\/www.jeannedarc-figeac.fr\/college-lycee\/wp-content\/uploads\/sites\/5\/2022\/10\/PLAQUETTE-MC-AG2S.pdf\u00a0\u00bb button_text=\u00a0\u00bbT\u00e9l\u00e9charger\u00a0\u00bb admin_label=\u00a0\u00bbPlaquette MC AG2S\u00a0\u00bb _builder_version=\u00a0\u00bb4.17.5&Prime; background_color=\u00a0\u00bb#00d084&Prime; background_size=\u00a0\u00bbinitial\u00a0\u00bb background_position=\u00a0\u00bbtop_left\u00a0\u00bb background_repeat=\u00a0\u00bbrepeat\u00a0\u00bb text_orientation=\u00a0\u00bbleft\u00a0\u00bb global_colors_info=\u00a0\u00bb{}\u00a0\u00bb button_text_size__hover_enabled=\u00a0\u00bboff\u00a0\u00bb button_one_text_size__hover_enabled=\u00a0\u00bboff\u00a0\u00bb button_two_text_size__hover_enabled=\u00a0\u00bboff\u00a0\u00bb button_text_color__hover_enabled=\u00a0\u00bboff\u00a0\u00bb button_one_text_color__hover_enabled=\u00a0\u00bboff\u00a0\u00bb button_two_text_color__hover_enabled=\u00a0\u00bboff\u00a0\u00bb button_border_width__hover_enabled=\u00a0\u00bboff\u00a0\u00bb button_one_border_width__hover_enabled=\u00a0\u00bboff\u00a0\u00bb button_two_border_width__hover_enabled=\u00a0\u00bboff\u00a0\u00bb button_border_color__hover_enabled=\u00a0\u00bboff\u00a0\u00bb button_one_border_color__hover_enabled=\u00a0\u00bboff\u00a0\u00bb button_two_border_color__hover_enabled=\u00a0\u00bboff\u00a0\u00bb button_border_radius__hover_enabled=\u00a0\u00bboff\u00a0\u00bb button_one_border_radius__hover_enabled=\u00a0\u00bboff\u00a0\u00bb button_two_border_radius__hover_enabled=\u00a0\u00bboff\u00a0\u00bb button_letter_spacing__hover_enabled=\u00a0\u00bboff\u00a0\u00bb button_one_letter_spacing__hover_enabled=\u00a0\u00bboff\u00a0\u00bb button_two_letter_spacing__hover_enabled=\u00a0\u00bboff\u00a0\u00bb button_bg_color__hover_enabled=\u00a0\u00bboff\u00a0\u00bb button_one_bg_color__hover_enabled=\u00a0\u00bboff\u00a0\u00bb button_two_bg_color__hover_enabled=\u00a0\u00bboff\u00a0\u00bb]<\/p>\n<h3><em>MC AG2S<\/em><\/h3>\n<p>[\/et_pb_cta][\/et_pb_column][et_pb_column type=\u00a0\u00bb2_3&Prime; _builder_version=\u00a0\u00bb4.16&Prime; custom_padding=\u00a0\u00bb|||\u00a0\u00bb global_colors_info=\u00a0\u00bb{}\u00a0\u00bb custom_padding__hover=\u00a0\u00bb|||\u00a0\u00bb][et_pb_text admin_label=\u00a0\u00bbPr\u00e9sentation\u00a0\u00bb _builder_version=\u00a0\u00bb4.17.5&Prime; background_size=\u00a0\u00bbinitial\u00a0\u00bb background_position=\u00a0\u00bbtop_left\u00a0\u00bb background_repeat=\u00a0\u00bbrepeat\u00a0\u00bb hover_enabled=\u00a0\u00bb0&Prime; global_colors_info=\u00a0\u00bb{}\u00a0\u00bb sticky_enabled=\u00a0\u00bb0&Prime;]<\/p>\n<h5><span style=\"color: #3366ff;\"><strong>Pr\u00e9sentation de la formation<\/strong><\/span><\/h5>\n<ul>\n<li>Dur\u00e9e de la formation : <strong>1 an<\/strong><\/li>\n<li>La <strong>MC AG2S<\/strong> est un dipl\u00f4me professionnalisant qui pr\u00e9pare \u00e0 la conduite de <b>projets sportifs <\/b>(animation, comp\u00e9tition) et plus largement de projets <b>\u00e9ducatifs<\/b>, <b>culturels et sociaux<\/b>.<\/li>\n<\/ul>\n<p>[\/et_pb_text][et_pb_text admin_label=\u00a0\u00bbORGANISATION \u00a0\u00bb _builder_version=\u00a0\u00bb4.17.5&Prime; background_size=\u00a0\u00bbinitial\u00a0\u00bb background_position=\u00a0\u00bbtop_left\u00a0\u00bb background_repeat=\u00a0\u00bbrepeat\u00a0\u00bb hover_enabled=\u00a0\u00bb0&Prime; global_colors_info=\u00a0\u00bb{}\u00a0\u00bb sticky_enabled=\u00a0\u00bb0&Prime;]<\/p>\n<hr \/>\n<h5><span style=\"color: #ff893a;\"><strong><span style=\"color: #3366ff;\">Contenu de la formation<\/span><\/strong><\/span><\/h5>\n<ul>\n<li>400 heures : 22 h hebdomadaires sur 18 semaines en \u00e9tablissement scolaire.<\/li>\n<\/ul>\n<p><b><i>La M.C. A.G.2.S. <\/i><\/b><b><i>se structure autour de 3 domaines <\/i><\/b><b><i>:<\/i><\/b><\/p>\n<ol>\n<li>D\u00e9couvrir l\u2019environnement m\u00e9tier (prise en compte des sp\u00e9cificit\u00e9s du public et de la structure d\u2019exercice),<\/li>\n<li>Aider \u00e0 la mise en \u0153uvre d\u2019une animation p\u00e9dagogique (mise en \u0153uvre d\u2019un projet d\u2019animation s\u2019inscrivant dans le projet de la structure).<\/li>\n<li>Assurer l\u2019interface administrative entre les acteurs du projet de la structure.<\/li>\n<\/ol>\n<ul>\n<li>18 semaines P.F.M.P. au sein de structures d\u2019accueil relatives aux 3 domaines suivants :\n<ul>\n<li>Activit\u00e9s physiques d\u2019entretien corporel,<\/li>\n<li>Activit\u00e9s sports collectifs,<\/li>\n<li>Activit\u00e9s physiques de pleine nature (APPN).<\/li>\n<\/ul>\n<\/li>\n<\/ul>\n<hr \/>\n<h5><strong><span style=\"color: #3366ff;\">Les d\u00e9bouch\u00e9s<\/span><\/strong><\/h5>\n<p>L\u2019obtention de la mention compl\u00e9mentaire permet d\u2019acqu\u00e9rir l\u2019\u00e9quivalence de l\u2019UC1 et UC2 du BPJEPS (Brevet Professionnel de la Jeunesse, de l\u2019Education Populaire et du Sport) mention Activit\u00e9s Physiques pour tous.<\/p>\n<p>Le titulaire de la M.C. A.G.2.S. pourra exercer un emploi dans des structures des domaines suivants :<\/p>\n<ul>\n<li>\u00c9coles, associations et f\u00e9d\u00e9rations sportives scolaires (UNSS),<\/li>\n<li>Monde sportif f\u00e9d\u00e9ral (clubs sportifs, comit\u00e9 d\u00e9partementaux\u2026),<\/li>\n<li>Collectivit\u00e9s territoriales (municipalit\u00e9s, d\u00e9partements, r\u00e9gion),<\/li>\n<li>Entreprises publiques ou priv\u00e9es (Centres, clubs de loisirs, de remise en forme, structures d\u2019accueil pour public en situation de handicap, EHPAD, complexes h\u00f4teliers, h\u00f4tellerie de plein air\u2026).<\/li>\n<\/ul>\n<div>\u00a0<\/div>\n<p>[\/et_pb_text][\/et_pb_column][\/et_pb_row][\/et_pb_section]<\/p>\n","protected":false},"excerpt":{"rendered":"<p>\u00a0 Public et Pr\u00e9 requis S&rsquo;int\u00e9resser au secteur du sport, Disposer de comp\u00e9tences pour travailler en \u00e9quipe dans le cadre d&rsquo;une d\u00e9marche de projet, Satisfaire \u00e0 un niveau d&rsquo;exigence technique et s\u00e9curitaire qui correspond au niveau de comp\u00e9tences attendu \u00e0 l&rsquo;\u00e9preuve d&rsquo;\u00e9ducation physique et sportive du baccalaur\u00e9at professionnel dans les activit\u00e9s sportives. Modalit\u00e9s de recrutement [&hellip;]<\/p>\n","protected":false},"author":1,"featured_media":0,"parent":0,"menu_order":0,"comment_status":"closed","ping_status":"closed","template":"","meta":{"_et_pb_use_builder":"on","_et_pb_old_content":"<p>[et_pb_section fullwidth=\"on\" specialty=\"off\" background_color=\"#00d084\" inner_shadow=\"on\" parallax=\"off\" transparent_background=\"off\" parallax_method=\"off\" allow_player_pause=\"off\"][et_pb_fullwidth_header admin_label=\"BTS_ESF\" title=\"BTS ESF - Economie Sociale et Familiale en 2 ans\" background_layout=\"dark\" text_orientation=\"center\" \/][et_pb_fullwidth_header admin_label=\"apprentissage\" title=\"en Apprentissage\" background_layout=\"dark\" text_orientation=\"center\" \/]<\/p><p>[\/et_pb_section][et_pb_section fullwidth=\"off\" specialty=\"off\"][et_pb_row][et_pb_column type=\"4_4\"][et_pb_text admin_label=\"apprentissage\" background_layout=\"light\" text_orientation=\"center\" module_class=\"fond-red\"]<\/p><p>[\/et_pb_text][\/et_pb_column][\/et_pb_row][et_pb_row][et_pb_column type=\"1_3\"][et_pb_text admin_label=\"BTS ESF\" background_layout=\"light\" text_orientation=\"left\"]<\/p><h3>\u00a0<\/h3><p><span style=\"color: #003366;\"><strong><span style=\"color: #3366ff;\">Public et Pr\u00e9 requis<\/span><br \/><\/strong><\/span><\/p><p>Trouver un ma\u00eetre d\u2019apprentissage<\/p><p>Etre \u00e2g\u00e9 de 16 \u00e0 29 ans r\u00e9volus \u00e0 la date de signature du contrat d\u2019apprentissage.<\/p><p>Etre titulaire d\u2019un BAC (ST2S, BAC Pro Accompagnement, Soins et service \u00e0 la personne, BAC STMG et BAC G\u00e9n\u00e9ral)<\/p><p><span style=\"color: #333333;\">\u00a0<\/span><\/p><hr \/><p style=\"text-align: left;\"><span style=\"color: #003366;\"><strong><span style=\"color: #3366ff;\">Modalit\u00e9s de recrutement<br \/><\/span><\/strong><\/span><\/p><p>Constitution du dossier<\/p><p>Etude du dossier<\/p><p>Entretien individuel<\/p><p>Signature d\u2019un contrat d\u2019apprentissage<\/p><hr \/><p style=\"text-align: left;\"><span style=\"color: #003366;\"><strong><span style=\"color: #3366ff;\">Lieu d'accueil & Information<\/span><br \/><\/strong><\/span><\/p><p>FIGEAC : 11 all\u00e9es Pierre B\u00e9r\u00e9govoy<\/p><p>Restauration sur place \/ Accessible en transport \/ Acc\u00e8s aux personnes en situation de handicap<\/p><hr \/><p><span style=\"color: #3366ff;\"><strong>Contacts ARC EN CIEL Formation<br \/><\/strong><\/span><\/p><ul><li><strong>Sophie STAGER<\/strong> Assistante administrative<strong>Anne ALQUIER<\/strong> Responsable p\u00e9dagogique<p><strong>Magali SERRAU<\/strong> R\u00e9f\u00e9rente Handicap<\/p><p>T\u00e9l\u00a0: 05.65.34.23.72<\/p><p>05.65.34.86.93<\/p><p>Mail\u00a0: <a href=\"mailto:jeannedarcfigeac@gmail.com\">jeannedarcfigeac@gmail.com<\/a><\/p><\/li><\/ul><p>[\/et_pb_text][et_pb_cta admin_label=\"Plaquette BTS ESF\" title=\"Plaquette\" button_text=\"T\u00e9l\u00e9charger\" use_background_color=\"on\" background_color=\"#00d084\" background_layout=\"dark\" text_orientation=\"left\" button_url=\"https:\/\/wp.me\/a5Qyb6-1bM\"]<\/p><h3><em>BTS ESF<\/em><\/h3><p>[\/et_pb_cta][\/et_pb_column][et_pb_column type=\"2_3\"][et_pb_text admin_label=\"OBJECTIFS\" background_layout=\"light\" text_orientation=\"left\"]<\/p><h5><span style=\"color: #3366ff;\"><strong>Objectifs<\/strong><\/span><\/h5><ul><li>Mettre ses comp\u00e9tences scientifiques, techniques, m\u00e9thodologiques au service de diff\u00e9rents publics, d\u2019usagers, de consommateurs de clients et de professionnels.<\/li><li>Contribuer \u00e0 l\u2019information sur l\u2019acc\u00e8s aux droits des publics<\/li><\/ul><p>[\/et_pb_text][et_pb_text admin_label=\"ORGANISATION \" background_layout=\"light\" text_orientation=\"left\"]<\/p><hr \/><h5><span style=\"color: #ff893a;\"><strong><span style=\"color: #3366ff;\">Programme<\/span> <\/strong><\/span><\/h5><ul><li>Module 1\u00a0: Conseil et Expertise Technologique. Alimentation. Sant\u00e9. Hygi\u00e8ne<\/li><li>Module 2\u00a0: Alimentation. Formation. Intervention sur le quotidien et son \u00e9volution<\/li><li>Module 3\u00a0: Communication professionnelle. Communication \u00e9crite et orale.<\/li><li>Module 4\u00a0: Travail en partenariat, institutionnel et interinstitutionnel. Connaissance des politiques, des dispositifs et des institutions.<\/li><li>Module 5\u00a0: Gestion de la vie quotidienne dans un service ou dans un \u00e9tablissement. D\u00e9marche qualit\u00e9.<\/li><li>Langue vivante<\/li><li>Actions professionnelles<\/li><\/ul><hr \/><h5><strong><span style=\"color: #3366ff;\">Modalit\u00e9s p\u00e9dagogiques et d'\u00e9valuation<\/span><\/strong><\/h5><p>Evaluation de connaissances tout au long de la formation. Relev\u00e9 des acquis dans chaque module. Portefeuille de comp\u00e9tences.<\/p><p>Alternance entre des situations d\u2019\u00e9valuation en CCF et des \u00e9valuations ponctuelles \u00e9crites et orales.<span style=\"color: initial;\">.<\/span><\/p><hr \/><h5><span style=\"color: #3366ff;\"><strong>Organisation<\/strong><\/span><\/h5><ul><li>Dur\u00e9e totale du parcours : 24 mois<\/li><li><strong>Dur\u00e9e en centre de formation : 1350 heures sur 2 ans<\/strong><\/li><li><strong>Dur\u00e9e de la p\u00e9riode en entreprise : 1050 heures minimum sur 2 ans<br \/><\/strong><\/li><li>Dur\u00e9e hebdomadaire : 35 heures<\/li><\/ul><hr \/><h5><span style=\"color: #3366ff;\"><strong>Financement<\/strong><\/span><\/h5><p>En contrat d\u2019apprentissage\u00a0: le co\u00fbt de la formation est pris en charge \u00e0 10% par l\u2019OPCO de l\u2019employeur ou des collectivit\u00e9s.<\/p><hr \/><div>\u00a0<\/div><p>[\/et_pb_text][\/et_pb_column][\/et_pb_row][\/et_pb_section]<\/p>","_et_gb_content_width":"","iawp_total_views":74,"footnotes":""},"class_list":["post-4544","page","type-page","status-publish","hentry"],"yoast_head":"<!-- This site is optimized with the Yoast SEO plugin v26.0 - https:\/\/yoast.com\/wordpress\/plugins\/seo\/ -->\n<title>MC AG2S<\/title>\n<meta name=\"robots\" content=\"index, follow, max-snippet:-1, max-image-preview:large, max-video-preview:-1\" \/>\n<link rel=\"canonical\" href=\"http:\/\/www.jeannedarc-figeac.fr\/college-lycee\/4544-2\/\" \/>\n<meta property=\"og:locale\" content=\"fr_FR\" \/>\n<meta property=\"og:type\" content=\"article\" \/>\n<meta property=\"og:title\" content=\"MC AG2S\" \/>\n<meta property=\"og:url\" content=\"http:\/\/www.jeannedarc-figeac.fr\/college-lycee\/4544-2\/\" \/>\n<meta property=\"og:site_name\" content=\"Coll\u00e8ge et Lyc\u00e9e Jeanne d&#039;Arc\" \/>\n<meta property=\"article:modified_time\" content=\"2022-10-06T14:49:06+00:00\" \/>\n<script type=\"application\/ld+json\" class=\"yoast-schema-graph\">{\"@context\":\"https:\/\/schema.org\",\"@graph\":[{\"@type\":\"WebPage\",\"@id\":\"http:\/\/www.jeannedarc-figeac.fr\/college-lycee\/4544-2\/\",\"url\":\"http:\/\/www.jeannedarc-figeac.fr\/college-lycee\/4544-2\/\",\"name\":\"MC AG2S\",\"isPartOf\":{\"@id\":\"https:\/\/www.jeannedarc-figeac.fr\/college-lycee\/#website\"},\"datePublished\":\"2022-02-11T16:35:01+00:00\",\"dateModified\":\"2022-10-06T14:49:06+00:00\",\"breadcrumb\":{\"@id\":\"http:\/\/www.jeannedarc-figeac.fr\/college-lycee\/4544-2\/#breadcrumb\"},\"inLanguage\":\"fr-FR\",\"potentialAction\":[{\"@type\":\"ReadAction\",\"target\":[\"http:\/\/www.jeannedarc-figeac.fr\/college-lycee\/4544-2\/\"]}]},{\"@type\":\"BreadcrumbList\",\"@id\":\"http:\/\/www.jeannedarc-figeac.fr\/college-lycee\/4544-2\/#breadcrumb\",\"itemListElement\":[{\"@type\":\"ListItem\",\"position\":1,\"name\":\"Accueil\",\"item\":\"https:\/\/www.jeannedarc-figeac.fr\/college-lycee\/\"},{\"@type\":\"ListItem\",\"position\":2,\"name\":\"MC AG2S\"}]},{\"@type\":\"WebSite\",\"@id\":\"https:\/\/www.jeannedarc-figeac.fr\/college-lycee\/#website\",\"url\":\"https:\/\/www.jeannedarc-figeac.fr\/college-lycee\/\",\"name\":\"Coll\u00e8ge et Lyc\u00e9e Jeanne d&#039;Arc\",\"description\":\"Jeanne d&#039;Arc Figeac\",\"potentialAction\":[{\"@type\":\"SearchAction\",\"target\":{\"@type\":\"EntryPoint\",\"urlTemplate\":\"https:\/\/www.jeannedarc-figeac.fr\/college-lycee\/?s={search_term_string}\"},\"query-input\":{\"@type\":\"PropertyValueSpecification\",\"valueRequired\":true,\"valueName\":\"search_term_string\"}}],\"inLanguage\":\"fr-FR\"}]}<\/script>\n<!-- \/ Yoast SEO plugin. -->","yoast_head_json":{"title":"MC AG2S","robots":{"index":"index","follow":"follow","max-snippet":"max-snippet:-1","max-image-preview":"max-image-preview:large","max-video-preview":"max-video-preview:-1"},"canonical":"http:\/\/www.jeannedarc-figeac.fr\/college-lycee\/4544-2\/","og_locale":"fr_FR","og_type":"article","og_title":"MC AG2S","og_url":"http:\/\/www.jeannedarc-figeac.fr\/college-lycee\/4544-2\/","og_site_name":"Coll\u00e8ge et Lyc\u00e9e Jeanne d&#039;Arc","article_modified_time":"2022-10-06T14:49:06+00:00","schema":{"@context":"https:\/\/schema.org","@graph":[{"@type":"WebPage","@id":"http:\/\/www.jeannedarc-figeac.fr\/college-lycee\/4544-2\/","url":"http:\/\/www.jeannedarc-figeac.fr\/college-lycee\/4544-2\/","name":"MC AG2S","isPartOf":{"@id":"https:\/\/www.jeannedarc-figeac.fr\/college-lycee\/#website"},"datePublished":"2022-02-11T16:35:01+00:00","dateModified":"2022-10-06T14:49:06+00:00","breadcrumb":{"@id":"http:\/\/www.jeannedarc-figeac.fr\/college-lycee\/4544-2\/#breadcrumb"},"inLanguage":"fr-FR","potentialAction":[{"@type":"ReadAction","target":["http:\/\/www.jeannedarc-figeac.fr\/college-lycee\/4544-2\/"]}]},{"@type":"BreadcrumbList","@id":"http:\/\/www.jeannedarc-figeac.fr\/college-lycee\/4544-2\/#breadcrumb","itemListElement":[{"@type":"ListItem","position":1,"name":"Accueil","item":"https:\/\/www.jeannedarc-figeac.fr\/college-lycee\/"},{"@type":"ListItem","position":2,"name":"MC AG2S"}]},{"@type":"WebSite","@id":"https:\/\/www.jeannedarc-figeac.fr\/college-lycee\/#website","url":"https:\/\/www.jeannedarc-figeac.fr\/college-lycee\/","name":"Coll\u00e8ge et Lyc\u00e9e Jeanne d&#039;Arc","description":"Jeanne d&#039;Arc Figeac","potentialAction":[{"@type":"SearchAction","target":{"@type":"EntryPoint","urlTemplate":"https:\/\/www.jeannedarc-figeac.fr\/college-lycee\/?s={search_term_string}"},"query-input":{"@type":"PropertyValueSpecification","valueRequired":true,"valueName":"search_term_string"}}],"inLanguage":"fr-FR"}]}},"jetpack_sharing_enabled":true,"jetpack_shortlink":"https:\/\/wp.me\/P5Qyb6-1bi","_links":{"self":[{"href":"https:\/\/www.jeannedarc-figeac.fr\/college-lycee\/wp-json\/wp\/v2\/pages\/4544","targetHints":{"allow":["GET"]}}],"collection":[{"href":"https:\/\/www.jeannedarc-figeac.fr\/college-lycee\/wp-json\/wp\/v2\/pages"}],"about":[{"href":"https:\/\/www.jeannedarc-figeac.fr\/college-lycee\/wp-json\/wp\/v2\/types\/page"}],"author":[{"embeddable":true,"href":"https:\/\/www.jeannedarc-figeac.fr\/college-lycee\/wp-json\/wp\/v2\/users\/1"}],"replies":[{"embeddable":true,"href":"https:\/\/www.jeannedarc-figeac.fr\/college-lycee\/wp-json\/wp\/v2\/comments?post=4544"}],"version-history":[{"count":39,"href":"https:\/\/www.jeannedarc-figeac.fr\/college-lycee\/wp-json\/wp\/v2\/pages\/4544\/revisions"}],"predecessor-version":[{"id":4793,"href":"https:\/\/www.jeannedarc-figeac.fr\/college-lycee\/wp-json\/wp\/v2\/pages\/4544\/revisions\/4793"}],"wp:attachment":[{"href":"https:\/\/www.jeannedarc-figeac.fr\/college-lycee\/wp-json\/wp\/v2\/media?parent=4544"}],"curies":[{"name":"wp","href":"https:\/\/api.w.org\/{rel}","templated":true}]}}