{"id":440,"date":"2015-01-21T14:38:22","date_gmt":"2015-01-21T14:38:22","guid":{"rendered":"http:\/\/www.jeannedarc-figeac.fr\/college-lycee\/?page_id=440"},"modified":"2025-07-15T09:28:13","modified_gmt":"2025-07-15T09:28:13","slug":"les-langues","status":"publish","type":"page","link":"https:\/\/www.jeannedarc-figeac.fr\/college-lycee\/les-langues\/","title":{"rendered":"Les langues et \u00e9changes linguistiques"},"content":{"rendered":"<p>[et_pb_section fb_built=\u00a0\u00bb1&Prime; inner_shadow=\u00a0\u00bbon\u00a0\u00bb fullwidth=\u00a0\u00bbon\u00a0\u00bb _builder_version=\u00a0\u00bb4.16&Prime; background_color=\u00a0\u00bbrgba(255,255,255,0)\u00a0\u00bb background_image=\u00a0\u00bbhttp:\/\/www.jeannedarc-figeac.fr\/college-lycee\/wp-content\/uploads\/sites\/5\/2015\/02\/TitleCOLLEGE.png\u00a0\u00bb transparent_background=\u00a0\u00bbon\u00a0\u00bb global_colors_info=\u00a0\u00bb{}\u00a0\u00bb][et_pb_fullwidth_header title=\u00a0\u00bbLe Coll\u00e8ge\u00a0\u00bb subhead=\u00a0\u00bbLes langues et \u00e9changes linguistiques\u00a0\u00bb content_max_width=\u00a0\u00bbnone\u00a0\u00bb admin_label=\u00a0\u00bbFullwidth Header\u00a0\u00bb _builder_version=\u00a0\u00bb4.16&Prime; background_color=\u00a0\u00bbrgba(255, 255, 255, 0)\u00a0\u00bb global_colors_info=\u00a0\u00bb{}\u00a0\u00bb button_one_text_size__hover_enabled=\u00a0\u00bboff\u00a0\u00bb button_two_text_size__hover_enabled=\u00a0\u00bboff\u00a0\u00bb button_one_text_color__hover_enabled=\u00a0\u00bboff\u00a0\u00bb button_two_text_color__hover_enabled=\u00a0\u00bboff\u00a0\u00bb button_one_border_width__hover_enabled=\u00a0\u00bboff\u00a0\u00bb button_two_border_width__hover_enabled=\u00a0\u00bboff\u00a0\u00bb button_one_border_color__hover_enabled=\u00a0\u00bboff\u00a0\u00bb button_two_border_color__hover_enabled=\u00a0\u00bboff\u00a0\u00bb button_one_border_radius__hover_enabled=\u00a0\u00bboff\u00a0\u00bb button_two_border_radius__hover_enabled=\u00a0\u00bboff\u00a0\u00bb button_one_letter_spacing__hover_enabled=\u00a0\u00bboff\u00a0\u00bb button_two_letter_spacing__hover_enabled=\u00a0\u00bboff\u00a0\u00bb button_one_bg_color__hover_enabled=\u00a0\u00bboff\u00a0\u00bb button_two_bg_color__hover_enabled=\u00a0\u00bboff\u00a0\u00bb][\/et_pb_fullwidth_header][\/et_pb_section][et_pb_section fb_built=\u00a0\u00bb1&Prime; _builder_version=\u00a0\u00bb4.16&Prime; global_colors_info=\u00a0\u00bb{}\u00a0\u00bb][et_pb_row column_structure=\u00a0\u00bb1_2,1_2&Prime; _builder_version=\u00a0\u00bb4.16&Prime; background_size=\u00a0\u00bbinitial\u00a0\u00bb background_position=\u00a0\u00bbtop_left\u00a0\u00bb background_repeat=\u00a0\u00bbrepeat\u00a0\u00bb global_colors_info=\u00a0\u00bb{}\u00a0\u00bb][et_pb_column type=\u00a0\u00bb1_2&Prime; _builder_version=\u00a0\u00bb4.16&Prime; custom_padding=\u00a0\u00bb|||\u00a0\u00bb global_colors_info=\u00a0\u00bb{}\u00a0\u00bb custom_padding__hover=\u00a0\u00bb|||\u00a0\u00bb][et_pb_sidebar area=\u00a0\u00bbet_pb_widget_area_7&Prime; admin_label=\u00a0\u00bbSidebar\u00a0\u00bb _builder_version=\u00a0\u00bb4.16&Prime; global_colors_info=\u00a0\u00bb{}\u00a0\u00bb][\/et_pb_sidebar][et_pb_text admin_label=\u00a0\u00bbText\u00a0\u00bb _builder_version=\u00a0\u00bb4.16&Prime; background_size=\u00a0\u00bbinitial\u00a0\u00bb background_position=\u00a0\u00bbtop_left\u00a0\u00bb background_repeat=\u00a0\u00bbrepeat\u00a0\u00bb global_colors_info=\u00a0\u00bb{}\u00a0\u00bb]<\/p>\n<h3><span style=\"color: #008000\"><strong>L\u2019ouverture sur l\u2019Europe et le Monde\u00a0: un gage d\u2019excellence<\/strong><\/span><\/h3>\n<p>La ma\u00eetrise de plusieurs langues \u00e9trang\u00e8res, la connaissance d\u2019autres cultures et soci\u00e9t\u00e9s sont devenues indispensables pour l\u2019insertion des \u00e9l\u00e8ves dans un monde professionnel et une vie citoyenne qui d\u00e9passent d\u00e9sormais le cadre des fronti\u00e8res nationales.<\/p>\n<p><strong>L\u2019apprentissage des langues au coll\u00e8ge Jeanne d\u2019Arc\u00a0:<\/strong><\/p>\n<ul>\n<li>L\u2019anglais est la 1<sup>\u00e8re<\/sup> langue vivante \u00e9trang\u00e8re,<\/li>\n<li>D\u00e8s l\u2019entr\u00e9e en classe de 6<sup>\u00e8me<\/sup>, l\u2019\u00e9l\u00e8ve apprend une deuxi\u00e8me langue vivante \u00e9trang\u00e8re (Allemand ou Espagnol),<\/li>\n<li>Afin de tenir compte des acquis du primaire, des groupes de comp\u00e9tences sont mis en place en anglais en classe de 6<sup>\u00e8me<\/sup>.<\/li>\n<li>Les \u00e9l\u00e8ves d\u00e9butant l\u2019anglais b\u00e9n\u00e9ficient d\u2019une heure suppl\u00e9mentaire,<\/li>\n<\/ul>\n<p><strong>La certification de Cambridge\u00a0: <a href=\"https:\/\/i0.wp.com\/www.jeannedarc-figeac.fr\/college-lycee\/wp-content\/uploads\/sites\/5\/2016\/11\/Cambridge-logo.jpg\"><img data-recalc-dims=\"1\" loading=\"lazy\" decoding=\"async\" class=\"alignnone wp-image-2184\" src=\"https:\/\/i0.wp.com\/www.jeannedarc-figeac.fr\/college-lycee\/wp-content\/uploads\/sites\/5\/2016\/11\/Cambridge-logo.jpg?resize=234%2C60\" alt=\"cambridge-logo\" width=\"234\" height=\"60\" \/><\/a><br \/>\n<\/strong><\/p>\n<ul>\n<li>En troisi\u00e8me, les \u00e9l\u00e8ves dont le niveau en anglais est satisfaisant peuvent, s\u2019ils le souhaitent, se pr\u00e9senter \u00e0 la certification de Cambridge,<\/li>\n<li>Les candidats b\u00e9n\u00e9ficient d\u2019une aide \u00e0 la pr\u00e9paration (une heure suppl\u00e9mentaire),<\/li>\n<li>Les \u00e9l\u00e8ves qui r\u00e9ussissent l\u2019examen re\u00e7oivent un dipl\u00f4me accompagn\u00e9 du d\u00e9tail de leurs r\u00e9sultats en conformit\u00e9 avec le Cadre Europ\u00e9en Commun de R\u00e9f\u00e9rence pour les Langues (CECRL),<\/li>\n<li>Les attestations de comp\u00e9tence et les dipl\u00f4mes d\u00e9livr\u00e9s sont accept\u00e9s et reconnus dans le monde entier ainsi que par les employeurs.<\/li>\n<\/ul>\n<p>Pour plus d\u2019informations\u00a0: <a title=\"Cambridge\" href=\"http:\/\/www.cambridgeenglish.org\/fr\/?utm_source=global-site&amp;utm_medium=language-link&amp;utm-campaign=global-site-language-links\" target=\"_blank\" rel=\"noopener\">www.cambridgeenglish.org <\/a><\/p>\n<p>Pour en savoir plus sur les examens <span style=\"color: #000000\"><strong>Cambridge English<\/strong> <\/span>:<\/p>\n<p><a href=\"https:\/\/www.cambridgeenglish.org\/fr\/?utm_source=global-site&amp;utm_medium=language-link&amp;utm-campaign=global-site-language-links\" target=\"_blank\" rel=\"noopener\"><img data-recalc-dims=\"1\" loading=\"lazy\" decoding=\"async\" class=\"aligncenter wp-image-2868\" src=\"https:\/\/i0.wp.com\/www.jeannedarc-figeac.fr\/college-lycee\/wp-content\/uploads\/sites\/5\/2018\/10\/Prep-cambridge-2018.png?resize=201%2C108\" alt=\"Pr\u00e9paration Cambridge\" width=\"201\" height=\"108\" srcset=\"https:\/\/i0.wp.com\/www.jeannedarc-figeac.fr\/college-lycee\/wp-content\/uploads\/sites\/5\/2018\/10\/Prep-cambridge-2018.png?resize=300%2C161&amp;ssl=1 300w, https:\/\/i0.wp.com\/www.jeannedarc-figeac.fr\/college-lycee\/wp-content\/uploads\/sites\/5\/2018\/10\/Prep-cambridge-2018.png?resize=768%2C412&amp;ssl=1 768w, https:\/\/i0.wp.com\/www.jeannedarc-figeac.fr\/college-lycee\/wp-content\/uploads\/sites\/5\/2018\/10\/Prep-cambridge-2018.png?resize=1024%2C550&amp;ssl=1 1024w, https:\/\/i0.wp.com\/www.jeannedarc-figeac.fr\/college-lycee\/wp-content\/uploads\/sites\/5\/2018\/10\/Prep-cambridge-2018.png?resize=1080%2C580&amp;ssl=1 1080w, https:\/\/i0.wp.com\/www.jeannedarc-figeac.fr\/college-lycee\/wp-content\/uploads\/sites\/5\/2018\/10\/Prep-cambridge-2018.png?w=1787&amp;ssl=1 1787w\" sizes=\"(max-width: 201px) 100vw, 201px\" \/><\/a><\/p>\n<p><strong>Voyage et s\u00e9jour linguistique\u00a0:<\/strong><\/p>\n<p>En 4<sup>\u00e8me<\/sup>, l\u2019\u00e9tablissement propose \u00e0 tous les \u00e9l\u00e8ves un s\u00e9jour linguistique d\u2019une semaine en Grande Bretagne. Pour une meilleure immersion, les \u00e9l\u00e8ves sont log\u00e9s dans des familles.<\/p>\n<p><strong>Les \u00e9changes internationaux\u00a0:<\/strong><\/p>\n<p>D\u00e8s la 4<sup>\u00e8me<\/sup>, les \u00e9l\u00e8ves peuvent participer \u00e0 un \u00e9change linguistique avec un de nos \u00e9tablissements partenaires en Europe\u00a0:<\/p>\n<ul>\n<li><strong>Marienschule<\/strong> <strong>der Ursulinen<\/strong> (Bielefeld) pr\u00e8s de Hanovre et Dortmund en <em>Allemagne<\/em> (Rh\u00e9nanie-du-Nord-Westphalie) <a href=\"http:\/\/www.marienschule-bielefeld.de\">www.marienschule-bielefeld.de<\/a><a href=\"https:\/\/i0.wp.com\/www.jeannedarc-figeac.fr\/college-lycee\/wp-content\/uploads\/sites\/5\/2016\/11\/carte-drapeaux-allemagne.jpg\"><img data-recalc-dims=\"1\" loading=\"lazy\" decoding=\"async\" class=\"wp-image-2186 alignright\" src=\"https:\/\/i0.wp.com\/www.jeannedarc-figeac.fr\/college-lycee\/wp-content\/uploads\/sites\/5\/2016\/11\/carte-drapeaux-allemagne.jpg?resize=91%2C115\" alt=\"carte-drapeaux-allemagne\" width=\"91\" height=\"115\" \/><\/a><\/li>\n<\/ul>\n<ul>\n<li><strong>Instituto de Educaci\u00f3n Secundaria Cuatro Villas <\/strong>(Berlanga) pr\u00e8s de S\u00e9ville et de Cordoue en Espagne (Estr\u00e9madure) <a href=\"http:\/\/www.iesocuatrovillas.com\">www.iesocuatrovillas.com<\/a><a href=\"https:\/\/i0.wp.com\/www.jeannedarc-figeac.fr\/college-lycee\/wp-content\/uploads\/sites\/5\/2016\/11\/Carte-drapeau-Espagne.png\"><img data-recalc-dims=\"1\" loading=\"lazy\" decoding=\"async\" class=\"wp-image-2185 alignright\" src=\"https:\/\/i0.wp.com\/www.jeannedarc-figeac.fr\/college-lycee\/wp-content\/uploads\/sites\/5\/2016\/11\/Carte-drapeau-Espagne.png?resize=118%2C122\" alt=\"carte-drapeau-espagne\" width=\"118\" height=\"122\" \/><\/a><\/li>\n<\/ul>\n<p>Cette exp\u00e9rience, tr\u00e8s enrichissante, permet au jeune d\u2019am\u00e9liorer ses comp\u00e9tences linguistiques, de rencontrer une culture, un mode de vie et un patrimoine diff\u00e9rent, de partager la vie quotidienne d\u2019une famille et de tisser des liens avec des jeunes de son \u00e2ge.<\/p>\n<h3><strong>Echange Berlanga 2019<\/strong><\/h3>\n<p><a href='http:\/\/www.jeannedarc-figeac.fr\/college-lycee\/wp-content\/uploads\/sites\/5\/2019\/04\/Diaporama-R\u00e9union-\u00e9change-Berlanga-2019.pdf' class='small-button smallblue' target=\"_blank\">Diaporama de la R\u00e9union d&rsquo;\u00e9change &#8211; Berlanga &#8211; 2019<\/a><a href='http:\/\/www.jeannedarc-figeac.fr\/college-lycee\/wp-content\/uploads\/sites\/5\/2018\/03\/Programme-espagnols-en-France-2018.pdf' class='small-button smallred' target=\"_blank\">Programme s\u00e9jour des espagnols en France &#8211; 2018<\/a>[\/et_pb_text][\/et_pb_column][et_pb_column type=\u00a0\u00bb1_2&Prime; _builder_version=\u00a0\u00bb4.27.4&Prime; _module_preset=\u00a0\u00bbdefault\u00a0\u00bb global_colors_info=\u00a0\u00bb{}\u00a0\u00bb][et_pb_accordion _builder_version=\u00a0\u00bb4.27.4&Prime; _module_preset=\u00a0\u00bbdefault\u00a0\u00bb hover_enabled=\u00a0\u00bb0&Prime; global_colors_info=\u00a0\u00bb{}\u00a0\u00bb sticky_enabled=\u00a0\u00bb0&Prime;][et_pb_accordion_item title=\u00a0\u00bbAllemagne &#8211; Marienschule &#8211; 43 ans d&rsquo;\u00e9change !\u00a0\u00bb _builder_version=\u00a0\u00bb4.27.4&Prime; _module_preset=\u00a0\u00bbdefault\u00a0\u00bb hover_enabled=\u00a0\u00bb0&Prime; global_colors_info=\u00a0\u00bb{}\u00a0\u00bb open=\u00a0\u00bboff\u00a0\u00bb sticky_enabled=\u00a0\u00bb0&Prime;]Du 4 au 13 d\u00e9cembre, 19 germanistes des coll\u00e8ge et lyc\u00e9e Jeanne d\u2019Arc de Figeac ont retrouv\u00e9 \u00e0 Bielefeld leur correspondant de la Marienschule, l\u2019\u00e9tablissement partenaire depuis 43 ans. Pendant ce s\u00e9jour outre-Rhin, les \u00e9l\u00e8ves ont v\u00e9cu le quotidien de jeunes Allemands de leur \u00e2ge en \u00e9tant accueillis en famille et en assistant \u00e0 des cours. Cette rencontre a \u00e9t\u00e9 l\u2019occasion de r\u00e9aliser un projet franco-allemand mais aussi de belles excursions \u00e0 Br\u00eame et \u00e0 Cologne. Les jeunes Figeacois ont \u00e9galement pu d\u00e9couvrir l\u2019ambiance authentique des march\u00e9s de No\u00ebl allemands, dont la tradition remonte au Moyen-\u00c2ge.<\/p>\n<p>Cette exp\u00e9rience aura \u00e9t\u00e9 pour ces jeunes tr\u00e8s enrichissante sur les plans linguistique et culturel et leur aura permis de tisser de nouveaux liens.<a href=\"https:\/\/i0.wp.com\/www.jeannedarc-figeac.fr\/college-lycee\/wp-content\/uploads\/sites\/5\/2025\/07\/Bielefeld-2025.jpg\"><img data-recalc-dims=\"1\" loading=\"lazy\" decoding=\"async\" src=\"https:\/\/i0.wp.com\/www.jeannedarc-figeac.fr\/college-lycee\/wp-content\/uploads\/sites\/5\/2025\/07\/Bielefeld-2025.jpg?resize=300%2C179\" width=\"300\" height=\"179\" alt=\"\" class=\"wp-image-6168 alignnone size-medium\" style=\"display: block; margin-left: auto; margin-right: auto;\" \/><\/a><\/p>\n<p>[\/et_pb_accordion_item][et_pb_accordion_item title=\u00a0\u00bbAngleterre &#8211; Voyage au soleil !\u00a0\u00bb _builder_version=\u00a0\u00bb4.27.4&Prime; _module_preset=\u00a0\u00bbdefault\u00a0\u00bb hover_enabled=\u00a0\u00bb0&Prime; global_colors_info=\u00a0\u00bb{}\u00a0\u00bb open=\u00a0\u00bboff\u00a0\u00bb sticky_enabled=\u00a0\u00bb0&Prime;]<\/p>\n<p>Pendant une semaine exceptionnelle, les \u00e9l\u00e8ves de 4<sup>\u00e8me<\/sup> du coll\u00e8ge Jeanne D\u2019Arc sont partis \u00e0 la d\u00e9couverte de la culture britannique, sous le signe de la bonne humeur.<\/p>\n<p>L\u2019aventure a commenc\u00e9 \u00e0 <strong>Londres<\/strong>, la vibrante capitale britannique, o\u00f9 ils ont arpent\u00e9 les rues de Westminster, admir\u00e9 Big Ben, Buckingham Palace et fl\u00e2n\u00e9 le long de la Tamise.<\/p>\n<p>Ils ont ensuite pris la route pour <strong>Rochester<\/strong>, charmante ville historique marqu\u00e9e par le passage de Charles Dickens. Ils y ont d\u00e9couvert un centre-ville pittoresque, un ch\u00e2teau m\u00e9di\u00e9val impressionnant et une atmosph\u00e8re typiquement anglaise.<\/p>\n<p>La journ\u00e9e suivante les a conduits \u00e0 la majestueuse <strong>cath\u00e9drale de Canterbury<\/strong>, un chef-d\u2019\u0153uvre de l\u2019architecture gothique. Ils ont \u00e9t\u00e9 fascin\u00e9s par son histoire mill\u00e9naire et la s\u00e9r\u00e9nit\u00e9 qui r\u00e8gne dans ce lieu embl\u00e9matique du christianisme anglais.<\/p>\n<p>L\u2019un des moments forts du voyage fut sans doute la visite guid\u00e9e de <strong>Cambridge<\/strong>. Accompagn\u00e9s d\u2019un guide passionn\u00e9, ils ont explor\u00e9 les coll\u00e8ges prestigieux et les ruelles paisibles de cette ville universitaire mondialement connue. S\u2019en est suivi une balade en barque sur la rivi\u00e8re Cam, le \u00ab\u00a0punting\u00a0\u00bb, une exp\u00e9rience relaxante et typiquement anglaise, rendue encore plus agr\u00e9able par le soleil \u00e9clatant.<\/p>\n<p>Le voyage s\u2019est poursuivi avec la visite de <strong>Windsor Castle<\/strong>, l\u2019une des r\u00e9sidences officielles de la famille royale. Ils ont \u00e9t\u00e9 impressionn\u00e9s par la grandeur des lieux, les appartements d\u2019apparat et la chapelle Saint-Georges o\u00f9 repose la Reine Elizabeth II. Non loin de l\u00e0, ils ont \u00e9galement visit\u00e9 <strong>Eton College<\/strong>, c\u00e9l\u00e8bre \u00e9cole fr\u00e9quent\u00e9e par de nombreuses personnalit\u00e9s britanniques. L\u2019architecture traditionnelle et l\u2019ambiance studieuse les ont transport\u00e9s dans un autre temps.<\/p>\n<p>Tout au long de cette semaine, le ciel est rest\u00e9 bleu, les temp\u00e9ratures douces, et l\u2019enthousiasme au rendez-vous.<br \/>\n<div id=\"attachment_6167\" style=\"width: 310px\" class=\"wp-caption alignnone\"><a href=\"https:\/\/i0.wp.com\/www.jeannedarc-figeac.fr\/college-lycee\/wp-content\/uploads\/sites\/5\/2025\/07\/Angleterre-scaled.jpeg\"><img data-recalc-dims=\"1\" loading=\"lazy\" decoding=\"async\" aria-describedby=\"caption-attachment-6167\" src=\"https:\/\/i0.wp.com\/www.jeannedarc-figeac.fr\/college-lycee\/wp-content\/uploads\/sites\/5\/2025\/07\/Angleterre.jpeg?resize=300%2C225\" width=\"300\" height=\"225\" alt=\"\" class=\"wp-image-6167 size-medium\" style=\"display: block; margin-left: auto; margin-right: auto;\" \/><\/a><p id=\"caption-attachment-6167\" class=\"wp-caption-text\">Windsor Castle &#8211; Angleterre<\/p><\/div>[\/et_pb_accordion_item][et_pb_accordion_item title=\u00a0\u00bbEspagne &#8211; Centro IESO de Berlanga Espagne : un \u00e9change scolaire riche en d\u00e9couvertes \u00a0\u00bb open=\u00a0\u00bbon\u00a0\u00bb _builder_version=\u00a0\u00bb4.27.4&Prime; _module_preset=\u00a0\u00bbdefault\u00a0\u00bb global_colors_info=\u00a0\u00bb{}\u00a0\u00bb]Apr\u00e8s avoir accueilli leurs correspondants \u00e0 Figeac quelques semaines auparavant, c\u2019\u00e9tait cette fois au tour des \u00e9l\u00e8ves de Jeanne d\u2019Arc de s\u2019envoler du 21 au 29 mai vers l\u2019Espagne pour d\u00e9couvrir l\u2018Extr\u00e9madure et l\u2019Andalousie et de vivre une immersion au c\u0153ur de la culture espagnole.<\/p>\n<p>Le s\u00e9jour a d\u00e9but\u00e9 par la visite des vestiges antiques de M\u00e9rida, du th\u00e9\u00e2tre et amphith\u00e9\u00e2tre romains.<\/p>\n<p>Les d\u00e9couvertes culturelles se sont ensuite encha\u00een\u00e9es \u00e0 S\u00e9ville. Les \u00e9l\u00e8ves ont gravi la c\u00e9l\u00e8bre Giralda, un ancien minaret pour profiter d\u2019une vue spectaculaire sur la ville. La cath\u00e9drale, avec son impressionnant retable et le tombeau de Christophe Colomb, ainsi que les patios et jardins de l\u2019Alcazar, v\u00e9ritables joyaux de l\u2019architecture mud\u00e9jar, ont \u00e9merveill\u00e9 le groupe. Un temps libre dans les rues anim\u00e9es de S\u00e9ville a permis de savourer pleinement l\u2019ambiance locale.<\/p>\n<p>\u00c0 Cordoue, malgr\u00e9 une chaleur \u00e9crasante, les \u00e9l\u00e8ves ont fl\u00e2n\u00e9 dans les ruelles fleuries de la vieille ville et d\u00e9couvert l\u2019exceptionnelle mosqu\u00e9e-cath\u00e9drale, o\u00f9 se c\u00f4toient h\u00e9ritages musulman et chr\u00e9tien. La ville en pleine feria offrait une atmosph\u00e8re festive, avec des chevaux richement harnach\u00e9s et des Cordouanes v\u00eatues de robes flamenca.<\/p>\n<p>Dans l\u2019\u00e9tablissement partenaire, ils ont partag\u00e9 diverses activit\u00e9s, un atelier d\u2019histoire collaboratif sur la R\u00e9volution fran\u00e7aise, avant de participer \u00e0 la cr\u00e9ation de marque-pages \u00e0 partir de v\u00e9g\u00e9taux. Un temps sportif a ensuite permis \u00e0 chacun de se d\u00e9penser dans la bonne humeur. La journ\u00e9e s\u2019est poursuivie par une rencontre avec le maire de Berlanga et la visite de l\u2019\u00e9glise du village, avant de se conclure par un repas partag\u00e9 en plein air avec les familles au parc de Las Quinientas.<\/p>\n<p>Apr\u00e8s ces quelques jours intenses, l\u2019heure des au revoir est arriv\u00e9e. Ce s\u00e9jour restera pour tous une exp\u00e9rience humaine et culturelle inoubliable, marqu\u00e9e par les \u00e9changes, les rires et des amiti\u00e9s qui, on l\u2019esp\u00e8re, se poursuivront au-del\u00e0 des fronti\u00e8res.<\/p>\n<p><a href=\"https:\/\/i0.wp.com\/www.jeannedarc-figeac.fr\/college-lycee\/wp-content\/uploads\/sites\/5\/2025\/07\/Centro_IESO-scaled.jpg\"><img data-recalc-dims=\"1\" loading=\"lazy\" decoding=\"async\" src=\"https:\/\/i0.wp.com\/www.jeannedarc-figeac.fr\/college-lycee\/wp-content\/uploads\/sites\/5\/2025\/07\/Centro_IESO.jpg?resize=382%2C215\" width=\"382\" height=\"215\" alt=\"Echange France - Espagne\" class=\"wp-image-6166 alignnone size-medium\" style=\"display: block; margin-left: auto; margin-right: auto;\" \/><\/a><\/p>\n<p>[\/et_pb_accordion_item][\/et_pb_accordion][\/et_pb_column][\/et_pb_row][\/et_pb_section]<\/p>\n","protected":false},"excerpt":{"rendered":"<p>L\u2019ouverture sur l\u2019Europe et le Monde\u00a0: un gage d\u2019excellence La ma\u00eetrise de plusieurs langues \u00e9trang\u00e8res, la connaissance d\u2019autres cultures et soci\u00e9t\u00e9s sont devenues indispensables pour l\u2019insertion des \u00e9l\u00e8ves dans un monde professionnel et une vie citoyenne qui d\u00e9passent d\u00e9sormais le cadre des fronti\u00e8res nationales. L\u2019apprentissage des langues au coll\u00e8ge Jeanne d\u2019Arc\u00a0: L\u2019anglais est la 1\u00e8re [&hellip;]<\/p>\n","protected":false},"author":1,"featured_media":0,"parent":0,"menu_order":0,"comment_status":"closed","ping_status":"closed","template":"","meta":{"_et_pb_use_builder":"on","_et_pb_old_content":"","_et_gb_content_width":"","iawp_total_views":185,"footnotes":""},"class_list":["post-440","page","type-page","status-publish","hentry"],"yoast_head":"<!-- This site is optimized with the Yoast SEO plugin v26.0 - https:\/\/yoast.com\/wordpress\/plugins\/seo\/ -->\n<title>Les langues et \u00e9changes linguistiques<\/title>\n<meta name=\"description\" content=\"La ma\u00eetrise de plusieurs langues \u00e9trang\u00e8res, la connaissance d\u2019autres cultures... D\u00e8s la 4\u00e8me, les \u00e9l\u00e8ves peuvent participer \u00e0 un \u00e9change linguistique...\" \/>\n<meta name=\"robots\" content=\"index, follow, max-snippet:-1, max-image-preview:large, max-video-preview:-1\" \/>\n<link rel=\"canonical\" href=\"http:\/\/www.jeannedarc-figeac.fr\/college-lycee\/les-langues\/\" \/>\n<meta property=\"og:locale\" content=\"fr_FR\" \/>\n<meta property=\"og:type\" content=\"article\" \/>\n<meta property=\"og:title\" content=\"Les langues et \u00e9changes linguistiques\" \/>\n<meta property=\"og:description\" content=\"La ma\u00eetrise de plusieurs langues \u00e9trang\u00e8res, la connaissance d\u2019autres cultures... D\u00e8s la 4\u00e8me, les \u00e9l\u00e8ves peuvent participer \u00e0 un \u00e9change linguistique...\" \/>\n<meta property=\"og:url\" content=\"http:\/\/www.jeannedarc-figeac.fr\/college-lycee\/les-langues\/\" \/>\n<meta property=\"og:site_name\" content=\"Coll\u00e8ge et Lyc\u00e9e Jeanne d&#039;Arc\" \/>\n<meta property=\"article:modified_time\" content=\"2025-07-15T09:28:13+00:00\" \/>\n<meta property=\"og:image\" content=\"http:\/\/www.jeannedarc-figeac.fr\/college-lycee\/wp-content\/uploads\/sites\/5\/2016\/11\/Cambridge-logo-300x79.jpg\" \/>\n<script type=\"application\/ld+json\" class=\"yoast-schema-graph\">{\"@context\":\"https:\/\/schema.org\",\"@graph\":[{\"@type\":\"WebPage\",\"@id\":\"http:\/\/www.jeannedarc-figeac.fr\/college-lycee\/les-langues\/\",\"url\":\"http:\/\/www.jeannedarc-figeac.fr\/college-lycee\/les-langues\/\",\"name\":\"Les langues et \u00e9changes linguistiques\",\"isPartOf\":{\"@id\":\"https:\/\/www.jeannedarc-figeac.fr\/college-lycee\/#website\"},\"primaryImageOfPage\":{\"@id\":\"http:\/\/www.jeannedarc-figeac.fr\/college-lycee\/les-langues\/#primaryimage\"},\"image\":{\"@id\":\"http:\/\/www.jeannedarc-figeac.fr\/college-lycee\/les-langues\/#primaryimage\"},\"thumbnailUrl\":\"http:\/\/www.jeannedarc-figeac.fr\/college-lycee\/wp-content\/uploads\/sites\/5\/2016\/11\/Cambridge-logo-300x79.jpg\",\"datePublished\":\"2015-01-21T14:38:22+00:00\",\"dateModified\":\"2025-07-15T09:28:13+00:00\",\"description\":\"La ma\u00eetrise de plusieurs langues \u00e9trang\u00e8res, la connaissance d\u2019autres cultures... D\u00e8s la 4\u00e8me, les \u00e9l\u00e8ves peuvent participer \u00e0 un \u00e9change linguistique...\",\"breadcrumb\":{\"@id\":\"http:\/\/www.jeannedarc-figeac.fr\/college-lycee\/les-langues\/#breadcrumb\"},\"inLanguage\":\"fr-FR\",\"potentialAction\":[{\"@type\":\"ReadAction\",\"target\":[\"http:\/\/www.jeannedarc-figeac.fr\/college-lycee\/les-langues\/\"]}]},{\"@type\":\"ImageObject\",\"inLanguage\":\"fr-FR\",\"@id\":\"http:\/\/www.jeannedarc-figeac.fr\/college-lycee\/les-langues\/#primaryimage\",\"url\":\"https:\/\/i0.wp.com\/www.jeannedarc-figeac.fr\/college-lycee\/wp-content\/uploads\/sites\/5\/2016\/11\/Cambridge-logo.jpg?fit=800%2C210&ssl=1\",\"contentUrl\":\"https:\/\/i0.wp.com\/www.jeannedarc-figeac.fr\/college-lycee\/wp-content\/uploads\/sites\/5\/2016\/11\/Cambridge-logo.jpg?fit=800%2C210&ssl=1\",\"width\":800,\"height\":210},{\"@type\":\"BreadcrumbList\",\"@id\":\"http:\/\/www.jeannedarc-figeac.fr\/college-lycee\/les-langues\/#breadcrumb\",\"itemListElement\":[{\"@type\":\"ListItem\",\"position\":1,\"name\":\"Accueil\",\"item\":\"https:\/\/www.jeannedarc-figeac.fr\/college-lycee\/\"},{\"@type\":\"ListItem\",\"position\":2,\"name\":\"Les langues et \u00e9changes linguistiques\"}]},{\"@type\":\"WebSite\",\"@id\":\"https:\/\/www.jeannedarc-figeac.fr\/college-lycee\/#website\",\"url\":\"https:\/\/www.jeannedarc-figeac.fr\/college-lycee\/\",\"name\":\"Coll\u00e8ge et Lyc\u00e9e Jeanne d&#039;Arc\",\"description\":\"Jeanne d&#039;Arc Figeac\",\"potentialAction\":[{\"@type\":\"SearchAction\",\"target\":{\"@type\":\"EntryPoint\",\"urlTemplate\":\"https:\/\/www.jeannedarc-figeac.fr\/college-lycee\/?s={search_term_string}\"},\"query-input\":{\"@type\":\"PropertyValueSpecification\",\"valueRequired\":true,\"valueName\":\"search_term_string\"}}],\"inLanguage\":\"fr-FR\"}]}<\/script>\n<!-- \/ Yoast SEO plugin. -->","yoast_head_json":{"title":"Les langues et \u00e9changes linguistiques","description":"La ma\u00eetrise de plusieurs langues \u00e9trang\u00e8res, la connaissance d\u2019autres cultures... D\u00e8s la 4\u00e8me, les \u00e9l\u00e8ves peuvent participer \u00e0 un \u00e9change linguistique...","robots":{"index":"index","follow":"follow","max-snippet":"max-snippet:-1","max-image-preview":"max-image-preview:large","max-video-preview":"max-video-preview:-1"},"canonical":"http:\/\/www.jeannedarc-figeac.fr\/college-lycee\/les-langues\/","og_locale":"fr_FR","og_type":"article","og_title":"Les langues et \u00e9changes linguistiques","og_description":"La ma\u00eetrise de plusieurs langues \u00e9trang\u00e8res, la connaissance d\u2019autres cultures... D\u00e8s la 4\u00e8me, les \u00e9l\u00e8ves peuvent participer \u00e0 un \u00e9change linguistique...","og_url":"http:\/\/www.jeannedarc-figeac.fr\/college-lycee\/les-langues\/","og_site_name":"Coll\u00e8ge et Lyc\u00e9e Jeanne d&#039;Arc","article_modified_time":"2025-07-15T09:28:13+00:00","og_image":[{"url":"http:\/\/www.jeannedarc-figeac.fr\/college-lycee\/wp-content\/uploads\/sites\/5\/2016\/11\/Cambridge-logo-300x79.jpg","type":"","width":"","height":""}],"schema":{"@context":"https:\/\/schema.org","@graph":[{"@type":"WebPage","@id":"http:\/\/www.jeannedarc-figeac.fr\/college-lycee\/les-langues\/","url":"http:\/\/www.jeannedarc-figeac.fr\/college-lycee\/les-langues\/","name":"Les langues et \u00e9changes linguistiques","isPartOf":{"@id":"https:\/\/www.jeannedarc-figeac.fr\/college-lycee\/#website"},"primaryImageOfPage":{"@id":"http:\/\/www.jeannedarc-figeac.fr\/college-lycee\/les-langues\/#primaryimage"},"image":{"@id":"http:\/\/www.jeannedarc-figeac.fr\/college-lycee\/les-langues\/#primaryimage"},"thumbnailUrl":"http:\/\/www.jeannedarc-figeac.fr\/college-lycee\/wp-content\/uploads\/sites\/5\/2016\/11\/Cambridge-logo-300x79.jpg","datePublished":"2015-01-21T14:38:22+00:00","dateModified":"2025-07-15T09:28:13+00:00","description":"La ma\u00eetrise de plusieurs langues \u00e9trang\u00e8res, la connaissance d\u2019autres cultures... D\u00e8s la 4\u00e8me, les \u00e9l\u00e8ves peuvent participer \u00e0 un \u00e9change linguistique...","breadcrumb":{"@id":"http:\/\/www.jeannedarc-figeac.fr\/college-lycee\/les-langues\/#breadcrumb"},"inLanguage":"fr-FR","potentialAction":[{"@type":"ReadAction","target":["http:\/\/www.jeannedarc-figeac.fr\/college-lycee\/les-langues\/"]}]},{"@type":"ImageObject","inLanguage":"fr-FR","@id":"http:\/\/www.jeannedarc-figeac.fr\/college-lycee\/les-langues\/#primaryimage","url":"https:\/\/i0.wp.com\/www.jeannedarc-figeac.fr\/college-lycee\/wp-content\/uploads\/sites\/5\/2016\/11\/Cambridge-logo.jpg?fit=800%2C210&ssl=1","contentUrl":"https:\/\/i0.wp.com\/www.jeannedarc-figeac.fr\/college-lycee\/wp-content\/uploads\/sites\/5\/2016\/11\/Cambridge-logo.jpg?fit=800%2C210&ssl=1","width":800,"height":210},{"@type":"BreadcrumbList","@id":"http:\/\/www.jeannedarc-figeac.fr\/college-lycee\/les-langues\/#breadcrumb","itemListElement":[{"@type":"ListItem","position":1,"name":"Accueil","item":"https:\/\/www.jeannedarc-figeac.fr\/college-lycee\/"},{"@type":"ListItem","position":2,"name":"Les langues et \u00e9changes linguistiques"}]},{"@type":"WebSite","@id":"https:\/\/www.jeannedarc-figeac.fr\/college-lycee\/#website","url":"https:\/\/www.jeannedarc-figeac.fr\/college-lycee\/","name":"Coll\u00e8ge et Lyc\u00e9e Jeanne d&#039;Arc","description":"Jeanne d&#039;Arc Figeac","potentialAction":[{"@type":"SearchAction","target":{"@type":"EntryPoint","urlTemplate":"https:\/\/www.jeannedarc-figeac.fr\/college-lycee\/?s={search_term_string}"},"query-input":{"@type":"PropertyValueSpecification","valueRequired":true,"valueName":"search_term_string"}}],"inLanguage":"fr-FR"}]}},"jetpack_sharing_enabled":true,"jetpack_shortlink":"https:\/\/wp.me\/P5Qyb6-76","_links":{"self":[{"href":"https:\/\/www.jeannedarc-figeac.fr\/college-lycee\/wp-json\/wp\/v2\/pages\/440","targetHints":{"allow":["GET"]}}],"collection":[{"href":"https:\/\/www.jeannedarc-figeac.fr\/college-lycee\/wp-json\/wp\/v2\/pages"}],"about":[{"href":"https:\/\/www.jeannedarc-figeac.fr\/college-lycee\/wp-json\/wp\/v2\/types\/page"}],"author":[{"embeddable":true,"href":"https:\/\/www.jeannedarc-figeac.fr\/college-lycee\/wp-json\/wp\/v2\/users\/1"}],"replies":[{"embeddable":true,"href":"https:\/\/www.jeannedarc-figeac.fr\/college-lycee\/wp-json\/wp\/v2\/comments?post=440"}],"version-history":[{"count":27,"href":"https:\/\/www.jeannedarc-figeac.fr\/college-lycee\/wp-json\/wp\/v2\/pages\/440\/revisions"}],"predecessor-version":[{"id":6172,"href":"https:\/\/www.jeannedarc-figeac.fr\/college-lycee\/wp-json\/wp\/v2\/pages\/440\/revisions\/6172"}],"wp:attachment":[{"href":"https:\/\/www.jeannedarc-figeac.fr\/college-lycee\/wp-json\/wp\/v2\/media?parent=440"}],"curies":[{"name":"wp","href":"https:\/\/api.w.org\/{rel}","templated":true}]}}