{"id":359,"date":"2015-01-20T14:42:42","date_gmt":"2015-01-20T14:42:42","guid":{"rendered":"http:\/\/www.jeannedarc-figeac.fr\/college-lycee\/?page_id=359"},"modified":"2015-04-28T11:52:19","modified_gmt":"2015-04-28T11:52:19","slug":"projet-educatif","status":"publish","type":"page","link":"https:\/\/www.jeannedarc-figeac.fr\/college-lycee\/projet-educatif\/","title":{"rendered":"Projet \u00e9ducatif"},"content":{"rendered":"<p>[et_pb_section fullwidth=\u00a0\u00bbon\u00a0\u00bb specialty=\u00a0\u00bboff\u00a0\u00bb transparent_background=\u00a0\u00bbon\u00a0\u00bb background_color=\u00a0\u00bb#c37cc6&Prime; inner_shadow=\u00a0\u00bbon\u00a0\u00bb parallax=\u00a0\u00bboff\u00a0\u00bb parallax_method=\u00a0\u00bboff\u00a0\u00bb background_image=\u00a0\u00bbhttp:\/\/www.jeannedarc-figeac.fr\/college-lycee\/wp-content\/uploads\/sites\/5\/2015\/02\/TitleCOLLEGE.png\u00a0\u00bb allow_player_pause=\u00a0\u00bboff\u00a0\u00bb][et_pb_fullwidth_header admin_label=\u00a0\u00bbFullwidth Header\u00a0\u00bb title=\u00a0\u00bbNotre projet.\u00a0\u00bb background_layout=\u00a0\u00bbdark\u00a0\u00bb text_orientation=\u00a0\u00bbleft\u00a0\u00bb subhead=\u00a0\u00bbProjet \u00e9ducatif\u00a0\u00bb \/][\/et_pb_section][et_pb_section fullwidth=\u00a0\u00bboff\u00a0\u00bb specialty=\u00a0\u00bboff\u00a0\u00bb][et_pb_row][et_pb_column type=\u00a0\u00bb1_4&Prime;][et_pb_sidebar admin_label=\u00a0\u00bbSidebar\u00a0\u00bb orientation=\u00a0\u00bbleft\u00a0\u00bb area=\u00a0\u00bbet_pb_widget_area_4&Prime; background_layout=\u00a0\u00bblight\u00a0\u00bb \/][\/et_pb_column][et_pb_column type=\u00a0\u00bb3_4&Prime;][et_pb_text admin_label=\u00a0\u00bbText\u00a0\u00bb background_layout=\u00a0\u00bblight\u00a0\u00bb text_orientation=\u00a0\u00bbleft\u00a0\u00bb]<\/p>\n<p>Le Coll\u00e8ge\/Lyc\u00e9e Jeanne d\u2019Arc est un \u00c9tablissement Catholique d\u2019Enseignement sous contrat d\u2019association avec l\u2019\u00c9tat ouvert \u00e0 tous sans distinction de religion, d\u2019origine scolaire ou sociale.<\/p>\n<p>Sa vocation est d\u2019enseigner et d\u2019\u00e9duquer.<\/p>\n<p>Son projet \u00e9ducatif s\u2019enracine dans la tradition de la Congr\u00e9gation des s\u0153urs de la Sainte-Famille de Villefranche de Rouergue et s&rsquo;inspire du charisme de sa fondatrice Sainte Emilie de Rodat.<\/p>\n<p>Tous les membres qui repr\u00e9sentent la Communaut\u00e9 Educative (parents, \u00e9l\u00e8ves, professeurs et personnels) ont particip\u00e9 \u00e0 l\u2019\u00e9criture de ce projet et contribuent \u00e0 le faire vivre.<\/p>\n<p>&nbsp;<\/p>\n<p>&nbsp;<\/p>\n<p><strong>BIENVEILLANCE<\/strong><\/p>\n<p>Douceur, patience, exigence et fermet\u00e9 envers tous, jeunes et adultes sont les cl\u00e9s d\u2019une \u00e9ducation bienveillante.<\/p>\n<p><strong>PARTAGE<\/strong><\/p>\n<p>Partager des valeurs, partager les diff\u00e9rences, partager des moments de convivialit\u00e9 pour favoriser le bien-\u00eatre, la confiance en soi.<\/p>\n<p><strong>CR\u00c9ATIVIT\u00c9<\/strong><\/p>\n<p>Permettre la cr\u00e9ativit\u00e9 des \u00e9ducateurs, lib\u00e9rer les talents des \u00e9l\u00e8ves, initier des projets pour oser un souffle f\u00e9d\u00e9rateur.<\/p>\n<p><strong>DEVENIR<\/strong><\/p>\n<p>Accueillir et accompagner le questionnement qui permet \u00e0 chacun de grandir. Transmettre un enseignement qui permet \u00e0 chacun de se construire. Eveiller \u00e0 la foi et donner du sens en r\u00e9f\u00e9rence au charisme de Sainte Emilie de Rodat.<\/p>\n<p>[\/et_pb_text][\/et_pb_column][\/et_pb_row][\/et_pb_section]<\/p>\n","protected":false},"excerpt":{"rendered":"<div class=\"et_pb_row et_pb_row_0 et_pb_row_empty\"><\/div>\n<p> Le Coll\u00e8ge\/Lyc\u00e9e Jeanne d\u2019Arc est un \u00c9tablissement Catholique d\u2019Enseignement sous contrat d\u2019association avec l\u2019\u00c9tat ouvert \u00e0 tous sans distinction de religion, d\u2019origine scolaire ou sociale. Sa vocation est d\u2019enseigner et d\u2019\u00e9duquer. Son projet \u00e9ducatif s\u2019enracine dans la tradition de la Congr\u00e9gation des s\u0153urs de la Sainte-Famille de Villefranche de Rouergue et s&rsquo;inspire du charisme [&hellip;]<\/p>\n","protected":false},"author":1,"featured_media":0,"parent":0,"menu_order":0,"comment_status":"open","ping_status":"closed","template":"","meta":{"_et_pb_use_builder":"on","_et_pb_old_content":"","_et_gb_content_width":"","iawp_total_views":461,"footnotes":""},"class_list":["post-359","page","type-page","status-publish","hentry"],"yoast_head":"<!-- This site is optimized with the Yoast SEO plugin v26.0 - https:\/\/yoast.com\/wordpress\/plugins\/seo\/ -->\n<title>Projet \u00e9ducatif<\/title>\n<meta name=\"description\" content=\"Le Coll\u00e8ge\/Lyc\u00e9e Jeanne d\u2019Arc est un \u00c9tablissement Catholique d\u2019Enseignement sous contrat d\u2019association avec l\u2019\u00c9tat ouvert \u00e0 tous... Son projet \u00e9ducatif...\" \/>\n<meta name=\"robots\" content=\"index, follow, max-snippet:-1, max-image-preview:large, max-video-preview:-1\" \/>\n<link rel=\"canonical\" href=\"http:\/\/www.jeannedarc-figeac.fr\/college-lycee\/projet-educatif\/\" \/>\n<meta property=\"og:locale\" content=\"fr_FR\" \/>\n<meta property=\"og:type\" content=\"article\" \/>\n<meta property=\"og:title\" content=\"Projet \u00e9ducatif\" \/>\n<meta property=\"og:description\" content=\"Le Coll\u00e8ge\/Lyc\u00e9e Jeanne d\u2019Arc est un \u00c9tablissement Catholique d\u2019Enseignement sous contrat d\u2019association avec l\u2019\u00c9tat ouvert \u00e0 tous... Son projet \u00e9ducatif...\" \/>\n<meta property=\"og:url\" content=\"http:\/\/www.jeannedarc-figeac.fr\/college-lycee\/projet-educatif\/\" \/>\n<meta property=\"og:site_name\" content=\"Coll\u00e8ge et Lyc\u00e9e Jeanne d&#039;Arc\" \/>\n<meta property=\"article:modified_time\" content=\"2015-04-28T11:52:19+00:00\" \/>\n<script type=\"application\/ld+json\" class=\"yoast-schema-graph\">{\"@context\":\"https:\/\/schema.org\",\"@graph\":[{\"@type\":\"WebPage\",\"@id\":\"http:\/\/www.jeannedarc-figeac.fr\/college-lycee\/projet-educatif\/\",\"url\":\"http:\/\/www.jeannedarc-figeac.fr\/college-lycee\/projet-educatif\/\",\"name\":\"Projet \u00e9ducatif\",\"isPartOf\":{\"@id\":\"https:\/\/www.jeannedarc-figeac.fr\/college-lycee\/#website\"},\"datePublished\":\"2015-01-20T14:42:42+00:00\",\"dateModified\":\"2015-04-28T11:52:19+00:00\",\"description\":\"Le Coll\u00e8ge\/Lyc\u00e9e Jeanne d\u2019Arc est un \u00c9tablissement Catholique d\u2019Enseignement sous contrat d\u2019association avec l\u2019\u00c9tat ouvert \u00e0 tous... Son projet \u00e9ducatif...\",\"breadcrumb\":{\"@id\":\"http:\/\/www.jeannedarc-figeac.fr\/college-lycee\/projet-educatif\/#breadcrumb\"},\"inLanguage\":\"fr-FR\",\"potentialAction\":[{\"@type\":\"ReadAction\",\"target\":[\"http:\/\/www.jeannedarc-figeac.fr\/college-lycee\/projet-educatif\/\"]}]},{\"@type\":\"BreadcrumbList\",\"@id\":\"http:\/\/www.jeannedarc-figeac.fr\/college-lycee\/projet-educatif\/#breadcrumb\",\"itemListElement\":[{\"@type\":\"ListItem\",\"position\":1,\"name\":\"Accueil\",\"item\":\"https:\/\/www.jeannedarc-figeac.fr\/college-lycee\/\"},{\"@type\":\"ListItem\",\"position\":2,\"name\":\"Projet \u00e9ducatif\"}]},{\"@type\":\"WebSite\",\"@id\":\"https:\/\/www.jeannedarc-figeac.fr\/college-lycee\/#website\",\"url\":\"https:\/\/www.jeannedarc-figeac.fr\/college-lycee\/\",\"name\":\"Coll\u00e8ge et Lyc\u00e9e Jeanne d&#039;Arc\",\"description\":\"Jeanne d&#039;Arc Figeac\",\"potentialAction\":[{\"@type\":\"SearchAction\",\"target\":{\"@type\":\"EntryPoint\",\"urlTemplate\":\"https:\/\/www.jeannedarc-figeac.fr\/college-lycee\/?s={search_term_string}\"},\"query-input\":{\"@type\":\"PropertyValueSpecification\",\"valueRequired\":true,\"valueName\":\"search_term_string\"}}],\"inLanguage\":\"fr-FR\"}]}<\/script>\n<!-- \/ Yoast SEO plugin. -->","yoast_head_json":{"title":"Projet \u00e9ducatif","description":"Le Coll\u00e8ge\/Lyc\u00e9e Jeanne d\u2019Arc est un \u00c9tablissement Catholique d\u2019Enseignement sous contrat d\u2019association avec l\u2019\u00c9tat ouvert \u00e0 tous... Son projet \u00e9ducatif...","robots":{"index":"index","follow":"follow","max-snippet":"max-snippet:-1","max-image-preview":"max-image-preview:large","max-video-preview":"max-video-preview:-1"},"canonical":"http:\/\/www.jeannedarc-figeac.fr\/college-lycee\/projet-educatif\/","og_locale":"fr_FR","og_type":"article","og_title":"Projet \u00e9ducatif","og_description":"Le Coll\u00e8ge\/Lyc\u00e9e Jeanne d\u2019Arc est un \u00c9tablissement Catholique d\u2019Enseignement sous contrat d\u2019association avec l\u2019\u00c9tat ouvert \u00e0 tous... Son projet \u00e9ducatif...","og_url":"http:\/\/www.jeannedarc-figeac.fr\/college-lycee\/projet-educatif\/","og_site_name":"Coll\u00e8ge et Lyc\u00e9e Jeanne d&#039;Arc","article_modified_time":"2015-04-28T11:52:19+00:00","schema":{"@context":"https:\/\/schema.org","@graph":[{"@type":"WebPage","@id":"http:\/\/www.jeannedarc-figeac.fr\/college-lycee\/projet-educatif\/","url":"http:\/\/www.jeannedarc-figeac.fr\/college-lycee\/projet-educatif\/","name":"Projet \u00e9ducatif","isPartOf":{"@id":"https:\/\/www.jeannedarc-figeac.fr\/college-lycee\/#website"},"datePublished":"2015-01-20T14:42:42+00:00","dateModified":"2015-04-28T11:52:19+00:00","description":"Le Coll\u00e8ge\/Lyc\u00e9e Jeanne d\u2019Arc est un \u00c9tablissement Catholique d\u2019Enseignement sous contrat d\u2019association avec l\u2019\u00c9tat ouvert \u00e0 tous... Son projet \u00e9ducatif...","breadcrumb":{"@id":"http:\/\/www.jeannedarc-figeac.fr\/college-lycee\/projet-educatif\/#breadcrumb"},"inLanguage":"fr-FR","potentialAction":[{"@type":"ReadAction","target":["http:\/\/www.jeannedarc-figeac.fr\/college-lycee\/projet-educatif\/"]}]},{"@type":"BreadcrumbList","@id":"http:\/\/www.jeannedarc-figeac.fr\/college-lycee\/projet-educatif\/#breadcrumb","itemListElement":[{"@type":"ListItem","position":1,"name":"Accueil","item":"https:\/\/www.jeannedarc-figeac.fr\/college-lycee\/"},{"@type":"ListItem","position":2,"name":"Projet \u00e9ducatif"}]},{"@type":"WebSite","@id":"https:\/\/www.jeannedarc-figeac.fr\/college-lycee\/#website","url":"https:\/\/www.jeannedarc-figeac.fr\/college-lycee\/","name":"Coll\u00e8ge et Lyc\u00e9e Jeanne d&#039;Arc","description":"Jeanne d&#039;Arc Figeac","potentialAction":[{"@type":"SearchAction","target":{"@type":"EntryPoint","urlTemplate":"https:\/\/www.jeannedarc-figeac.fr\/college-lycee\/?s={search_term_string}"},"query-input":{"@type":"PropertyValueSpecification","valueRequired":true,"valueName":"search_term_string"}}],"inLanguage":"fr-FR"}]}},"jetpack_sharing_enabled":true,"jetpack_shortlink":"https:\/\/wp.me\/P5Qyb6-5N","_links":{"self":[{"href":"https:\/\/www.jeannedarc-figeac.fr\/college-lycee\/wp-json\/wp\/v2\/pages\/359","targetHints":{"allow":["GET"]}}],"collection":[{"href":"https:\/\/www.jeannedarc-figeac.fr\/college-lycee\/wp-json\/wp\/v2\/pages"}],"about":[{"href":"https:\/\/www.jeannedarc-figeac.fr\/college-lycee\/wp-json\/wp\/v2\/types\/page"}],"author":[{"embeddable":true,"href":"https:\/\/www.jeannedarc-figeac.fr\/college-lycee\/wp-json\/wp\/v2\/users\/1"}],"replies":[{"embeddable":true,"href":"https:\/\/www.jeannedarc-figeac.fr\/college-lycee\/wp-json\/wp\/v2\/comments?post=359"}],"version-history":[{"count":10,"href":"https:\/\/www.jeannedarc-figeac.fr\/college-lycee\/wp-json\/wp\/v2\/pages\/359\/revisions"}],"predecessor-version":[{"id":1392,"href":"https:\/\/www.jeannedarc-figeac.fr\/college-lycee\/wp-json\/wp\/v2\/pages\/359\/revisions\/1392"}],"wp:attachment":[{"href":"https:\/\/www.jeannedarc-figeac.fr\/college-lycee\/wp-json\/wp\/v2\/media?parent=359"}],"curies":[{"name":"wp","href":"https:\/\/api.w.org\/{rel}","templated":true}]}}