{"id":333,"date":"2015-01-20T14:01:10","date_gmt":"2015-01-20T14:01:10","guid":{"rendered":"http:\/\/www.jeannedarc-figeac.fr\/college-lycee\/?page_id=333"},"modified":"2022-08-23T10:18:47","modified_gmt":"2022-08-23T10:18:47","slug":"linternat","status":"publish","type":"page","link":"https:\/\/www.jeannedarc-figeac.fr\/college-lycee\/linternat\/","title":{"rendered":"R\u00e9sidence\/Internat"},"content":{"rendered":"<p>[et_pb_section fb_built=\u00a0\u00bb1&Prime; inner_shadow=\u00a0\u00bbon\u00a0\u00bb fullwidth=\u00a0\u00bbon\u00a0\u00bb _builder_version=\u00a0\u00bb4.16&Prime; background_color=\u00a0\u00bbrgba(255,255,255,0)\u00a0\u00bb background_image=\u00a0\u00bbhttp:\/\/www.jeannedarc-figeac.fr\/college-lycee\/wp-content\/uploads\/sites\/5\/2015\/02\/TitleCOLLEGE.png\u00a0\u00bb transparent_background=\u00a0\u00bbon\u00a0\u00bb global_colors_info=\u00a0\u00bb{}\u00a0\u00bb][et_pb_fullwidth_header title=\u00a0\u00bbInternat et Restauration\u00a0\u00bb subhead=\u00a0\u00bbL&rsquo;internat\u00a0\u00bb content_max_width=\u00a0\u00bbnone\u00a0\u00bb admin_label=\u00a0\u00bbFullwidth Header\u00a0\u00bb _builder_version=\u00a0\u00bb4.17.5&Prime; background_color=\u00a0\u00bbrgba(255, 255, 255, 0)\u00a0\u00bb min_height=\u00a0\u00bb195px\u00a0\u00bb custom_padding=\u00a0\u00bb||44px|||\u00a0\u00bb global_colors_info=\u00a0\u00bb{}\u00a0\u00bb button_one_text_size__hover_enabled=\u00a0\u00bboff\u00a0\u00bb button_two_text_size__hover_enabled=\u00a0\u00bboff\u00a0\u00bb button_one_text_color__hover_enabled=\u00a0\u00bboff\u00a0\u00bb button_two_text_color__hover_enabled=\u00a0\u00bboff\u00a0\u00bb button_one_border_width__hover_enabled=\u00a0\u00bboff\u00a0\u00bb button_two_border_width__hover_enabled=\u00a0\u00bboff\u00a0\u00bb button_one_border_color__hover_enabled=\u00a0\u00bboff\u00a0\u00bb button_two_border_color__hover_enabled=\u00a0\u00bboff\u00a0\u00bb button_one_border_radius__hover_enabled=\u00a0\u00bboff\u00a0\u00bb button_two_border_radius__hover_enabled=\u00a0\u00bboff\u00a0\u00bb button_one_letter_spacing__hover_enabled=\u00a0\u00bboff\u00a0\u00bb button_two_letter_spacing__hover_enabled=\u00a0\u00bboff\u00a0\u00bb button_one_bg_color__hover_enabled=\u00a0\u00bboff\u00a0\u00bb button_two_bg_color__hover_enabled=\u00a0\u00bboff\u00a0\u00bb][\/et_pb_fullwidth_header][\/et_pb_section][et_pb_section fb_built=\u00a0\u00bb1&Prime; _builder_version=\u00a0\u00bb4.17.5&Prime; use_background_color_gradient=\u00a0\u00bbon\u00a0\u00bb background_color_gradient_stops=\u00a0\u00bb#ece7d6 0%|rgba(0,75,130,0.83) 74%\u00a0\u00bb custom_margin=\u00a0\u00bb-16px|||||\u00a0\u00bb hover_enabled=\u00a0\u00bb0&Prime; global_colors_info=\u00a0\u00bb{}\u00a0\u00bb sticky_enabled=\u00a0\u00bb0&Prime;][et_pb_row column_structure=\u00a0\u00bb1_4,3_4&Prime; _builder_version=\u00a0\u00bb4.16&Prime; background_size=\u00a0\u00bbinitial\u00a0\u00bb background_position=\u00a0\u00bbtop_left\u00a0\u00bb background_repeat=\u00a0\u00bbrepeat\u00a0\u00bb global_colors_info=\u00a0\u00bb{}\u00a0\u00bb][et_pb_column type=\u00a0\u00bb1_4&Prime; _builder_version=\u00a0\u00bb4.16&Prime; custom_padding=\u00a0\u00bb|||\u00a0\u00bb global_colors_info=\u00a0\u00bb{}\u00a0\u00bb custom_padding__hover=\u00a0\u00bb|||\u00a0\u00bb][et_pb_sidebar area=\u00a0\u00bbet_pb_widget_area_8&Prime; admin_label=\u00a0\u00bbSidebar\u00a0\u00bb _builder_version=\u00a0\u00bb4.16&Prime; global_colors_info=\u00a0\u00bb{}\u00a0\u00bb][\/et_pb_sidebar][\/et_pb_column][et_pb_column type=\u00a0\u00bb3_4&Prime; _builder_version=\u00a0\u00bb4.16&Prime; custom_padding=\u00a0\u00bb|||\u00a0\u00bb global_colors_info=\u00a0\u00bb{}\u00a0\u00bb custom_padding__hover=\u00a0\u00bb|||\u00a0\u00bb][et_pb_text admin_label=\u00a0\u00bbText\u00a0\u00bb _builder_version=\u00a0\u00bb4.16&Prime; text_text_color=\u00a0\u00bb#000000&Prime; ul_line_height=\u00a0\u00bb2em\u00a0\u00bb header_font=\u00a0\u00bbAclonica||||||||\u00a0\u00bb header_font_size=\u00a0\u00bb40px\u00a0\u00bb header_2_font=\u00a0\u00bbABeeZee|700||on|||||\u00a0\u00bb header_2_text_color=\u00a0\u00bb#7CDA24&Prime; header_2_font_size=\u00a0\u00bb30px\u00a0\u00bb header_2_letter_spacing=\u00a0\u00bb1px\u00a0\u00bb header_3_font=\u00a0\u00bbABeeZee|700||on|on||||\u00a0\u00bb header_3_text_color=\u00a0\u00bb#52ad1d\u00a0\u00bb background_size=\u00a0\u00bbinitial\u00a0\u00bb background_position=\u00a0\u00bbtop_left\u00a0\u00bb background_repeat=\u00a0\u00bbrepeat\u00a0\u00bb header_text_shadow_style=\u00a0\u00bbpreset3&Prime; header_text_shadow_color=\u00a0\u00bb#7CDA24&Prime; global_colors_info=\u00a0\u00bb{}\u00a0\u00bb]<\/p>\n<h1 style=\"text-align: center;\"><strong>Etre interne \u00e0 Jeanne d&rsquo;arc<\/strong><\/h1>\n<p><strong><\/strong><\/p>\n<h2 style=\"text-align: center;\"><b>Pr\u00e9sentation de l&rsquo;Internat<\/b><\/h2>\n<p><b><\/b><\/p>\n<p><b>L&rsquo;<\/b><b>\u00e9<\/b><b>tablissement dispose de 113 places d\u2019h\u00e9bergement qui s&rsquo;organisent sur deux sites :<\/b><\/p>\n<ul>\n<li><b>Un internat \u00ab\u00a0filles\u00a0\u00bb <\/b>de 71 places \u00e0 la R\u00e9sidence Arc en Ciel, avenue Julien Bailly en chambre de 2 ou de 3 avec mezzanine. Les gar\u00e7ons du coll\u00e8ge de la 6\u00e8me \u00e0 la 5\u00e8me y sont \u00e9galement h\u00e9berg\u00e9s.<\/li>\n<li><b>Un internat \u00ab\u00a0gar<\/b><b>\u00e7<\/b><b>ons\u00a0\u00bb <\/b>de 42 places sur le site de l&rsquo;\u00e9tablissement, 11 All\u00e9es P. B\u00e9r\u00e9govoy en chambre de 2.<\/li>\n<li><b>L&rsquo;internat est ouvert <\/b><b>\u00e0<\/b><b> tous les <\/b><b>\u00e9<\/b><b>l<\/b><b>\u00e8<\/b><b>ves de l<\/b><b>\u2019<\/b><b>Etablissement de la 6\u00e8me \u00e0 la terminale.<\/b><\/li>\n<li><b><\/b><b>Un accueil est propos\u00e9 le dimanche soir <\/b><b>\u00e0<\/b><b> partir de 20 heures sous certaines conditions.<\/b><\/li>\n<\/ul>\n<p><b><\/b><\/p>\n<hr \/>\n<p>&nbsp;<\/p>\n<h2 style=\"text-align: center;\">La Vie \u00e0 l&rsquo;Internat<\/h2>\n<p>&nbsp;<\/p>\n<h3 style=\"text-align: center;\">APRES LES COURS<\/h3>\n<p>&nbsp;<\/p>\n<ul>\n<li>Les <b>go\u00fbters <\/b>sont propos\u00e9s \u00e0 16h45 et \u00e0 17h45.<\/li>\n<li>L\u2019<b>\u00e9<\/b><b>tude <\/b>est obligatoire et surveill\u00e9e tous les soirs de 17h15 \u00e0 19h00 dans trois salles qui sont\u00a0organis\u00e9es par niveau (les coll\u00e9giens, les 2ndes \/ 1\u00e8res et les terminales). Une salle informatique avec un acc\u00e8s Internet et imprimante est mise \u00e0 disposition. Le CDI est \u00e9galement accessible.<\/li>\n<li><b>Repas <\/b>au self de 19h00 \u00e0 20h00.<\/li>\n<li><b>Les internats sont accessibles \u00e0 partir de 20h00 :<\/b><\/li>\n<li>Travail en chambre ou en salle d\u2019\u00e9tude, d\u00e9tente dans les chambres, partie de cartes ou de scrabble dans les parties communes, match de foot ou film, douches&#8230;<\/li>\n<li>Les coll\u00e9gien(ne)s confient leur portable au ma\u00eetre d\u2019internat avant 21h30.<\/li>\n<li><b>Le silence et l\u2019extinction des lumi<\/b><b>\u00e8<\/b><b>res <\/b>est demand\u00e9 \u00e0 21h30 pour les coll\u00e9gien(ne)s. Les lyc\u00e9en(ne)s peuvent veiller, dans le calme, jusqu\u2019\u00e0 22h00 voire plus tard en p\u00e9riode d\u2019examens.<\/li>\n<\/ul>\n<p>&nbsp;<\/p>\n<h3 style=\"text-align: center;\"><b>LE MATIN<\/b><\/h3>\n<p><b><\/b><\/p>\n<ul>\n<li>Le <b>r\u00e9veil <\/b>commence \u00e0 6h40 et le petit d\u00e9jeuner est servi entre 6h45 et 7h30. Croissants le vendredi matin&#8230;<\/li>\n<li>La <b>fermeture <\/b>des internats se fait \u00e0 7h45 pour un d\u00e9but des cours \u00e0 8h00.<\/li>\n<\/ul>\n<p>&nbsp;<\/p>\n<h3 style=\"text-align: center;\"><b>\u00a0LES ANIMATIONS<\/b><\/h3>\n<ul>\n<li>Mise \u00e0 disposition de tables de ping-pong, jeux de soci\u00e9t\u00e9, Initiation au monocycle,\u00a0baby foot, Xbox, d\u2019un\u00a0coin TV sur les 2 sites<i>.<\/i><\/li>\n<li>Des <b>sorties <\/b>(randonn\u00e9es, expositions\u2026).<\/li>\n<li>Des <b>ateliers <\/b>divers (cuisine, loisirs cr\u00e9atifs\u2026) et des activit\u00e9s sportives dans\u00a0le cadre de <b>l\u2019UNSS <\/b>les mercredis apr\u00e8s-midi.<\/li>\n<li>Des <b>soir\u00e9es <\/b>: g\u00e2teau d&rsquo;anniversaire, jeux de soci\u00e9t\u00e9, cr\u00eapes party, repas\u00a0de No\u00ebl, bal de fin d\u2019ann\u00e9e, conf\u00e9rences\/d\u00e9bat&#8230;<\/li>\n<\/ul>\n<p>&nbsp;<\/p>\n<h3 style=\"text-align: center;\"><b>L\u2019ACCOMPAGNEMENT<\/b><\/h3>\n<ul>\n<li>Un<b> \u00ab\u00a0point \u00e9coute<\/b>\u00a0<b>\u00bb<\/b>\u00a0 est ouvert de 17h00 \u00e0 18h30 o\u00f9 votre enfant sera accueilli par Florence, m\u00e9diatrice.<\/li>\n<li>Un <b>suivi individualis\u00e9 <\/b>de l\u2019enfant avec sa famille, en collaboration avec le personnel \u00e9ducatif, les enseignants et la cheffe d\u2019\u00e9tablissement, est r\u00e9alis\u00e9 par <b style=\"font-size: 17px;\">la Responsable vie scolaire internat<\/b><span style=\"font-size: 17px;\">.<\/span><\/li>\n<li><b><b>L\u2019\u00e9quipe \u00ab\u00a0internat\u00a0\u00bb est pr\u00eate \u00e0 accueillir votre enfant et \u00e0 l\u2019accompagner durant\u00a0<\/b><\/b><b>toute sa scolarit\u00e9 dans l\u2019\u00e9tablissement.<\/b><\/li>\n<\/ul>\n<p>[\/et_pb_text][\/et_pb_column][\/et_pb_row][\/et_pb_section]<\/p>\n","protected":false},"excerpt":{"rendered":"<p>Etre interne \u00e0 Jeanne d&rsquo;arc Pr\u00e9sentation de l&rsquo;Internat L&rsquo;\u00e9tablissement dispose de 113 places d\u2019h\u00e9bergement qui s&rsquo;organisent sur deux sites : Un internat \u00ab\u00a0filles\u00a0\u00bb de 71 places \u00e0 la R\u00e9sidence Arc en Ciel, avenue Julien Bailly en chambre de 2 ou de 3 avec mezzanine. Les gar\u00e7ons du coll\u00e8ge de la 6\u00e8me \u00e0 la 5\u00e8me y [&hellip;]<\/p>\n","protected":false},"author":1,"featured_media":0,"parent":0,"menu_order":0,"comment_status":"open","ping_status":"closed","template":"","meta":{"_et_pb_use_builder":"on","_et_pb_old_content":"","_et_gb_content_width":"","iawp_total_views":477,"footnotes":""},"class_list":["post-333","page","type-page","status-publish","hentry"],"yoast_head":"<!-- This site is optimized with the Yoast SEO plugin v26.0 - https:\/\/yoast.com\/wordpress\/plugins\/seo\/ -->\n<title>R\u00e9sidence\/Internat<\/title>\n<meta name=\"description\" content=\"R\u00e9sidence et internat : L&#039;h\u00e9bergement s&#039;organise sur deux sites : un internat filles coll\u00e9giennes et gar\u00e7ons sur le site de l&#039;\u00e9tablissement, un internat filles, la R\u00e9sidence Arc en Ciel, avenue Julien Bailly.\" \/>\n<meta name=\"robots\" content=\"index, follow, max-snippet:-1, max-image-preview:large, max-video-preview:-1\" \/>\n<link rel=\"canonical\" href=\"http:\/\/www.jeannedarc-figeac.fr\/college-lycee\/linternat\/\" \/>\n<meta property=\"og:locale\" content=\"fr_FR\" \/>\n<meta property=\"og:type\" content=\"article\" \/>\n<meta property=\"og:title\" content=\"R\u00e9sidence\/Internat\" \/>\n<meta property=\"og:description\" content=\"R\u00e9sidence et internat : L&#039;h\u00e9bergement s&#039;organise sur deux sites : un internat filles coll\u00e9giennes et gar\u00e7ons sur le site de l&#039;\u00e9tablissement, un internat filles, la R\u00e9sidence Arc en Ciel, avenue Julien Bailly.\" \/>\n<meta property=\"og:url\" content=\"http:\/\/www.jeannedarc-figeac.fr\/college-lycee\/linternat\/\" \/>\n<meta property=\"og:site_name\" content=\"Coll\u00e8ge et Lyc\u00e9e Jeanne d&#039;Arc\" \/>\n<meta property=\"article:modified_time\" content=\"2022-08-23T10:18:47+00:00\" \/>\n<script type=\"application\/ld+json\" class=\"yoast-schema-graph\">{\"@context\":\"https:\/\/schema.org\",\"@graph\":[{\"@type\":\"WebPage\",\"@id\":\"http:\/\/www.jeannedarc-figeac.fr\/college-lycee\/linternat\/\",\"url\":\"http:\/\/www.jeannedarc-figeac.fr\/college-lycee\/linternat\/\",\"name\":\"R\u00e9sidence\/Internat\",\"isPartOf\":{\"@id\":\"https:\/\/www.jeannedarc-figeac.fr\/college-lycee\/#website\"},\"datePublished\":\"2015-01-20T14:01:10+00:00\",\"dateModified\":\"2022-08-23T10:18:47+00:00\",\"description\":\"R\u00e9sidence et internat : L'h\u00e9bergement s'organise sur deux sites : un internat filles coll\u00e9giennes et gar\u00e7ons sur le site de l'\u00e9tablissement, un internat filles, la R\u00e9sidence Arc en Ciel, avenue Julien Bailly.\",\"breadcrumb\":{\"@id\":\"http:\/\/www.jeannedarc-figeac.fr\/college-lycee\/linternat\/#breadcrumb\"},\"inLanguage\":\"fr-FR\",\"potentialAction\":[{\"@type\":\"ReadAction\",\"target\":[\"http:\/\/www.jeannedarc-figeac.fr\/college-lycee\/linternat\/\"]}]},{\"@type\":\"BreadcrumbList\",\"@id\":\"http:\/\/www.jeannedarc-figeac.fr\/college-lycee\/linternat\/#breadcrumb\",\"itemListElement\":[{\"@type\":\"ListItem\",\"position\":1,\"name\":\"Accueil\",\"item\":\"https:\/\/www.jeannedarc-figeac.fr\/college-lycee\/\"},{\"@type\":\"ListItem\",\"position\":2,\"name\":\"R\u00e9sidence\/Internat\"}]},{\"@type\":\"WebSite\",\"@id\":\"https:\/\/www.jeannedarc-figeac.fr\/college-lycee\/#website\",\"url\":\"https:\/\/www.jeannedarc-figeac.fr\/college-lycee\/\",\"name\":\"Coll\u00e8ge et Lyc\u00e9e Jeanne d&#039;Arc\",\"description\":\"Jeanne d&#039;Arc Figeac\",\"potentialAction\":[{\"@type\":\"SearchAction\",\"target\":{\"@type\":\"EntryPoint\",\"urlTemplate\":\"https:\/\/www.jeannedarc-figeac.fr\/college-lycee\/?s={search_term_string}\"},\"query-input\":{\"@type\":\"PropertyValueSpecification\",\"valueRequired\":true,\"valueName\":\"search_term_string\"}}],\"inLanguage\":\"fr-FR\"}]}<\/script>\n<!-- \/ Yoast SEO plugin. -->","yoast_head_json":{"title":"R\u00e9sidence\/Internat","description":"R\u00e9sidence et internat : L'h\u00e9bergement s'organise sur deux sites : un internat filles coll\u00e9giennes et gar\u00e7ons sur le site de l'\u00e9tablissement, un internat filles, la R\u00e9sidence Arc en Ciel, avenue Julien Bailly.","robots":{"index":"index","follow":"follow","max-snippet":"max-snippet:-1","max-image-preview":"max-image-preview:large","max-video-preview":"max-video-preview:-1"},"canonical":"http:\/\/www.jeannedarc-figeac.fr\/college-lycee\/linternat\/","og_locale":"fr_FR","og_type":"article","og_title":"R\u00e9sidence\/Internat","og_description":"R\u00e9sidence et internat : L'h\u00e9bergement s'organise sur deux sites : un internat filles coll\u00e9giennes et gar\u00e7ons sur le site de l'\u00e9tablissement, un internat filles, la R\u00e9sidence Arc en Ciel, avenue Julien Bailly.","og_url":"http:\/\/www.jeannedarc-figeac.fr\/college-lycee\/linternat\/","og_site_name":"Coll\u00e8ge et Lyc\u00e9e Jeanne d&#039;Arc","article_modified_time":"2022-08-23T10:18:47+00:00","schema":{"@context":"https:\/\/schema.org","@graph":[{"@type":"WebPage","@id":"http:\/\/www.jeannedarc-figeac.fr\/college-lycee\/linternat\/","url":"http:\/\/www.jeannedarc-figeac.fr\/college-lycee\/linternat\/","name":"R\u00e9sidence\/Internat","isPartOf":{"@id":"https:\/\/www.jeannedarc-figeac.fr\/college-lycee\/#website"},"datePublished":"2015-01-20T14:01:10+00:00","dateModified":"2022-08-23T10:18:47+00:00","description":"R\u00e9sidence et internat : L'h\u00e9bergement s'organise sur deux sites : un internat filles coll\u00e9giennes et gar\u00e7ons sur le site de l'\u00e9tablissement, un internat filles, la R\u00e9sidence Arc en Ciel, avenue Julien Bailly.","breadcrumb":{"@id":"http:\/\/www.jeannedarc-figeac.fr\/college-lycee\/linternat\/#breadcrumb"},"inLanguage":"fr-FR","potentialAction":[{"@type":"ReadAction","target":["http:\/\/www.jeannedarc-figeac.fr\/college-lycee\/linternat\/"]}]},{"@type":"BreadcrumbList","@id":"http:\/\/www.jeannedarc-figeac.fr\/college-lycee\/linternat\/#breadcrumb","itemListElement":[{"@type":"ListItem","position":1,"name":"Accueil","item":"https:\/\/www.jeannedarc-figeac.fr\/college-lycee\/"},{"@type":"ListItem","position":2,"name":"R\u00e9sidence\/Internat"}]},{"@type":"WebSite","@id":"https:\/\/www.jeannedarc-figeac.fr\/college-lycee\/#website","url":"https:\/\/www.jeannedarc-figeac.fr\/college-lycee\/","name":"Coll\u00e8ge et Lyc\u00e9e Jeanne d&#039;Arc","description":"Jeanne d&#039;Arc Figeac","potentialAction":[{"@type":"SearchAction","target":{"@type":"EntryPoint","urlTemplate":"https:\/\/www.jeannedarc-figeac.fr\/college-lycee\/?s={search_term_string}"},"query-input":{"@type":"PropertyValueSpecification","valueRequired":true,"valueName":"search_term_string"}}],"inLanguage":"fr-FR"}]}},"jetpack_sharing_enabled":true,"jetpack_shortlink":"https:\/\/wp.me\/P5Qyb6-5n","_links":{"self":[{"href":"https:\/\/www.jeannedarc-figeac.fr\/college-lycee\/wp-json\/wp\/v2\/pages\/333","targetHints":{"allow":["GET"]}}],"collection":[{"href":"https:\/\/www.jeannedarc-figeac.fr\/college-lycee\/wp-json\/wp\/v2\/pages"}],"about":[{"href":"https:\/\/www.jeannedarc-figeac.fr\/college-lycee\/wp-json\/wp\/v2\/types\/page"}],"author":[{"embeddable":true,"href":"https:\/\/www.jeannedarc-figeac.fr\/college-lycee\/wp-json\/wp\/v2\/users\/1"}],"replies":[{"embeddable":true,"href":"https:\/\/www.jeannedarc-figeac.fr\/college-lycee\/wp-json\/wp\/v2\/comments?post=333"}],"version-history":[{"count":16,"href":"https:\/\/www.jeannedarc-figeac.fr\/college-lycee\/wp-json\/wp\/v2\/pages\/333\/revisions"}],"predecessor-version":[{"id":4775,"href":"https:\/\/www.jeannedarc-figeac.fr\/college-lycee\/wp-json\/wp\/v2\/pages\/333\/revisions\/4775"}],"wp:attachment":[{"href":"https:\/\/www.jeannedarc-figeac.fr\/college-lycee\/wp-json\/wp\/v2\/media?parent=333"}],"curies":[{"name":"wp","href":"https:\/\/api.w.org\/{rel}","templated":true}]}}