{"id":331,"date":"2015-01-20T14:00:41","date_gmt":"2015-01-20T14:00:41","guid":{"rendered":"http:\/\/www.jeannedarc-figeac.fr\/college-lycee\/?page_id=331"},"modified":"2015-04-27T15:27:48","modified_gmt":"2015-04-27T15:27:48","slug":"cdi","status":"publish","type":"page","link":"https:\/\/www.jeannedarc-figeac.fr\/college-lycee\/cdi\/","title":{"rendered":"Le CDI"},"content":{"rendered":"<p>[et_pb_section fullwidth=\u00a0\u00bbon\u00a0\u00bb specialty=\u00a0\u00bboff\u00a0\u00bb transparent_background=\u00a0\u00bbon\u00a0\u00bb background_color=\u00a0\u00bb#c37cc6&Prime; inner_shadow=\u00a0\u00bbon\u00a0\u00bb parallax=\u00a0\u00bboff\u00a0\u00bb parallax_method=\u00a0\u00bboff\u00a0\u00bb background_image=\u00a0\u00bbhttp:\/\/www.jeannedarc-figeac.fr\/college-lycee\/wp-content\/uploads\/sites\/5\/2015\/02\/TitleCOLLEGE.png\u00a0\u00bb allow_player_pause=\u00a0\u00bboff\u00a0\u00bb][et_pb_fullwidth_header admin_label=\u00a0\u00bbFullwidth Header\u00a0\u00bb title=\u00a0\u00bbLieux de vie.\u00a0\u00bb background_layout=\u00a0\u00bbdark\u00a0\u00bb text_orientation=\u00a0\u00bbleft\u00a0\u00bb subhead=\u00a0\u00bbLe CDI\u00a0\u00bb \/][\/et_pb_section][et_pb_section fullwidth=\u00a0\u00bboff\u00a0\u00bb specialty=\u00a0\u00bboff\u00a0\u00bb][et_pb_row][et_pb_column type=\u00a0\u00bb1_4&Prime;][et_pb_sidebar admin_label=\u00a0\u00bbSidebar\u00a0\u00bb orientation=\u00a0\u00bbleft\u00a0\u00bb area=\u00a0\u00bbet_pb_widget_area_4&Prime; background_layout=\u00a0\u00bblight\u00a0\u00bb \/][\/et_pb_column][et_pb_column type=\u00a0\u00bb3_4&Prime;][et_pb_gallery admin_label=\u00a0\u00bbGalerie\u00a0\u00bb gallery_ids=\u00a0\u00bb1287,1288,1289&Prime; gallery_orderby=\u00a0\u00bbrand\u00a0\u00bb fullwidth=\u00a0\u00bboff\u00a0\u00bb posts_number=\u00a0\u00bb3&Prime; show_title_and_caption=\u00a0\u00bboff\u00a0\u00bb show_pagination=\u00a0\u00bbon\u00a0\u00bb background_layout=\u00a0\u00bblight\u00a0\u00bb \/][et_pb_text admin_label=\u00a0\u00bbText\u00a0\u00bb background_layout=\u00a0\u00bblight\u00a0\u00bb text_orientation=\u00a0\u00bbleft\u00a0\u00bb]<\/p>\n<h2><span style=\"color: #3366ff\">Espace CDI<\/span><\/h2>\n<p>Tout ce que le CDI vous offre&#8230;<\/p>\n<p><em><span style=\"text-decoration: underline\">Un espace d&rsquo;accueil et de recherche :<\/span><\/em><\/p>\n<p>Situ\u00e9 au c\u0153ur de l\u2019\u00e9tablissement, le Centre de Documentation et d\u2019Information est un espace d\u2019accueil et de recherche \u00e0 la disposition de tous les membres de la communaut\u00e9 \u00e9ducative et scolaire. Il est g\u00e9r\u00e9 et anim\u00e9 par le professeur-documentaliste qui accueille les utilisateurs et les guide dans leurs recherches.<\/p>\n<p>Le projet documentaire est centr\u00e9 sur 3 axes majeurs :<\/p>\n<ul>\n<li>Formation \u00e0 la recherche documentaire<\/li>\n<li>Formation aux m\u00e9dias (apprentissage d&rsquo;une utilisation raisonn\u00e9e et critique des outils d&rsquo;information.\u00a0 Attitude citoyenne et responsable face \u00e0 l\u2019information et ses m\u00e9dias)<\/li>\n<li>Incitation \u00e0 la lecture Professeur-Documentaliste : Mme C. SIREYZOL-TARON<\/li>\n<\/ul>\n<hr \/>\n<p><span style=\"text-decoration: underline\"><em>Les horaires d&rsquo;ouverture du CDI :<\/em><\/span><br \/>\nLundi : 8h-12h \/ 12h50 \u2013 16h45<\/p>\n<p>Mardi : 9h \u2013 12h \/ 12h50 \u2013 16h45<\/p>\n<p>Jeudi : 8h-12h \/ 12h50 \u2013 16h45<\/p>\n<p>Vendredi : 9h \u2013 12h \/ 12h50 \u2013 16h45<\/p>\n<p>De 17h a\u0300 19h, le CDI est re\u0301serve\u0301 aux e\u0301tudes.<\/p>\n<p>&nbsp;<\/p>\n<ul>\n<li>Charte d&rsquo;utilisation du CDI\u00a0 (Quand et comment venir au CDI) \u2192<a href=\"http:\/\/www.jeannedarc-figeac.fr\/college-lycee\/wp-content\/uploads\/sites\/5\/2015\/01\/charte-dutilisation-du-cdi.pdf\">T\u00e9l\u00e9charger ici<\/a>\u2190<\/li>\n<\/ul>\n<p>Charte informatique\u00a0 (Petit rappel du r\u00e8glement int\u00e9rieur et de la loi) \u2192<a href=\"http:\/\/www.jeannedarc-figeac.fr\/college-lycee\/wp-content\/uploads\/sites\/5\/2015\/01\/charte-internet.pdf\">T\u00e9l\u00e9charger ici<\/a>\u2190<\/p>\n<hr \/>\n<p><span style=\"text-decoration: underline\"><em>Un lieu de ressources<\/em><\/span><\/p>\n<p>L&rsquo;ensemble de l&rsquo;\u00e9quipe \u00e9ducative et des \u00e9l\u00e8ves dispose d&rsquo;un centre de ressources actualis\u00e9 et informatis\u00e9.<\/p>\n<p>Les utilisateurs peuvent effectuer leurs recherches \u00e0 l&rsquo;aide du logiciel documentaire PMB et ont \u00e0 disposition 4 ordinateurs pour acc\u00e9der au ressources num\u00e9riques en ligne (auxquels s&rsquo;ajoutent les 6 ordinateurs d&rsquo;une salle multim\u00e9dia annexe).<\/p>\n<p><span style=\"text-decoration: underline\"><em>Consultation PMB<\/em><\/span><br \/>\nCe logiciel\u00a0 permet de rechercher par th\u00e8me, par auteur les documents disponibles au CDI.\u00a0 Il peut \u00eatre consult\u00e9 \u00e0 distance et permet ainsi \u00e0 l&rsquo;\u00e9l\u00e8ve de travailler \u00e0 sa recherche documentaire \u00e0 la maison et de consulter \u00e0 distance les ressources du CDI sur son sujet (cr\u00e9ation d&rsquo;une bibliographie).<\/p>\n<p><em><span style=\"text-decoration: underline\">Le fonds documentaire du CDI<\/span><\/em><br \/>\nIl est constitu\u00e9 d&rsquo;environ 7500 documents : manuels scolaires, usuels, documentaires, presse, romans, BD &#8230;).<\/p>\n<p>Les ouvrages sont rang\u00e9s selon la classification DEWEY.<br \/>\nDiaporama explicatif du fonctionnement de cette classification (Auteur : Philippe Pinganaud \/ Emmanuel Chauvi\u00e8re &#8211; Acad\u00e9mie de Poitiers)<\/p>\n<p>&#8211; La presse :<br \/>\n18 abonnements comprenant des quotidiens, des hebdomadaires ou mensuels d&rsquo;actualit\u00e9, p\u00e9dagogiques ou d&rsquo;\u00e9conomie auxquels s&rsquo;ajoutent des parutions plus sp\u00e9cialis\u00e9es dans des th\u00e9matiques sanitaires et sociales (Aide-Soignante, Sant\u00e9 de l&rsquo;homme, l&rsquo;Ecole des parents, ASH&#8230;).<\/p>\n<p>&#8211; La documentation orientation :<br \/>\nDiff\u00e9rentes collections sont disponibles : \u00ab\u00a0Parcours\u00a0\u00bb (th\u00e9matiques), \u00ab\u00a0Zoom sur les m\u00e9tiers\u00a0\u00bb, \u00ab\u00a0les Dossiers de l&rsquo;Onisep\u00a0\u00bb, \u00ab\u00a0Onisep Pratique\u00a0\u00bb,\u00a0 \u00ab\u00a0Voie PRO\u00a0\u00bb (lyc\u00e9e professionnel) ainsi que des informations sur l&rsquo;apprentissage en Midi-Pyr\u00e9n\u00e9es.<\/p>\n<p>Sont disponibles \u00e9galement des vid\u00e9os sur les m\u00e9tiers ou certains secteurs d&rsquo;activit\u00e9s (BTP, vente&#8230;).<\/p>\n<p>Un lieu de ressources : le portail Netvibes du CDI<\/p>\n<hr \/>\n<p>&nbsp;<\/p>\n<p>Vous trouverez : les outils de recherche (BCDIWeb, Internet&#8230;), les ressources du CDI (abonnements, documentation informatis\u00e9, orientation&#8230;).<\/p>\n<p>Les expos 2011-2012<br \/>\nS&rsquo;informer \u00e0 Figeac<br \/>\nCIO (Centre d&rsquo;Information et d&rsquo;Orientation)<br \/>\nBiblioth\u00e8que intercommunale de Figeac<\/p>\n<p>&nbsp;<\/p>\n<p>[\/et_pb_text][\/et_pb_column][\/et_pb_row][\/et_pb_section]<\/p>\n","protected":false},"excerpt":{"rendered":"<div class=\"et_pb_row et_pb_row_0 et_pb_row_empty\"><\/div>\n<p> Espace CDI Tout ce que le CDI vous offre&#8230; Un espace d&rsquo;accueil et de recherche : Situ\u00e9 au c\u0153ur de l\u2019\u00e9tablissement, le Centre de Documentation et d\u2019Information est un espace d\u2019accueil et de recherche \u00e0 la disposition de tous les membres de la communaut\u00e9 \u00e9ducative et scolaire. Il est g\u00e9r\u00e9 et anim\u00e9 par le [&hellip;]<\/p>\n","protected":false},"author":1,"featured_media":0,"parent":0,"menu_order":0,"comment_status":"open","ping_status":"closed","template":"","meta":{"_et_pb_use_builder":"on","_et_pb_old_content":"","_et_gb_content_width":"","iawp_total_views":86,"footnotes":""},"class_list":["post-331","page","type-page","status-publish","hentry"],"yoast_head":"<!-- This site is optimized with the Yoast SEO plugin v26.0 - https:\/\/yoast.com\/wordpress\/plugins\/seo\/ -->\n<title>Le CDI<\/title>\n<meta name=\"description\" content=\"Le CDI : Situ\u00e9 au c\u0153ur de l\u2019\u00e9tablissement, le Centre de Documentation et d\u2019Information est un espace d\u2019accueil et de recherche \u00e0 la disposition...\" \/>\n<meta name=\"robots\" content=\"index, follow, max-snippet:-1, max-image-preview:large, max-video-preview:-1\" \/>\n<link rel=\"canonical\" href=\"http:\/\/www.jeannedarc-figeac.fr\/college-lycee\/cdi\/\" \/>\n<meta property=\"og:locale\" content=\"fr_FR\" \/>\n<meta property=\"og:type\" content=\"article\" \/>\n<meta property=\"og:title\" content=\"Le CDI\" \/>\n<meta property=\"og:description\" content=\"Le CDI : Situ\u00e9 au c\u0153ur de l\u2019\u00e9tablissement, le Centre de Documentation et d\u2019Information est un espace d\u2019accueil et de recherche \u00e0 la disposition...\" \/>\n<meta property=\"og:url\" content=\"http:\/\/www.jeannedarc-figeac.fr\/college-lycee\/cdi\/\" \/>\n<meta property=\"og:site_name\" content=\"Coll\u00e8ge et Lyc\u00e9e Jeanne d&#039;Arc\" \/>\n<meta property=\"article:modified_time\" content=\"2015-04-27T15:27:48+00:00\" \/>\n<script type=\"application\/ld+json\" class=\"yoast-schema-graph\">{\"@context\":\"https:\/\/schema.org\",\"@graph\":[{\"@type\":\"WebPage\",\"@id\":\"http:\/\/www.jeannedarc-figeac.fr\/college-lycee\/cdi\/\",\"url\":\"http:\/\/www.jeannedarc-figeac.fr\/college-lycee\/cdi\/\",\"name\":\"Le CDI\",\"isPartOf\":{\"@id\":\"https:\/\/www.jeannedarc-figeac.fr\/college-lycee\/#website\"},\"datePublished\":\"2015-01-20T14:00:41+00:00\",\"dateModified\":\"2015-04-27T15:27:48+00:00\",\"description\":\"Le CDI : Situ\u00e9 au c\u0153ur de l\u2019\u00e9tablissement, le Centre de Documentation et d\u2019Information est un espace d\u2019accueil et de recherche \u00e0 la disposition...\",\"breadcrumb\":{\"@id\":\"http:\/\/www.jeannedarc-figeac.fr\/college-lycee\/cdi\/#breadcrumb\"},\"inLanguage\":\"fr-FR\",\"potentialAction\":[{\"@type\":\"ReadAction\",\"target\":[\"http:\/\/www.jeannedarc-figeac.fr\/college-lycee\/cdi\/\"]}]},{\"@type\":\"BreadcrumbList\",\"@id\":\"http:\/\/www.jeannedarc-figeac.fr\/college-lycee\/cdi\/#breadcrumb\",\"itemListElement\":[{\"@type\":\"ListItem\",\"position\":1,\"name\":\"Accueil\",\"item\":\"https:\/\/www.jeannedarc-figeac.fr\/college-lycee\/\"},{\"@type\":\"ListItem\",\"position\":2,\"name\":\"Le CDI\"}]},{\"@type\":\"WebSite\",\"@id\":\"https:\/\/www.jeannedarc-figeac.fr\/college-lycee\/#website\",\"url\":\"https:\/\/www.jeannedarc-figeac.fr\/college-lycee\/\",\"name\":\"Coll\u00e8ge et Lyc\u00e9e Jeanne d&#039;Arc\",\"description\":\"Jeanne d&#039;Arc Figeac\",\"potentialAction\":[{\"@type\":\"SearchAction\",\"target\":{\"@type\":\"EntryPoint\",\"urlTemplate\":\"https:\/\/www.jeannedarc-figeac.fr\/college-lycee\/?s={search_term_string}\"},\"query-input\":{\"@type\":\"PropertyValueSpecification\",\"valueRequired\":true,\"valueName\":\"search_term_string\"}}],\"inLanguage\":\"fr-FR\"}]}<\/script>\n<!-- \/ Yoast SEO plugin. -->","yoast_head_json":{"title":"Le CDI","description":"Le CDI : Situ\u00e9 au c\u0153ur de l\u2019\u00e9tablissement, le Centre de Documentation et d\u2019Information est un espace d\u2019accueil et de recherche \u00e0 la disposition...","robots":{"index":"index","follow":"follow","max-snippet":"max-snippet:-1","max-image-preview":"max-image-preview:large","max-video-preview":"max-video-preview:-1"},"canonical":"http:\/\/www.jeannedarc-figeac.fr\/college-lycee\/cdi\/","og_locale":"fr_FR","og_type":"article","og_title":"Le CDI","og_description":"Le CDI : Situ\u00e9 au c\u0153ur de l\u2019\u00e9tablissement, le Centre de Documentation et d\u2019Information est un espace d\u2019accueil et de recherche \u00e0 la disposition...","og_url":"http:\/\/www.jeannedarc-figeac.fr\/college-lycee\/cdi\/","og_site_name":"Coll\u00e8ge et Lyc\u00e9e Jeanne d&#039;Arc","article_modified_time":"2015-04-27T15:27:48+00:00","schema":{"@context":"https:\/\/schema.org","@graph":[{"@type":"WebPage","@id":"http:\/\/www.jeannedarc-figeac.fr\/college-lycee\/cdi\/","url":"http:\/\/www.jeannedarc-figeac.fr\/college-lycee\/cdi\/","name":"Le CDI","isPartOf":{"@id":"https:\/\/www.jeannedarc-figeac.fr\/college-lycee\/#website"},"datePublished":"2015-01-20T14:00:41+00:00","dateModified":"2015-04-27T15:27:48+00:00","description":"Le CDI : Situ\u00e9 au c\u0153ur de l\u2019\u00e9tablissement, le Centre de Documentation et d\u2019Information est un espace d\u2019accueil et de recherche \u00e0 la disposition...","breadcrumb":{"@id":"http:\/\/www.jeannedarc-figeac.fr\/college-lycee\/cdi\/#breadcrumb"},"inLanguage":"fr-FR","potentialAction":[{"@type":"ReadAction","target":["http:\/\/www.jeannedarc-figeac.fr\/college-lycee\/cdi\/"]}]},{"@type":"BreadcrumbList","@id":"http:\/\/www.jeannedarc-figeac.fr\/college-lycee\/cdi\/#breadcrumb","itemListElement":[{"@type":"ListItem","position":1,"name":"Accueil","item":"https:\/\/www.jeannedarc-figeac.fr\/college-lycee\/"},{"@type":"ListItem","position":2,"name":"Le CDI"}]},{"@type":"WebSite","@id":"https:\/\/www.jeannedarc-figeac.fr\/college-lycee\/#website","url":"https:\/\/www.jeannedarc-figeac.fr\/college-lycee\/","name":"Coll\u00e8ge et Lyc\u00e9e Jeanne d&#039;Arc","description":"Jeanne d&#039;Arc Figeac","potentialAction":[{"@type":"SearchAction","target":{"@type":"EntryPoint","urlTemplate":"https:\/\/www.jeannedarc-figeac.fr\/college-lycee\/?s={search_term_string}"},"query-input":{"@type":"PropertyValueSpecification","valueRequired":true,"valueName":"search_term_string"}}],"inLanguage":"fr-FR"}]}},"jetpack_sharing_enabled":true,"jetpack_shortlink":"https:\/\/wp.me\/P5Qyb6-5l","_links":{"self":[{"href":"https:\/\/www.jeannedarc-figeac.fr\/college-lycee\/wp-json\/wp\/v2\/pages\/331","targetHints":{"allow":["GET"]}}],"collection":[{"href":"https:\/\/www.jeannedarc-figeac.fr\/college-lycee\/wp-json\/wp\/v2\/pages"}],"about":[{"href":"https:\/\/www.jeannedarc-figeac.fr\/college-lycee\/wp-json\/wp\/v2\/types\/page"}],"author":[{"embeddable":true,"href":"https:\/\/www.jeannedarc-figeac.fr\/college-lycee\/wp-json\/wp\/v2\/users\/1"}],"replies":[{"embeddable":true,"href":"https:\/\/www.jeannedarc-figeac.fr\/college-lycee\/wp-json\/wp\/v2\/comments?post=331"}],"version-history":[{"count":14,"href":"https:\/\/www.jeannedarc-figeac.fr\/college-lycee\/wp-json\/wp\/v2\/pages\/331\/revisions"}],"predecessor-version":[{"id":1387,"href":"https:\/\/www.jeannedarc-figeac.fr\/college-lycee\/wp-json\/wp\/v2\/pages\/331\/revisions\/1387"}],"wp:attachment":[{"href":"https:\/\/www.jeannedarc-figeac.fr\/college-lycee\/wp-json\/wp\/v2\/media?parent=331"}],"curies":[{"name":"wp","href":"https:\/\/api.w.org\/{rel}","templated":true}]}}