{"id":295,"date":"2015-01-20T10:16:34","date_gmt":"2015-01-20T10:16:34","guid":{"rendered":"http:\/\/www.jeannedarc-figeac.fr\/college-lycee\/?page_id=295"},"modified":"2017-10-02T12:14:46","modified_gmt":"2017-10-02T12:14:46","slug":"la-pastorale","status":"publish","type":"page","link":"https:\/\/www.jeannedarc-figeac.fr\/college-lycee\/la-pastorale\/","title":{"rendered":"La pastorale"},"content":{"rendered":"<p>[et_pb_section fullwidth=\u00a0\u00bbon\u00a0\u00bb specialty=\u00a0\u00bboff\u00a0\u00bb transparent_background=\u00a0\u00bbon\u00a0\u00bb background_color=\u00a0\u00bb#c37cc6&Prime; inner_shadow=\u00a0\u00bbon\u00a0\u00bb parallax=\u00a0\u00bboff\u00a0\u00bb parallax_method=\u00a0\u00bboff\u00a0\u00bb background_image=\u00a0\u00bbhttp:\/\/www.jeannedarc-figeac.fr\/college-lycee\/wp-content\/uploads\/sites\/5\/2015\/02\/TitleCOLLEGE.png\u00a0\u00bb allow_player_pause=\u00a0\u00bboff\u00a0\u00bb][et_pb_fullwidth_header admin_label=\u00a0\u00bbFullwidth Header\u00a0\u00bb title=\u00a0\u00bbNotre projet\u00a0\u00bb background_layout=\u00a0\u00bbdark\u00a0\u00bb text_orientation=\u00a0\u00bbleft\u00a0\u00bb subhead=\u00a0\u00bbLa pastorale au Coll\u00e8ge et Lyc\u00e9e Jeanne d&rsquo;Arc\u00a0\u00bb \/][\/et_pb_section][et_pb_section fullwidth=\u00a0\u00bboff\u00a0\u00bb specialty=\u00a0\u00bboff\u00a0\u00bb][et_pb_row][et_pb_column type=\u00a0\u00bb1_4&Prime;][et_pb_sidebar admin_label=\u00a0\u00bbSidebar\u00a0\u00bb orientation=\u00a0\u00bbleft\u00a0\u00bb area=\u00a0\u00bbet_pb_widget_area_4&Prime; background_layout=\u00a0\u00bblight\u00a0\u00bb \/][\/et_pb_column][et_pb_column type=\u00a0\u00bb3_4&Prime;][et_pb_text admin_label=\u00a0\u00bbText_Pastorale\u00a0\u00bb background_layout=\u00a0\u00bblight\u00a0\u00bb text_orientation=\u00a0\u00bbleft\u00a0\u00bb]<\/p>\n<p><strong><span style=\"color: #ff9900\">A Jeanne d\u2019Arc, nous pensons que la pastorale se mesure davantage dans les attitudes au quotidien que dans des pratiques strictes. Accueillir, accompagner chaque jeune, tendre la main \u00e0 celui qui est en difficult\u00e9, des convictions qui traduisent avant tout le caract\u00e8re propre de l\u2019\u00e9tablissement.<\/span><\/strong><\/p>\n<p><strong><span style=\"color: #ff9900\">Le Coll\u00e8ge\/Lyc\u00e9e Jeanne d\u2019Arc est un Etablissement Catholique d\u2019Enseignement qui affirme sa foi en J\u00e9sus Christ.<\/span><\/strong><\/p>\n<p>&nbsp;<\/p>\n<p><span style=\"color: #800080\"><strong>Culture religieuse et cat\u00e9ch\u00e8se\u00a0:<\/strong><\/span><\/p>\n<p><span style=\"color: #800080\">Au coll\u00e8ge, de la 6<sup>\u00e8me<\/sup> \u00e0 la 4<sup>\u00e8me<\/sup>, nous proposons aux jeunes de la cat\u00e9ch\u00e8se sur temps scolaire. Les \u00e9l\u00e8ves qui en font la demande peuvent suivre une pr\u00e9paration aux sacrements,<\/span><\/p>\n<p><span style=\"color: #800080\"><a href=\"https:\/\/i0.wp.com\/www.jeannedarc-figeac.fr\/college-lycee\/wp-content\/uploads\/sites\/5\/2017\/02\/Profession-de-Foi-Large.jpg\"><img data-recalc-dims=\"1\" loading=\"lazy\" decoding=\"async\" class=\" wp-image-2315 alignleft\" src=\"https:\/\/i0.wp.com\/www.jeannedarc-figeac.fr\/college-lycee\/wp-content\/uploads\/sites\/5\/2017\/02\/Profession-de-Foi-Large.jpg?resize=251%2C188\" alt=\"\" width=\"251\" height=\"188\" srcset=\"https:\/\/i0.wp.com\/www.jeannedarc-figeac.fr\/college-lycee\/wp-content\/uploads\/sites\/5\/2017\/02\/Profession-de-Foi-Large.jpg?resize=300%2C225&amp;ssl=1 300w, https:\/\/i0.wp.com\/www.jeannedarc-figeac.fr\/college-lycee\/wp-content\/uploads\/sites\/5\/2017\/02\/Profession-de-Foi-Large.jpg?resize=768%2C576&amp;ssl=1 768w, https:\/\/i0.wp.com\/www.jeannedarc-figeac.fr\/college-lycee\/wp-content\/uploads\/sites\/5\/2017\/02\/Profession-de-Foi-Large.jpg?resize=1024%2C768&amp;ssl=1 1024w, https:\/\/i0.wp.com\/www.jeannedarc-figeac.fr\/college-lycee\/wp-content\/uploads\/sites\/5\/2017\/02\/Profession-de-Foi-Large.jpg?resize=1080%2C810&amp;ssl=1 1080w, https:\/\/i0.wp.com\/www.jeannedarc-figeac.fr\/college-lycee\/wp-content\/uploads\/sites\/5\/2017\/02\/Profession-de-Foi-Large.jpg?w=1440&amp;ssl=1 1440w\" sizes=\"(max-width: 251px) 100vw, 251px\" \/><\/a><\/span><\/p>\n<ul>\n<li><span style=\"color: #800080\">Pr\u00e9paration au bapt\u00eame, 1\u00e8re communion et profession de foi, en 6\u00e8me et 5\u00e8me.<\/span>\n<ul>\n<li><span style=\"color: #800080\">Temps de retraite au Grand Couvent de Gramat (3 jours).<\/span><\/li>\n<\/ul>\n<\/li>\n<\/ul>\n<p>&nbsp;<\/p>\n<p>&nbsp;<\/p>\n<p>&nbsp;<\/p>\n<ul>\n<li><span style=\"color: #ff0000\">Pr\u00e9paration \u00e0 la confirmation en 4\u00e8me.<a href=\"https:\/\/i0.wp.com\/www.jeannedarc-figeac.fr\/college-lycee\/wp-content\/uploads\/sites\/5\/2017\/02\/Confirmation-Large.jpg\"><img data-recalc-dims=\"1\" loading=\"lazy\" decoding=\"async\" class=\"size-medium wp-image-2314 alignright\" src=\"https:\/\/i0.wp.com\/www.jeannedarc-figeac.fr\/college-lycee\/wp-content\/uploads\/sites\/5\/2017\/02\/Confirmation-Large.jpg?resize=300%2C199\" alt=\"\" width=\"300\" height=\"199\" srcset=\"https:\/\/i0.wp.com\/www.jeannedarc-figeac.fr\/college-lycee\/wp-content\/uploads\/sites\/5\/2017\/02\/Confirmation-Large.jpg?resize=300%2C199&amp;ssl=1 300w, https:\/\/i0.wp.com\/www.jeannedarc-figeac.fr\/college-lycee\/wp-content\/uploads\/sites\/5\/2017\/02\/Confirmation-Large.jpg?resize=768%2C510&amp;ssl=1 768w, https:\/\/i0.wp.com\/www.jeannedarc-figeac.fr\/college-lycee\/wp-content\/uploads\/sites\/5\/2017\/02\/Confirmation-Large.jpg?resize=1024%2C680&amp;ssl=1 1024w, https:\/\/i0.wp.com\/www.jeannedarc-figeac.fr\/college-lycee\/wp-content\/uploads\/sites\/5\/2017\/02\/Confirmation-Large.jpg?resize=1080%2C717&amp;ssl=1 1080w, https:\/\/i0.wp.com\/www.jeannedarc-figeac.fr\/college-lycee\/wp-content\/uploads\/sites\/5\/2017\/02\/Confirmation-Large.jpg?w=1626&amp;ssl=1 1626w\" sizes=\"(max-width: 300px) 100vw, 300px\" \/><\/a><\/span>\n<ul>\n<li><span style=\"color: #ff0000\">Temps de retraite \u00e0 Conques (3 jours).<\/span><\/li>\n<li><span style=\"color: #ff0000\">Participation au rassemblement r\u00e9gional \u00e0 Lourdes (tous les 2 ans).<\/span><\/li>\n<\/ul>\n<\/li>\n<\/ul>\n<p>&nbsp;<\/p>\n<p>&nbsp;<\/p>\n<p>&nbsp;<\/p>\n<p><span style=\"color: #ff0000\">A partir de la 3<sup>\u00e8me<\/sup> et jusqu\u2019en terminale, un temps d\u2019\u00e9change pour ceux qui le souhaitent avec le P\u00e8re Jean-Baptiste est pr\u00e9vu chaque semaine, le vendredi durant la pause m\u00e9ridienne.<\/span><\/p>\n<p><span style=\"color: #0000ff\"><strong>C\u00e9l\u00e9brer la parole\u00a0:<a href=\"https:\/\/i0.wp.com\/www.jeannedarc-figeac.fr\/college-lycee\/wp-content\/uploads\/sites\/5\/2017\/02\/celebration.jpg\"><img data-recalc-dims=\"1\" loading=\"lazy\" decoding=\"async\" class=\"size-medium wp-image-2313 alignright\" src=\"https:\/\/i0.wp.com\/www.jeannedarc-figeac.fr\/college-lycee\/wp-content\/uploads\/sites\/5\/2017\/02\/celebration.jpg?resize=300%2C225\" alt=\"\" width=\"300\" height=\"225\" srcset=\"https:\/\/i0.wp.com\/www.jeannedarc-figeac.fr\/college-lycee\/wp-content\/uploads\/sites\/5\/2017\/02\/celebration.jpg?resize=300%2C225&amp;ssl=1 300w, https:\/\/i0.wp.com\/www.jeannedarc-figeac.fr\/college-lycee\/wp-content\/uploads\/sites\/5\/2017\/02\/celebration.jpg?resize=768%2C576&amp;ssl=1 768w, https:\/\/i0.wp.com\/www.jeannedarc-figeac.fr\/college-lycee\/wp-content\/uploads\/sites\/5\/2017\/02\/celebration.jpg?resize=1024%2C768&amp;ssl=1 1024w, https:\/\/i0.wp.com\/www.jeannedarc-figeac.fr\/college-lycee\/wp-content\/uploads\/sites\/5\/2017\/02\/celebration.jpg?resize=1080%2C810&amp;ssl=1 1080w, https:\/\/i0.wp.com\/www.jeannedarc-figeac.fr\/college-lycee\/wp-content\/uploads\/sites\/5\/2017\/02\/celebration.jpg?w=2160 2160w, https:\/\/i0.wp.com\/www.jeannedarc-figeac.fr\/college-lycee\/wp-content\/uploads\/sites\/5\/2017\/02\/celebration.jpg?w=3240 3240w\" sizes=\"(max-width: 300px) 100vw, 300px\" \/><\/a><\/strong><\/span><\/p>\n<p><span style=\"color: #0000ff\">Le 19 septembre, chaque ann\u00e9e, nous f\u00eatons Sainte Emilie de Rodat, fondatrice de notre \u00e9cole.<\/span><\/p>\n<h2><strong><span style=\"color: #3366ff\">FETE DE SAINTE EMILIE DE RODAT<\/span><\/strong><\/h2>\n<p><strong><span style=\"color: #3366ff\">\u00a0Ce mardi matin 19 septembre, nous \u00e9tions attendus \u00e0 l\u2019\u00e9glise du Puy. D\u00e9j\u00e0, les enfants du Primaire \u00e9taient arriv\u00e9s. Quand les \u00e9l\u00e8ves du Coll\u00e8ge et du Lyc\u00e9e se sont install\u00e9s, le silence s\u2019est fait.<\/span><\/strong><\/p>\n<p><strong><span style=\"color: #3366ff\">Le pr\u00eatre nous a accueilli, c\u2019\u00e9tait le P\u00e8re Guillaume. Il nous a pr\u00e9sent\u00e9 les deux nouveaux pr\u00eatres arriv\u00e9s dans la paroisse juste cette semaine : le P\u00e8re Xavier et le P\u00e8re Jean-Pierre.<\/span><\/strong><\/p>\n<p><strong><span style=\"color: #3366ff\">Nous nous sommes r\u00e9unis ce jour en l\u2019honneur de notre sainte fondatrice de notre \u00e9cole.<\/span><\/strong><\/p>\n<p><strong><span style=\"color: #3366ff\">En ce jour de la f\u00eate de Sainte Emilie, P\u00e8re Guillaume a rappel\u00e9 notre vocation \u00e0 tous de devenir saint par nos actions comme S\u0153ur Emilie l\u2019a r\u00e9alis\u00e9 dans le pass\u00e9.<\/span><\/strong><\/p>\n<p><strong><span style=\"color: #3366ff\">Puis le P\u00e8re Xavier nous a guid\u00e9 pour vivre un temps privil\u00e9gi\u00e9 de recueillement et de pri\u00e8re avec J\u00e9sus.<\/span><\/strong><\/p>\n<p><strong><span style=\"color: #3366ff\">Nous avons ensuite lu tous ensemble la pri\u00e8re de l\u2019\u00e9l\u00e8ve pour que chacun essaie de donner le meilleur de lui-m\u00eame.<\/span><\/strong><\/p>\n<p><strong><span style=\"color: #3366ff\">Nous nous sommes ensuite dispers\u00e9s \u00e0 nouveau, heureux d\u2019avoir v\u00e9cu ce temps de pri\u00e8re avant de vivre cette nouvelle ann\u00e9e scolaire. Nous pla\u00e7ons tous nos projets de r\u00e9ussite sous le signe bienveillant de Sainte Emilie.<\/span><\/strong><\/p>\n<p><strong><span style=\"color: #3366ff\"><em><span lang=\"fr\">\u00ab\u00a0Que Sainte Emilie soutienne notre \u00e9lan missionnaire. Soyons des t\u00e9moins de l\u2019amour de Dieu l\u00e0 o\u00f9 nous sommes.\u00a0\u00bb<\/span><\/em><\/span><\/strong><\/p>\n<p><a href=\"https:\/\/i0.wp.com\/www.jeannedarc-figeac.fr\/college-lycee\/wp-content\/uploads\/sites\/5\/2017\/09\/DSC00540-bis.jpg\"><img data-recalc-dims=\"1\" loading=\"lazy\" decoding=\"async\" class=\"size-medium wp-image-2592 aligncenter\" src=\"https:\/\/i0.wp.com\/www.jeannedarc-figeac.fr\/college-lycee\/wp-content\/uploads\/sites\/5\/2017\/09\/DSC00540-bis.jpg?resize=300%2C225\" alt=\"\" width=\"300\" height=\"225\" srcset=\"https:\/\/i0.wp.com\/www.jeannedarc-figeac.fr\/college-lycee\/wp-content\/uploads\/sites\/5\/2017\/09\/DSC00540-bis.jpg?resize=300%2C225&amp;ssl=1 300w, https:\/\/i0.wp.com\/www.jeannedarc-figeac.fr\/college-lycee\/wp-content\/uploads\/sites\/5\/2017\/09\/DSC00540-bis.jpg?resize=768%2C576&amp;ssl=1 768w, https:\/\/i0.wp.com\/www.jeannedarc-figeac.fr\/college-lycee\/wp-content\/uploads\/sites\/5\/2017\/09\/DSC00540-bis.jpg?resize=1024%2C768&amp;ssl=1 1024w, https:\/\/i0.wp.com\/www.jeannedarc-figeac.fr\/college-lycee\/wp-content\/uploads\/sites\/5\/2017\/09\/DSC00540-bis.jpg?resize=1080%2C810&amp;ssl=1 1080w, https:\/\/i0.wp.com\/www.jeannedarc-figeac.fr\/college-lycee\/wp-content\/uploads\/sites\/5\/2017\/09\/DSC00540-bis.jpg?w=1600&amp;ssl=1 1600w\" sizes=\"(max-width: 300px) 100vw, 300px\" \/><\/a><\/p>\n<p><span style=\"color: #0000ff\">Les temps forts de l\u2019ann\u00e9e liturgique, No\u00ebl et P\u00e2ques sont pr\u00e9par\u00e9s par l\u2019\u00e9quipe pastorale compos\u00e9e d&rsquo;enseignants, de personnels et du pr\u00eatre r\u00e9f\u00e9rent. Ils sont c\u00e9l\u00e9br\u00e9s au sein de la Chapelle de l\u2019\u00e9tablissement, accompagn\u00e9s par les pr\u00eatres de la Paroisse de Figeac.<\/span><\/p>\n<p><span style=\"color: #008000\"><strong>Des actions de partage et de solidarit\u00e9\u00a0:<\/strong><\/span><\/p>\n<p><span style=\"color: #008000\">En p\u00e9riode de Car\u00eame, un \u00ab\u00a0repas solidarit\u00e9\u00a0\u00bb est organis\u00e9 pour permettre aux \u00e9l\u00e8ves de partager un projet commun d\u2019aide humanitaire. En effet, les sommes collect\u00e9es sont revers\u00e9es \u00e0 l\u2019association \u00ab\u00a0Casamans\u00e9rail\u00a0\u00bb dont l\u2019objet est d\u2019aider au d\u00e9veloppement de notre lyc\u00e9e partenaire \u00ab\u00a0Charles Lwanga\u00a0\u00bb \u00e0 Ziguinchor au S\u00e9n\u00e9gal.<\/span><\/p>\n<p><span style=\"color: #008000\"><a href=\"https:\/\/i0.wp.com\/www.jeannedarc-figeac.fr\/college-lycee\/wp-content\/uploads\/sites\/5\/2017\/02\/Lyc%C3%A9e-Charles-LWanga.jpg\"><img data-recalc-dims=\"1\" loading=\"lazy\" decoding=\"async\" class=\"size-medium wp-image-2318 aligncenter\" src=\"https:\/\/i0.wp.com\/www.jeannedarc-figeac.fr\/college-lycee\/wp-content\/uploads\/sites\/5\/2017\/02\/Lyc%C3%A9e-Charles-LWanga.jpg?resize=300%2C225\" alt=\"\" width=\"300\" height=\"225\" srcset=\"https:\/\/i0.wp.com\/www.jeannedarc-figeac.fr\/college-lycee\/wp-content\/uploads\/sites\/5\/2017\/02\/Lyc%C3%A9e-Charles-LWanga.jpg?resize=300%2C225&amp;ssl=1 300w, https:\/\/i0.wp.com\/www.jeannedarc-figeac.fr\/college-lycee\/wp-content\/uploads\/sites\/5\/2017\/02\/Lyc%C3%A9e-Charles-LWanga.jpg?resize=768%2C576&amp;ssl=1 768w, https:\/\/i0.wp.com\/www.jeannedarc-figeac.fr\/college-lycee\/wp-content\/uploads\/sites\/5\/2017\/02\/Lyc%C3%A9e-Charles-LWanga.jpg?resize=1024%2C768&amp;ssl=1 1024w, https:\/\/i0.wp.com\/www.jeannedarc-figeac.fr\/college-lycee\/wp-content\/uploads\/sites\/5\/2017\/02\/Lyc%C3%A9e-Charles-LWanga.jpg?resize=1080%2C810&amp;ssl=1 1080w, https:\/\/i0.wp.com\/www.jeannedarc-figeac.fr\/college-lycee\/wp-content\/uploads\/sites\/5\/2017\/02\/Lyc%C3%A9e-Charles-LWanga.jpg?w=1440&amp;ssl=1 1440w\" sizes=\"(max-width: 300px) 100vw, 300px\" \/><\/a><\/span><\/p>\n<p><span style=\"color: #008000\">Tous les ans au mois de mai un groupe de lyc\u00e9ens participe au P\u00e8lerinage de l\u2019Hospitalit\u00e9 \u00e0 Lourdes. Durant quelques jours, les jeunes assistent, accompagnent les P\u00e8lerins malades, une exp\u00e9rience riche et qui favorise les relations interg\u00e9n\u00e9rationnelles.<\/span><\/p>\n<p>&nbsp;<\/p>\n<p>[\/et_pb_text][\/et_pb_column][\/et_pb_row][\/et_pb_section]<\/p>\n","protected":false},"excerpt":{"rendered":"<div class=\"et_pb_row et_pb_row_0 et_pb_row_empty\"><\/div>\n<p> A Jeanne d\u2019Arc, nous pensons que la pastorale se mesure davantage dans les attitudes au quotidien que dans des pratiques strictes. Accueillir, accompagner chaque jeune, tendre la main \u00e0 celui qui est en difficult\u00e9, des convictions qui traduisent avant tout le caract\u00e8re propre de l\u2019\u00e9tablissement. Le Coll\u00e8ge\/Lyc\u00e9e Jeanne d\u2019Arc est un Etablissement Catholique d\u2019Enseignement [&hellip;]<\/p>\n","protected":false},"author":1,"featured_media":0,"parent":0,"menu_order":0,"comment_status":"open","ping_status":"closed","template":"","meta":{"_et_pb_use_builder":"on","_et_pb_old_content":"","_et_gb_content_width":"","iawp_total_views":130,"footnotes":""},"class_list":["post-295","page","type-page","status-publish","hentry"],"yoast_head":"<!-- This site is optimized with the Yoast SEO plugin v26.0 - https:\/\/yoast.com\/wordpress\/plugins\/seo\/ -->\n<title>La pastorale<\/title>\n<meta name=\"description\" content=\"A Jeanne d\u2019Arc, nous pensons que la pastorale se mesure davantage dans les attitudes au quotidien que dans des pratiques strictes.\" \/>\n<meta name=\"robots\" content=\"index, follow, max-snippet:-1, max-image-preview:large, max-video-preview:-1\" \/>\n<link rel=\"canonical\" href=\"https:\/\/www.jeannedarc-figeac.fr\/college-lycee\/la-pastorale\/\" \/>\n<meta property=\"og:locale\" content=\"fr_FR\" \/>\n<meta property=\"og:type\" content=\"article\" \/>\n<meta property=\"og:title\" content=\"La pastorale\" \/>\n<meta property=\"og:description\" content=\"A Jeanne d\u2019Arc, nous pensons que la pastorale se mesure davantage dans les attitudes au quotidien que dans des pratiques strictes.\" \/>\n<meta property=\"og:url\" content=\"https:\/\/www.jeannedarc-figeac.fr\/college-lycee\/la-pastorale\/\" \/>\n<meta property=\"og:site_name\" content=\"Coll\u00e8ge et Lyc\u00e9e Jeanne d&#039;Arc\" \/>\n<meta property=\"article:modified_time\" content=\"2017-10-02T12:14:46+00:00\" \/>\n<meta property=\"og:image\" content=\"http:\/\/www.jeannedarc-figeac.fr\/college-lycee\/wp-content\/uploads\/sites\/5\/2017\/02\/Profession-de-Foi-Large-300x225.jpg\" \/>\n<script type=\"application\/ld+json\" class=\"yoast-schema-graph\">{\"@context\":\"https:\/\/schema.org\",\"@graph\":[{\"@type\":\"WebPage\",\"@id\":\"https:\/\/www.jeannedarc-figeac.fr\/college-lycee\/la-pastorale\/\",\"url\":\"https:\/\/www.jeannedarc-figeac.fr\/college-lycee\/la-pastorale\/\",\"name\":\"La pastorale\",\"isPartOf\":{\"@id\":\"https:\/\/www.jeannedarc-figeac.fr\/college-lycee\/#website\"},\"primaryImageOfPage\":{\"@id\":\"https:\/\/www.jeannedarc-figeac.fr\/college-lycee\/la-pastorale\/#primaryimage\"},\"image\":{\"@id\":\"https:\/\/www.jeannedarc-figeac.fr\/college-lycee\/la-pastorale\/#primaryimage\"},\"thumbnailUrl\":\"http:\/\/www.jeannedarc-figeac.fr\/college-lycee\/wp-content\/uploads\/sites\/5\/2017\/02\/Profession-de-Foi-Large-300x225.jpg\",\"datePublished\":\"2015-01-20T10:16:34+00:00\",\"dateModified\":\"2017-10-02T12:14:46+00:00\",\"description\":\"A Jeanne d\u2019Arc, nous pensons que la pastorale se mesure davantage dans les attitudes au quotidien que dans des pratiques strictes.\",\"breadcrumb\":{\"@id\":\"https:\/\/www.jeannedarc-figeac.fr\/college-lycee\/la-pastorale\/#breadcrumb\"},\"inLanguage\":\"fr-FR\",\"potentialAction\":[{\"@type\":\"ReadAction\",\"target\":[\"https:\/\/www.jeannedarc-figeac.fr\/college-lycee\/la-pastorale\/\"]}]},{\"@type\":\"ImageObject\",\"inLanguage\":\"fr-FR\",\"@id\":\"https:\/\/www.jeannedarc-figeac.fr\/college-lycee\/la-pastorale\/#primaryimage\",\"url\":\"https:\/\/i0.wp.com\/www.jeannedarc-figeac.fr\/college-lycee\/wp-content\/uploads\/sites\/5\/2017\/02\/Profession-de-Foi-Large.jpg?fit=1440%2C1080&ssl=1\",\"contentUrl\":\"https:\/\/i0.wp.com\/www.jeannedarc-figeac.fr\/college-lycee\/wp-content\/uploads\/sites\/5\/2017\/02\/Profession-de-Foi-Large.jpg?fit=1440%2C1080&ssl=1\",\"width\":1440,\"height\":1080},{\"@type\":\"BreadcrumbList\",\"@id\":\"https:\/\/www.jeannedarc-figeac.fr\/college-lycee\/la-pastorale\/#breadcrumb\",\"itemListElement\":[{\"@type\":\"ListItem\",\"position\":1,\"name\":\"Accueil\",\"item\":\"https:\/\/www.jeannedarc-figeac.fr\/college-lycee\/\"},{\"@type\":\"ListItem\",\"position\":2,\"name\":\"La pastorale\"}]},{\"@type\":\"WebSite\",\"@id\":\"https:\/\/www.jeannedarc-figeac.fr\/college-lycee\/#website\",\"url\":\"https:\/\/www.jeannedarc-figeac.fr\/college-lycee\/\",\"name\":\"Coll\u00e8ge et Lyc\u00e9e Jeanne d&#039;Arc\",\"description\":\"Jeanne d&#039;Arc Figeac\",\"potentialAction\":[{\"@type\":\"SearchAction\",\"target\":{\"@type\":\"EntryPoint\",\"urlTemplate\":\"https:\/\/www.jeannedarc-figeac.fr\/college-lycee\/?s={search_term_string}\"},\"query-input\":{\"@type\":\"PropertyValueSpecification\",\"valueRequired\":true,\"valueName\":\"search_term_string\"}}],\"inLanguage\":\"fr-FR\"}]}<\/script>\n<!-- \/ Yoast SEO plugin. -->","yoast_head_json":{"title":"La pastorale","description":"A Jeanne d\u2019Arc, nous pensons que la pastorale se mesure davantage dans les attitudes au quotidien que dans des pratiques strictes.","robots":{"index":"index","follow":"follow","max-snippet":"max-snippet:-1","max-image-preview":"max-image-preview:large","max-video-preview":"max-video-preview:-1"},"canonical":"https:\/\/www.jeannedarc-figeac.fr\/college-lycee\/la-pastorale\/","og_locale":"fr_FR","og_type":"article","og_title":"La pastorale","og_description":"A Jeanne d\u2019Arc, nous pensons que la pastorale se mesure davantage dans les attitudes au quotidien que dans des pratiques strictes.","og_url":"https:\/\/www.jeannedarc-figeac.fr\/college-lycee\/la-pastorale\/","og_site_name":"Coll\u00e8ge et Lyc\u00e9e Jeanne d&#039;Arc","article_modified_time":"2017-10-02T12:14:46+00:00","og_image":[{"url":"http:\/\/www.jeannedarc-figeac.fr\/college-lycee\/wp-content\/uploads\/sites\/5\/2017\/02\/Profession-de-Foi-Large-300x225.jpg","type":"","width":"","height":""}],"schema":{"@context":"https:\/\/schema.org","@graph":[{"@type":"WebPage","@id":"https:\/\/www.jeannedarc-figeac.fr\/college-lycee\/la-pastorale\/","url":"https:\/\/www.jeannedarc-figeac.fr\/college-lycee\/la-pastorale\/","name":"La pastorale","isPartOf":{"@id":"https:\/\/www.jeannedarc-figeac.fr\/college-lycee\/#website"},"primaryImageOfPage":{"@id":"https:\/\/www.jeannedarc-figeac.fr\/college-lycee\/la-pastorale\/#primaryimage"},"image":{"@id":"https:\/\/www.jeannedarc-figeac.fr\/college-lycee\/la-pastorale\/#primaryimage"},"thumbnailUrl":"http:\/\/www.jeannedarc-figeac.fr\/college-lycee\/wp-content\/uploads\/sites\/5\/2017\/02\/Profession-de-Foi-Large-300x225.jpg","datePublished":"2015-01-20T10:16:34+00:00","dateModified":"2017-10-02T12:14:46+00:00","description":"A Jeanne d\u2019Arc, nous pensons que la pastorale se mesure davantage dans les attitudes au quotidien que dans des pratiques strictes.","breadcrumb":{"@id":"https:\/\/www.jeannedarc-figeac.fr\/college-lycee\/la-pastorale\/#breadcrumb"},"inLanguage":"fr-FR","potentialAction":[{"@type":"ReadAction","target":["https:\/\/www.jeannedarc-figeac.fr\/college-lycee\/la-pastorale\/"]}]},{"@type":"ImageObject","inLanguage":"fr-FR","@id":"https:\/\/www.jeannedarc-figeac.fr\/college-lycee\/la-pastorale\/#primaryimage","url":"https:\/\/i0.wp.com\/www.jeannedarc-figeac.fr\/college-lycee\/wp-content\/uploads\/sites\/5\/2017\/02\/Profession-de-Foi-Large.jpg?fit=1440%2C1080&ssl=1","contentUrl":"https:\/\/i0.wp.com\/www.jeannedarc-figeac.fr\/college-lycee\/wp-content\/uploads\/sites\/5\/2017\/02\/Profession-de-Foi-Large.jpg?fit=1440%2C1080&ssl=1","width":1440,"height":1080},{"@type":"BreadcrumbList","@id":"https:\/\/www.jeannedarc-figeac.fr\/college-lycee\/la-pastorale\/#breadcrumb","itemListElement":[{"@type":"ListItem","position":1,"name":"Accueil","item":"https:\/\/www.jeannedarc-figeac.fr\/college-lycee\/"},{"@type":"ListItem","position":2,"name":"La pastorale"}]},{"@type":"WebSite","@id":"https:\/\/www.jeannedarc-figeac.fr\/college-lycee\/#website","url":"https:\/\/www.jeannedarc-figeac.fr\/college-lycee\/","name":"Coll\u00e8ge et Lyc\u00e9e Jeanne d&#039;Arc","description":"Jeanne d&#039;Arc Figeac","potentialAction":[{"@type":"SearchAction","target":{"@type":"EntryPoint","urlTemplate":"https:\/\/www.jeannedarc-figeac.fr\/college-lycee\/?s={search_term_string}"},"query-input":{"@type":"PropertyValueSpecification","valueRequired":true,"valueName":"search_term_string"}}],"inLanguage":"fr-FR"}]}},"jetpack_sharing_enabled":true,"jetpack_shortlink":"https:\/\/wp.me\/P5Qyb6-4L","_links":{"self":[{"href":"https:\/\/www.jeannedarc-figeac.fr\/college-lycee\/wp-json\/wp\/v2\/pages\/295","targetHints":{"allow":["GET"]}}],"collection":[{"href":"https:\/\/www.jeannedarc-figeac.fr\/college-lycee\/wp-json\/wp\/v2\/pages"}],"about":[{"href":"https:\/\/www.jeannedarc-figeac.fr\/college-lycee\/wp-json\/wp\/v2\/types\/page"}],"author":[{"embeddable":true,"href":"https:\/\/www.jeannedarc-figeac.fr\/college-lycee\/wp-json\/wp\/v2\/users\/1"}],"replies":[{"embeddable":true,"href":"https:\/\/www.jeannedarc-figeac.fr\/college-lycee\/wp-json\/wp\/v2\/comments?post=295"}],"version-history":[{"count":19,"href":"https:\/\/www.jeannedarc-figeac.fr\/college-lycee\/wp-json\/wp\/v2\/pages\/295\/revisions"}],"predecessor-version":[{"id":2599,"href":"https:\/\/www.jeannedarc-figeac.fr\/college-lycee\/wp-json\/wp\/v2\/pages\/295\/revisions\/2599"}],"wp:attachment":[{"href":"https:\/\/www.jeannedarc-figeac.fr\/college-lycee\/wp-json\/wp\/v2\/media?parent=295"}],"curies":[{"name":"wp","href":"https:\/\/api.w.org\/{rel}","templated":true}]}}