{"id":2244,"date":"2016-12-02T12:48:29","date_gmt":"2016-12-02T12:48:29","guid":{"rendered":"http:\/\/www.jeannedarc-figeac.fr\/college-lycee\/?page_id=2244"},"modified":"2025-03-04T14:28:12","modified_gmt":"2025-03-04T14:28:12","slug":"2244-2","status":"publish","type":"page","link":"https:\/\/www.jeannedarc-figeac.fr\/college-lycee\/2244-2\/","title":{"rendered":"ULIS Pro"},"content":{"rendered":"<p>[et_pb_section fb_built=\u00a0\u00bb1&Prime; inner_shadow=\u00a0\u00bbon\u00a0\u00bb fullwidth=\u00a0\u00bbon\u00a0\u00bb _builder_version=\u00a0\u00bb4.16&Prime; background_color=\u00a0\u00bb#ffffff\u00a0\u00bb background_image=\u00a0\u00bbhttp:\/\/www.jeannedarc-figeac.fr\/college-lycee\/wp-content\/uploads\/sites\/5\/2015\/02\/TitleCOLLEGE.png\u00a0\u00bb transparent_background=\u00a0\u00bboff\u00a0\u00bb global_colors_info=\u00a0\u00bb{}\u00a0\u00bb][et_pb_fullwidth_header title=\u00a0\u00bbLyc\u00e9e professionnel\u00a0\u00bb subhead=\u00a0\u00bbL&rsquo;ULIS Pro\u00a0\u00bb content_max_width=\u00a0\u00bbnone\u00a0\u00bb admin_label=\u00a0\u00bbEn-t\u00eate plein \u00e9cran\u00a0\u00bb _builder_version=\u00a0\u00bb4.16&Prime; background_color=\u00a0\u00bbrgba(255, 255, 255, 0)\u00a0\u00bb global_colors_info=\u00a0\u00bb{}\u00a0\u00bb button_one_text_size__hover_enabled=\u00a0\u00bboff\u00a0\u00bb button_two_text_size__hover_enabled=\u00a0\u00bboff\u00a0\u00bb button_one_text_color__hover_enabled=\u00a0\u00bboff\u00a0\u00bb button_two_text_color__hover_enabled=\u00a0\u00bboff\u00a0\u00bb button_one_border_width__hover_enabled=\u00a0\u00bboff\u00a0\u00bb button_two_border_width__hover_enabled=\u00a0\u00bboff\u00a0\u00bb button_one_border_color__hover_enabled=\u00a0\u00bboff\u00a0\u00bb button_two_border_color__hover_enabled=\u00a0\u00bboff\u00a0\u00bb button_one_border_radius__hover_enabled=\u00a0\u00bboff\u00a0\u00bb button_two_border_radius__hover_enabled=\u00a0\u00bboff\u00a0\u00bb button_one_letter_spacing__hover_enabled=\u00a0\u00bboff\u00a0\u00bb button_two_letter_spacing__hover_enabled=\u00a0\u00bboff\u00a0\u00bb button_one_bg_color__hover_enabled=\u00a0\u00bboff\u00a0\u00bb button_two_bg_color__hover_enabled=\u00a0\u00bboff\u00a0\u00bb][\/et_pb_fullwidth_header][\/et_pb_section][et_pb_section fb_built=\u00a0\u00bb1&Prime; _builder_version=\u00a0\u00bb4.16&Prime; global_colors_info=\u00a0\u00bb{}\u00a0\u00bb][et_pb_row _builder_version=\u00a0\u00bb4.16&Prime; background_size=\u00a0\u00bbinitial\u00a0\u00bb background_position=\u00a0\u00bbtop_left\u00a0\u00bb background_repeat=\u00a0\u00bbrepeat\u00a0\u00bb global_colors_info=\u00a0\u00bb{}\u00a0\u00bb column_structure=\u00a0\u00bb1_3,2_3&Prime;][et_pb_column type=\u00a0\u00bb1_3&Prime; _builder_version=\u00a0\u00bb4.16&Prime; custom_padding=\u00a0\u00bb|||\u00a0\u00bb global_colors_info=\u00a0\u00bb{}\u00a0\u00bb custom_padding__hover=\u00a0\u00bb|||\u00a0\u00bb][et_pb_sidebar area=\u00a0\u00bbet_pb_widget_area_5&Prime; admin_label=\u00a0\u00bbBarre lat\u00e9rale\u00a0\u00bb _builder_version=\u00a0\u00bb4.16&Prime; global_colors_info=\u00a0\u00bb{}\u00a0\u00bb][\/et_pb_sidebar][\/et_pb_column][et_pb_column type=\u00a0\u00bb2_3&Prime; _builder_version=\u00a0\u00bb4.16&Prime; custom_padding=\u00a0\u00bb|||\u00a0\u00bb global_colors_info=\u00a0\u00bb{}\u00a0\u00bb custom_padding__hover=\u00a0\u00bb|||\u00a0\u00bb][et_pb_text admin_label=\u00a0\u00bbTitre_UlisPro\u00a0\u00bb _builder_version=\u00a0\u00bb4.27.4&Prime; background_size=\u00a0\u00bbinitial\u00a0\u00bb background_position=\u00a0\u00bbtop_left\u00a0\u00bb background_repeat=\u00a0\u00bbrepeat\u00a0\u00bb hover_enabled=\u00a0\u00bb0&Prime; global_colors_info=\u00a0\u00bb{}\u00a0\u00bb sticky_enabled=\u00a0\u00bb0&Prime;]<\/p>\n<h1><span style=\"color: #0000ff;\">ULIS Lyc\u00e9e &#8211; Unit\u00e9 Localis\u00e9e pour l&rsquo;Inclusion Scolaire<\/span><\/h1>\n<p>[\/et_pb_text][et_pb_text admin_label=\u00a0\u00bbtexte_UlisPro\u00a0\u00bb _builder_version=\u00a0\u00bb4.27.4&Prime; background_size=\u00a0\u00bbinitial\u00a0\u00bb background_position=\u00a0\u00bbtop_left\u00a0\u00bb background_repeat=\u00a0\u00bbrepeat\u00a0\u00bb hover_enabled=\u00a0\u00bb0&Prime; global_colors_info=\u00a0\u00bb{}\u00a0\u00bb sticky_enabled=\u00a0\u00bb0&Prime;]<\/p>\n<h3 class=\"western\"><strong><span style=\"color: #2a6099;\">Qu\u2019est-ce qu\u2019un dispositif ULIS (Unit\u00e9 Localis\u00e9e pour l\u2019Inclusion Scolaire) au <\/span><\/strong><strong><span style=\"color: #2a6099;\">l<\/span><\/strong><strong><span style=\"color: #2a6099;\">yc\u00e9e ?<\/span><\/strong><\/h3>\n<p>Le dispositif ULIS en lyc\u00e9e n\u2019est <strong>pas une classe<\/strong>, mais un <strong>dispositif d\u2019accompagnement<\/strong> qui permet \u00e0 des \u00e9l\u00e8ves en situation de handicap de suivre une formation professionnelle adapt\u00e9e \u00e0 leurs besoins \u00e9ducatifs particuliers.<\/p>\n<h4 class=\"western\"><strong><span style=\"color: #2a6099;\"><u>Comment fonctionne l\u2019ULIS <\/u><\/span><\/strong><strong><span style=\"color: #2a6099;\"><u>au<\/u><\/span><\/strong><strong><span style=\"color: #2a6099;\"><u> lyc\u00e9e ?<\/u><\/span><\/strong><\/h4>\n<ul>\n<li>\n<p style=\"margin-bottom: 0cm;\"><strong>L\u2019orientation<\/strong> en ULIS est d\u00e9cid\u00e9e par la <strong>Commission des Droits et de l\u2019Autonomie des Personnes Handicap\u00e9es (CDAPH)<\/strong>.<\/p>\n<\/li>\n<li>\n<p style=\"margin-bottom: 0cm;\">Chaque \u00e9l\u00e8ve b\u00e9n\u00e9ficie d\u2019un <strong>Projet Personnalis\u00e9 de Scolarisation (PPS)<\/strong>, con\u00e7u pour r\u00e9pondre \u00e0 ses besoins sp\u00e9cifiques.<\/p>\n<\/li>\n<li>\n<p style=\"margin-bottom: 0cm;\">L\u2019\u00e9l\u00e8ve est inscrit dans une <strong>classe de r\u00e9f\u00e9rence<\/strong> et suit les cours qui lui sont accessibles, notamment dans les formations :<\/p>\n<ul>\n<li><strong>CAP <\/strong><strong><b>AAGA<\/b><\/strong> (<em><i>A<\/i><\/em><em>gent <\/em><em>A<\/em><em>ccompagnant au <\/em><em>G<\/em><em>rand <\/em><em><i>A<\/i><\/em><em>ge<\/em>),<\/li>\n<li><strong>Bac Pro ASSP<\/strong> (<em>Accompagnement, Soins et Services \u00e0 la Personne<\/em>).<\/li>\n<li><b>Bac g\u00e9n\u00e9ral<\/b><\/li>\n<\/ul>\n<\/li>\n<li>Certaines mati\u00e8res peuvent ne pas \u00eatre accessibles selon le handicap de l\u2019\u00e9l\u00e8ve. Ces disciplines sont alors travaill\u00e9es en <strong>petit groupe ou en individuel<\/strong>, sous la responsabilit\u00e9 d\u2019<strong><b>Alexis Bonnefis<\/b><\/strong><strong>, <\/strong><strong><span style=\"font-weight: normal;\">enseignant sp\u00e9cialis\u00e9e et coordinat<\/span><\/strong><strong><span style=\"font-weight: normal;\">eur<\/span><\/strong><strong><span style=\"font-weight: normal;\"> du dispositif,<\/span><\/strong><strong> <\/strong><strong><span style=\"font-weight: normal;\">second\u00e9 par <\/span><\/strong><strong><span style=\"font-weight: normal;\">l\u2019<\/span><\/strong><strong><span style=\"font-style: normal;\"><span style=\"font-weight: normal;\">Accompagnante d&rsquo;El\u00e8ves en Situation de Handicap<\/span><\/span><\/strong><strong><span style=\"font-weight: normal;\"> <\/span><\/strong><strong><b>V\u00e9ronique Lefebvre<\/b><\/strong><strong><span style=\"font-weight: normal;\">, <strong>AESH<\/strong> (Accompagnant des El\u00e8ves en Situation de Handicap) du dispositif.<\/span><\/strong><\/li>\n<\/ul>\n<h4 class=\"western\"><strong><span style=\"color: #2a6099;\"><u>Un accompagnement global et personnalis\u00e9<\/u><\/span><\/strong><\/h4>\n<p>L\u2019enseignant sp\u00e9cialis\u00e9 joue un r\u00f4le central dans l\u2019ULIS :<\/p>\n<ul>\n<li>\n<p style=\"margin-bottom: 0cm;\">Il travaille en <strong>\u00e9troite collaboration avec l\u2019\u00e9quipe enseignante et \u00e9ducative du lyc\u00e9e<\/strong> pour adapter les apprentissages.<\/p>\n<\/li>\n<li>\n<p style=\"margin-bottom: 0cm;\">Il coordonne les interventions avec les <strong>professionnels de sant\u00e9, \u00e9ducateurs et acteurs m\u00e9dico-sociaux<\/strong> afin d\u2019assurer un <strong>suivi global et individualis\u00e9<\/strong> du parcours de chaque jeune.<\/p>\n<\/li>\n<li>Il est en lien avec l\u2019<strong><b>Enseignante R\u00e9f\u00e9rente de Scolarit\u00e9 (ERS)<\/b><\/strong><strong> Madame <\/strong><strong><b>Vabre<\/b><\/strong>, qui assure la coh\u00e9rence du projet d\u2019inclusion.<\/li>\n<\/ul>\n<h4 class=\"western\"><strong><span style=\"color: #2a6099;\"><u>Un cadre d\u2019apprentissage adapt\u00e9<\/u><\/span><\/strong><\/h4>\n<ul>\n<li>\n<p style=\"margin-bottom: 0cm;\">Une <strong>salle d\u00e9di\u00e9e<\/strong> est mise \u00e0 disposition pour les <strong>temps de prise en charge et d\u2019accompagnement individualis\u00e9<\/strong>.<\/p>\n<\/li>\n<li>Les \u00e9l\u00e8ves disposent de <strong>tablettes num\u00e9riques<\/strong> pour faciliter leurs apprentissages et favoriser leur autonomie.<\/li>\n<\/ul>\n<p>Gr\u00e2ce \u00e0 ce dispositif, l\u2019ULIS en lyc\u00e9e favorise <strong>l\u2019inclusion, l\u2019adaptation p\u00e9dagogique et l\u2019orientation vers une insertion professionnelle r\u00e9ussie<\/strong>.<\/p>\n<p>[\/et_pb_text][\/et_pb_column][\/et_pb_row][et_pb_row _builder_version=\u00a0\u00bb4.16&Prime; background_size=\u00a0\u00bbinitial\u00a0\u00bb background_position=\u00a0\u00bbtop_left\u00a0\u00bb background_repeat=\u00a0\u00bbrepeat\u00a0\u00bb global_colors_info=\u00a0\u00bb{}\u00a0\u00bb][et_pb_column type=\u00a0\u00bb4_4&Prime; _builder_version=\u00a0\u00bb4.16&Prime; custom_padding=\u00a0\u00bb|||\u00a0\u00bb global_colors_info=\u00a0\u00bb{}\u00a0\u00bb custom_padding__hover=\u00a0\u00bb|||\u00a0\u00bb][\/et_pb_column][\/et_pb_row][\/et_pb_section][et_pb_section fb_built=\u00a0\u00bb1&Prime; _builder_version=\u00a0\u00bb4.16&Prime; global_colors_info=\u00a0\u00bb{}\u00a0\u00bb][et_pb_row _builder_version=\u00a0\u00bb4.16&Prime; background_size=\u00a0\u00bbinitial\u00a0\u00bb background_position=\u00a0\u00bbtop_left\u00a0\u00bb background_repeat=\u00a0\u00bbrepeat\u00a0\u00bb global_colors_info=\u00a0\u00bb{}\u00a0\u00bb][\/et_pb_row][\/et_pb_section]<\/p>\n","protected":false},"excerpt":{"rendered":"<p>ULIS Lyc\u00e9e &#8211; Unit\u00e9 Localis\u00e9e pour l&rsquo;Inclusion ScolaireQu\u2019est-ce qu\u2019un dispositif ULIS (Unit\u00e9 Localis\u00e9e pour l\u2019Inclusion Scolaire) au lyc\u00e9e ? Le dispositif ULIS en lyc\u00e9e n\u2019est pas une classe, mais un dispositif d\u2019accompagnement qui permet \u00e0 des \u00e9l\u00e8ves en situation de handicap de suivre une formation professionnelle adapt\u00e9e \u00e0 leurs besoins \u00e9ducatifs particuliers. Comment fonctionne l\u2019ULIS [&hellip;]<\/p>\n","protected":false},"author":10,"featured_media":0,"parent":0,"menu_order":0,"comment_status":"closed","ping_status":"closed","template":"","meta":{"_et_pb_use_builder":"on","_et_pb_old_content":"","_et_gb_content_width":"","iawp_total_views":131,"footnotes":""},"class_list":["post-2244","page","type-page","status-publish","hentry"],"yoast_head":"<!-- This site is optimized with the Yoast SEO plugin v26.0 - https:\/\/yoast.com\/wordpress\/plugins\/seo\/ -->\n<title>ULIS Pro<\/title>\n<meta name=\"description\" content=\"Classe ULIS Pro, dispositif Unit\u00e9 Localis\u00e9e pour l&#039;Inclusion Scolaire\" \/>\n<meta name=\"robots\" content=\"index, follow, max-snippet:-1, max-image-preview:large, max-video-preview:-1\" \/>\n<link rel=\"canonical\" href=\"http:\/\/www.jeannedarc-figeac.fr\/college-lycee\/2244-2\/\" \/>\n<meta property=\"og:locale\" content=\"fr_FR\" \/>\n<meta property=\"og:type\" content=\"article\" \/>\n<meta property=\"og:title\" content=\"ULIS Pro\" \/>\n<meta property=\"og:description\" content=\"Classe ULIS Pro, dispositif Unit\u00e9 Localis\u00e9e pour l&#039;Inclusion Scolaire\" \/>\n<meta property=\"og:url\" content=\"http:\/\/www.jeannedarc-figeac.fr\/college-lycee\/2244-2\/\" \/>\n<meta property=\"og:site_name\" content=\"Coll\u00e8ge et Lyc\u00e9e Jeanne d&#039;Arc\" \/>\n<meta property=\"article:modified_time\" content=\"2025-03-04T14:28:12+00:00\" \/>\n<script type=\"application\/ld+json\" class=\"yoast-schema-graph\">{\"@context\":\"https:\/\/schema.org\",\"@graph\":[{\"@type\":\"WebPage\",\"@id\":\"http:\/\/www.jeannedarc-figeac.fr\/college-lycee\/2244-2\/\",\"url\":\"http:\/\/www.jeannedarc-figeac.fr\/college-lycee\/2244-2\/\",\"name\":\"ULIS Pro\",\"isPartOf\":{\"@id\":\"https:\/\/www.jeannedarc-figeac.fr\/college-lycee\/#website\"},\"datePublished\":\"2016-12-02T12:48:29+00:00\",\"dateModified\":\"2025-03-04T14:28:12+00:00\",\"description\":\"Classe ULIS Pro, dispositif Unit\u00e9 Localis\u00e9e pour l'Inclusion Scolaire\",\"breadcrumb\":{\"@id\":\"http:\/\/www.jeannedarc-figeac.fr\/college-lycee\/2244-2\/#breadcrumb\"},\"inLanguage\":\"fr-FR\",\"potentialAction\":[{\"@type\":\"ReadAction\",\"target\":[\"http:\/\/www.jeannedarc-figeac.fr\/college-lycee\/2244-2\/\"]}]},{\"@type\":\"BreadcrumbList\",\"@id\":\"http:\/\/www.jeannedarc-figeac.fr\/college-lycee\/2244-2\/#breadcrumb\",\"itemListElement\":[{\"@type\":\"ListItem\",\"position\":1,\"name\":\"Accueil\",\"item\":\"https:\/\/www.jeannedarc-figeac.fr\/college-lycee\/\"},{\"@type\":\"ListItem\",\"position\":2,\"name\":\"ULIS Pro\"}]},{\"@type\":\"WebSite\",\"@id\":\"https:\/\/www.jeannedarc-figeac.fr\/college-lycee\/#website\",\"url\":\"https:\/\/www.jeannedarc-figeac.fr\/college-lycee\/\",\"name\":\"Coll\u00e8ge et Lyc\u00e9e Jeanne d&#039;Arc\",\"description\":\"Jeanne d&#039;Arc Figeac\",\"potentialAction\":[{\"@type\":\"SearchAction\",\"target\":{\"@type\":\"EntryPoint\",\"urlTemplate\":\"https:\/\/www.jeannedarc-figeac.fr\/college-lycee\/?s={search_term_string}\"},\"query-input\":{\"@type\":\"PropertyValueSpecification\",\"valueRequired\":true,\"valueName\":\"search_term_string\"}}],\"inLanguage\":\"fr-FR\"}]}<\/script>\n<!-- \/ Yoast SEO plugin. -->","yoast_head_json":{"title":"ULIS Pro","description":"Classe ULIS Pro, dispositif Unit\u00e9 Localis\u00e9e pour l'Inclusion Scolaire","robots":{"index":"index","follow":"follow","max-snippet":"max-snippet:-1","max-image-preview":"max-image-preview:large","max-video-preview":"max-video-preview:-1"},"canonical":"http:\/\/www.jeannedarc-figeac.fr\/college-lycee\/2244-2\/","og_locale":"fr_FR","og_type":"article","og_title":"ULIS Pro","og_description":"Classe ULIS Pro, dispositif Unit\u00e9 Localis\u00e9e pour l'Inclusion Scolaire","og_url":"http:\/\/www.jeannedarc-figeac.fr\/college-lycee\/2244-2\/","og_site_name":"Coll\u00e8ge et Lyc\u00e9e Jeanne d&#039;Arc","article_modified_time":"2025-03-04T14:28:12+00:00","schema":{"@context":"https:\/\/schema.org","@graph":[{"@type":"WebPage","@id":"http:\/\/www.jeannedarc-figeac.fr\/college-lycee\/2244-2\/","url":"http:\/\/www.jeannedarc-figeac.fr\/college-lycee\/2244-2\/","name":"ULIS Pro","isPartOf":{"@id":"https:\/\/www.jeannedarc-figeac.fr\/college-lycee\/#website"},"datePublished":"2016-12-02T12:48:29+00:00","dateModified":"2025-03-04T14:28:12+00:00","description":"Classe ULIS Pro, dispositif Unit\u00e9 Localis\u00e9e pour l'Inclusion Scolaire","breadcrumb":{"@id":"http:\/\/www.jeannedarc-figeac.fr\/college-lycee\/2244-2\/#breadcrumb"},"inLanguage":"fr-FR","potentialAction":[{"@type":"ReadAction","target":["http:\/\/www.jeannedarc-figeac.fr\/college-lycee\/2244-2\/"]}]},{"@type":"BreadcrumbList","@id":"http:\/\/www.jeannedarc-figeac.fr\/college-lycee\/2244-2\/#breadcrumb","itemListElement":[{"@type":"ListItem","position":1,"name":"Accueil","item":"https:\/\/www.jeannedarc-figeac.fr\/college-lycee\/"},{"@type":"ListItem","position":2,"name":"ULIS Pro"}]},{"@type":"WebSite","@id":"https:\/\/www.jeannedarc-figeac.fr\/college-lycee\/#website","url":"https:\/\/www.jeannedarc-figeac.fr\/college-lycee\/","name":"Coll\u00e8ge et Lyc\u00e9e Jeanne d&#039;Arc","description":"Jeanne d&#039;Arc Figeac","potentialAction":[{"@type":"SearchAction","target":{"@type":"EntryPoint","urlTemplate":"https:\/\/www.jeannedarc-figeac.fr\/college-lycee\/?s={search_term_string}"},"query-input":{"@type":"PropertyValueSpecification","valueRequired":true,"valueName":"search_term_string"}}],"inLanguage":"fr-FR"}]}},"jetpack_sharing_enabled":true,"jetpack_shortlink":"https:\/\/wp.me\/P5Qyb6-Ac","_links":{"self":[{"href":"https:\/\/www.jeannedarc-figeac.fr\/college-lycee\/wp-json\/wp\/v2\/pages\/2244","targetHints":{"allow":["GET"]}}],"collection":[{"href":"https:\/\/www.jeannedarc-figeac.fr\/college-lycee\/wp-json\/wp\/v2\/pages"}],"about":[{"href":"https:\/\/www.jeannedarc-figeac.fr\/college-lycee\/wp-json\/wp\/v2\/types\/page"}],"author":[{"embeddable":true,"href":"https:\/\/www.jeannedarc-figeac.fr\/college-lycee\/wp-json\/wp\/v2\/users\/10"}],"replies":[{"embeddable":true,"href":"https:\/\/www.jeannedarc-figeac.fr\/college-lycee\/wp-json\/wp\/v2\/comments?post=2244"}],"version-history":[{"count":11,"href":"https:\/\/www.jeannedarc-figeac.fr\/college-lycee\/wp-json\/wp\/v2\/pages\/2244\/revisions"}],"predecessor-version":[{"id":6037,"href":"https:\/\/www.jeannedarc-figeac.fr\/college-lycee\/wp-json\/wp\/v2\/pages\/2244\/revisions\/6037"}],"wp:attachment":[{"href":"https:\/\/www.jeannedarc-figeac.fr\/college-lycee\/wp-json\/wp\/v2\/media?parent=2244"}],"curies":[{"name":"wp","href":"https:\/\/api.w.org\/{rel}","templated":true}]}}