{"id":36,"date":"2015-01-14T12:17:39","date_gmt":"2015-01-14T12:17:39","guid":{"rendered":"http:\/\/www.jeannedarc-figeac.fr\/college-lycee\/?page_id=36"},"modified":"2026-02-23T09:09:07","modified_gmt":"2026-02-23T09:09:07","slug":"accueil","status":"publish","type":"page","link":"http:\/\/www.jeannedarc-figeac.fr\/college-lycee\/","title":{"rendered":"Accueil : Coll\u00e8ge et Lyc\u00e9e Jeanne d&rsquo;Arc Figeac"},"content":{"rendered":"<p>[et_pb_section fb_built=\u00a0\u00bb1&Prime; _builder_version=\u00a0\u00bb4.27.4&Prime; _module_preset=\u00a0\u00bbdefault\u00a0\u00bb background_color=\u00a0\u00bb#0C71C3&Prime; min_height=\u00a0\u00bb152px\u00a0\u00bb custom_padding=\u00a0\u00bb30px||18px|||\u00a0\u00bb global_colors_info=\u00a0\u00bb{}\u00a0\u00bb][et_pb_row _builder_version=\u00a0\u00bb4.27.4&Prime; _module_preset=\u00a0\u00bbdefault\u00a0\u00bb custom_padding=\u00a0\u00bb12px||12px|||\u00a0\u00bb global_colors_info=\u00a0\u00bb{}\u00a0\u00bb][et_pb_column type=\u00a0\u00bb4_4&Prime; _builder_version=\u00a0\u00bb4.27.4&Prime; _module_preset=\u00a0\u00bbdefault\u00a0\u00bb global_colors_info=\u00a0\u00bb{}\u00a0\u00bb][et_pb_text _builder_version=\u00a0\u00bb4.27.4&Prime; _module_preset=\u00a0\u00bbdefault\u00a0\u00bb global_colors_info=\u00a0\u00bb{}\u00a0\u00bb]<\/p>\n<h1 style=\"text-align: center;\"><span style=\"color: #ffffff;\">Fournitures scolaires pour la rentr\u00e9e 2025-26<\/span><\/h1>\n<p>[\/et_pb_text][\/et_pb_column][\/et_pb_row][et_pb_row column_structure=\u00a0\u00bb1_4,1_4,1_4,1_4&Prime; _builder_version=\u00a0\u00bb4.27.4&Prime; _module_preset=\u00a0\u00bbdefault\u00a0\u00bb background_color=\u00a0\u00bbRGBA(255,255,255,0)\u00a0\u00bb custom_padding=\u00a0\u00bb29px||24px|||\u00a0\u00bb global_colors_info=\u00a0\u00bb{}\u00a0\u00bb][et_pb_column type=\u00a0\u00bb1_4&Prime; _builder_version=\u00a0\u00bb4.27.4&Prime; _module_preset=\u00a0\u00bbdefault\u00a0\u00bb global_colors_info=\u00a0\u00bb{}\u00a0\u00bb][et_pb_button button_url=\u00a0\u00bb@ET-DC@eyJkeW5hbWljIjp0cnVlLCJjb250ZW50IjoicG9zdF9saW5rX3VybF9hdHRhY2htZW50Iiwic2V0dGluZ3MiOnsicG9zdF9pZCI6IjYxNTQifX0=@\u00a0\u00bb url_new_window=\u00a0\u00bbon\u00a0\u00bb button_text=\u00a0\u00bb6\u00e8mes\u00a0\u00bb button_alignment=\u00a0\u00bbcenter\u00a0\u00bb admin_label=\u00a0\u00bbBt_Fourn_6e\u00a0\u00bb _builder_version=\u00a0\u00bb4.27.4&Prime; _dynamic_attributes=\u00a0\u00bbbutton_url\u00a0\u00bb _module_preset=\u00a0\u00bbdefault\u00a0\u00bb custom_button=\u00a0\u00bbon\u00a0\u00bb button_text_size=\u00a0\u00bb22px\u00a0\u00bb button_bg_color=\u00a0\u00bb#E09900&Prime; button_border_width=\u00a0\u00bb3px\u00a0\u00bb button_border_radius=\u00a0\u00bb20px\u00a0\u00bb button_letter_spacing=\u00a0\u00bb0px\u00a0\u00bb button_font=\u00a0\u00bb&#8211;et_global_heading_font||||||||\u00a0\u00bb background_layout=\u00a0\u00bbdark\u00a0\u00bb box_shadow_style=\u00a0\u00bbpreset4&Prime; box_shadow_horizontal=\u00a0\u00bb6px\u00a0\u00bb box_shadow_vertical=\u00a0\u00bb7px\u00a0\u00bb global_colors_info=\u00a0\u00bb{}\u00a0\u00bb][\/et_pb_button][\/et_pb_column][et_pb_column type=\u00a0\u00bb1_4&Prime; _builder_version=\u00a0\u00bb4.27.4&Prime; _module_preset=\u00a0\u00bbdefault\u00a0\u00bb global_colors_info=\u00a0\u00bb{}\u00a0\u00bb][et_pb_button button_url=\u00a0\u00bb@ET-DC@eyJkeW5hbWljIjp0cnVlLCJjb250ZW50IjoicG9zdF9saW5rX3VybF9hdHRhY2htZW50Iiwic2V0dGluZ3MiOnsicG9zdF9pZCI6IjYxNTMifX0=@\u00a0\u00bb url_new_window=\u00a0\u00bbon\u00a0\u00bb button_text=\u00a0\u00bb5\u00e8mes\u00a0\u00bb button_alignment=\u00a0\u00bbcenter\u00a0\u00bb admin_label=\u00a0\u00bbBt_Fourn_5e\u00a0\u00bb _builder_version=\u00a0\u00bb4.27.4&Prime; _dynamic_attributes=\u00a0\u00bbbutton_url\u00a0\u00bb _module_preset=\u00a0\u00bbdefault\u00a0\u00bb custom_button=\u00a0\u00bbon\u00a0\u00bb button_text_size=\u00a0\u00bb22px\u00a0\u00bb button_bg_color=\u00a0\u00bb#8300E9&Prime; button_border_width=\u00a0\u00bb3px\u00a0\u00bb button_border_radius=\u00a0\u00bb20px\u00a0\u00bb button_letter_spacing=\u00a0\u00bb0px\u00a0\u00bb button_font=\u00a0\u00bb&#8211;et_global_heading_font||||||||\u00a0\u00bb background_layout=\u00a0\u00bbdark\u00a0\u00bb box_shadow_style=\u00a0\u00bbpreset4&Prime; box_shadow_horizontal=\u00a0\u00bb6px\u00a0\u00bb box_shadow_vertical=\u00a0\u00bb7px\u00a0\u00bb global_colors_info=\u00a0\u00bb{}\u00a0\u00bb][\/et_pb_button][\/et_pb_column][et_pb_column type=\u00a0\u00bb1_4&Prime; _builder_version=\u00a0\u00bb4.27.4&Prime; _module_preset=\u00a0\u00bbdefault\u00a0\u00bb global_colors_info=\u00a0\u00bb{}\u00a0\u00bb][et_pb_button button_url=\u00a0\u00bb@ET-DC@eyJkeW5hbWljIjp0cnVlLCJjb250ZW50IjoicG9zdF9saW5rX3VybF9hdHRhY2htZW50Iiwic2V0dGluZ3MiOnsicG9zdF9pZCI6IjYxNTIifX0=@\u00a0\u00bb url_new_window=\u00a0\u00bbon\u00a0\u00bb button_text=\u00a0\u00bb4\u00e8mes\u00a0\u00bb button_alignment=\u00a0\u00bbcenter\u00a0\u00bb admin_label=\u00a0\u00bbBt_Fourn_4e\u00a0\u00bb _builder_version=\u00a0\u00bb4.27.4&Prime; _dynamic_attributes=\u00a0\u00bbbutton_url\u00a0\u00bb _module_preset=\u00a0\u00bbdefault\u00a0\u00bb custom_button=\u00a0\u00bbon\u00a0\u00bb button_text_size=\u00a0\u00bb22px\u00a0\u00bb button_bg_color=\u00a0\u00bb#7CDA24&Prime; button_border_width=\u00a0\u00bb3px\u00a0\u00bb button_border_radius=\u00a0\u00bb20px\u00a0\u00bb button_letter_spacing=\u00a0\u00bb0px\u00a0\u00bb button_font=\u00a0\u00bb&#8211;et_global_heading_font||||||||\u00a0\u00bb background_layout=\u00a0\u00bbdark\u00a0\u00bb box_shadow_style=\u00a0\u00bbpreset4&Prime; box_shadow_horizontal=\u00a0\u00bb6px\u00a0\u00bb box_shadow_vertical=\u00a0\u00bb7px\u00a0\u00bb global_colors_info=\u00a0\u00bb{}\u00a0\u00bb][\/et_pb_button][\/et_pb_column][et_pb_column type=\u00a0\u00bb1_4&Prime; _builder_version=\u00a0\u00bb4.27.4&Prime; _module_preset=\u00a0\u00bbdefault\u00a0\u00bb global_colors_info=\u00a0\u00bb{}\u00a0\u00bb][et_pb_button button_url=\u00a0\u00bb@ET-DC@eyJkeW5hbWljIjp0cnVlLCJjb250ZW50IjoicG9zdF9saW5rX3VybF9hdHRhY2htZW50Iiwic2V0dGluZ3MiOnsicG9zdF9pZCI6IjYxNTUifX0=@\u00a0\u00bb url_new_window=\u00a0\u00bbon\u00a0\u00bb button_text=\u00a0\u00bb3\u00e8mes\u00a0\u00bb button_alignment=\u00a0\u00bbcenter\u00a0\u00bb admin_label=\u00a0\u00bbBt_Fourn_3e\u00a0\u00bb _builder_version=\u00a0\u00bb4.27.4&Prime; _dynamic_attributes=\u00a0\u00bbbutton_url\u00a0\u00bb _module_preset=\u00a0\u00bbdefault\u00a0\u00bb custom_button=\u00a0\u00bbon\u00a0\u00bb button_text_size=\u00a0\u00bb22px\u00a0\u00bb button_bg_color=\u00a0\u00bb#E02B20&Prime; button_border_width=\u00a0\u00bb3px\u00a0\u00bb button_border_radius=\u00a0\u00bb20px\u00a0\u00bb button_letter_spacing=\u00a0\u00bb0px\u00a0\u00bb button_font=\u00a0\u00bb&#8211;et_global_heading_font||||||||\u00a0\u00bb background_layout=\u00a0\u00bbdark\u00a0\u00bb box_shadow_style=\u00a0\u00bbpreset4&Prime; box_shadow_horizontal=\u00a0\u00bb6px\u00a0\u00bb box_shadow_vertical=\u00a0\u00bb7px\u00a0\u00bb global_colors_info=\u00a0\u00bb{}\u00a0\u00bb][\/et_pb_button][\/et_pb_column][\/et_pb_row][et_pb_row _builder_version=\u00a0\u00bb4.27.4&Prime; _module_preset=\u00a0\u00bbdefault\u00a0\u00bb global_colors_info=\u00a0\u00bb{}\u00a0\u00bb][et_pb_column type=\u00a0\u00bb4_4&Prime; _builder_version=\u00a0\u00bb4.27.4&Prime; _module_preset=\u00a0\u00bbdefault\u00a0\u00bb global_colors_info=\u00a0\u00bb{}\u00a0\u00bb][et_pb_cta title=\u00a0\u00bbCirculaire de la rentr\u00e9e 2025-26&Prime; button_url=\u00a0\u00bb@ET-DC@eyJkeW5hbWljIjp0cnVlLCJjb250ZW50IjoicG9zdF9saW5rX3VybF9hdHRhY2htZW50Iiwic2V0dGluZ3MiOnsicG9zdF9pZCI6IjYxODQifX0=@\u00a0\u00bb url_new_window=\u00a0\u00bbon\u00a0\u00bb button_text=\u00a0\u00bbCirculaire Rentr\u00e9e\u00a0\u00bb _builder_version=\u00a0\u00bb4.27.4&Prime; _dynamic_attributes=\u00a0\u00bblink_option_url,button_url\u00a0\u00bb _module_preset=\u00a0\u00bbdefault\u00a0\u00bb background_color=\u00a0\u00bb#00C7EB\u00a0\u00bb custom_button=\u00a0\u00bbon\u00a0\u00bb button_text_size=\u00a0\u00bb21px\u00a0\u00bb button_border_width=\u00a0\u00bb2px\u00a0\u00bb button_border_radius=\u00a0\u00bb15px\u00a0\u00bb width=\u00a0\u00bb57%\u00a0\u00bb max_width=\u00a0\u00bb100%\u00a0\u00bb module_alignment=\u00a0\u00bbcenter\u00a0\u00bb max_height=\u00a0\u00bb1000px\u00a0\u00bb custom_margin=\u00a0\u00bb-12px||||false|false\u00a0\u00bb link_option_url=\u00a0\u00bb@ET-DC@eyJkeW5hbWljIjp0cnVlLCJjb250ZW50IjoicG9zdF9saW5rX3VybF9hdHRhY2htZW50Iiwic2V0dGluZ3MiOnsicG9zdF9pZCI6IjYxODQifX0=@\u00a0\u00bb border_radii=\u00a0\u00bbon|36px|36px|36px|36px\u00a0\u00bb box_shadow_style_button=\u00a0\u00bbpreset4&Prime; box_shadow_blur_button=\u00a0\u00bb3px\u00a0\u00bb global_colors_info=\u00a0\u00bb{}\u00a0\u00bb][\/et_pb_cta][\/et_pb_column][\/et_pb_row][\/et_pb_section][et_pb_section fb_built=\u00a0\u00bb1&Prime; _builder_version=\u00a0\u00bb4.27.4&Prime; _module_preset=\u00a0\u00bbdefault\u00a0\u00bb background_color=\u00a0\u00bb#002cbc\u00a0\u00bb custom_padding=\u00a0\u00bb58px|||||\u00a0\u00bb global_colors_info=\u00a0\u00bb{}\u00a0\u00bb][et_pb_row _builder_version=\u00a0\u00bb4.27.4&Prime; _module_preset=\u00a0\u00bbdefault\u00a0\u00bb global_colors_info=\u00a0\u00bb{}\u00a0\u00bb][et_pb_column type=\u00a0\u00bb4_4&Prime; _builder_version=\u00a0\u00bb4.27.4&Prime; _module_preset=\u00a0\u00bbdefault\u00a0\u00bb global_colors_info=\u00a0\u00bb{}\u00a0\u00bb][et_pb_cta title=\u00a0\u00bbNouveaut\u00e9 rentr\u00e9e 2025 !!!\u00a0\u00bb button_url=\u00a0\u00bb@ET-DC@eyJkeW5hbWljIjp0cnVlLCJjb250ZW50IjoicG9zdF9saW5rX3VybF9wYWdlIiwic2V0dGluZ3MiOnsicG9zdF9pZCI6IjYwNjYifX0=@\u00a0\u00bb button_text=\u00a0\u00bbCAP AEPE\u00a0\u00bb _builder_version=\u00a0\u00bb4.27.4&Prime; _dynamic_attributes=\u00a0\u00bbbutton_url,link_option_url\u00a0\u00bb _module_preset=\u00a0\u00bbdefault\u00a0\u00bb header_level=\u00a0\u00bbh1&Prime; header_font=\u00a0\u00bbAlata|||on|||||\u00a0\u00bb header_line_height=\u00a0\u00bb1.5em\u00a0\u00bb background_color=\u00a0\u00bb#7CDA24&Prime; use_background_color_gradient=\u00a0\u00bbon\u00a0\u00bb background_color_gradient_type=\u00a0\u00bbcircular\u00a0\u00bb background_color_gradient_stops=\u00a0\u00bb#e09900 0%|#d70de5 100%\u00a0\u00bb custom_button=\u00a0\u00bbon\u00a0\u00bb button_text_size=\u00a0\u00bb20px\u00a0\u00bb button_bg_color=\u00a0\u00bb#8300E9&Prime; button_letter_spacing=\u00a0\u00bb4px\u00a0\u00bb button_use_icon=\u00a0\u00bboff\u00a0\u00bb width=\u00a0\u00bb50%\u00a0\u00bb module_alignment=\u00a0\u00bbcenter\u00a0\u00bb custom_margin=\u00a0\u00bb-70px||-65px||false|false\u00a0\u00bb custom_padding=\u00a0\u00bb17px||17px|||\u00a0\u00bb link_option_url=\u00a0\u00bb@ET-DC@eyJkeW5hbWljIjp0cnVlLCJjb250ZW50IjoicG9zdF9saW5rX3VybF9wYWdlIiwic2V0dGluZ3MiOnsicG9zdF9pZCI6IjU2NyJ9fQ==@\u00a0\u00bb border_radii=\u00a0\u00bbon|228px|228px|228px|228px\u00a0\u00bb box_shadow_style=\u00a0\u00bbpreset1&Prime; box_shadow_style_button=\u00a0\u00bbpreset1&Prime; global_colors_info=\u00a0\u00bb{}\u00a0\u00bb]<\/p>\n<h3><strong>OUVERTURE DU CAP AEPE<\/strong><\/h3>\n<h5><strong>Accompagnant Educatif Petite Enfance<\/strong><\/h5>\n<p>[\/et_pb_cta][\/et_pb_column][\/et_pb_row][\/et_pb_section][et_pb_section fb_built=\u00a0\u00bb1&Prime; _builder_version=\u00a0\u00bb4.27.4&Prime; _module_preset=\u00a0\u00bbdefault\u00a0\u00bb background_color=\u00a0\u00bb#0c009b\u00a0\u00bb min_height=\u00a0\u00bb152px\u00a0\u00bb custom_padding=\u00a0\u00bb30px||18px|||\u00a0\u00bb global_colors_info=\u00a0\u00bb{}\u00a0\u00bb][et_pb_row column_structure=\u00a0\u00bb1_3,1_3,1_3&Prime; _builder_version=\u00a0\u00bb4.27.3&Prime; _module_preset=\u00a0\u00bbdefault\u00a0\u00bb background_color=\u00a0\u00bbRGBA(255,255,255,0)\u00a0\u00bb min_height=\u00a0\u00bb165px\u00a0\u00bb custom_margin=\u00a0\u00bb|auto|6px|auto||\u00a0\u00bb custom_padding=\u00a0\u00bb0px||0px|||\u00a0\u00bb link_option_url_new_window=\u00a0\u00bbon\u00a0\u00bb global_colors_info=\u00a0\u00bb{}\u00a0\u00bb][et_pb_column type=\u00a0\u00bb1_3&Prime; _builder_version=\u00a0\u00bb4.19.5&Prime; _module_preset=\u00a0\u00bbdefault\u00a0\u00bb global_colors_info=\u00a0\u00bb{}\u00a0\u00bb][et_pb_cta title=\u00a0\u00bbJourn\u00e9e PORTES OUVERTES\u00a0\u00bb button_text=\u00a0\u00bbClics\u00a0\u00bb _builder_version=\u00a0\u00bb4.27.4&Prime; _module_preset=\u00a0\u00bbdefault\u00a0\u00bb header_level=\u00a0\u00bbh1&Prime; header_font=\u00a0\u00bbAcme||||||||\u00a0\u00bb header_font_size=\u00a0\u00bb37px\u00a0\u00bb background_color=\u00a0\u00bb#00a6e8&Prime; transform_scale=\u00a0\u00bb84%|84%\u00a0\u00bb min_height=\u00a0\u00bb183px\u00a0\u00bb custom_margin=\u00a0\u00bb-8px|11px|-17px|11px|false|true\u00a0\u00bb custom_padding=\u00a0\u00bb18px|9px|9px|5px|false|false\u00a0\u00bb border_radii=\u00a0\u00bbon|3px|3px|3px|3px\u00a0\u00bb border_width_all=\u00a0\u00bb4px\u00a0\u00bb border_color_all=\u00a0\u00bb#FFFFFF\u00a0\u00bb border_style_all=\u00a0\u00bbdotted\u00a0\u00bb box_shadow_style=\u00a0\u00bbpreset2&Prime; box_shadow_color=\u00a0\u00bbRGBA(255,255,255,0)\u00a0\u00bb global_colors_info=\u00a0\u00bb{}\u00a0\u00bb]<\/p>\n<h3><strong>au coll\u00e8ge et lyc\u00e9es Jeanne d&rsquo;arc<br \/><\/strong><\/h3>\n<p>[\/et_pb_cta][\/et_pb_column][et_pb_column type=\u00a0\u00bb1_3&Prime; _builder_version=\u00a0\u00bb4.22.2&Prime; _module_preset=\u00a0\u00bbdefault\u00a0\u00bb global_colors_info=\u00a0\u00bb{}\u00a0\u00bb][et_pb_cta title=\u00a0\u00bbSamedi  28 mars 2026&Prime; button_text=\u00a0\u00bbAffiche\u00a0\u00bb _builder_version=\u00a0\u00bb4.27.4&Prime; _module_preset=\u00a0\u00bbdefault\u00a0\u00bb header_level=\u00a0\u00bbh1&Prime; header_font=\u00a0\u00bbAcme||||||||\u00a0\u00bb header_text_align=\u00a0\u00bbcenter\u00a0\u00bb header_font_size=\u00a0\u00bb41px\u00a0\u00bb body_text_align=\u00a0\u00bbcenter\u00a0\u00bb background_color=\u00a0\u00bb#00bfe5&Prime; custom_button=\u00a0\u00bbon\u00a0\u00bb button_border_radius=\u00a0\u00bb30px\u00a0\u00bb button_icon=\u00a0\u00bb&#xf1c1;||fa||400&Prime; button_on_hover=\u00a0\u00bboff\u00a0\u00bb transform_scale=\u00a0\u00bb84%|84%\u00a0\u00bb module_alignment=\u00a0\u00bbcenter\u00a0\u00bb min_height=\u00a0\u00bb183px\u00a0\u00bb custom_margin=\u00a0\u00bb-8px|11px|-17px|11px|false|true\u00a0\u00bb custom_padding=\u00a0\u00bb27px|9px|9px|5px|false|false\u00a0\u00bb hover_enabled=\u00a0\u00bb0&Prime; body_text_shadow_style=\u00a0\u00bbpreset4&Prime; border_radii=\u00a0\u00bbon|3px|3px|3px|3px\u00a0\u00bb border_width_all=\u00a0\u00bb4px\u00a0\u00bb border_color_all=\u00a0\u00bb#FFFFFF\u00a0\u00bb border_style_all=\u00a0\u00bbdotted\u00a0\u00bb box_shadow_style=\u00a0\u00bbpreset2&Prime; box_shadow_color=\u00a0\u00bbRGBA(255,255,255,0)\u00a0\u00bb global_colors_info=\u00a0\u00bb{}\u00a0\u00bb sticky_enabled=\u00a0\u00bb0&Prime;]<\/p>\n<h3><strong>09h \u00e0 12h30<br \/>\n<\/strong><\/h3>\n<p>[\/et_pb_cta][\/et_pb_column][et_pb_column type=\u00a0\u00bb1_3&Prime; _builder_version=\u00a0\u00bb4.19.5&Prime; _module_preset=\u00a0\u00bbdefault\u00a0\u00bb global_colors_info=\u00a0\u00bb{}\u00a0\u00bb][et_pb_cta button_url=\u00a0\u00bbhttps:\/\/youtu.be\/c2q02ejyvJs\u00a0\u00bb url_new_window=\u00a0\u00bbon\u00a0\u00bb button_text=\u00a0\u00bbVid\u00e9o\u00a0\u00bb _builder_version=\u00a0\u00bb4.27.4&Prime; _module_preset=\u00a0\u00bbdefault\u00a0\u00bb body_font=\u00a0\u00bbAcme||||||||\u00a0\u00bb body_font_size=\u00a0\u00bb25px\u00a0\u00bb body_letter_spacing=\u00a0\u00bb2px\u00a0\u00bb background_color=\u00a0\u00bb#2ba5e2&Prime; custom_button=\u00a0\u00bbon\u00a0\u00bb button_text_size=\u00a0\u00bb16px\u00a0\u00bb button_border_radius=\u00a0\u00bb100px\u00a0\u00bb button_letter_spacing=\u00a0\u00bb4px\u00a0\u00bb button_icon=\u00a0\u00bb&#xe0a3;||divi||400&Prime; button_on_hover=\u00a0\u00bboff\u00a0\u00bb width=\u00a0\u00bb100%\u00a0\u00bb max_width=\u00a0\u00bb100%\u00a0\u00bb min_height=\u00a0\u00bb156px\u00a0\u00bb custom_margin=\u00a0\u00bb4px||||false|false\u00a0\u00bb custom_padding=\u00a0\u00bb26px||10px||false|false\u00a0\u00bb link_option_url=\u00a0\u00bbhttps:\/\/youtu.be\/c2q02ejyvJs\u00a0\u00bb link_option_url_new_window=\u00a0\u00bbon\u00a0\u00bb border_radii=\u00a0\u00bbon|3px|3px|3px|3px\u00a0\u00bb border_width_all=\u00a0\u00bb4px\u00a0\u00bb border_color_all=\u00a0\u00bb#FFFFFF\u00a0\u00bb border_style_all=\u00a0\u00bbdotted\u00a0\u00bb global_colors_info=\u00a0\u00bb{}\u00a0\u00bb]<\/p>\n<p>Notre vid\u00e9o de pr\u00e9sentation<\/p>\n<p>[\/et_pb_cta][\/et_pb_column][\/et_pb_row][\/et_pb_section][et_pb_section fb_built=\u00a0\u00bb1&Prime; _builder_version=\u00a0\u00bb4.27.4&Prime; _module_preset=\u00a0\u00bbdefault\u00a0\u00bb background_color=\u00a0\u00bb#070056&Prime; min_height=\u00a0\u00bb310px\u00a0\u00bb custom_padding=\u00a0\u00bb30px||18px|||\u00a0\u00bb global_colors_info=\u00a0\u00bb{}\u00a0\u00bb][et_pb_row _builder_version=\u00a0\u00bb4.27.4&Prime; _module_preset=\u00a0\u00bbdefault\u00a0\u00bb custom_margin=\u00a0\u00bb|auto||785px||\u00a0\u00bb global_colors_info=\u00a0\u00bb{}\u00a0\u00bb][et_pb_column type=\u00a0\u00bb4_4&Prime; _builder_version=\u00a0\u00bb4.27.4&Prime; _module_preset=\u00a0\u00bbdefault\u00a0\u00bb global_colors_info=\u00a0\u00bb{}\u00a0\u00bb][et_pb_image src=\u00a0\u00bbhttp:\/\/www.jeannedarc-figeac.fr\/college-lycee\/wp-content\/uploads\/sites\/5\/2026\/01\/Screenshot_20260111-175044_Instagram-241&#215;300.jpg\u00a0\u00bb title_text=\u00a0\u00bbScreenshot_20260111-175044_Instagram\u00a0\u00bb _builder_version=\u00a0\u00bb4.27.4&Prime; _module_preset=\u00a0\u00bbdefault\u00a0\u00bb custom_padding=\u00a0\u00bb|756px||||\u00a0\u00bb global_colors_info=\u00a0\u00bb{}\u00a0\u00bb][\/et_pb_image][\/et_pb_column][\/et_pb_row][\/et_pb_section][et_pb_section fb_built=\u00a0\u00bb1&Prime; _builder_version=\u00a0\u00bb4.24.2&Prime; _module_preset=\u00a0\u00bbdefault\u00a0\u00bb background_color=\u00a0\u00bb#0C71C3&Prime; custom_padding=\u00a0\u00bb5px||9px|||\u00a0\u00bb global_colors_info=\u00a0\u00bb{}\u00a0\u00bb][et_pb_row _builder_version=\u00a0\u00bb4.24.2&Prime; _module_preset=\u00a0\u00bbdefault\u00a0\u00bb custom_padding=\u00a0\u00bb27px||32px|||\u00a0\u00bb global_colors_info=\u00a0\u00bb{}\u00a0\u00bb][et_pb_column type=\u00a0\u00bb4_4&Prime; _builder_version=\u00a0\u00bb4.24.2&Prime; _module_preset=\u00a0\u00bbdefault\u00a0\u00bb global_colors_info=\u00a0\u00bb{}\u00a0\u00bb][et_pb_button button_url=\u00a0\u00bb@ET-DC@eyJkeW5hbWljIjp0cnVlLCJjb250ZW50IjoicG9zdF9saW5rX3VybF9hdHRhY2htZW50Iiwic2V0dGluZ3MiOnsicG9zdF9pZCI6IjU4MTAifX0=@\u00a0\u00bb url_new_window=\u00a0\u00bbon\u00a0\u00bb button_text=\u00a0\u00bbR\u00e9sultats Examens 2025&Prime; button_alignment=\u00a0\u00bbcenter\u00a0\u00bb admin_label=\u00a0\u00bbBt_Result_Exam2023&Prime; _builder_version=\u00a0\u00bb4.27.4&Prime; _dynamic_attributes=\u00a0\u00bbbutton_url\u00a0\u00bb _module_preset=\u00a0\u00bbdefault\u00a0\u00bb custom_button=\u00a0\u00bbon\u00a0\u00bb button_bg_use_color_gradient=\u00a0\u00bbon\u00a0\u00bb button_bg_color_gradient_stops=\u00a0\u00bb#fff347 0%|#8300e9 100%\u00a0\u00bb background_layout=\u00a0\u00bbdark\u00a0\u00bb box_shadow_style=\u00a0\u00bbpreset6&Prime; global_colors_info=\u00a0\u00bb{}\u00a0\u00bb][\/et_pb_button][et_pb_text _builder_version=\u00a0\u00bb4.27.4&Prime; _module_preset=\u00a0\u00bbdefault\u00a0\u00bb text_letter_spacing=\u00a0\u00bb1px\u00a0\u00bb background_color=\u00a0\u00bb#FFFFFF\u00a0\u00bb text_orientation=\u00a0\u00bbcenter\u00a0\u00bb global_colors_info=\u00a0\u00bb{}\u00a0\u00bb]<\/p>\n<h4 style=\"text-align: center;\">Taux de r\u00e9ussite toutes fili\u00e8res : 97.1 %<\/h4>\n<p>[\/et_pb_text][et_pb_tabs _builder_version=\u00a0\u00bb4.27.3&Prime; _module_preset=\u00a0\u00bbdefault\u00a0\u00bb global_colors_info=\u00a0\u00bb{}\u00a0\u00bb][et_pb_tab title=\u00a0\u00bbColl\u00e8ges\u00a0\u00bb _builder_version=\u00a0\u00bb4.27.3&Prime; _module_preset=\u00a0\u00bbdefault\u00a0\u00bb global_colors_info=\u00a0\u00bb{}\u00a0\u00bb]<span id=\"tablepress-1-description\" class=\"tablepress-table-description tablepress-table-description-id-1\">Coll\u00e8ge Jeanne d'arc Figeac<\/span>\n\n<table id=\"tablepress-1\" class=\"tablepress tablepress-id-1 tbody-has-connected-cells\" aria-describedby=\"tablepress-1-description\">\n<thead>\n<tr class=\"row-1\">\n\t<th colspan=\"4\" class=\"column-1\"><center><strong><H2>BREVET DES COLLEGES<\/strong><\/center><\/H2><\/th>\n<\/tr>\n<\/thead>\n<tbody class=\"row-striping row-hover\">\n<tr class=\"row-2\">\n\t<td class=\"column-1\"><strong>Nombre de candidats<\/strong><\/td><td class=\"column-2\"><strong>Nombre d'admis<\/strong><\/td><td class=\"column-3\"><strong>%<\/strong><\/td><td class=\"column-4\"><strong>Mentions<\/strong><\/td>\n<\/tr>\n<tr class=\"row-3\">\n\t<td class=\"column-1\">72<\/td><td class=\"column-2\">69<\/td><td class=\"column-3\">96<\/td><td class=\"column-4\">TB (27) = 39% <br \/>\n(dont 8 avec les f\u00e9licitations du jury)<br \/>\nB (28) = 40%<br \/>\nAB (8) = 11% <\/td>\n<\/tr>\n<tr class=\"row-4\">\n\t<td colspan=\"4\" class=\"column-1\"><center><strong><H2>C.F.G.<\/strong><\/center><\/H2><\/td>\n<\/tr>\n<tr class=\"row-5\">\n\t<td class=\"column-1\">9<\/td><td class=\"column-2\">9<\/td><td class=\"column-3\">100<\/td><td class=\"column-4\"><\/td>\n<\/tr>\n<\/tbody>\n<\/table>\n<!-- #tablepress-1 from cache -->[\/et_pb_tab][et_pb_tab title=\u00a0\u00bbLyc\u00e9es\u00a0\u00bb _builder_version=\u00a0\u00bb4.27.3&Prime; _module_preset=\u00a0\u00bbdefault\u00a0\u00bb global_colors_info=\u00a0\u00bb{}\u00a0\u00bb]<span id=\"tablepress-7-description\" class=\"tablepress-table-description tablepress-table-description-id-7\">Lyc\u00e9es Jeanne d'arc Figeac<\/span>\n\n<table id=\"tablepress-7\" class=\"tablepress tablepress-id-7\" aria-describedby=\"tablepress-7-description\">\n<thead>\n<tr class=\"row-1\">\n\t<th colspan=\"5\" class=\"column-1\"><center><H2>Baccalaur\u00e9ats \/ CAP AAGA \/ CAP AEPE<strong><\/center><\/H2><\/th>\n<\/tr>\n<\/thead>\n<tbody class=\"row-striping row-hover\">\n<tr class=\"row-2\">\n\t<td class=\"column-1\"><center><strong>Dipl\u00f4me<\/center><\/td><td class=\"column-2\">Candidats<\/td><td class=\"column-3\">Admis<\/td><td class=\"column-4\">%<\/td><td class=\"column-5\">Mentions<\/td>\n<\/tr>\n<tr class=\"row-3\">\n\t<td class=\"column-1\">Bac Pro ASSP<\/td><td class=\"column-2\">20<\/td><td class=\"column-3\">20<\/td><td class=\"column-4\">100<\/td><td class=\"column-5\">TB(1) - 5%<br \/>\nB(7)   - 35%<br \/>\nAB(9) - 45%<\/td>\n<\/tr>\n<tr class=\"row-4\">\n\t<td class=\"column-1\">Bac Techno ST2S<\/td><td class=\"column-2\">14<\/td><td class=\"column-3\">14<\/td><td class=\"column-4\">100<\/td><td class=\"column-5\">TB(1) - 7%<br \/>\nB(2)   - 14% <br \/>\nAB(7) - 50%<\/td>\n<\/tr>\n<tr class=\"row-5\">\n\t<td class=\"column-1\">Bac G\u00e9n\u00e9ral<\/td><td class=\"column-2\">50<\/td><td class=\"column-3\">48<\/td><td class=\"column-4\">96<\/td><td class=\"column-5\">TB(8)   - 16% <br \/>\n(dont 1 avec les f\u00e9licitations du jury)<br \/>\nB(10)   - 21%<br \/>\nAB(21) - 43%<\/td>\n<\/tr>\n<tr class=\"row-6\">\n\t<td class=\"column-1\">ARI (Attestation de R\u00e9ussite Interm\u00e9diaire) pour les 1\u00e8re ASSP<\/td><td class=\"column-2\">18<\/td><td class=\"column-3\">18<\/td><td class=\"column-4\">100<\/td><td class=\"column-5\"><\/td>\n<\/tr>\n<tr class=\"row-7\">\n\t<td class=\"column-1\">CAP AAGA<\/td><td class=\"column-2\">5<\/td><td class=\"column-3\">5<\/td><td class=\"column-4\">100<\/td><td class=\"column-5\">TB(1) - 20%<br \/>\nB(4)   - 80%<\/td>\n<\/tr>\n<tr class=\"row-8\">\n\t<td class=\"column-1\">CAP AEPE<\/td><td class=\"column-2\">11<\/td><td class=\"column-3\">11<\/td><td class=\"column-4\">100<\/td><td class=\"column-5\">TB(6) - 54%<br \/>\nB(2)   - 18%<br \/>\nAB(3) - 27%<\/td>\n<\/tr>\n<\/tbody>\n<\/table>\n<!-- #tablepress-7 from cache -->[\/et_pb_tab][\/et_pb_tabs][\/et_pb_column][\/et_pb_row][et_pb_row _builder_version=\u00a0\u00bb4.24.2&Prime; _module_preset=\u00a0\u00bbdefault\u00a0\u00bb global_colors_info=\u00a0\u00bb{}\u00a0\u00bb][et_pb_column type=\u00a0\u00bb4_4&Prime; _builder_version=\u00a0\u00bb4.24.2&Prime; _module_preset=\u00a0\u00bbdefault\u00a0\u00bb global_colors_info=\u00a0\u00bb{}\u00a0\u00bb][et_pb_button button_url=\u00a0\u00bb@ET-DC@eyJkeW5hbWljIjp0cnVlLCJjb250ZW50IjoicG9zdF9saW5rX3VybF9wYWdlIiwic2V0dGluZ3MiOnsicG9zdF9pZCI6IjUxMzYifX0=@\u00a0\u00bb url_new_window=\u00a0\u00bbon\u00a0\u00bb button_text=\u00a0\u00bbTaxe d&rsquo;apprentissage\u00a0\u00bb button_alignment=\u00a0\u00bbcenter\u00a0\u00bb admin_label=\u00a0\u00bbBt_TaxeApp\u00a0\u00bb _builder_version=\u00a0\u00bb4.26.0&Prime; _dynamic_attributes=\u00a0\u00bbbutton_url\u00a0\u00bb _module_preset=\u00a0\u00bbdefault\u00a0\u00bb custom_button=\u00a0\u00bbon\u00a0\u00bb button_text_color=\u00a0\u00bb#0C71C3&Prime; button_bg_color=\u00a0\u00bb#FFFFFF\u00a0\u00bb button_border_radius=\u00a0\u00bb18px\u00a0\u00bb button_icon=\u00a0\u00bb&#xf1c1;||fa||400&Prime; button_on_hover=\u00a0\u00bboff\u00a0\u00bb background_layout=\u00a0\u00bbdark\u00a0\u00bb box_shadow_style=\u00a0\u00bbpreset4&Prime; box_shadow_horizontal=\u00a0\u00bb7px\u00a0\u00bb box_shadow_vertical=\u00a0\u00bb7px\u00a0\u00bb box_shadow_color=\u00a0\u00bbrgba(214,214,214,0.75)\u00a0\u00bb global_colors_info=\u00a0\u00bb{}\u00a0\u00bb][\/et_pb_button][et_pb_cta title=\u00a0\u00bbLes \u00e9l\u00e8ves racontent&#8230;\u00a0\u00bb button_url=\u00a0\u00bb@ET-DC@eyJkeW5hbWljIjp0cnVlLCJjb250ZW50IjoicG9zdF9saW5rX3VybF9wb3N0Iiwic2V0dGluZ3MiOnsicG9zdF9pZCI6IjU0ODcifX0=@\u00a0\u00bb button_text=\u00a0\u00bbPodcasts\u00a0\u00bb admin_label=\u00a0\u00bbAction_Podcast_El\u00e8ves\u00a0\u00bb _builder_version=\u00a0\u00bb4.27.4&Prime; _dynamic_attributes=\u00a0\u00bbbutton_url\u00a0\u00bb _module_preset=\u00a0\u00bbdefault\u00a0\u00bb background_color=\u00a0\u00bb#E09900&Prime; custom_button=\u00a0\u00bbon\u00a0\u00bb button_text_size=\u00a0\u00bb19px\u00a0\u00bb button_text_color=\u00a0\u00bb#FFFFFF\u00a0\u00bb button_bg_color=\u00a0\u00bbRGBA(255,255,255,0)\u00a0\u00bb button_border_width=\u00a0\u00bb4px\u00a0\u00bb button_border_radius=\u00a0\u00bb27px\u00a0\u00bb button_letter_spacing=\u00a0\u00bb4px\u00a0\u00bb button_font=\u00a0\u00bbAboreto||||||||\u00a0\u00bb button_icon=\u00a0\u00bb&#xf130;||fa||900&Prime; button_on_hover=\u00a0\u00bboff\u00a0\u00bb width=\u00a0\u00bb60%\u00a0\u00bb max_width=\u00a0\u00bb60%\u00a0\u00bb module_alignment=\u00a0\u00bbcenter\u00a0\u00bb custom_margin=\u00a0\u00bb|100px||100px|false|true\u00a0\u00bb custom_padding=\u00a0\u00bb|12px||9px||\u00a0\u00bb border_radii=\u00a0\u00bbon|28px|28px|28px|28px\u00a0\u00bb global_colors_info=\u00a0\u00bb{}\u00a0\u00bb]<\/p>\n<p>La Rafle de Figeac du 12 mai 1944<\/p>\n<p>[\/et_pb_cta][et_pb_cta title=\u00a0\u00bbLes Terminales HGGSP racontent&#8230;\u00a0\u00bb button_url=\u00a0\u00bb@ET-DC@eyJkeW5hbWljIjp0cnVlLCJjb250ZW50IjoicG9zdF9saW5rX3VybF9wb3N0Iiwic2V0dGluZ3MiOnsicG9zdF9pZCI6IjU1NjUifX0=@\u00a0\u00bb button_text=\u00a0\u00bbPodcasts\u00a0\u00bb admin_label=\u00a0\u00bbAction_Podcast_THGGSP\u00a0\u00bb _builder_version=\u00a0\u00bb4.27.4&Prime; _dynamic_attributes=\u00a0\u00bbbutton_url\u00a0\u00bb _module_preset=\u00a0\u00bbdefault\u00a0\u00bb background_color=\u00a0\u00bb#C88BDA\u00a0\u00bb custom_button=\u00a0\u00bbon\u00a0\u00bb button_text_size=\u00a0\u00bb19px\u00a0\u00bb button_text_color=\u00a0\u00bb#FFFFFF\u00a0\u00bb button_bg_color=\u00a0\u00bbRGBA(255,255,255,0)\u00a0\u00bb button_border_width=\u00a0\u00bb4px\u00a0\u00bb button_border_radius=\u00a0\u00bb27px\u00a0\u00bb button_letter_spacing=\u00a0\u00bb4px\u00a0\u00bb button_font=\u00a0\u00bbAboreto||||||||\u00a0\u00bb button_icon=\u00a0\u00bb&#xf130;||fa||900&Prime; button_on_hover=\u00a0\u00bboff\u00a0\u00bb width=\u00a0\u00bb60%\u00a0\u00bb max_width=\u00a0\u00bb60%\u00a0\u00bb module_alignment=\u00a0\u00bbcenter\u00a0\u00bb custom_margin=\u00a0\u00bb|100px||100px|false|true\u00a0\u00bb custom_padding=\u00a0\u00bb|12px||15px||\u00a0\u00bb border_radii=\u00a0\u00bbon|26px|26px|26px|26px\u00a0\u00bb global_colors_info=\u00a0\u00bb{}\u00a0\u00bb]<\/p>\n<h3>La Rafle de Figeac du 12 mai 1944<\/h3>\n<p>Laur\u00e9at du concours de la R\u00e9sistance et de la D\u00e9portation 2024\u00a0<\/p>\n<p>En collaboration avec le Service du Patrimoine<\/p>\n<p>[\/et_pb_cta][et_pb_cta title=\u00a0\u00bbJD&rsquo;ACTUS &#8211; N\u00b01&Prime; button_url=\u00a0\u00bb@ET-DC@eyJkeW5hbWljIjp0cnVlLCJjb250ZW50IjoicG9zdF9saW5rX3VybF9wb3N0Iiwic2V0dGluZ3MiOnsicG9zdF9pZCI6IjUzMjUifX0=@\u00a0\u00bb button_text=\u00a0\u00bbJD&rsquo;ACTUS N\u00b01&Prime; admin_label=\u00a0\u00bbAppel_JdactusN1&Prime; _builder_version=\u00a0\u00bb4.26.0&Prime; _dynamic_attributes=\u00a0\u00bbbutton_url\u00a0\u00bb _module_preset=\u00a0\u00bbdefault\u00a0\u00bb use_background_color=\u00a0\u00bboff\u00a0\u00bb custom_button=\u00a0\u00bbon\u00a0\u00bb button_border_radius=\u00a0\u00bb27px\u00a0\u00bb button_letter_spacing=\u00a0\u00bb1px\u00a0\u00bb button_icon=\u00a0\u00bb&#xf15c;||fa||400&Prime; button_on_hover=\u00a0\u00bboff\u00a0\u00bb button_alignment=\u00a0\u00bbcenter\u00a0\u00bb module_alignment=\u00a0\u00bbcenter\u00a0\u00bb custom_padding=\u00a0\u00bb5px||5px|0px|true|false\u00a0\u00bb border_color_all=\u00a0\u00bb#FFFFFF\u00a0\u00bb global_colors_info=\u00a0\u00bb{}\u00a0\u00bb]<\/p>\n<h4>Retrouvez le journal des lyc\u00e9ens de 1\u00e8re HGGSP<\/h4>\n<p>[\/et_pb_cta][et_pb_cta title=\u00a0\u00bbJD&rsquo;ACTUS &#8211; N\u00b02&Prime; button_url=\u00a0\u00bb@ET-DC@eyJkeW5hbWljIjp0cnVlLCJjb250ZW50IjoicG9zdF9saW5rX3VybF9hdHRhY2htZW50Iiwic2V0dGluZ3MiOnsicG9zdF9pZCI6IjU2ODUifX0=@\u00a0\u00bb button_text=\u00a0\u00bbJD&rsquo;ACTUS N\u00b02&Prime; admin_label=\u00a0\u00bbAppel_JdactusN1&Prime; _builder_version=\u00a0\u00bb4.26.0&Prime; _dynamic_attributes=\u00a0\u00bbbutton_url\u00a0\u00bb _module_preset=\u00a0\u00bbdefault\u00a0\u00bb use_background_color=\u00a0\u00bboff\u00a0\u00bb custom_button=\u00a0\u00bbon\u00a0\u00bb button_border_radius=\u00a0\u00bb27px\u00a0\u00bb button_letter_spacing=\u00a0\u00bb1px\u00a0\u00bb button_icon=\u00a0\u00bb&#xf15c;||fa||400&Prime; button_on_hover=\u00a0\u00bboff\u00a0\u00bb button_alignment=\u00a0\u00bbcenter\u00a0\u00bb module_alignment=\u00a0\u00bbcenter\u00a0\u00bb custom_padding=\u00a0\u00bb5px||5px|0px|true|false\u00a0\u00bb border_color_all=\u00a0\u00bb#FFFFFF\u00a0\u00bb global_colors_info=\u00a0\u00bb{}\u00a0\u00bb][\/et_pb_cta][\/et_pb_column][\/et_pb_row][\/et_pb_section][et_pb_section fb_built=\u00a0\u00bb1&Prime; _builder_version=\u00a0\u00bb4.22.2&Prime; _module_preset=\u00a0\u00bbdefault\u00a0\u00bb background_color=\u00a0\u00bb#008cff\u00a0\u00bb min_height=\u00a0\u00bb152px\u00a0\u00bb custom_padding=\u00a0\u00bb30px||51px|||\u00a0\u00bb global_colors_info=\u00a0\u00bb{}\u00a0\u00bb][et_pb_row _builder_version=\u00a0\u00bb4.19.5&Prime; _module_preset=\u00a0\u00bbdefault\u00a0\u00bb background_color=\u00a0\u00bbRGBA(255,255,255,0)\u00a0\u00bb min_height=\u00a0\u00bb165px\u00a0\u00bb custom_margin=\u00a0\u00bb|auto|-34px|auto||\u00a0\u00bb custom_padding=\u00a0\u00bb0px||0px|||\u00a0\u00bb link_option_url=\u00a0\u00bbhttps:\/\/preinscriptions.ecoledirecte.com\/?RNE=0460703P\u00a0\u00bb link_option_url_new_window=\u00a0\u00bbon\u00a0\u00bb global_colors_info=\u00a0\u00bb{}\u00a0\u00bb][et_pb_column type=\u00a0\u00bb4_4&Prime; _builder_version=\u00a0\u00bb4.19.5&Prime; _module_preset=\u00a0\u00bbdefault\u00a0\u00bb global_colors_info=\u00a0\u00bb{}\u00a0\u00bb][et_pb_cta title=\u00a0\u00bbLes pr\u00e9-inscriptions\u00a0\u00bb button_text=\u00a0\u00bbClics\u00a0\u00bb _builder_version=\u00a0\u00bb4.20.4&Prime; _module_preset=\u00a0\u00bbdefault\u00a0\u00bb transform_scale=\u00a0\u00bb84%|84%\u00a0\u00bb custom_margin=\u00a0\u00bb-8px|11px|-17px|11px|false|true\u00a0\u00bb custom_padding=\u00a0\u00bb40px|9px|9px|5px|false|false\u00a0\u00bb border_radii=\u00a0\u00bbon|3px|3px|3px|3px\u00a0\u00bb border_width_all=\u00a0\u00bb4px\u00a0\u00bb border_color_all=\u00a0\u00bb#FFFFFF\u00a0\u00bb border_style_all=\u00a0\u00bbdotted\u00a0\u00bb box_shadow_style=\u00a0\u00bbpreset2&Prime; box_shadow_color=\u00a0\u00bbRGBA(255,255,255,0)\u00a0\u00bb global_colors_info=\u00a0\u00bb{}\u00a0\u00bb]<span style=\"text-decoration: underline;\"><strong>Cliquez sur cet encadr\u00e9 pour acc\u00e9der aux pr\u00e9-inscriptions pour l&rsquo;\u00e9tablissement Coll\u00e8ge et Lyc\u00e9e Jeanne d&rsquo;arc de Figeac<\/strong><\/span><\/p>\n<p>[\/et_pb_cta][\/et_pb_column][\/et_pb_row][\/et_pb_section][et_pb_section fb_built=\u00a0\u00bb1&Prime; _builder_version=\u00a0\u00bb4.22.2&Prime; _module_preset=\u00a0\u00bbdefault\u00a0\u00bb background_color=\u00a0\u00bb#0C71C3&Prime; custom_padding=\u00a0\u00bb11px||9px|||\u00a0\u00bb global_colors_info=\u00a0\u00bb{}\u00a0\u00bb][et_pb_row _builder_version=\u00a0\u00bb4.22.2&Prime; _module_preset=\u00a0\u00bbdefault\u00a0\u00bb global_colors_info=\u00a0\u00bb{}\u00a0\u00bb][et_pb_column type=\u00a0\u00bb4_4&Prime; _builder_version=\u00a0\u00bb4.22.2&Prime; _module_preset=\u00a0\u00bbdefault\u00a0\u00bb global_colors_info=\u00a0\u00bb{}\u00a0\u00bb][et_pb_text _builder_version=\u00a0\u00bb4.27.3&Prime; _module_preset=\u00a0\u00bbdefault\u00a0\u00bb custom_padding=\u00a0\u00bb2px|||||\u00a0\u00bb global_colors_info=\u00a0\u00bb{}\u00a0\u00bb]<\/p>\n<h1 style=\"text-align: center;\"><strong><span style=\"color: #ffff00;\">Remise des dipl\u00f4mes &#8211; Samedi\u00a0 30 novembre 2024<\/span><\/strong><\/h1>\n<p>[\/et_pb_text][et_pb_gallery gallery_ids=\u00a0\u00bb5847,5848,5849,5850&Prime; fullwidth=\u00a0\u00bbon\u00a0\u00bb admin_label=\u00a0\u00bbGal_Diplome_2023&Prime; _builder_version=\u00a0\u00bb4.27.3&Prime; _module_preset=\u00a0\u00bbdefault\u00a0\u00bb background_color=\u00a0\u00bb#7CDA24&Prime; use_background_color_gradient=\u00a0\u00bbon\u00a0\u00bb background_color_gradient_stops=\u00a0\u00bb#33c126 0%|#d6c52c 99%\u00a0\u00bb width=\u00a0\u00bb40%\u00a0\u00bb max_width=\u00a0\u00bb40%\u00a0\u00bb module_alignment=\u00a0\u00bbcenter\u00a0\u00bb custom_margin=\u00a0\u00bb0px||||false|false\u00a0\u00bb custom_padding=\u00a0\u00bb8px|16px|12px|16px|false|false\u00a0\u00bb child_filter_brightness=\u00a0\u00bb105%\u00a0\u00bb child_filter_sepia=\u00a0\u00bb100%\u00a0\u00bb animation_style=\u00a0\u00bbslide\u00a0\u00bb border_radii=\u00a0\u00bbon|66px|66px|66px|66px\u00a0\u00bb border_width_all=\u00a0\u00bb5px\u00a0\u00bb border_color_all=\u00a0\u00bb#FFFFFF\u00a0\u00bb global_colors_info=\u00a0\u00bb{}\u00a0\u00bb][\/et_pb_gallery][\/et_pb_column][\/et_pb_row][\/et_pb_section][et_pb_section fb_built=\u00a0\u00bb1&Prime; _builder_version=\u00a0\u00bb4.21.0&Prime; _module_preset=\u00a0\u00bbdefault\u00a0\u00bb background_color=\u00a0\u00bb#8300E9&Prime; custom_padding=\u00a0\u00bb15px|||||\u00a0\u00bb global_colors_info=\u00a0\u00bb{}\u00a0\u00bb][et_pb_row column_structure=\u00a0\u00bb1_2,1_2&Prime; _builder_version=\u00a0\u00bb4.27.4&Prime; _module_preset=\u00a0\u00bbdefault\u00a0\u00bb custom_margin=\u00a0\u00bb1px|auto||auto||\u00a0\u00bb custom_padding=\u00a0\u00bb9px||4px|||\u00a0\u00bb global_colors_info=\u00a0\u00bb{}\u00a0\u00bb][et_pb_column type=\u00a0\u00bb1_2&Prime; _builder_version=\u00a0\u00bb4.27.4&Prime; _module_preset=\u00a0\u00bbdefault\u00a0\u00bb global_colors_info=\u00a0\u00bb{}\u00a0\u00bb][et_pb_cta title=\u00a0\u00bb Championnat de France de P\u00e9tanque UNSS 2025&Prime; _builder_version=\u00a0\u00bb4.27.4&Prime; _module_preset=\u00a0\u00bbdefault\u00a0\u00bb header_font=\u00a0\u00bbABeeZee||||||||\u00a0\u00bb body_font=\u00a0\u00bbABeeZee||||||||\u00a0\u00bb body_font_size=\u00a0\u00bb18px\u00a0\u00bb background_color=\u00a0\u00bb#F0B800&Prime; custom_button=\u00a0\u00bbon\u00a0\u00bb button_text_color=\u00a0\u00bb#000000&Prime; button_border_radius=\u00a0\u00bb43px\u00a0\u00bb button_icon=\u00a0\u00bb&#xe07b;||divi||400&Prime; button_icon_color=\u00a0\u00bb#000000&Prime; background_layout=\u00a0\u00bblight\u00a0\u00bb module_alignment=\u00a0\u00bbcenter\u00a0\u00bb custom_padding=\u00a0\u00bb13px||13px|||\u00a0\u00bb border_radii=\u00a0\u00bbon|32px|32px|32px|32px\u00a0\u00bb border_width_all=\u00a0\u00bb2px\u00a0\u00bb global_colors_info=\u00a0\u00bb{}\u00a0\u00bb]Nos champions de France UNSS de p\u00e9tanque ont conserv\u00e9 leur titre apr\u00e8s 2 jours de comp\u00e9tition intensifs, \u00e0 l&rsquo;aide d&rsquo;un gros mental et d&rsquo;une magnifique solidarit\u00e9.<\/p>\n<p><span style=\"color: #ff0000;\">FELICITATIONS aux champions !!<\/span><\/p>\n<p>[\/et_pb_cta][\/et_pb_column][et_pb_column type=\u00a0\u00bb1_2&Prime; _builder_version=\u00a0\u00bb4.27.4&Prime; _module_preset=\u00a0\u00bbdefault\u00a0\u00bb global_colors_info=\u00a0\u00bb{}\u00a0\u00bb][et_pb_image src=\u00a0\u00bbhttp:\/\/www.jeannedarc-figeac.fr\/college-lycee\/wp-content\/uploads\/sites\/5\/2025\/05\/Champ-UNSS-Petanque-2025.jpeg\u00a0\u00bb title_text=\u00a0\u00bbChamp-UNSS-P\u00e9tanque-2025&Prime; _builder_version=\u00a0\u00bb4.27.4&Prime; _module_preset=\u00a0\u00bbdefault\u00a0\u00bb module_alignment=\u00a0\u00bbcenter\u00a0\u00bb max_height=\u00a0\u00bb260px\u00a0\u00bb border_radii=\u00a0\u00bbon|34px|34px|34px|34px\u00a0\u00bb global_colors_info=\u00a0\u00bb{}\u00a0\u00bb][\/et_pb_image][\/et_pb_column][\/et_pb_row][et_pb_row column_structure=\u00a0\u00bb3_4,1_4&Prime; _builder_version=\u00a0\u00bb4.20.4&Prime; _module_preset=\u00a0\u00bbdefault\u00a0\u00bb global_colors_info=\u00a0\u00bb{}\u00a0\u00bb][et_pb_column type=\u00a0\u00bb3_4&Prime; _builder_version=\u00a0\u00bb4.20.4&Prime; _module_preset=\u00a0\u00bbdefault\u00a0\u00bb global_colors_info=\u00a0\u00bb{}\u00a0\u00bb][et_pb_text _builder_version=\u00a0\u00bb4.20.4&Prime; _module_preset=\u00a0\u00bbdefault\u00a0\u00bb text_font=\u00a0\u00bbABeeZee|700|||||||\u00a0\u00bb text_text_color=\u00a0\u00bb#FFFFFF\u00a0\u00bb text_font_size=\u00a0\u00bb22px\u00a0\u00bb text_letter_spacing=\u00a0\u00bb2px\u00a0\u00bb background_color=\u00a0\u00bbRGBA(255,255,255,0)\u00a0\u00bb custom_margin=\u00a0\u00bb0px||||false|false\u00a0\u00bb custom_padding=\u00a0\u00bb0px||||false|false\u00a0\u00bb text_text_shadow_style=\u00a0\u00bbpreset1&Prime; text_text_shadow_color=\u00a0\u00bb#000000&Prime; border_radii=\u00a0\u00bboff|||6px|9px\u00a0\u00bb border_width_bottom=\u00a0\u00bb4px\u00a0\u00bb border_color_bottom=\u00a0\u00bb#E09900&Prime; global_colors_info=\u00a0\u00bb{}\u00a0\u00bb]Les Palmar\u00e8s de JDA<\/p>\n<p>[\/et_pb_text][\/et_pb_column][et_pb_column type=\u00a0\u00bb1_4&Prime; _builder_version=\u00a0\u00bb4.20.4&Prime; _module_preset=\u00a0\u00bbdefault\u00a0\u00bb global_colors_info=\u00a0\u00bb{}\u00a0\u00bb][et_pb_image src=\u00a0\u00bbhttp:\/\/www.jeannedarc-figeac.fr\/college-lycee\/wp-content\/uploads\/sites\/5\/2023\/04\/Palmares-coupe-Small.png\u00a0\u00bb title_text=\u00a0\u00bbPalmares-coupe (Small)\u00a0\u00bb _builder_version=\u00a0\u00bb4.24.2&Prime; _module_preset=\u00a0\u00bbdefault\u00a0\u00bb width=\u00a0\u00bb30%\u00a0\u00bb max_width=\u00a0\u00bb30%\u00a0\u00bb global_colors_info=\u00a0\u00bb{}\u00a0\u00bb][\/et_pb_image][\/et_pb_column][\/et_pb_row][et_pb_row _builder_version=\u00a0\u00bb4.20.4&Prime; _module_preset=\u00a0\u00bbdefault\u00a0\u00bb background_color=\u00a0\u00bb#E09900&Prime; module_alignment=\u00a0\u00bbcenter\u00a0\u00bb custom_padding=\u00a0\u00bb5px|13px|5px|13px|true|true\u00a0\u00bb border_radii=\u00a0\u00bbon|12px|12px|12px|12px\u00a0\u00bb border_width_all=\u00a0\u00bb3px\u00a0\u00bb border_color_all=\u00a0\u00bb#F0B800&Prime; global_colors_info=\u00a0\u00bb{}\u00a0\u00bb][et_pb_column type=\u00a0\u00bb4_4&Prime; _builder_version=\u00a0\u00bb4.20.4&Prime; _module_preset=\u00a0\u00bbdefault\u00a0\u00bb global_colors_info=\u00a0\u00bb{}\u00a0\u00bb][et_pb_accordion closed_toggle_text_color=\u00a0\u00bb#FFFFFF\u00a0\u00bb admin_label=\u00a0\u00bbAccord\u00e9on_Page_Accueil\u00a0\u00bb _builder_version=\u00a0\u00bb4.27.4&Prime; _module_preset=\u00a0\u00bbdefault\u00a0\u00bb custom_margin=\u00a0\u00bb1px|||||\u00a0\u00bb global_colors_info=\u00a0\u00bb{}\u00a0\u00bb][et_pb_accordion_item title=\u00a0\u00bbFutsal &#8211; Direction les championnats de France !!!\u00a0\u00bb open=\u00a0\u00bbon\u00a0\u00bb _builder_version=\u00a0\u00bb4.27.4&Prime; _module_preset=\u00a0\u00bbdefault\u00a0\u00bb body_text_color=\u00a0\u00bb#000000&Prime; background_color=\u00a0\u00bb#FFB8FA\u00a0\u00bb background_enable_color=\u00a0\u00bbon\u00a0\u00bb global_colors_info=\u00a0\u00bb{}\u00a0\u00bb toggle_text_color=\u00a0\u00bb#000000&Prime;]<div id=\"attachment_5955\" style=\"width: 310px\" class=\"wp-caption alignnone\"><a href=\"https:\/\/i0.wp.com\/www.jeannedarc-figeac.fr\/college-lycee\/wp-content\/uploads\/sites\/5\/2025\/01\/Futsal_Champion_fem.jpeg\"><img data-recalc-dims=\"1\" loading=\"lazy\" decoding=\"async\" aria-describedby=\"caption-attachment-5955\" src=\"https:\/\/i0.wp.com\/www.jeannedarc-figeac.fr\/college-lycee\/wp-content\/uploads\/sites\/5\/2025\/01\/Futsal_Champion_fem.jpeg?resize=300%2C240\" width=\"300\" height=\"240\" alt=\"\" class=\"wp-image-5955 size-medium\" \/><\/a><p id=\"caption-attachment-5955\" class=\"wp-caption-text\">Futsal F\u00e9minin qualification pour les championnats de France<\/p><\/div>A Jeanne d&rsquo;Arc, le <strong>football se conjugue aussi au f\u00e9minin<\/strong>. C&rsquo;est ce en quoi ont voulu croire\u00a0nos filles depuis le mois de novembre et la premi\u00e8re comp\u00e9tition de futsal disput\u00e9e ensemble. Ce <strong>mercredi 29 janvier<\/strong> face \u00e0 <strong>B\u00e9ziers<\/strong>,\u00a0ce n&rsquo;\u00e9tait clairement pas leur match le plus abouti. Beaucoup de stress certainement du fait de l&rsquo;enjeu, leur a fait perdre en qualit\u00e9 de jeu. Mais elles ont su faire le dos rond, et se montrer\u00a0courageuses, et d\u00e9termin\u00e9es quand il le fallait.<\/p>\n<p>Dans un match \u00e9quilibr\u00e9, mais \u00e9galement tendu du fait de quelques d\u00e9cisions arbitrales litigieuses, les deux \u00e9quipes ne sont finalement pas parvenues\u00a0\u00e0 se d\u00e9partager.<strong> 5-5 score final<\/strong> dans un temps de jeu de 2&#215;25 minutes. C&rsquo;est fatigu\u00e9es (pas de rempla\u00e7ante, No\u00e9lie \u00e9tant bless\u00e9e et No\u00e9line \u00e9tant au S\u00e9n\u00e9gal), mais tr\u00e8s motiv\u00e9es qu&rsquo;elles se pr\u00e9sentaient \u00e0 la s\u00e9ance de tirs au but, de laquelle <span style=\"color: #0000ff;\"><strong>elles sortaient victorieuses (5-4).<\/strong><\/span><\/p>\n<p>Une grande joie pour nos joueuses et leurs jeunes officiels, une\u00a0performance exceptionnelle,\u00a0et de nouvelles \u00e9motions pour l&rsquo;association sportive et l&rsquo;\u00e9tablissement !<\/p>\n<p><strong>Elina, L\u00e9a, Eloa, Carla, Roxana, No\u00e9lie, No\u00e9line, Daniel, Yanis et Robin<\/strong>, repr\u00e9senteront l&rsquo;\u00e9tablissement lors des<strong><span style=\"color: #0000ff;\">\u00a0CHAMPIONNATS DE FRANCE\u00a0de Futsal du 1er au 4 avril \u00e0 MONTAUBAN<\/span><\/strong>.<span style=\"color: #ff0000;\"><em><strong>Nous tenons \u00e0 remercier les supporters venus les encourager, et \u00e0 f\u00e9liciter tous nos \u00e9l\u00e8ves pour cette belle\u00a0r\u00e9ussite qui marquera leur scolarit\u00e9.<\/strong><\/em><\/span><\/p>\n<p>[\/et_pb_accordion_item][et_pb_accordion_item title=\u00a0\u00bbFutsal\u00a0\u00bb _builder_version=\u00a0\u00bb4.27.3&Prime; _module_preset=\u00a0\u00bbdefault\u00a0\u00bb body_text_color=\u00a0\u00bb#000000&Prime; background_color=\u00a0\u00bb#FFB8FA\u00a0\u00bb background_enable_color=\u00a0\u00bbon\u00a0\u00bb global_colors_info=\u00a0\u00bb{}\u00a0\u00bb toggle_text_color=\u00a0\u00bb#000000&Prime; open=\u00a0\u00bboff\u00a0\u00bb]<\/p>\n<h3 style=\"text-align: center;\"><strong>Nos lyc\u00e9ennes<\/strong><\/h3>\n<h3 style=\"text-align: center;\"><strong>championnes d\u00e9partementales de Futsal !<\/strong><\/h3>\n<p>Ce mercredi 27 novembre, nos footballeuses avaient rendez-vous au gymnase du COSEC pour y rencontrer lors des championnats d\u00e9partementaux de Futsal, le lyc\u00e9e H\u00f4telier de Souillac, le lyc\u00e9e Vicat de Souillac et le lyc\u00e9e Ferr\u00e9 de Gourdon, et obtenir leur ticket pour les finales acad\u00e9miques du 15 janvier.<\/p>\n<p>Apr\u00e8s deux grosses victoires contre les deux \u00e9quipes de Souillac, et un match nul contre Gourdon, elles remportent brillamment la comp\u00e9tition en produisant un jeu de qualit\u00e9 et \u00e0 l&rsquo;aide d&rsquo;une efficacit\u00e9 au tir redoutable. F\u00e9licitations \u00e0 Camille, Elina, Fanny, Eloa, Roxana, Carla, No\u00e9lie et leur arbitre Robin !<\/p>\n<p>Une fiert\u00e9 de se qualifier avec cette \u00e9quipe qui repr\u00e9sente les diff\u00e9rentes fili\u00e8res de notre lyc\u00e9e, et de constater qu&rsquo;\u00e0 Jeanne d&rsquo;Arc, \u00e0 l&rsquo;image de nos gar\u00e7ons, les filles aussi jouent bien au football.<\/p>\n<p><a href=\"https:\/\/i0.wp.com\/www.jeannedarc-figeac.fr\/college-lycee\/wp-content\/uploads\/sites\/5\/2024\/12\/futsall.jpg\"><img data-recalc-dims=\"1\" loading=\"lazy\" decoding=\"async\" src=\"https:\/\/i0.wp.com\/www.jeannedarc-figeac.fr\/college-lycee\/wp-content\/uploads\/sites\/5\/2024\/12\/futsall.jpg?resize=300%2C225\" width=\"300\" height=\"225\" alt=\"\" class=\"wp-image-5839 aligncenter size-medium\" \/><\/a><\/p>\n<p>[\/et_pb_accordion_item][et_pb_accordion_item title=\u00a0\u00bbChampionnat Volley-Ball \u00e0 Souillac\u00a0\u00bb _builder_version=\u00a0\u00bb4.27.3&Prime; _module_preset=\u00a0\u00bbdefault\u00a0\u00bb body_text_color=\u00a0\u00bb#000000&Prime; background_color=\u00a0\u00bb#FFF347&Prime; background_enable_color=\u00a0\u00bbon\u00a0\u00bb global_colors_info=\u00a0\u00bb{}\u00a0\u00bb toggle_text_color=\u00a0\u00bb#000000&Prime; open=\u00a0\u00bboff\u00a0\u00bb]<\/p>\n<h3 style=\"text-align: center;\"><b>UN JOLI PODIUM POUR NOS VOLLEYEURS<\/b><\/h3>\n<p>Ce <b>mercredi 4 d\u00e9cembre<\/b>, nos \u00e9l\u00e8ves\u00a0ont affront\u00e9 les autres lyc\u00e9es du d\u00e9partement lors des championnats d\u00e9partementaux de volley \u00e0 Souillac.Avec une \u00e9quipe quasiment exclusivement compos\u00e9e de footballeurs de la section, ils ont pos\u00e9 beaucoup de probl\u00e8mes \u00e0 leurs adversaires et produit un jeu de qualit\u00e9, gr\u00e2ce \u00e0 leur vitesse de d\u00e9placement, leur endurance, et leur\u00a0d\u00e9termination sans faille. Ils obtiennent logiquement une tr\u00e8s belle 3\u00e8 place.<\/p>\n<p>F\u00e9licitations \u00e0 eux pour cette belle performance.<\/p>\n<p><a href=\"https:\/\/i0.wp.com\/www.jeannedarc-figeac.fr\/college-lycee\/wp-content\/uploads\/sites\/5\/2024\/12\/volley.jpeg\"><img data-recalc-dims=\"1\" loading=\"lazy\" decoding=\"async\" src=\"https:\/\/i0.wp.com\/www.jeannedarc-figeac.fr\/college-lycee\/wp-content\/uploads\/sites\/5\/2024\/12\/volley.jpeg?resize=300%2C225\" width=\"300\" height=\"225\" alt=\"photo montrant nos volleyeurs avec leur m\u00e9daille de bronze aux championnats d\u00e9partementaux \u00e0 Souillac\" class=\"wp-image-5840 aligncenter size-medium\" \/><\/a><\/p>\n<p>[\/et_pb_accordion_item][et_pb_accordion_item title=\u00a0\u00bbConcours National de la R\u00e9sistance\u00a0\u00bb open_toggle_text_color=\u00a0\u00bb#FFFFFF\u00a0\u00bb open_toggle_background_color=\u00a0\u00bb#0C71C3&Prime; toggle_icon=\u00a0\u00bb&#xf41c;||fa||400&Prime; _builder_version=\u00a0\u00bb4.24.2&Prime; _module_preset=\u00a0\u00bbdefault\u00a0\u00bb body_text_color=\u00a0\u00bb#FFFFFF\u00a0\u00bb background_color=\u00a0\u00bb#F0B800&Prime; background_enable_color=\u00a0\u00bbon\u00a0\u00bb use_background_color_gradient=\u00a0\u00bbon\u00a0\u00bb background_color_gradient_type=\u00a0\u00bbcircular\u00a0\u00bb background_color_gradient_direction_radial=\u00a0\u00bbtop left\u00a0\u00bb background_color_gradient_stops=\u00a0\u00bb#2b87da 4%|#29c4a9 100%\u00a0\u00bb custom_margin=\u00a0\u00bb0px||0px||true|false\u00a0\u00bb border_radii=\u00a0\u00bbon|13px|13px|13px|13px\u00a0\u00bb global_colors_info=\u00a0\u00bb{}\u00a0\u00bb open=\u00a0\u00bboff\u00a0\u00bb]Les honneurs de la Pr\u00e9f\u00e8te du Lot.<\/p>\n<p>Leo COOK de Terminale HGGSP a \u00e9t\u00e9 r\u00e9compens\u00e9 par un prix d\u00e9partemental et une mention acad\u00e9mique pour son travail individuel dans le Concours National de la R\u00e9sistance et de la D\u00e9portation 2024 ; c&rsquo;est la Pr\u00e9f\u00e8te Claire Rollin qui l&rsquo;a f\u00e9licit\u00e9 chaleureusement et lui a annonc\u00e9 sa nomination au jury national (qui se tiendra en octobre), lors d&rsquo;une c\u00e9r\u00e9monie \u00e9mouvante dans le grand salon de la Pr\u00e9fecture en pr\u00e9sence de nombreuses autorit\u00e9s (le Maire de Figeac Mr Mellinger, retenu, a adress\u00e9 un message aux \u00e9l\u00e8ves de notre lyc\u00e9e), et des parents, fiers \u00e0 juste titre, venus nombreux le vendredi 21 juin \u00e0 18h \u00e0 Cahors.<\/p>\n<p>Alexandre DHOTE &#038; Axel CABRIT ont obtenu le 2\u00b0 prix ex-aequo dans cette cat\u00e9gorie.<\/p>\n<p>Pas d&rsquo;autres prix dans le Lot ! Toutes les r\u00e9compenses ont \u00e9t\u00e9 emport\u00e9es par notre \u00e9tablissement dans cette cat\u00e9gorie<\/p>\n<p><a href=\"https:\/\/i0.wp.com\/www.jeannedarc-figeac.fr\/college-lycee\/wp-content\/uploads\/sites\/5\/2024\/07\/Concours_resistance_diplome_Cook_2024-scaled.jpg\"><img data-recalc-dims=\"1\" loading=\"lazy\" decoding=\"async\" src=\"https:\/\/i0.wp.com\/www.jeannedarc-figeac.fr\/college-lycee\/wp-content\/uploads\/sites\/5\/2024\/07\/Concours_resistance_diplome_Cook_2024.jpg?resize=300%2C225\" width=\"300\" height=\"225\" alt=\"Dipl\u00f4me du concours national de la R\u00e9sistance 2024\" class=\"wp-image-5734 alignnone size-medium\" \/><\/a><\/p>\n<p><a href=\"https:\/\/i0.wp.com\/www.jeannedarc-figeac.fr\/college-lycee\/wp-content\/uploads\/sites\/5\/2024\/07\/Concours_resistance_remise_2024-scaled.jpg\"><img data-recalc-dims=\"1\" loading=\"lazy\" decoding=\"async\" src=\"https:\/\/i0.wp.com\/www.jeannedarc-figeac.fr\/college-lycee\/wp-content\/uploads\/sites\/5\/2024\/07\/Concours_resistance_remise_2024.jpg?resize=300%2C225\" width=\"300\" height=\"225\" alt=\"Remise du prix concours nationale de la r\u00e9sistance par la pr\u00e9f\u00e8te de Cahors\" class=\"wp-image-5733 alignnone size-medium\" \/><\/a>[\/et_pb_accordion_item][et_pb_accordion_item title=\u00a0\u00bbChampionnat de FRANCE &#8211; P\u00e9tanque\u00a0\u00bb _builder_version=\u00a0\u00bb4.24.2&Prime; _module_preset=\u00a0\u00bbdefault\u00a0\u00bb body_text_color=\u00a0\u00bb#000000&Prime; background_color=\u00a0\u00bb#FC9569&Prime; background_enable_color=\u00a0\u00bbon\u00a0\u00bb global_colors_info=\u00a0\u00bb{}\u00a0\u00bb toggle_text_color=\u00a0\u00bb#000000&Prime; open=\u00a0\u00bboff\u00a0\u00bb]<\/p>\n<h3 style=\"text-align: center;\"><strong>CHAMPIONS DE FRANCE !!!<\/strong><u><br \/><\/u><\/h3>\n<p><strong><\/strong><\/p>\n<p>Un an que nous avions cet objectif de nous qualifier pour les Championnats de France de P\u00e9tanque, et en prime, de bien y figurer.<\/p>\n<p>Apr\u00e8s avoir \u00e9t\u00e9 <strong>champions d\u00e9partementaux<\/strong>, puis <strong>champions d&rsquo;acad\u00e9mie<\/strong>, c&rsquo;est donc d\u00e9termin\u00e9s et bien d\u00e9cid\u00e9s \u00e0 performer que nos \u00e9l\u00e8ves sont partis lundi 10 juin 2024 au matin en direction de Colomiers.<\/p>\n<p>Pendant les phases de pool, apr\u00e8s des difficult\u00e9s \u00e0 d\u00e9marrer pour nos \u00e9l\u00e8ves, et une premi\u00e8re partie perdue contre Marmande, nous nous imposions facilement contre Limay et Avion, et terminions donc \u00e0 la <strong>2\u00e8me place<\/strong>. La machine lanc\u00e9e, et face \u00e0 Lunel dans le premier tour de phases finales, nos \u00e9l\u00e8ves en produisant un jeu d&rsquo;exception se qualifiaient s\u00e8chement <strong>13-0<\/strong>.<\/p>\n<h3><strong>Phase Finale<\/strong><\/h3>\n<table style=\"border-collapse: collapse; width: 100.543%; height: 72px;\" border=\"1\" height=\"82\">\n<tbody>\n<tr style=\"height: 24px;\">\n<td style=\"width: 16.6666%; text-align: center; height: 24px;\"><strong>Match<\/strong><\/td>\n<td style=\"width: 16.6666%; text-align: center; height: 24px;\"><strong>1\/4 finale<\/strong><\/td>\n<td style=\"width: 33.3333%; text-align: center; height: 24px;\"><strong>1\/2 finale<\/strong><\/td>\n<td style=\"width: 33.3333%; text-align: center; height: 24px;\"><strong>Finale<\/strong><\/td>\n<\/tr>\n<tr style=\"height: 24px;\">\n<td style=\"width: 16.6666%; text-align: center; height: 24px;\">Contre<\/td>\n<td style=\"width: 16.6666%; text-align: center; height: 24px;\">St-Girons<\/td>\n<td style=\"width: 33.3333%; text-align: center; height: 24px;\">Ajaccio<\/td>\n<td style=\"width: 33.3333%; text-align: center; height: 24px;\">Valence<\/td>\n<\/tr>\n<tr style=\"height: 24px;\">\n<td style=\"width: 16.6666%; text-align: center; height: 24px;\">Score<\/td>\n<td style=\"width: 16.6666%; text-align: center; height: 24px;\"><strong>13-8<\/strong><\/td>\n<td style=\"width: 33.3333%; text-align: center; height: 24px;\"><strong>13-0<\/strong><\/td>\n<td style=\"width: 33.3333%; text-align: center; height: 24px;\"><strong>12-4<\/strong><\/td>\n<\/tr>\n<\/tbody>\n<\/table>\n<h3><a href=\"https:\/\/i0.wp.com\/www.jeannedarc-figeac.fr\/college-lycee\/wp-content\/uploads\/sites\/5\/2024\/06\/Champions_france_petanque_2024_staff-scaled.jpeg\"><img data-recalc-dims=\"1\" loading=\"lazy\" decoding=\"async\" src=\"https:\/\/i0.wp.com\/www.jeannedarc-figeac.fr\/college-lycee\/wp-content\/uploads\/sites\/5\/2024\/06\/Champions_france_petanque_2024_staff.jpeg?resize=300%2C196\" width=\"300\" height=\"196\" alt=\"\" class=\"wp-image-5697 alignnone size-medium\" \/><\/a><\/h3>\n<h3><a href=\"https:\/\/i0.wp.com\/www.jeannedarc-figeac.fr\/college-lycee\/wp-content\/uploads\/sites\/5\/2024\/06\/Champions_france_petanque_2024_trophees-scaled.jpeg\"><img data-recalc-dims=\"1\" loading=\"lazy\" decoding=\"async\" src=\"https:\/\/i0.wp.com\/www.jeannedarc-figeac.fr\/college-lycee\/wp-content\/uploads\/sites\/5\/2024\/06\/Champions_france_petanque_2024_trophees.jpeg?resize=300%2C257\" width=\"300\" height=\"257\" alt=\"Photo montrant les nouveaux champions de France de p\u00e9tanque - les \u00e9l\u00e8ves de Jeanne d'arc\" class=\"wp-image-5698 alignnone size-medium\" \/><\/a><\/h3>\n<h3><a href=\"http:\/\/www.jeannedarc-figeac.fr\/college-lycee\/wp-content\/uploads\/sites\/5\/2024\/06\/Champions_france_petanque_2024_staff-scaled.jpeg\"><\/a><\/h3>\n<h3><a href=\"https:\/\/i0.wp.com\/www.jeannedarc-figeac.fr\/college-lycee\/wp-content\/uploads\/sites\/5\/2024\/06\/Champions_france_petanque_2024_dosjda.jpeg\"><img data-recalc-dims=\"1\" loading=\"lazy\" decoding=\"async\" src=\"https:\/\/i0.wp.com\/www.jeannedarc-figeac.fr\/college-lycee\/wp-content\/uploads\/sites\/5\/2024\/06\/Champions_france_petanque_2024_dosjda.jpeg?resize=298%2C300\" width=\"298\" height=\"300\" alt=\"Photo montrant le logo jda sur les t-shirts des champions de france de p\u00e9tanque 2024 - les \u00e9l\u00e8ves de jeanne d'arc !!\" class=\"wp-image-5695 alignnone size-medium\" \/><\/a><\/h3>\n<h3>\u00a0<a href=\"https:\/\/i0.wp.com\/www.jeannedarc-figeac.fr\/college-lycee\/wp-content\/uploads\/sites\/5\/2024\/06\/Champions_france_petanque_2024_retourjda.jpeg\"><img data-recalc-dims=\"1\" loading=\"lazy\" decoding=\"async\" src=\"https:\/\/i0.wp.com\/www.jeannedarc-figeac.fr\/college-lycee\/wp-content\/uploads\/sites\/5\/2024\/06\/Champions_france_petanque_2024_retourjda.jpeg?resize=252%2C300\" width=\"252\" height=\"300\" alt=\"Photo montrant les \u00e9l\u00e8ves et la professeure Mme Lagarde et M. le direction M. Mahieu\" class=\"wp-image-5696 alignnone size-medium\" \/><\/a><\/h3>\n<h3>Fantastique !<\/h3>\n<h4>On s&rsquo;\u00e9tait\u00a0pr\u00e9par\u00e9, on en parlait, on en r\u00eavait, mais encore fallait-il le faire ! Et\u00a0nous, ensemble, on y a toujours cru&#8230;depuis le d\u00e9but !<\/h4>\n<h4><strong>F\u00e9licitations \u00e0 tous les quatre d&rsquo;\u00eatre rentr\u00e9s dans ce projet commun, et d&rsquo;avoir\u00a0form\u00e9 une v\u00e9ritable EQUIPE !\u00a0Champions de France \u00e0 vie, merci pour les \u00e9motions !<\/strong><\/h4>\n<p>Maud TEULADE<em>Nous remercions tous nos supporters, de pr\u00e8s ou de loin, vos messages et marques de soutien nous ont port\u00e9s !<\/em><\/p>\n<p>[\/et_pb_accordion_item][et_pb_accordion_item title=\u00a0\u00bbCross d\u00e9partemental &#8211; 2023 &#8211; Les benjamins conservent leur titre !\u00a0\u00bb open_toggle_text_color=\u00a0\u00bb#000000&Prime; _builder_version=\u00a0\u00bb4.24.2&Prime; _module_preset=\u00a0\u00bbdefault\u00a0\u00bb background_color=\u00a0\u00bb#7CDA24&Prime; background_enable_color=\u00a0\u00bbon\u00a0\u00bb link_option_url_new_window=\u00a0\u00bbon\u00a0\u00bb global_colors_info=\u00a0\u00bb{}\u00a0\u00bb toggle_text_color=\u00a0\u00bb#000000&Prime; open=\u00a0\u00bboff\u00a0\u00bb]<\/p>\n<h3 style=\"text-align: left;\"><span style=\"text-decoration: underline;\">Ann\u00e9e 2024<\/span><\/h3>\n<p style=\"text-align: center;\">Les Benjamins conservent leur titre !!!<\/p>\n<p style=\"text-align: center;\"><div id=\"attachment_5235\" style=\"width: 310px\" class=\"wp-caption centre\"><a href=\"https:\/\/i0.wp.com\/www.jeannedarc-figeac.fr\/college-lycee\/wp-content\/uploads\/sites\/5\/2023\/12\/Cross-departement-2023-Benjamins.jpg\"><img data-recalc-dims=\"1\" loading=\"lazy\" decoding=\"async\" aria-describedby=\"caption-attachment-5235\" src=\"https:\/\/i0.wp.com\/www.jeannedarc-figeac.fr\/college-lycee\/wp-content\/uploads\/sites\/5\/2023\/12\/Cross-departement-2023-Benjamins.jpg?resize=300%2C208\" width=\"300\" height=\"208\" alt=\"Cross 2023 - Les benjamins conservent leur titre !!\" class=\"wp-image-5235 size-medium\" \/><\/a><p id=\"caption-attachment-5235\" class=\"wp-caption-text\">Champion d\u00e9partemental &#8211; Cat\u00e9gorie Benjamins<\/p><\/div><br \/>\n<strong><u>El\u00e8ves qualifi\u00e9s :<\/u><\/strong><\/p>\n<p><strong>Benjamins :<\/strong> Louise TROUCHE, Ayla OUEDRAOGO, L\u00e9ana-Lin POULITOU, Guilhem BANDERIER, Di\u00e9go CHAZOT-GROGNET, Tim BACH<\/p>\n<p><strong><em><u>Les podiums par \u00e9quipe :<\/u><\/em><\/strong><\/p>\n<p><strong><a href=\"http:\/\/www.jeannedarc-figeac.fr\/college-lycee\/wp-content\/uploads\/sites\/5\/2023\/12\/Cross-departement-2023-Podium-Equipe-Benjamins-mixtes.jpg\"><\/a><\/strong><\/p>\n<p style=\"text-align: center;\"><div id=\"attachment_5237\" style=\"width: 310px\" class=\"wp-caption centre\"><a href=\"https:\/\/i0.wp.com\/www.jeannedarc-figeac.fr\/college-lycee\/wp-content\/uploads\/sites\/5\/2023\/12\/Cross-departement-2023-Podium-Equipe-Benjamins-mixtes.jpg\"><img data-recalc-dims=\"1\" loading=\"lazy\" decoding=\"async\" aria-describedby=\"caption-attachment-5237\" src=\"https:\/\/i0.wp.com\/www.jeannedarc-figeac.fr\/college-lycee\/wp-content\/uploads\/sites\/5\/2023\/12\/Cross-departement-2023-Podium-Equipe-Benjamins-mixtes.jpg?resize=300%2C211\" width=\"300\" height=\"211\" alt=\"\" class=\"wp-image-5237 size-medium\" \/><\/a><p id=\"caption-attachment-5237\" class=\"wp-caption-text\"><a href=\"http:\/\/www.jeannedarc-figeac.fr\/college-lycee\/wp-content\/uploads\/sites\/5\/2023\/12\/Cross-departement-2023-Podium-Equipe-Benjamins-mixtes.jpg\"> Podium Equipes Benjamins Mixtes 2023<\/p><\/div><\/a><\/p>\n<p>&nbsp;<\/p>\n<p>&nbsp;<\/p>\n<p>&nbsp;<\/p>\n<p>&nbsp;<\/p>\n<p><strong><u>El\u00e8ves qualifi\u00e9s :<\/u><\/strong><strong>Lyc\u00e9ens :<\/strong> Manon PANCOU, Mathilde RAVELLO, Hugo CANELLA, Y\u00e9na\u00ebl FORT, Adrian METZINGER, Daniel DE JESUS SILVA<\/p>\n<h3><span style=\"text-decoration: underline;\">Ann\u00e9e 2022 :<\/span><\/h3>\n<p><strong><em><u>Les podiums par \u00e9quipe :<\/u><\/em><\/strong><\/p>\n<p><strong><em><u><\/u><\/em><\/strong><\/p>\n<p style=\"text-align: center;\"><div id=\"attachment_5094\" style=\"width: 310px\" class=\"wp-caption center\"><a href=\"http:\/\/www.jeannedarc-figeac.fr\/college-lycee\/cross\/\"><img data-recalc-dims=\"1\" loading=\"lazy\" decoding=\"async\" aria-describedby=\"caption-attachment-5094\" src=\"https:\/\/i0.wp.com\/www.jeannedarc-figeac.fr\/college-lycee\/wp-content\/uploads\/sites\/5\/2023\/04\/cross.jpg?resize=300%2C212\" alt=\"Champion d\u00e9partemental Cat\u00e9gorie Benjamins mixtes\" class=\"wp-image-5094 size-medium\" width=\"300\" height=\"212\" \/><\/a><p id=\"caption-attachment-5094\" class=\"wp-caption-text\">Champion d\u00e9partemental Cat\u00e9gorie Benjamins mixtes<\/p><\/div><br \/>\n&nbsp;<\/p>\n<p><strong>Benjamins mixtes : 1ers : (Yanis Rau-Masbou, Louise Trouche, Candice Izoulet-Berger, Jules Rougery, Elodie Bouygues, Guilhem Banderier)<\/strong><\/p>\n<p><strong><\/strong><\/p>\n<p style=\"text-align: center;\"><div id=\"attachment_5093\" style=\"width: 310px\" class=\"wp-caption center\"><a href=\"http:\/\/www.jeannedarc-figeac.fr\/college-lycee\/cross-2\/\"><img data-recalc-dims=\"1\" loading=\"lazy\" decoding=\"async\" aria-describedby=\"caption-attachment-5093\" src=\"https:\/\/i0.wp.com\/www.jeannedarc-figeac.fr\/college-lycee\/wp-content\/uploads\/sites\/5\/2023\/04\/cross-2.jpg?resize=300%2C212\" alt=\"Champion d\u00e9partemental Cat\u00e9gorie Lyc\u00e9e Excellence\" class=\"wp-image-5093 size-medium\" width=\"300\" height=\"212\" \/><\/a><p id=\"caption-attachment-5093\" class=\"wp-caption-text\">Champion d\u00e9partemental Cat\u00e9gorie Lyc\u00e9e Excellence<\/p><\/div><br \/>\n<strong>Lyc\u00e9ens mixtes : 1ers : (N\u00e9o Calado, Manon Maruejouls, Y\u00e9na\u00ebl Fort, Chlo\u00e9 Muller, Daniel De J\u00e9sus Silva, Delphine Picarougne)<\/strong><\/p>\n<p>[\/et_pb_accordion_item][et_pb_accordion_item title=\u00a0\u00bbChampionnat d\u00e9partemental d&rsquo;athl\u00e9tisme\u00a0\u00bb _builder_version=\u00a0\u00bb4.24.2&Prime; _module_preset=\u00a0\u00bbdefault\u00a0\u00bb body_text_color=\u00a0\u00bb#000000&Prime; background_color=\u00a0\u00bb#FC9569&Prime; background_enable_color=\u00a0\u00bbon\u00a0\u00bb global_colors_info=\u00a0\u00bb{}\u00a0\u00bb toggle_text_color=\u00a0\u00bb#000000&Prime; open=\u00a0\u00bboff\u00a0\u00bb]<\/p>\n<p style=\"text-align: center;\"><strong><a href=\"https:\/\/i0.wp.com\/www.jeannedarc-figeac.fr\/college-lycee\/wp-content\/uploads\/sites\/5\/2023\/04\/athletisme-scaled.jpeg\"><img data-recalc-dims=\"1\" loading=\"lazy\" decoding=\"async\" src=\"https:\/\/i0.wp.com\/www.jeannedarc-figeac.fr\/college-lycee\/wp-content\/uploads\/sites\/5\/2023\/04\/athletisme.jpeg?resize=300%2C225\" alt=\"\" class=\"wp-image-5084 alignnone size-medium\" width=\"300\" height=\"225\" \/><\/a><\/strong><\/p>\n<p style=\"text-align: center;\"><strong>L&rsquo;\u00e9quipe 1\u00a0Benjamins mixte<\/strong> compos\u00e9e de Tina Truchi-Grenot,\u00a0Jeanne De Saint Aulaire,\u00a0Cayla Palouline,\u00a0Guilhem Banderier,\u00a0Hugo Marty\u00a0et\u00a0Yanis Rau Masbou\u00a0sont\u00a0<u><strong>champions d\u00e9partementaux d&rsquo;athl\u00e9tisme<\/strong> &#8211; F\u00e9licitations !!<br \/><\/u><\/p>\n<p>[\/et_pb_accordion_item][et_pb_accordion_item title=\u00a0\u00bbBadminton\u00a0\u00bb open_toggle_text_color=\u00a0\u00bb#000000&Prime; _builder_version=\u00a0\u00bb4.24.2&Prime; _module_preset=\u00a0\u00bbdefault\u00a0\u00bb background_color=\u00a0\u00bb#FFF347&Prime; background_enable_color=\u00a0\u00bbon\u00a0\u00bb link_option_url_new_window=\u00a0\u00bbon\u00a0\u00bb global_colors_info=\u00a0\u00bb{}\u00a0\u00bb toggle_text_color=\u00a0\u00bb#000000&Prime; open=\u00a0\u00bboff\u00a0\u00bb]<span style=\"text-decoration: underline;\">Mars 2024<\/span><\/p>\n<p>Nos benjamins terminent \u00e0 la <strong>2\u00e8me place<\/strong> du Championnat D\u00e9partemental de <u><strong>Badminton<\/strong><\/u> (Souillac)<a href=\"https:\/\/i0.wp.com\/www.jeannedarc-figeac.fr\/college-lycee\/wp-content\/uploads\/sites\/5\/2024\/03\/Badmington_Mars_2023.jpeg\"><img data-recalc-dims=\"1\" loading=\"lazy\" decoding=\"async\" src=\"https:\/\/i0.wp.com\/www.jeannedarc-figeac.fr\/college-lycee\/wp-content\/uploads\/sites\/5\/2024\/03\/Badmington_Mars_2023.jpeg?resize=300%2C225\" width=\"300\" height=\"225\" alt=\"Nos benjamins - 2\u00e8me place au championnat d\u00e9partemental Souillac\" class=\"wp-image-5396 alignnone size-medium\" style=\"display: block; margin-left: auto; margin-right: auto;\" \/><\/a><\/p>\n<p>[\/et_pb_accordion_item][et_pb_accordion_item title=\u00a0\u00bbChampions de Course d&rsquo;orientation\u00a0\u00bb open_toggle_text_color=\u00a0\u00bb#000000&Prime; _builder_version=\u00a0\u00bb4.24.2&Prime; _module_preset=\u00a0\u00bbdefault\u00a0\u00bb background_color=\u00a0\u00bb#7CDA24&Prime; background_enable_color=\u00a0\u00bbon\u00a0\u00bb global_colors_info=\u00a0\u00bb{}\u00a0\u00bb toggle_text_color=\u00a0\u00bb#000000&Prime; open=\u00a0\u00bboff\u00a0\u00bb]<\/p>\n<h3><strong><img data-recalc-dims=\"1\" loading=\"lazy\" decoding=\"async\" src=\"https:\/\/i0.wp.com\/www.jeannedarc-figeac.fr\/college-lycee\/wp-content\/uploads\/sites\/5\/2023\/04\/course-orientation.jpg?resize=300%2C225\" alt=\"Champion de course d'orientation\" class=\"wp-image-5095 aligncenter size-medium\" width=\"300\" height=\"225\" \/>Hugo<\/strong>,\u00a0<strong>Delphine<\/strong>,\u00a0<strong>Maxime <\/strong>et\u00a0<strong>Lisa<\/strong>\u00a0sont\u00a0<strong><u>champions d\u00e9partementaux de Course d&rsquo;Orientation par \u00e9quipe lyc\u00e9e<\/u><\/strong><\/h3>\n<p>[\/et_pb_accordion_item][et_pb_accordion_item title=\u00a0\u00bbEscalade\u00a0\u00bb open_toggle_text_color=\u00a0\u00bb#000000&Prime; _builder_version=\u00a0\u00bb4.24.2&Prime; _module_preset=\u00a0\u00bbdefault\u00a0\u00bb background_color=\u00a0\u00bb#C88BDA\u00a0\u00bb background_enable_color=\u00a0\u00bbon\u00a0\u00bb link_option_url_new_window=\u00a0\u00bbon\u00a0\u00bb global_colors_info=\u00a0\u00bb{}\u00a0\u00bb toggle_text_color=\u00a0\u00bb#000000&Prime; open=\u00a0\u00bboff\u00a0\u00bb]<span style=\"text-decoration: underline;\">Mars 2024 :<\/span><\/p>\n<p>Apr\u00e8s le titre d\u00e9partemental pour nos coll\u00e9giens en <u><strong>Escalade<\/strong><\/u> la semaine pass\u00e9e (qualifi\u00e9s pour la <span style=\"text-decoration: underline;\">finale acad\u00e9mique<\/span>), ce mercredi, c&rsquo;est sur trois autres terrains qu&rsquo;ils se sont illustr\u00e9s !<\/p>\n<p><a href=\"https:\/\/i0.wp.com\/www.jeannedarc-figeac.fr\/college-lycee\/wp-content\/uploads\/sites\/5\/2024\/03\/Escalade_Mars_2023.jpeg\"><img data-recalc-dims=\"1\" loading=\"lazy\" decoding=\"async\" src=\"https:\/\/i0.wp.com\/www.jeannedarc-figeac.fr\/college-lycee\/wp-content\/uploads\/sites\/5\/2024\/03\/Escalade_Mars_2023.jpeg?resize=300%2C263\" width=\"300\" height=\"263\" alt=\"Nos coll\u00e9giens : Champion d\u00e9partemental d'escalade\" class=\"wp-image-5395 alignnone size-medium\" style=\"display: block; margin-left: auto; margin-right: auto;\" \/><\/a><\/p>\n<p>[\/et_pb_accordion_item][et_pb_accordion_item title=\u00a0\u00bbSection FOOT\u00a0\u00bb _builder_version=\u00a0\u00bb4.24.2&Prime; _module_preset=\u00a0\u00bbdefault\u00a0\u00bb body_text_color=\u00a0\u00bb#000000&Prime; background_color=\u00a0\u00bb#FFB8FA\u00a0\u00bb background_enable_color=\u00a0\u00bbon\u00a0\u00bb global_colors_info=\u00a0\u00bb{}\u00a0\u00bb toggle_text_color=\u00a0\u00bb#000000&Prime; open=\u00a0\u00bboff\u00a0\u00bb]<\/p>\n<h3><span style=\"text-decoration: underline;\">Ann\u00e9e 2024 :<\/span><\/h3>\n<p>&#8211; Nos <strong>minimes<\/strong> de la <u><strong>Section Foot<\/strong><\/u> s&rsquo;imposent 5-2 face \u00e0 Muret hier \u00e0 Figeac &#8211; qualifi\u00e9s pour la finale acad\u00e9mique excellence<\/p>\n<p><a href=\"https:\/\/i0.wp.com\/www.jeannedarc-figeac.fr\/college-lycee\/wp-content\/uploads\/sites\/5\/2024\/03\/Foot_mars_2023.jpeg\"><img data-recalc-dims=\"1\" loading=\"lazy\" decoding=\"async\" src=\"https:\/\/i0.wp.com\/www.jeannedarc-figeac.fr\/college-lycee\/wp-content\/uploads\/sites\/5\/2024\/03\/Foot_mars_2023.jpeg?resize=300%2C150\" width=\"300\" height=\"150\" alt=\"Section Foot - 5-2 face ) Muret\" class=\"wp-image-5404 alignnone size-medium\" style=\"display: block; margin-left: auto; margin-right: auto;\" \/><\/a><\/p>\n<p>[\/et_pb_accordion_item][et_pb_accordion_item title=\u00a0\u00bbChampionnat UNSS de p\u00e9tanque\u00a0\u00bb open_toggle_text_color=\u00a0\u00bb#000000&Prime; _builder_version=\u00a0\u00bb4.24.2&Prime; _module_preset=\u00a0\u00bbdefault\u00a0\u00bb background_color=\u00a0\u00bb#F0B800&Prime; background_enable_color=\u00a0\u00bbon\u00a0\u00bb global_colors_info=\u00a0\u00bb{}\u00a0\u00bb toggle_text_color=\u00a0\u00bb#000000&Prime; open=\u00a0\u00bboff\u00a0\u00bb]<\/p>\n<p><span style=\"text-decoration: underline;\">Ajout du 05 avril 2024<\/span><\/p>\n<p>C&rsquo;est avec fiert\u00e9 que nous vous informons de ce r\u00e9sultat d&rsquo;exception !<\/p>\n<p>En devenant <u><strong>Champions d&rsquo;Acad\u00e9mie de P\u00e9tanque<\/strong><\/u>\u00a0hier \u00e0 Colomiers, dans une comp\u00e9tition tr\u00e8s relev\u00e9e, nos lyc\u00e9ens <strong>Marine Joubert<\/strong> (1\u00e8re G1), <strong>Axel Soursou<\/strong> (1\u00e8re G1),<strong> Jean Loudi\u00e8re-Muratet<\/strong> (Term G2) et leur Jeune Officiel<strong> Mathis Canal <\/strong>(4\u00b03), se sont directement qualifi\u00e9s pour les <u><strong>Championnats de France<\/strong><\/u> ! A savoir que seule la premi\u00e8re place \u00e9tait qualificative, la deuxi\u00e8me et troisi\u00e8me permettant de se qualifier pour les championnats inter acad\u00e9miques, une \u00e9tape suppl\u00e9mentaire \u00e0 franchir donc.<\/p>\n<p>Nous les f\u00e9licitons pour ce magnifique r\u00e9sultat, qui les am\u00e8nera de nouveau \u00e0 Colomiers d\u00e9but juin, et leur souhaitons une pleine r\u00e9ussite.<\/p>\n<p>\u00a0<em>Les enseignants d&rsquo;EPS<\/em><\/p>\n<p><em><a href=\"https:\/\/i0.wp.com\/www.jeannedarc-figeac.fr\/college-lycee\/wp-content\/uploads\/sites\/5\/2024\/04\/Champions_petanque_colomiers_podium_03-04-2024-Large.jpeg\"><img data-recalc-dims=\"1\" loading=\"lazy\" decoding=\"async\" src=\"https:\/\/i0.wp.com\/www.jeannedarc-figeac.fr\/college-lycee\/wp-content\/uploads\/sites\/5\/2024\/04\/Champions_petanque_colomiers_podium_03-04-2024-Large.jpeg?resize=300%2C268\" width=\"300\" height=\"268\" alt=\"\" class=\"wp-image-5458 alignnone size-medium\" \/><\/a> <a href=\"https:\/\/i0.wp.com\/www.jeannedarc-figeac.fr\/college-lycee\/wp-content\/uploads\/sites\/5\/2024\/04\/Champions_petanque_colomiers_fete_03-04-2024-Large.jpeg\"><img data-recalc-dims=\"1\" loading=\"lazy\" decoding=\"async\" src=\"https:\/\/i0.wp.com\/www.jeannedarc-figeac.fr\/college-lycee\/wp-content\/uploads\/sites\/5\/2024\/04\/Champions_petanque_colomiers_fete_03-04-2024-Large.jpeg?resize=300%2C194\" width=\"300\" height=\"194\" alt=\"\" class=\"wp-image-5457 alignnone size-medium\" \/><\/a><\/em><\/p>\n<p><span style=\"text-decoration: underline;\"><\/span><\/p>\n<p><span style=\"text-decoration: underline;\">Ajout du 15 mars 2024<\/span><\/p>\n<p><a href=\"http:\/\/www.jeannedarc-figeac.fr\/college-lycee\/wp-content\/uploads\/sites\/5\/2024\/03\/Petanque_Mars_2023-1.jpeg\"><\/a><a href=\"https:\/\/i0.wp.com\/www.jeannedarc-figeac.fr\/college-lycee\/wp-content\/uploads\/sites\/5\/2024\/03\/UNSS_Mars_2023.jpeg\"><img data-recalc-dims=\"1\" loading=\"lazy\" decoding=\"async\" src=\"https:\/\/i0.wp.com\/www.jeannedarc-figeac.fr\/college-lycee\/wp-content\/uploads\/sites\/5\/2024\/03\/UNSS_Mars_2023.jpeg?resize=300%2C272\" width=\"300\" height=\"272\" alt=\"\" class=\"wp-image-5394 alignnone size-medium\" style=\"display: block; margin-left: auto; margin-right: auto;\" \/><\/a><\/p>\n<p>&#8211; Nos <strong>lyc\u00e9ens sont champions d\u00e9partementaux<\/strong> de <u><strong>P\u00e9tanque<\/strong><\/u> (Cahors) &#8211; qualifi\u00e9s pour la finale acad\u00e9mique<a href=\"https:\/\/i0.wp.com\/www.jeannedarc-figeac.fr\/college-lycee\/wp-content\/uploads\/sites\/5\/2024\/03\/Petanque_Mars_2023-1.jpeg\"><img data-recalc-dims=\"1\" loading=\"lazy\" decoding=\"async\" src=\"https:\/\/i0.wp.com\/www.jeannedarc-figeac.fr\/college-lycee\/wp-content\/uploads\/sites\/5\/2024\/03\/Petanque_Mars_2023-1.jpeg?resize=300%2C225\" width=\"300\" height=\"225\" alt=\"\" class=\"wp-image-5393 alignnone size-medium\" style=\"display: block; margin-left: auto; margin-right: auto;\" \/><\/a><\/p>\n<p>&#8211; Nos <strong>coll\u00e9giens<\/strong> sont \u00e9galement <strong>champions d\u00e9partementaux <\/strong>de <u><strong>P\u00e9tanque<\/strong><\/u> (Cahors) &#8211; qualifi\u00e9s pour la finale acad\u00e9mique<\/p>\n<p>&nbsp;<br \/>\n<div id=\"attachment_5092\" style=\"width: 310px\" class=\"wp-caption aligncenter\"><img data-recalc-dims=\"1\" loading=\"lazy\" decoding=\"async\" aria-describedby=\"caption-attachment-5092\" src=\"https:\/\/i0.wp.com\/www.jeannedarc-figeac.fr\/college-lycee\/wp-content\/uploads\/sites\/5\/2023\/04\/petanque.jpg?resize=300%2C225\" width=\"300\" height=\"225\" alt=\"champions d\u00e9partementaux UNSS de p\u00e9tanque\" class=\"wp-image-5092 size-medium\" \/><p id=\"caption-attachment-5092\" class=\"wp-caption-text\">3 lyc\u00e9ens champions d\u00e9partementaux UNSS de p\u00e9tanque<\/p><\/div><\/p>\n<p>Une de nos \u00e9quipes de lyc\u00e9ens, compos\u00e9e de Marine Joubert, Axel Soursou et Tanguy Laborde, est aujourd&rsquo;hui championne d\u00e9partementale UNSS 2023 de p\u00e9tanque.<\/p>\n<p>[\/et_pb_accordion_item][et_pb_accordion_item title=\u00a0\u00bbConcours Kangourou 2023&Prime; open_toggle_text_color=\u00a0\u00bb#FFFFFF\u00a0\u00bb open_toggle_background_color=\u00a0\u00bb#0C71C3&Prime; toggle_icon=\u00a0\u00bb&#xf41c;||fa||400&Prime; _builder_version=\u00a0\u00bb4.21.0&Prime; _module_preset=\u00a0\u00bbdefault\u00a0\u00bb body_text_color=\u00a0\u00bb#FFFFFF\u00a0\u00bb background_color=\u00a0\u00bb#0C71C3&Prime; background_enable_color=\u00a0\u00bbon\u00a0\u00bb use_background_color_gradient=\u00a0\u00bbon\u00a0\u00bb background_color_gradient_type=\u00a0\u00bbcircular\u00a0\u00bb background_color_gradient_direction_radial=\u00a0\u00bbtop left\u00a0\u00bb background_color_gradient_stops=\u00a0\u00bb#2b87da 4%|#29c4a9 100%\u00a0\u00bb custom_margin=\u00a0\u00bb0px||0px||true|false\u00a0\u00bb border_radii=\u00a0\u00bbon|13px|13px|13px|13px\u00a0\u00bb global_colors_info=\u00a0\u00bb{}\u00a0\u00bb open=\u00a0\u00bboff\u00a0\u00bb]Deux excellents r\u00e9sultats en 6\u00e8me et en 3\u00e8me avec un 2\u00e8me prix national pour les deux premi\u00e8res qui sont arriv\u00e9es 135\u00e8me sur 61750 et 71\u00e8me sur 27766 !<\/p>\n<table style=\"border-collapse: collapse; width: 100%;\" border=\"1\">\n<tbody>\n<tr>\n<td style=\"width: 50%;\">Classe<\/td>\n<td style=\"width: 25%; text-align: center;\">Classement<\/td>\n<td style=\"width: 25%;\">Nom Pr\u00e9nom<\/td>\n<\/tr>\n<tr>\n<td style=\"width: 50%;\" rowspan=\"3\">6\u00e8mes<\/td>\n<td style=\"width: 25%; text-align: center;\">1\u00e8re<\/td>\n<td style=\"width: 25%;\">ANDISSAC Lina<\/td>\n<\/tr>\n<tr>\n<td style=\"width: 25%; text-align: center;\">2\u00e8me<\/td>\n<td style=\"width: 25%;\">REMBAULT DEL ARCO Esteban<\/td>\n<\/tr>\n<tr>\n<td style=\"width: 25%; text-align: center;\">3\u00e8me<\/td>\n<td style=\"width: 25%;\">GINESTE Evan<\/td>\n<\/tr>\n<tr>\n<td style=\"width: 50%;\" rowspan=\"3\">5\u00e8mes<\/td>\n<td style=\"width: 25%; text-align: center;\">1er<\/td>\n<td style=\"width: 25%;\">PREVITALI Loup<\/td>\n<\/tr>\n<tr>\n<td style=\"width: 25%; text-align: center;\">2\u00e8me<\/td>\n<td style=\"width: 25%;\">MOORE Julian<\/td>\n<\/tr>\n<tr>\n<td style=\"width: 25%; text-align: center;\">3\u00e8me<\/td>\n<td style=\"width: 25%;\">MAURIERES L\u00e9ana<\/td>\n<\/tr>\n<tr>\n<td style=\"width: 50%;\">4\u00e8me<\/td>\n<td style=\"width: 25%; text-align: center;\">1\u00e8re<\/td>\n<td style=\"width: 25%;\">HELLALI-SALGUES Abbigail<\/td>\n<\/tr>\n<tr>\n<td style=\"width: 50%;\" rowspan=\"2\">3\u00e8mes<\/td>\n<td style=\"width: 25%; text-align: center;\">1\u00e8re<\/td>\n<td style=\"width: 25%;\">CONTE Coralie<\/td>\n<\/tr>\n<tr>\n<td style=\"width: 25%; text-align: center;\">2\u00e8me<\/td>\n<td style=\"width: 25%;\">BOUR K\u00e9vin<\/td>\n<\/tr>\n<\/tbody>\n<\/table>\n<p>[\/et_pb_accordion_item][et_pb_accordion_item title=\u00a0\u00bbConcours National &#8211; Bulles de m\u00e9moire\u00a0\u00bb open_toggle_text_color=\u00a0\u00bb#FFFFFF\u00a0\u00bb open_toggle_background_color=\u00a0\u00bb#0C71C3&Prime; _builder_version=\u00a0\u00bb4.20.4&Prime; _dynamic_attributes=\u00a0\u00bblink_option_url\u00a0\u00bb _module_preset=\u00a0\u00bbdefault\u00a0\u00bb body_text_color=\u00a0\u00bb#FFFFFF\u00a0\u00bb background_color=\u00a0\u00bb#0C71C3&Prime; background_enable_color=\u00a0\u00bbon\u00a0\u00bb use_background_color_gradient=\u00a0\u00bbon\u00a0\u00bb background_color_gradient_type=\u00a0\u00bbcircular\u00a0\u00bb background_color_gradient_direction_radial=\u00a0\u00bbtop left\u00a0\u00bb background_color_gradient_stops=\u00a0\u00bb#2b87da 4%|#29c4a9 100%\u00a0\u00bb custom_margin=\u00a0\u00bb0px||0px||true|false\u00a0\u00bb link_option_url=\u00a0\u00bb@ET-DC@eyJkeW5hbWljIjp0cnVlLCJjb250ZW50IjoicG9zdF9saW5rX3VybF9wb3N0Iiwic2V0dGluZ3MiOnsicG9zdF9pZCI6IjQ5NjQifX0=@\u00a0\u00bb border_radii=\u00a0\u00bbon|13px|13px|13px|13px\u00a0\u00bb global_colors_info=\u00a0\u00bb{}\u00a0\u00bb open=\u00a0\u00bboff\u00a0\u00bb]<a href=\"http:\/\/www.jeannedarc-figeac.fr\/college-lycee\/trvx_tst2s_bulles_4e_converture\/\"><img data-recalc-dims=\"1\" loading=\"lazy\" decoding=\"async\" src=\"https:\/\/i0.wp.com\/www.jeannedarc-figeac.fr\/college-lycee\/wp-content\/uploads\/sites\/5\/2023\/03\/TRVX_TST2S_Bulles_4e_converture.jpg?resize=212%2C300\" alt=\"\" class=\"wp-image-4973 alignnone size-medium\" style=\"display: block; margin-left: auto; margin-right: auto;\" width=\"212\" height=\"300\" \/><\/a><\/p>\n<p style=\"text-align: center;\">Les \u00e9l\u00e8ves de Terminales ST2S du lyc\u00e9e Jeanne d&rsquo;arc ont remport\u00e9 le 3\u00e8me Prix acad\u00e9mique du concours national Bulles de m\u00e9moire qui portait sur le patrimoine et la guerre&#8230;<\/p>\n<p>[\/et_pb_accordion_item][\/et_pb_accordion][\/et_pb_column][\/et_pb_row][et_pb_row _builder_version=\u00a0\u00bb4.24.2&Prime; _module_preset=\u00a0\u00bbdefault\u00a0\u00bb global_colors_info=\u00a0\u00bb{}\u00a0\u00bb][et_pb_column type=\u00a0\u00bb4_4&Prime; _builder_version=\u00a0\u00bb4.24.2&Prime; _module_preset=\u00a0\u00bbdefault\u00a0\u00bb global_colors_info=\u00a0\u00bb{}\u00a0\u00bb][et_pb_divider color=\u00a0\u00bb#FFFFFF\u00a0\u00bb divider_weight=\u00a0\u00bb6px\u00a0\u00bb _builder_version=\u00a0\u00bb4.24.2&Prime; _module_preset=\u00a0\u00bbdefault\u00a0\u00bb global_colors_info=\u00a0\u00bb{}\u00a0\u00bb][\/et_pb_divider][\/et_pb_column][\/et_pb_row][\/et_pb_section][et_pb_section fb_built=\u00a0\u00bb1&Prime; specialty=\u00a0\u00bbon\u00a0\u00bb admin_label=\u00a0\u00bbSection\u00a0\u00bb _builder_version=\u00a0\u00bb4.21.0&Prime; _module_preset=\u00a0\u00bbdefault\u00a0\u00bb background_color=\u00a0\u00bb#0c89d6&Prime; custom_padding=\u00a0\u00bb4px|||||\u00a0\u00bb global_colors_info=\u00a0\u00bb{}\u00a0\u00bb][et_pb_column type=\u00a0\u00bb2_3&Prime; specialty_columns=\u00a0\u00bb2&Prime; _builder_version=\u00a0\u00bb4.16&Prime; custom_padding=\u00a0\u00bb|||\u00a0\u00bb global_colors_info=\u00a0\u00bb{}\u00a0\u00bb custom_padding__hover=\u00a0\u00bb|||\u00a0\u00bb][et_pb_row_inner _builder_version=\u00a0\u00bb4.17.5&Prime; _module_preset=\u00a0\u00bbdefault\u00a0\u00bb custom_margin=\u00a0\u00bb-19px||||false|false\u00a0\u00bb global_colors_info=\u00a0\u00bb{}\u00a0\u00bb][et_pb_column_inner saved_specialty_column_type=\u00a0\u00bb2_3&Prime; _builder_version=\u00a0\u00bb4.17.5&Prime; _module_preset=\u00a0\u00bbdefault\u00a0\u00bb global_colors_info=\u00a0\u00bb{}\u00a0\u00bb][et_pb_text admin_label=\u00a0\u00bbTitre_6e_Ter\u00a0\u00bb _builder_version=\u00a0\u00bb4.17.5&Prime; _module_preset=\u00a0\u00bbdefault\u00a0\u00bb background_color=\u00a0\u00bbRGBA(255,255,255,0)\u00a0\u00bb custom_margin=\u00a0\u00bb1px|||||\u00a0\u00bb custom_margin_tablet=\u00a0\u00bb\u00a0\u00bb custom_margin_phone=\u00a0\u00bb3px||-2px||false|false\u00a0\u00bb custom_margin_last_edited=\u00a0\u00bbon|phone\u00a0\u00bb custom_padding=\u00a0\u00bb0px||||false|false\u00a0\u00bb global_colors_info=\u00a0\u00bb{}\u00a0\u00bb]<\/p>\n<h1 style=\"text-align: center;\"><span style=\"color: #000000;\">De la 6\u00e8me \u00e0 la Terminale<\/span><\/h1>\n<p>[\/et_pb_text][\/et_pb_column_inner][\/et_pb_row_inner][et_pb_row_inner column_structure=\u00a0\u00bb1_2,1_2&Prime; _builder_version=\u00a0\u00bb4.17.5&Prime; _module_preset=\u00a0\u00bbdefault\u00a0\u00bb custom_margin=\u00a0\u00bb6px|||||\u00a0\u00bb custom_margin_tablet=\u00a0\u00bb0px||-3px||false|false\u00a0\u00bb custom_margin_phone=\u00a0\u00bb0px||-3px||false|false\u00a0\u00bb custom_margin_last_edited=\u00a0\u00bbon|tablet\u00a0\u00bb global_colors_info=\u00a0\u00bb{}\u00a0\u00bb][et_pb_column_inner type=\u00a0\u00bb1_2&Prime; saved_specialty_column_type=\u00a0\u00bb2_3&Prime; _builder_version=\u00a0\u00bb4.17.5&Prime; _module_preset=\u00a0\u00bbdefault\u00a0\u00bb global_colors_info=\u00a0\u00bb{}\u00a0\u00bb][et_pb_text admin_label=\u00a0\u00bbTitre_6e_Ter\u00a0\u00bb _builder_version=\u00a0\u00bb4.17.5&Prime; _module_preset=\u00a0\u00bbdefault\u00a0\u00bb background_color=\u00a0\u00bb#0C71C3&Prime; background_enable_pattern_style=\u00a0\u00bbon\u00a0\u00bb background_pattern_style=\u00a0\u00bbsmiles\u00a0\u00bb background_pattern_color=\u00a0\u00bb#9e9e9e\u00a0\u00bb background_pattern_size=\u00a0\u00bbcustom\u00a0\u00bb background_pattern_width=\u00a0\u00bb105px\u00a0\u00bb background_pattern_height=\u00a0\u00bb127px\u00a0\u00bb background_pattern_horizontal_offset=\u00a0\u00bb-52%\u00a0\u00bb background_pattern_vertical_offset=\u00a0\u00bb-45%\u00a0\u00bb max_width=\u00a0\u00bb78%\u00a0\u00bb module_alignment=\u00a0\u00bbcenter\u00a0\u00bb custom_margin=\u00a0\u00bb-40px||12px||false|false\u00a0\u00bb custom_padding=\u00a0\u00bb12px||||false|false\u00a0\u00bb border_radii=\u00a0\u00bbon|12px|12px|12px|12px\u00a0\u00bb global_colors_info=\u00a0\u00bb{}\u00a0\u00bb]<\/p>\n<h2 style=\"text-align: center;\"><span style=\"color: #ffffff;\">Dispositif E.I.P<\/span><\/h2>\n<p>[\/et_pb_text][et_pb_button button_url=\u00a0\u00bbhttp:\/\/www.jeannedarc-figeac.fr\/college-lycee\/wp-content\/uploads\/sites\/5\/2018\/01\/Accueil-EIP.pdf\u00a0\u00bb url_new_window=\u00a0\u00bbon\u00a0\u00bb button_text=\u00a0\u00bbT\u00e9l\u00e9charger\u00a0\u00bb button_alignment=\u00a0\u00bbcenter\u00a0\u00bb admin_label=\u00a0\u00bbBouton_Tel_EIP\u00a0\u00bb _builder_version=\u00a0\u00bb4.21.0&Prime; _module_preset=\u00a0\u00bbdefault\u00a0\u00bb custom_button=\u00a0\u00bbon\u00a0\u00bb button_border_width=\u00a0\u00bb2px\u00a0\u00bb button_border_radius=\u00a0\u00bb30px\u00a0\u00bb button_font=\u00a0\u00bb||||||||\u00a0\u00bb button_use_icon=\u00a0\u00bboff\u00a0\u00bb background_layout=\u00a0\u00bbdark\u00a0\u00bb box_shadow_style=\u00a0\u00bbpreset1&Prime; global_colors_info=\u00a0\u00bb{}\u00a0\u00bb][\/et_pb_button][\/et_pb_column_inner][et_pb_column_inner type=\u00a0\u00bb1_2&Prime; saved_specialty_column_type=\u00a0\u00bb2_3&Prime; _builder_version=\u00a0\u00bb4.17.5&Prime; _module_preset=\u00a0\u00bbdefault\u00a0\u00bb global_colors_info=\u00a0\u00bb{}\u00a0\u00bb][et_pb_text admin_label=\u00a0\u00bbTitre_Sec_Foot\u00a0\u00bb _builder_version=\u00a0\u00bb4.20.4&Prime; _module_preset=\u00a0\u00bbdefault\u00a0\u00bb text_text_color=\u00a0\u00bb#FFFFFF\u00a0\u00bb header_font=\u00a0\u00bb|300|||||||\u00a0\u00bb header_2_text_color=\u00a0\u00bbRGBA(255,255,255,0)\u00a0\u00bb background_color=\u00a0\u00bb#7CDA24&Prime; background_enable_pattern_style=\u00a0\u00bbon\u00a0\u00bb background_pattern_style=\u00a0\u00bbconfetti\u00a0\u00bb background_pattern_size=\u00a0\u00bbcover\u00a0\u00bb background_pattern_vertical_offset=\u00a0\u00bb-27%\u00a0\u00bb max_width=\u00a0\u00bb78%\u00a0\u00bb module_alignment=\u00a0\u00bbcenter\u00a0\u00bb custom_margin=\u00a0\u00bb-40px||12px|26px|false|false\u00a0\u00bb custom_margin_tablet=\u00a0\u00bb-15px||||false|false\u00a0\u00bb custom_margin_phone=\u00a0\u00bb-15px||9px||false|false\u00a0\u00bb custom_margin_last_edited=\u00a0\u00bbon|phone\u00a0\u00bb custom_padding=\u00a0\u00bb14px||0px|0px|false|false\u00a0\u00bb header_text_shadow_style=\u00a0\u00bbpreset3&Prime; border_radii=\u00a0\u00bbon|12px|12px|12px|12px\u00a0\u00bb border_style_all=\u00a0\u00bbnone\u00a0\u00bb box_shadow_style=\u00a0\u00bbpreset1&Prime; global_colors_info=\u00a0\u00bb{}\u00a0\u00bb]<\/p>\n<h3 style=\"text-align: center;\"><span style=\"color: #ffffff;\">Section Foot<\/span><\/h3>\n<p>[\/et_pb_text][et_pb_button button_url=\u00a0\u00bbhttp:\/\/www.jeannedarc-figeac.fr\/college-lycee\/wp-content\/uploads\/sites\/5\/2020\/02\/Scan-section-foot-plaquette.pdf\u00a0\u00bb button_text=\u00a0\u00bbT\u00e9l\u00e9charger\u00a0\u00bb button_alignment=\u00a0\u00bbcenter\u00a0\u00bb admin_label=\u00a0\u00bbBouton_Tel_Foot\u00a0\u00bb _builder_version=\u00a0\u00bb4.17.5&Prime; _module_preset=\u00a0\u00bbdefault\u00a0\u00bb custom_button=\u00a0\u00bbon\u00a0\u00bb button_bg_use_color_gradient=\u00a0\u00bbon\u00a0\u00bb button_bg_color_gradient_direction=\u00a0\u00bb100deg\u00a0\u00bb button_bg_color_gradient_stops=\u00a0\u00bb#b2f731 1%|#26b741 100%\u00a0\u00bb button_border_width=\u00a0\u00bb2px\u00a0\u00bb button_border_radius=\u00a0\u00bb29px\u00a0\u00bb button_icon_color=\u00a0\u00bbRGBA(255,255,255,0)\u00a0\u00bb background_layout=\u00a0\u00bbdark\u00a0\u00bb box_shadow_style=\u00a0\u00bbpreset1&Prime; box_shadow_color=\u00a0\u00bb#7CDA24&Prime; global_colors_info=\u00a0\u00bb{}\u00a0\u00bb][\/et_pb_button][et_pb_button button_url=\u00a0\u00bb@ET-DC@eyJkeW5hbWljIjp0cnVlLCJjb250ZW50IjoicG9zdF9saW5rX3VybF9hdHRhY2htZW50Iiwic2V0dGluZ3MiOnsicG9zdF9pZCI6IjU1NDcifX0=@\u00a0\u00bb url_new_window=\u00a0\u00bbon\u00a0\u00bb button_text=\u00a0\u00bbR\u00e9sultats Test Coll\u00e8ge\u00a0\u00bb button_alignment=\u00a0\u00bbcenter\u00a0\u00bb admin_label=\u00a0\u00bbBouton_Tel_Resultat_Test_College_2023&Prime; _builder_version=\u00a0\u00bb4.24.2&Prime; _dynamic_attributes=\u00a0\u00bbbutton_url\u00a0\u00bb _module_preset=\u00a0\u00bbdefault\u00a0\u00bb custom_button=\u00a0\u00bbon\u00a0\u00bb button_bg_use_color_gradient=\u00a0\u00bbon\u00a0\u00bb button_bg_color_gradient_direction=\u00a0\u00bb100deg\u00a0\u00bb button_bg_color_gradient_stops=\u00a0\u00bb#b2f731 1%|#26b741 100%\u00a0\u00bb button_border_width=\u00a0\u00bb2px\u00a0\u00bb button_border_radius=\u00a0\u00bb29px\u00a0\u00bb button_icon_color=\u00a0\u00bbRGBA(255,255,255,0)\u00a0\u00bb background_layout=\u00a0\u00bbdark\u00a0\u00bb box_shadow_style=\u00a0\u00bbpreset1&Prime; box_shadow_color=\u00a0\u00bb#7CDA24&Prime; global_colors_info=\u00a0\u00bb{}\u00a0\u00bb][\/et_pb_button][et_pb_button url_new_window=\u00a0\u00bbon\u00a0\u00bb button_text=\u00a0\u00bbR\u00e9sultats Test Lyc\u00e9e\u00a0\u00bb button_alignment=\u00a0\u00bbcenter\u00a0\u00bb admin_label=\u00a0\u00bbBouton_Tel_Resultat_Test_Lycee_2023&Prime; _builder_version=\u00a0\u00bb4.24.2&Prime; _module_preset=\u00a0\u00bbdefault\u00a0\u00bb custom_button=\u00a0\u00bbon\u00a0\u00bb button_bg_use_color_gradient=\u00a0\u00bbon\u00a0\u00bb button_bg_color_gradient_direction=\u00a0\u00bb100deg\u00a0\u00bb button_bg_color_gradient_stops=\u00a0\u00bb#b2f731 1%|#26b741 100%\u00a0\u00bb button_border_width=\u00a0\u00bb2px\u00a0\u00bb button_border_radius=\u00a0\u00bb29px\u00a0\u00bb button_icon_color=\u00a0\u00bbRGBA(255,255,255,0)\u00a0\u00bb background_layout=\u00a0\u00bbdark\u00a0\u00bb box_shadow_style=\u00a0\u00bbpreset1&Prime; box_shadow_color=\u00a0\u00bb#7CDA24&Prime; global_colors_info=\u00a0\u00bb{}\u00a0\u00bb][\/et_pb_button][\/et_pb_column_inner][\/et_pb_row_inner][et_pb_row_inner _builder_version=\u00a0\u00bb4.17.5&Prime; _module_preset=\u00a0\u00bbdefault\u00a0\u00bb global_colors_info=\u00a0\u00bb{}\u00a0\u00bb][et_pb_column_inner saved_specialty_column_type=\u00a0\u00bb2_3&Prime; _builder_version=\u00a0\u00bb4.17.5&Prime; _module_preset=\u00a0\u00bbdefault\u00a0\u00bb global_colors_info=\u00a0\u00bb{}\u00a0\u00bb][et_pb_divider color=\u00a0\u00bb#FFFFFF\u00a0\u00bb divider_weight=\u00a0\u00bb3px\u00a0\u00bb _builder_version=\u00a0\u00bb4.17.5&Prime; _module_preset=\u00a0\u00bbdefault\u00a0\u00bb module_alignment=\u00a0\u00bbcenter\u00a0\u00bb global_colors_info=\u00a0\u00bb{}\u00a0\u00bb][\/et_pb_divider][\/et_pb_column_inner][\/et_pb_row_inner][\/et_pb_column][et_pb_column type=\u00a0\u00bb1_3&Prime; _builder_version=\u00a0\u00bb4.16&Prime; custom_padding=\u00a0\u00bb|||\u00a0\u00bb global_colors_info=\u00a0\u00bb{}\u00a0\u00bb custom_padding__hover=\u00a0\u00bb|||\u00a0\u00bb][et_pb_button button_url=\u00a0\u00bbhttp:\/\/wp.me\/P5Qyb6-u1&Prime; button_text=\u00a0\u00bbTravaux des \u00e9l\u00e8ves\u00a0\u00bb button_alignment=\u00a0\u00bbcenter\u00a0\u00bb admin_label=\u00a0\u00bbBouton_Travaux_Eleves\u00a0\u00bb _builder_version=\u00a0\u00bb4.17.5&Prime; _module_preset=\u00a0\u00bbdefault\u00a0\u00bb custom_button=\u00a0\u00bbon\u00a0\u00bb button_text_color=\u00a0\u00bb#FFFFFF\u00a0\u00bb button_bg_color=\u00a0\u00bb#dd9933&Prime; button_border_width=\u00a0\u00bb2px\u00a0\u00bb button_border_radius=\u00a0\u00bb21px\u00a0\u00bb button_letter_spacing=\u00a0\u00bb2px\u00a0\u00bb button_use_icon=\u00a0\u00bboff\u00a0\u00bb custom_margin=\u00a0\u00bb87px|||||\u00a0\u00bb box_shadow_style=\u00a0\u00bbpreset4&Prime; global_colors_info=\u00a0\u00bb{}\u00a0\u00bb][\/et_pb_button][et_pb_button button_url=\u00a0\u00bbhttp:\/\/www.jeannedarc-figeac.fr\/college-lycee\/actus\/\u00a0\u00bb url_new_window=\u00a0\u00bbon\u00a0\u00bb button_text=\u00a0\u00bbJD&rsquo;Actus\u00a0\u00bb button_alignment=\u00a0\u00bbcenter\u00a0\u00bb _builder_version=\u00a0\u00bb4.17.5&Prime; _module_preset=\u00a0\u00bbdefault\u00a0\u00bb custom_button=\u00a0\u00bbon\u00a0\u00bb button_text_size=\u00a0\u00bb29px\u00a0\u00bb button_text_color=\u00a0\u00bb#edf000&Prime; button_bg_use_color_gradient=\u00a0\u00bbon\u00a0\u00bb button_bg_color_gradient_type=\u00a0\u00bbelliptical\u00a0\u00bb button_bg_color_gradient_stops=\u00a0\u00bb#b73d24 0%|#a5a322 100%\u00a0\u00bb button_border_radius=\u00a0\u00bb38px\u00a0\u00bb button_use_icon=\u00a0\u00bboff\u00a0\u00bb custom_margin=\u00a0\u00bb0px||12px|-4px|false|false\u00a0\u00bb custom_padding=\u00a0\u00bb4px||4px||false|false\u00a0\u00bb button_text_shadow_style=\u00a0\u00bbpreset1&Prime; box_shadow_style=\u00a0\u00bbpreset1&Prime; box_shadow_blur=\u00a0\u00bb34px\u00a0\u00bb box_shadow_color=\u00a0\u00bb#FFFFFF\u00a0\u00bb global_colors_info=\u00a0\u00bb{}\u00a0\u00bb][\/et_pb_button][et_pb_search exclude_pages=\u00a0\u00bboff\u00a0\u00bb admin_label=\u00a0\u00bbChamp_Recherches\u00a0\u00bb _builder_version=\u00a0\u00bb4.21.0&Prime; _module_preset=\u00a0\u00bbdefault\u00a0\u00bb background_color=\u00a0\u00bb#FFFFFF\u00a0\u00bb custom_margin=\u00a0\u00bb37px|||-7px||\u00a0\u00bb global_colors_info=\u00a0\u00bb{}\u00a0\u00bb][\/et_pb_search][\/et_pb_column][\/et_pb_section][et_pb_section fb_built=\u00a0\u00bb1&Prime; _builder_version=\u00a0\u00bb4.17.5&Prime; background_color=\u00a0\u00bb#0C71C3&Prime; use_background_color_gradient=\u00a0\u00bbon\u00a0\u00bb min_height=\u00a0\u00bb1374px\u00a0\u00bb custom_margin=\u00a0\u00bb-398px|||||\u00a0\u00bb custom_margin_tablet=\u00a0\u00bb-589px||||false|false\u00a0\u00bb custom_margin_phone=\u00a0\u00bb-589px||||false|false\u00a0\u00bb custom_margin_last_edited=\u00a0\u00bbon|tablet\u00a0\u00bb custom_padding=\u00a0\u00bb2px||20px|||\u00a0\u00bb transparent_background=\u00a0\u00bboff\u00a0\u00bb collapsed=\u00a0\u00bboff\u00a0\u00bb global_colors_info=\u00a0\u00bb{}\u00a0\u00bb][et_pb_row column_structure=\u00a0\u00bb1_2,1_2&Prime; _builder_version=\u00a0\u00bb4.17.5&Prime; _module_preset=\u00a0\u00bbdefault\u00a0\u00bb global_colors_info=\u00a0\u00bb{}\u00a0\u00bb][et_pb_column type=\u00a0\u00bb1_2&Prime; _builder_version=\u00a0\u00bb4.17.5&Prime; _module_preset=\u00a0\u00bbdefault\u00a0\u00bb global_colors_info=\u00a0\u00bb{}\u00a0\u00bb][et_pb_text admin_label=\u00a0\u00bbText_GalPhotos\u00a0\u00bb _builder_version=\u00a0\u00bb4.16&Prime; background_size=\u00a0\u00bbinitial\u00a0\u00bb background_position=\u00a0\u00bbtop_left\u00a0\u00bb background_repeat=\u00a0\u00bbrepeat\u00a0\u00bb custom_margin=\u00a0\u00bb15px|||||\u00a0\u00bb custom_padding=\u00a0\u00bb8px|||||\u00a0\u00bb global_colors_info=\u00a0\u00bb{}\u00a0\u00bb]<\/p>\n<h3><span style=\"color: #333333;\"><em><strong>Galerie photos :<\/strong><\/em><\/span><\/h3>\n<p style=\"text-align: center;\">[\/et_pb_text][et_pb_divider color=\u00a0\u00bb#e8e8e8&Prime; disabled_on=\u00a0\u00bbon|on|off\u00a0\u00bb admin_label=\u00a0\u00bbDivider\u00a0\u00bb _builder_version=\u00a0\u00bb4.16&Prime; height=\u00a0\u00bb8px\u00a0\u00bb global_colors_info=\u00a0\u00bb{}\u00a0\u00bb][\/et_pb_divider][et_pb_gallery gallery_ids=\u00a0\u00bb377,376,278,277,276,275,274,273,272,271,270,269,267,266,265,264,263,262,261,260,253,254,255,256,257,258,259,252,250,249,248,247,246,245,244,243,242,241,240,239,232,233,234,235,236,237,238,231,230,229,228,227,226,225,218,219,220,221,222,223,224,217,216,215,214,213,212,211,204,205,206,207,208,209,210,188,189,187,186,185,184,183,176,177,178,179,180,181,182,174,173,175,171,170,168,167,166,165,164,163,162,155,156,157,158,159,160,161,154,153,152,151,150,149,148,141,134,127,128,135,142,143,144,145,146,147,140,139,138,137,130,136,129,131,132,133,106,113,120,121,122,123,124,125,126,119,118,117,116,115,114,107,108,109,110,111,112,105,104,103,5104,5105,5106,5107,5108,5109,5110,5111,5112,5113,5114,5119,5120,5121,5122,5123,5124&Prime; gallery_orderby=\u00a0\u00bbrand\u00a0\u00bb posts_number=\u00a0\u00bb6&Prime; show_title_and_caption=\u00a0\u00bboff\u00a0\u00bb admin_label=\u00a0\u00bbGallery\u00a0\u00bb _builder_version=\u00a0\u00bb4.20.4&Prime; pagination_text_color=\u00a0\u00bb#ffffff\u00a0\u00bb background_color=\u00a0\u00bbRGBA(255,255,255,0)\u00a0\u00bb background_enable_pattern_style=\u00a0\u00bbon\u00a0\u00bb background_pattern_style=\u00a0\u00bbcubes\u00a0\u00bb background_pattern_color=\u00a0\u00bbrgba(255,255,255,0.1)\u00a0\u00bb module_alignment=\u00a0\u00bbcenter\u00a0\u00bb custom_margin=\u00a0\u00bb0px|0px|0px|0px|true|true\u00a0\u00bb custom_padding=\u00a0\u00bb13px|20px|13px|20px|true|true\u00a0\u00bb border_radii_image=\u00a0\u00bbon|17px|17px|17px|17px\u00a0\u00bb border_width_all_image=\u00a0\u00bb2px\u00a0\u00bb border_color_all_image=\u00a0\u00bb#FFFFFF\u00a0\u00bb global_colors_info=\u00a0\u00bb{}\u00a0\u00bb][\/et_pb_gallery][\/et_pb_column][et_pb_column type=\u00a0\u00bb1_2&Prime; _builder_version=\u00a0\u00bb4.17.5&Prime; _module_preset=\u00a0\u00bbdefault\u00a0\u00bb global_colors_info=\u00a0\u00bb{}\u00a0\u00bb][et_pb_text admin_label=\u00a0\u00bbText_Vid\u00e9os\u00a0\u00bb _builder_version=\u00a0\u00bb4.16&Prime; background_size=\u00a0\u00bbinitial\u00a0\u00bb background_position=\u00a0\u00bbtop_left\u00a0\u00bb background_repeat=\u00a0\u00bbrepeat\u00a0\u00bb global_colors_info=\u00a0\u00bb{}\u00a0\u00bb]<\/p>\n<h2><span style=\"color: #333333;\"><em><strong>Vid\u00e9os<\/strong><\/em><\/span><\/h2>\n<p style=\"text-align: center;\">[\/et_pb_text][et_pb_divider color=\u00a0\u00bb#ffffff\u00a0\u00bb disabled_on=\u00a0\u00bbon|on|off\u00a0\u00bb admin_label=\u00a0\u00bbDivider\u00a0\u00bb _builder_version=\u00a0\u00bb4.16&Prime; height=\u00a0\u00bb8px\u00a0\u00bb global_colors_info=\u00a0\u00bb{}\u00a0\u00bb][\/et_pb_divider][et_pb_video_slider show_image_overlay=\u00a0\u00bbon\u00a0\u00bb controls_color=\u00a0\u00bblight\u00a0\u00bb admin_label=\u00a0\u00bbVideo Slider\u00a0\u00bb _builder_version=\u00a0\u00bb4.20.4&Prime; global_colors_info=\u00a0\u00bb{}\u00a0\u00bb][et_pb_video_slider_item admin_title=\u00a0\u00bbF\u00eate de l&rsquo;Europe \u00e0 Jeanne d&rsquo;arc &#8211; 17 mai 2018&Prime; src=\u00a0\u00bbhttps:\/\/www.youtube.com\/watch?v=CrAcP0QOHnk&#038;feature=youtu.be\u00a0\u00bb _builder_version=\u00a0\u00bb3.0.47&Prime; global_colors_info=\u00a0\u00bb{}\u00a0\u00bb show_image_overlay=\u00a0\u00bbon\u00a0\u00bb][\/et_pb_video_slider_item][et_pb_video_slider_item admin_title=\u00a0\u00bbQuinzaine Foot &#8211; C\u00e9cifoot \u00e0 Figeac\u00a0\u00bb src=\u00a0\u00bbhttps:\/\/youtu.be\/glUF5NskIZw\u00a0\u00bb _builder_version=\u00a0\u00bb3.0.47&Prime; global_colors_info=\u00a0\u00bb{}\u00a0\u00bb show_image_overlay=\u00a0\u00bbon\u00a0\u00bb][\/et_pb_video_slider_item][et_pb_video_slider_item admin_title=\u00a0\u00bbMannequin challenge au profit du T\u00e9l\u00e9thon\u00a0\u00bb src=\u00a0\u00bbhttps:\/\/youtu.be\/jm6MUdYKnfg\u00a0\u00bb _builder_version=\u00a0\u00bb3.0.47&Prime; global_colors_info=\u00a0\u00bb{}\u00a0\u00bb show_image_overlay=\u00a0\u00bbon\u00a0\u00bb][\/et_pb_video_slider_item][et_pb_video_slider_item admin_title=\u00a0\u00bbFilm_presentation_01&Prime; src=\u00a0\u00bbhttps:\/\/youtu.be\/MhlE1RZSrpA\u00a0\u00bb image_src=\u00a0\u00bb\/\/i.ytimg.com\/vi\/MhlE1RZSrpA\/hqdefault.jpg\u00a0\u00bb _builder_version=\u00a0\u00bb3.0.47&Prime; global_colors_info=\u00a0\u00bb{}\u00a0\u00bb show_image_overlay=\u00a0\u00bbon\u00a0\u00bb][\/et_pb_video_slider_item][et_pb_video_slider_item admin_title=\u00a0\u00bbBicentenaire de la Sainte Famille 1816-2016&Prime; src=\u00a0\u00bbhttps:\/\/youtu.be\/MXd8-DojZUE\u00a0\u00bb image_src=\u00a0\u00bb\/\/i.ytimg.com\/vi\/MXd8-DojZUE\/hqdefault.jpg\u00a0\u00bb _builder_version=\u00a0\u00bb3.0.47&Prime; global_colors_info=\u00a0\u00bb{}\u00a0\u00bb show_image_overlay=\u00a0\u00bbon\u00a0\u00bb][\/et_pb_video_slider_item][\/et_pb_video_slider][\/et_pb_column][\/et_pb_row][\/et_pb_section][et_pb_section fb_built=\u00a0\u00bb1&Prime; _builder_version=\u00a0\u00bb4.17.5&Prime; _module_preset=\u00a0\u00bbdefault\u00a0\u00bb background_color=\u00a0\u00bb#0C71C3&Prime; min_height=\u00a0\u00bb126px\u00a0\u00bb custom_padding=\u00a0\u00bb13px|||||\u00a0\u00bb global_colors_info=\u00a0\u00bb{}\u00a0\u00bb][et_pb_row _builder_version=\u00a0\u00bb4.17.5&Prime; _module_preset=\u00a0\u00bbdefault\u00a0\u00bb global_colors_info=\u00a0\u00bb{}\u00a0\u00bb][et_pb_column type=\u00a0\u00bb4_4&Prime; _builder_version=\u00a0\u00bb4.17.5&Prime; _module_preset=\u00a0\u00bbdefault\u00a0\u00bb global_colors_info=\u00a0\u00bb{}\u00a0\u00bb][\/et_pb_column][\/et_pb_row][\/et_pb_section]<\/p>\n","protected":false},"excerpt":{"rendered":"<p>Fournitures scolaires pour la rentr\u00e9e 2025-26OUVERTURE DU CAP AEPE Accompagnant Educatif Petite Enfanceau coll\u00e8ge et lyc\u00e9es Jeanne d&rsquo;arc09h \u00e0 12h30 Notre vid\u00e9o de pr\u00e9sentationTaux de r\u00e9ussite toutes fili\u00e8res : 97.1 %<span id=\"tablepress-1-no-2-description\" class=\"tablepress-table-description tablepress-table-description-id-1\">Coll\u00e8ge Jeanne d'arc Figeac<\/span><\/p>\n<table id=\"tablepress-1-no-2\" class=\"tablepress tablepress-id-1 tbody-has-connected-cells\" aria-describedby=\"tablepress-1-no-2-description\">\n<thead>\n<tr class=\"row-1\">\n<th colspan=\"4\" class=\"column-1\"><center><strong><H2>BREVET DES COLLEGES<\/strong><\/center><\/H2><\/th>\n<\/tr>\n<\/thead>\n<tbody class=\"row-striping row-hover\">\n<tr class=\"row-2\">\n<td class=\"column-1\"><strong>Nombre de candidats<\/strong><\/td>\n<td class=\"column-2\"><strong>Nombre d'admis<\/strong><\/td>\n<td class=\"column-3\"><strong>%<\/strong><\/td>\n<td class=\"column-4\"><strong>Mentions<\/strong><\/td>\n<\/tr>\n<tr class=\"row-3\">\n<td class=\"column-1\">72<\/td>\n<td class=\"column-2\">69<\/td>\n<td class=\"column-3\">96<\/td>\n<td class=\"column-4\">TB (27) = 39% <br \/>\n(dont 8 avec les f\u00e9licitations du jury)<br \/>\nB (28) = 40%<br \/>\nAB (8) = 11% <\/td>\n<\/tr>\n<tr class=\"row-4\">\n<td colspan=\"4\" class=\"column-1\"><center><strong><H2>C.F.G.<\/strong><\/center><\/H2><\/td>\n<\/tr>\n<tr class=\"row-5\">\n<td class=\"column-1\">9<\/td>\n<td class=\"column-2\">9<\/td>\n<td class=\"column-3\">100<\/td>\n<td class=\"column-4\"><\/td>\n<\/tr>\n<\/tbody>\n<\/table>\n<p><span id=\"tablepress-7-no-2-description\" class=\"tablepress-table-description tablepress-table-description-id-7\">Lyc\u00e9es Jeanne d'arc Figeac<\/span><\/p>\n<table id=\"tablepress-7-no-2\" class=\"tablepress tablepress-id-7\" aria-describedby=\"tablepress-7-no-2-description\">\n<thead>\n<tr class=\"row-1\">\n<th colspan=\"5\" class=\"column-1\"><center><H2>Baccalaur\u00e9ats \/ CAP AAGA \/ CAP AEPE<strong><\/center><\/H2><\/th>\n<\/tr>\n<\/thead>\n<tbody class=\"row-striping row-hover\">\n<tr class=\"row-2\">\n<td class=\"column-1\"><center><strong>Dipl\u00f4me<\/center><\/td>\n<td class=\"column-2\">Candidats<\/td>\n<td class=\"column-3\">Admis<\/td>\n<td class=\"column-4\">%<\/td>\n<td class=\"column-5\">Mentions<\/td>\n<\/tr>\n<tr class=\"row-3\">\n<td class=\"column-1\">Bac Pro ASSP<\/td>\n<td class=\"column-2\">20<\/td>\n<td class=\"column-3\">20<\/td>\n<td class=\"column-4\">100<\/td>\n<td class=\"column-5\">TB(1) - 5%<br \/>\nB(7)   - 35%<br \/>\nAB(9) - 45%<\/td>\n<\/tr>\n<tr class=\"row-4\">\n<td class=\"column-1\">Bac Techno ST2S<\/td>\n<td class=\"column-2\">14<\/td>\n<td class=\"column-3\">14<\/td>\n<td class=\"column-4\">100<\/td>\n<td class=\"column-5\">TB(1) - 7%<br \/>\nB(2)   - 14% <br \/>\nAB(7) - 50%<\/td>\n<\/tr>\n<tr class=\"row-5\">\n<td class=\"column-1\">Bac G\u00e9n\u00e9ral<\/td>\n<td class=\"column-2\">50<\/td>\n<td class=\"column-3\">48<\/td>\n<td class=\"column-4\">96<\/td>\n<td class=\"column-5\">TB(8)   - 16% <br \/>\n(dont 1 avec les f\u00e9licitations du jury)<br \/>\nB(10)   - 21%<br \/>\nAB(21) - 43%<\/td>\n<\/tr>\n<tr class=\"row-6\">\n<td class=\"column-1\">ARI (Attestation de R\u00e9ussite Interm\u00e9diaire) pour les 1\u00e8re ASSP<\/td>\n<td class=\"column-2\">18<\/td>\n<td class=\"column-3\">18<\/td>\n<td class=\"column-4\">100<\/td>\n<td class=\"column-5\"><\/td>\n<\/tr>\n<tr class=\"row-7\">\n<td class=\"column-1\">CAP AAGA<\/td>\n<td class=\"column-2\">5<\/td>\n<td class=\"column-3\">5<\/td>\n<td class=\"column-4\">100<\/td>\n<td class=\"column-5\">TB(1) - 20%<br \/>\nB(4)   - 80%<\/td>\n<\/tr>\n<tr class=\"row-8\">\n<td class=\"column-1\">CAP AEPE<\/td>\n<td class=\"column-2\">11<\/td>\n<td class=\"column-3\">11<\/td>\n<td class=\"column-4\">100<\/td>\n<td class=\"column-5\">TB(6) - 54%<br \/>\nB(2)   - 18%<br \/>\nAB(3) - 27%<\/td>\n<\/tr>\n<\/tbody>\n<\/table>\n<p>La Rafle de Figeac du 12 mai 1944La Rafle de Figeac du 12 mai 1944 Laur\u00e9at du concours de la R\u00e9sistance [&hellip;]<\/p>\n","protected":false},"author":1,"featured_media":0,"parent":0,"menu_order":0,"comment_status":"open","ping_status":"open","template":"","meta":{"_et_pb_use_builder":"on","_et_pb_old_content":"","_et_gb_content_width":"","iawp_total_views":9543,"footnotes":""},"class_list":["post-36","page","type-page","status-publish","hentry"],"yoast_head":"<!-- This site is optimized with the Yoast SEO plugin v26.0 - https:\/\/yoast.com\/wordpress\/plugins\/seo\/ -->\n<title>Accueil : Coll\u00e8ge et Lyc\u00e9e Jeanne d&#039;Arc Figeac<\/title>\n<meta name=\"description\" content=\"Coll\u00e8ge et Lyc\u00e9e Jeanne d&#039;Arc Figeac : Le coll\u00e8ge Jeanne d&#039; Arc se compose de 12 classes, 3 par niveau. Un lyc\u00e9e G\u00e9n\u00e9ral, Technologique et Professionnel\" \/>\n<meta name=\"robots\" content=\"index, follow, max-snippet:-1, max-image-preview:large, max-video-preview:-1\" \/>\n<link rel=\"canonical\" href=\"https:\/\/www.jeannedarc-figeac.fr\/college-lycee\/\" \/>\n<meta property=\"og:locale\" content=\"fr_FR\" \/>\n<meta property=\"og:type\" content=\"article\" \/>\n<meta property=\"og:title\" content=\"Accueil : Coll\u00e8ge et Lyc\u00e9e Jeanne d&#039;Arc Figeac\" \/>\n<meta property=\"og:description\" content=\"Coll\u00e8ge et Lyc\u00e9e Jeanne d&#039;Arc Figeac : Le coll\u00e8ge Jeanne d&#039; Arc se compose de 12 classes, 3 par niveau. Un lyc\u00e9e G\u00e9n\u00e9ral, Technologique et Professionnel\" \/>\n<meta property=\"og:url\" content=\"https:\/\/www.jeannedarc-figeac.fr\/college-lycee\/\" \/>\n<meta property=\"og:site_name\" content=\"Coll\u00e8ge et Lyc\u00e9e Jeanne d&#039;Arc\" \/>\n<meta property=\"article:modified_time\" content=\"2026-02-23T09:09:07+00:00\" \/>\n<meta property=\"og:image\" content=\"http:\/\/www.jeannedarc-figeac.fr\/college-lycee\/wp-content\/uploads\/sites\/5\/2025\/01\/Futsal_Champion_fem-300x240.jpeg\" \/>\n<script type=\"application\/ld+json\" class=\"yoast-schema-graph\">{\"@context\":\"https:\/\/schema.org\",\"@graph\":[{\"@type\":\"WebPage\",\"@id\":\"https:\/\/www.jeannedarc-figeac.fr\/college-lycee\/\",\"url\":\"https:\/\/www.jeannedarc-figeac.fr\/college-lycee\/\",\"name\":\"Accueil : Coll\u00e8ge et Lyc\u00e9e Jeanne d'Arc Figeac\",\"isPartOf\":{\"@id\":\"https:\/\/www.jeannedarc-figeac.fr\/college-lycee\/#website\"},\"primaryImageOfPage\":{\"@id\":\"https:\/\/www.jeannedarc-figeac.fr\/college-lycee\/#primaryimage\"},\"image\":{\"@id\":\"https:\/\/www.jeannedarc-figeac.fr\/college-lycee\/#primaryimage\"},\"thumbnailUrl\":\"http:\/\/www.jeannedarc-figeac.fr\/college-lycee\/wp-content\/uploads\/sites\/5\/2025\/01\/Futsal_Champion_fem-300x240.jpeg\",\"datePublished\":\"2015-01-14T12:17:39+00:00\",\"dateModified\":\"2026-02-23T09:09:07+00:00\",\"description\":\"Coll\u00e8ge et Lyc\u00e9e Jeanne d'Arc Figeac : Le coll\u00e8ge Jeanne d' Arc se compose de 12 classes, 3 par niveau. Un lyc\u00e9e G\u00e9n\u00e9ral, Technologique et Professionnel\",\"breadcrumb\":{\"@id\":\"https:\/\/www.jeannedarc-figeac.fr\/college-lycee\/#breadcrumb\"},\"inLanguage\":\"fr-FR\",\"potentialAction\":[{\"@type\":\"ReadAction\",\"target\":[\"https:\/\/www.jeannedarc-figeac.fr\/college-lycee\/\"]}]},{\"@type\":\"ImageObject\",\"inLanguage\":\"fr-FR\",\"@id\":\"https:\/\/www.jeannedarc-figeac.fr\/college-lycee\/#primaryimage\",\"url\":\"http:\/\/www.jeannedarc-figeac.fr\/college-lycee\/wp-content\/uploads\/sites\/5\/2025\/01\/Futsal_Champion_fem-300x240.jpeg\",\"contentUrl\":\"http:\/\/www.jeannedarc-figeac.fr\/college-lycee\/wp-content\/uploads\/sites\/5\/2025\/01\/Futsal_Champion_fem-300x240.jpeg\"},{\"@type\":\"BreadcrumbList\",\"@id\":\"https:\/\/www.jeannedarc-figeac.fr\/college-lycee\/#breadcrumb\",\"itemListElement\":[{\"@type\":\"ListItem\",\"position\":1,\"name\":\"Accueil\",\"item\":\"https:\/\/www.jeannedarc-figeac.fr\/college-lycee\/\"},{\"@type\":\"ListItem\",\"position\":2,\"name\":\"Accueil : Coll\u00e8ge et Lyc\u00e9e Jeanne d&rsquo;Arc Figeac\"}]},{\"@type\":\"WebSite\",\"@id\":\"https:\/\/www.jeannedarc-figeac.fr\/college-lycee\/#website\",\"url\":\"https:\/\/www.jeannedarc-figeac.fr\/college-lycee\/\",\"name\":\"Coll\u00e8ge et Lyc\u00e9e Jeanne d&#039;Arc\",\"description\":\"Jeanne d&#039;Arc Figeac\",\"potentialAction\":[{\"@type\":\"SearchAction\",\"target\":{\"@type\":\"EntryPoint\",\"urlTemplate\":\"https:\/\/www.jeannedarc-figeac.fr\/college-lycee\/?s={search_term_string}\"},\"query-input\":{\"@type\":\"PropertyValueSpecification\",\"valueRequired\":true,\"valueName\":\"search_term_string\"}}],\"inLanguage\":\"fr-FR\"}]}<\/script>\n<!-- \/ Yoast SEO plugin. -->","yoast_head_json":{"title":"Accueil : Coll\u00e8ge et Lyc\u00e9e Jeanne d'Arc Figeac","description":"Coll\u00e8ge et Lyc\u00e9e Jeanne d'Arc Figeac : Le coll\u00e8ge Jeanne d' Arc se compose de 12 classes, 3 par niveau. Un lyc\u00e9e G\u00e9n\u00e9ral, Technologique et Professionnel","robots":{"index":"index","follow":"follow","max-snippet":"max-snippet:-1","max-image-preview":"max-image-preview:large","max-video-preview":"max-video-preview:-1"},"canonical":"https:\/\/www.jeannedarc-figeac.fr\/college-lycee\/","og_locale":"fr_FR","og_type":"article","og_title":"Accueil : Coll\u00e8ge et Lyc\u00e9e Jeanne d'Arc Figeac","og_description":"Coll\u00e8ge et Lyc\u00e9e Jeanne d'Arc Figeac : Le coll\u00e8ge Jeanne d' Arc se compose de 12 classes, 3 par niveau. Un lyc\u00e9e G\u00e9n\u00e9ral, Technologique et Professionnel","og_url":"https:\/\/www.jeannedarc-figeac.fr\/college-lycee\/","og_site_name":"Coll\u00e8ge et Lyc\u00e9e Jeanne d&#039;Arc","article_modified_time":"2026-02-23T09:09:07+00:00","og_image":[{"url":"http:\/\/www.jeannedarc-figeac.fr\/college-lycee\/wp-content\/uploads\/sites\/5\/2025\/01\/Futsal_Champion_fem-300x240.jpeg","type":"","width":"","height":""}],"schema":{"@context":"https:\/\/schema.org","@graph":[{"@type":"WebPage","@id":"https:\/\/www.jeannedarc-figeac.fr\/college-lycee\/","url":"https:\/\/www.jeannedarc-figeac.fr\/college-lycee\/","name":"Accueil : Coll\u00e8ge et Lyc\u00e9e Jeanne d'Arc Figeac","isPartOf":{"@id":"https:\/\/www.jeannedarc-figeac.fr\/college-lycee\/#website"},"primaryImageOfPage":{"@id":"https:\/\/www.jeannedarc-figeac.fr\/college-lycee\/#primaryimage"},"image":{"@id":"https:\/\/www.jeannedarc-figeac.fr\/college-lycee\/#primaryimage"},"thumbnailUrl":"http:\/\/www.jeannedarc-figeac.fr\/college-lycee\/wp-content\/uploads\/sites\/5\/2025\/01\/Futsal_Champion_fem-300x240.jpeg","datePublished":"2015-01-14T12:17:39+00:00","dateModified":"2026-02-23T09:09:07+00:00","description":"Coll\u00e8ge et Lyc\u00e9e Jeanne d'Arc Figeac : Le coll\u00e8ge Jeanne d' Arc se compose de 12 classes, 3 par niveau. Un lyc\u00e9e G\u00e9n\u00e9ral, Technologique et Professionnel","breadcrumb":{"@id":"https:\/\/www.jeannedarc-figeac.fr\/college-lycee\/#breadcrumb"},"inLanguage":"fr-FR","potentialAction":[{"@type":"ReadAction","target":["https:\/\/www.jeannedarc-figeac.fr\/college-lycee\/"]}]},{"@type":"ImageObject","inLanguage":"fr-FR","@id":"https:\/\/www.jeannedarc-figeac.fr\/college-lycee\/#primaryimage","url":"http:\/\/www.jeannedarc-figeac.fr\/college-lycee\/wp-content\/uploads\/sites\/5\/2025\/01\/Futsal_Champion_fem-300x240.jpeg","contentUrl":"http:\/\/www.jeannedarc-figeac.fr\/college-lycee\/wp-content\/uploads\/sites\/5\/2025\/01\/Futsal_Champion_fem-300x240.jpeg"},{"@type":"BreadcrumbList","@id":"https:\/\/www.jeannedarc-figeac.fr\/college-lycee\/#breadcrumb","itemListElement":[{"@type":"ListItem","position":1,"name":"Accueil","item":"https:\/\/www.jeannedarc-figeac.fr\/college-lycee\/"},{"@type":"ListItem","position":2,"name":"Accueil : Coll\u00e8ge et Lyc\u00e9e Jeanne d&rsquo;Arc Figeac"}]},{"@type":"WebSite","@id":"https:\/\/www.jeannedarc-figeac.fr\/college-lycee\/#website","url":"https:\/\/www.jeannedarc-figeac.fr\/college-lycee\/","name":"Coll\u00e8ge et Lyc\u00e9e Jeanne d&#039;Arc","description":"Jeanne d&#039;Arc Figeac","potentialAction":[{"@type":"SearchAction","target":{"@type":"EntryPoint","urlTemplate":"https:\/\/www.jeannedarc-figeac.fr\/college-lycee\/?s={search_term_string}"},"query-input":{"@type":"PropertyValueSpecification","valueRequired":true,"valueName":"search_term_string"}}],"inLanguage":"fr-FR"}]}},"jetpack_sharing_enabled":true,"jetpack_shortlink":"https:\/\/wp.me\/P5Qyb6-A","_links":{"self":[{"href":"http:\/\/www.jeannedarc-figeac.fr\/college-lycee\/wp-json\/wp\/v2\/pages\/36","targetHints":{"allow":["GET"]}}],"collection":[{"href":"http:\/\/www.jeannedarc-figeac.fr\/college-lycee\/wp-json\/wp\/v2\/pages"}],"about":[{"href":"http:\/\/www.jeannedarc-figeac.fr\/college-lycee\/wp-json\/wp\/v2\/types\/page"}],"author":[{"embeddable":true,"href":"http:\/\/www.jeannedarc-figeac.fr\/college-lycee\/wp-json\/wp\/v2\/users\/1"}],"replies":[{"embeddable":true,"href":"http:\/\/www.jeannedarc-figeac.fr\/college-lycee\/wp-json\/wp\/v2\/comments?post=36"}],"version-history":[{"count":568,"href":"http:\/\/www.jeannedarc-figeac.fr\/college-lycee\/wp-json\/wp\/v2\/pages\/36\/revisions"}],"predecessor-version":[{"id":6259,"href":"http:\/\/www.jeannedarc-figeac.fr\/college-lycee\/wp-json\/wp\/v2\/pages\/36\/revisions\/6259"}],"wp:attachment":[{"href":"http:\/\/www.jeannedarc-figeac.fr\/college-lycee\/wp-json\/wp\/v2\/media?parent=36"}],"curies":[{"name":"wp","href":"https:\/\/api.w.org\/{rel}","templated":true}]}}